{"id":2866,"date":"2019-09-13T15:13:06","date_gmt":"2019-09-13T15:13:06","guid":{"rendered":"https:\/\/tornabuoniart.com\/?post_type=portfolio&#038;p=2866"},"modified":"2026-04-14T16:21:24","modified_gmt":"2026-04-14T15:21:24","slug":"turcato-giulio","status":"publish","type":"portfolio","link":"https:\/\/www.tornabuoniart.com\/it\/artisti\/turcato-giulio\/","title":{"rendered":"Turcato Giulio"},"content":{"rendered":"<div class=\"wpb-content-wrapper\"><p>[vc_row css=&#8221;.vc_custom_1577099752877{margin-top: 100px !important;}&#8221;][vc_column width=&#8221;1\/4&#8243; enable_sticky=&#8221;true&#8221; sticky_offset=&#8221;100&#8243; alignment=&#8221;center&#8221; css=&#8221;.vc_custom_1547225524376{margin-bottom: 50px !important;}&#8221;][vc_column_text]<\/p>\n<p style=\"text-align: center;\"><a href=\"https:\/\/tornabuoniart.com\/it\/artisti\/\"><span style=\"color: #808080;\"><em>&lt;&lt; torna agli artisti<\/em><\/span><\/a><\/p>\n<p>[\/vc_column_text][vc_single_image image=&#8221;8043&#8243; img_size=&#8221;full&#8221; alignment=&#8221;center&#8221; css=&#8221;.vc_custom_1579276153577{margin-bottom: 0px !important;padding-bottom: 0px !important;}&#8221;][vc_custom_heading source=&#8221;post_title&#8221; font_container=&#8221;tag:h1|font_size:22%20px|text_align:center|line_height:30%20px&#8221; use_theme_fonts=&#8221;yes&#8221;][\/vc_column][vc_column width=&#8221;3\/4&#8243;]<div class=\"mpc-carousel__wrapper mpc-waypoint\"><div id=\"mpc_carousel_image-1269f5badfaabb1\" class=\"mpc-carousel-image mpc-init mpc-layout--fluid mpc-effect--none mpc-force-height  mpc-overlay--fade\"  data-mpcslick='{\"infinite\":true,\"autoplay\":false,\"slidesToShow\":3,\"slidesToScroll\":1,\"centerMode\":false,\"initialSlide\":0,\"rows\":1,\"variableWidth\":true,\"speed\":500}' data-slick-cols=\"3\" data-align=\"middle-center\"><div target=\"\"class=\"mpc-carousel__item-wrapper\" data-height=\"1015\"><div onclick=\"\" class=\"mpc-item mpc-transition\"><div class=\"mpc-border\"><\/div><img loading=\"lazy\" decoding=\"async\" width=\"1788\" height=\"1772\" src=\"https:\/\/www.tornabuoniart.com\/wp-content\/uploads\/2026\/01\/Turcato-Alone-1986-150-x-150-cm.jpg\" class=\"mpc-transition attachment-full\" alt=\"\" title=\"Turcato, Alone, 1986, 150 x 150 cm\" srcset=\"https:\/\/www.tornabuoniart.com\/wp-content\/uploads\/2026\/01\/Turcato-Alone-1986-150-x-150-cm.jpg 1788w, https:\/\/www.tornabuoniart.com\/wp-content\/uploads\/2026\/01\/Turcato-Alone-1986-150-x-150-cm-300x297.jpg 300w, https:\/\/www.tornabuoniart.com\/wp-content\/uploads\/2026\/01\/Turcato-Alone-1986-150-x-150-cm-1024x1015.jpg 1024w, https:\/\/www.tornabuoniart.com\/wp-content\/uploads\/2026\/01\/Turcato-Alone-1986-150-x-150-cm-150x150.jpg 150w, https:\/\/www.tornabuoniart.com\/wp-content\/uploads\/2026\/01\/Turcato-Alone-1986-150-x-150-cm-768x761.jpg 768w, https:\/\/www.tornabuoniart.com\/wp-content\/uploads\/2026\/01\/Turcato-Alone-1986-150-x-150-cm-1536x1522.jpg 1536w, https:\/\/www.tornabuoniart.com\/wp-content\/uploads\/2026\/01\/Turcato-Alone-1986-150-x-150-cm-76x75.jpg 76w, https:\/\/www.tornabuoniart.com\/wp-content\/uploads\/2026\/01\/Turcato-Alone-1986-150-x-150-cm-727x720.jpg 727w, https:\/\/www.tornabuoniart.com\/wp-content\/uploads\/2026\/01\/Turcato-Alone-1986-150-x-150-cm-480x476.jpg 480w\" sizes=\"auto, (max-width:767px) 480px, (max-width:1788px) 100vw, 1788px\" \/><div class=\"mpc-item-overlay mpc-transition\"><div class=\"mpc-overlay--vertical-wrap\"><div class=\"mpc-overlay--vertical\"><a href=\"https:\/\/www.tornabuoniart.com\/wp-content\/uploads\/2026\/01\/Turcato-Alone-1986-150-x-150-cm.jpg\" data-rel=\"lightbox-gallery-0\" data-rl_title=\"Turcato, Alone, 1986, 150 x 150 cm\" data-rl_caption=\"Turcato, Alone, 1986, 150 x 150 cm\" data-magnific_type=\"gallery\" class=\"mpc-icon-anchor mpc-magnific-popup\" title=\"Turcato, Alone, 1986, 150 x 150 cm\"><i class=\"mpc-item-overlay__icon mpc-type--lightbox fa fa-arrows mpc-icon--icon\"><\/i><\/a><\/div><\/div><\/div><\/div><\/div><div target=\"\"class=\"mpc-carousel__item-wrapper\" data-height=\"1024\"><div onclick=\"\" class=\"mpc-item mpc-transition\"><div class=\"mpc-border\"><\/div><img loading=\"lazy\" decoding=\"async\" width=\"1130\" height=\"2254\" src=\"https:\/\/www.tornabuoniart.com\/wp-content\/uploads\/2026\/01\/Turcato-Itinerari-meta-anni-70-120-x-60-cm.jpg\" class=\"mpc-transition attachment-full\" alt=\"\" title=\"Turcato, Itinerari, meta&#039; anni 70, 120 x 60 cm\" srcset=\"https:\/\/www.tornabuoniart.com\/wp-content\/uploads\/2026\/01\/Turcato-Itinerari-meta-anni-70-120-x-60-cm.jpg 1130w, https:\/\/www.tornabuoniart.com\/wp-content\/uploads\/2026\/01\/Turcato-Itinerari-meta-anni-70-120-x-60-cm-150x300.jpg 150w, https:\/\/www.tornabuoniart.com\/wp-content\/uploads\/2026\/01\/Turcato-Itinerari-meta-anni-70-120-x-60-cm-513x1024.jpg 513w, https:\/\/www.tornabuoniart.com\/wp-content\/uploads\/2026\/01\/Turcato-Itinerari-meta-anni-70-120-x-60-cm-768x1532.jpg 768w, https:\/\/www.tornabuoniart.com\/wp-content\/uploads\/2026\/01\/Turcato-Itinerari-meta-anni-70-120-x-60-cm-770x1536.jpg 770w, https:\/\/www.tornabuoniart.com\/wp-content\/uploads\/2026\/01\/Turcato-Itinerari-meta-anni-70-120-x-60-cm-1027x2048.jpg 1027w, https:\/\/www.tornabuoniart.com\/wp-content\/uploads\/2026\/01\/Turcato-Itinerari-meta-anni-70-120-x-60-cm-38x75.jpg 38w, https:\/\/www.tornabuoniart.com\/wp-content\/uploads\/2026\/01\/Turcato-Itinerari-meta-anni-70-120-x-60-cm-361x720.jpg 361w, https:\/\/www.tornabuoniart.com\/wp-content\/uploads\/2026\/01\/Turcato-Itinerari-meta-anni-70-120-x-60-cm-480x957.jpg 480w\" sizes=\"auto, (max-width:767px) 480px, (max-width:1130px) 100vw, 1130px\" \/><div class=\"mpc-item-overlay mpc-transition\"><div class=\"mpc-overlay--vertical-wrap\"><div class=\"mpc-overlay--vertical\"><a href=\"https:\/\/www.tornabuoniart.com\/wp-content\/uploads\/2026\/01\/Turcato-Itinerari-meta-anni-70-120-x-60-cm.jpg\" data-rel=\"lightbox-gallery-0\" data-rl_title=\"Turcato, Itinerari, meta&#8217; anni 70, 120 x 60 cm\" data-rl_caption=\"Turcato, Itinerari, meta&#8217; anni 70, 120 x 60 cm\" data-magnific_type=\"gallery\" class=\"mpc-icon-anchor mpc-magnific-popup\" title=\"Turcato, Itinerari, meta&#8217; anni 70, 120 x 60 cm\"><i class=\"mpc-item-overlay__icon mpc-type--lightbox fa fa-arrows mpc-icon--icon\"><\/i><\/a><\/div><\/div><\/div><\/div><\/div><\/div><div class=\"mpc-navigation mpc-init mpc-align--left mpc-navigation--style_3 mpc-on-hover  mpc-nav-preset--preset_3\" data-mpcslider=\"mpc_carousel_image-1269f5badfaabb1\"><div class=\"mpc-nav__arrow mpcslick-prev\"><div class=\"mpc-nav__icon mpc-transition\"><i class=\" eti eti_arrow_carrot-left\"><div class=\"mpc-nav__background mpc-transition mpc-effect-type--fade mpc-effect-side--in\"><\/div><\/i><\/div><\/div><\/div><div class=\"mpc-navigation mpc-init mpc-align--left mpc-navigation--style_3 mpc-on-hover  mpc-nav-preset--preset_3\" data-mpcslider=\"mpc_carousel_image-1269f5badfaabb1\"><div class=\"mpc-nav__arrow mpcslick-next\"><div class=\"mpc-nav__icon mpc-transition\"><i class=\" eti eti_arrow_carrot-right\"><div class=\"mpc-nav__background mpc-transition mpc-effect-type--fade mpc-effect-side--in\"><\/div><\/i><\/div><\/div><\/div><\/div>[vc_column_text css=&#8221;.vc_custom_1578667400636{margin-top: 25px !important;padding-top: 0px !important;}&#8221; el_id=&#8221;biography&#8221;]<\/p>\n<h2>biografia<\/h2>\n<p>[\/vc_column_text][vc_column_text css=&#8221;&#8221; el_class=&#8221;testo-giustificato&#8221;]Mantova, 1912 \u2013 Roma, 1995<\/p>\n<p>Giulio Turcato\u00a0\u00e8 stato uno dei pi\u00f9 importanti interpreti dell&#8217;astrattismo pittorico internazionale, anche se il suo lavoro \u00e8 molto articolato e abbraccia anche l&#8217;ambito figurativo, scultoreo, scenografico.<\/p>\n<p>Completa la sua formazione artistica a Venezia, frequentando il liceo artistico e la scuola di nudo artistico. Nel 1937 si trasferisce a Milano dove entra in contatto con il gruppo Corrente, ma senza aderirvi.<\/p>\n<p>Nei primi anni 40 si trasferisce a Roma, dove frequenta l&#8217;Osteria Fratelli Menghi, noto punto di ritrovo per pittori, registi, sceneggiatori, scrittori e poeti. Insieme a Prampolini, Fazzini, Jarema, Savelli, Mafai, Corpora, Consagra, Perilli, costituisce l\u2019associazione Art Club e presenta sue opere in diverse gallerie tra cui la Galleria dello Zodiaco e la Galleria Il Pincio.<\/p>\n<p>Pur partecipando alla Resistenza, non cessa la sua produzione artistica. Nel 1946 si reca a Parigi dove rimane fortemente influenzato da Kandinsky e Picasso.<\/p>\n<p>Nel 1947 firma il manifesto di Forma 1, insieme agli artisti Accardi, Consagra Sanfilippo, Attardi, Dorazio, Guerrini e Perilli. Successivamente, aderisce al gruppo del Fronte nuovo delle arti, con il quale partecipa alla Biennale del 1948 &#8211; alla quale verr\u00e0 invitato con discontinuit\u00e0 fino agli anni Ottanta.<\/p>\n<p>A seguito di dissapori, dovuti sia al diverso stile dei componenti del &#8220;fronte&#8221; sia a una diversa concezione dei limiti dell&#8217;impegno politico richiesto alla figura dell&#8217;artista, Turcato se ne distacca per aderire nel 1952 al cosiddetto &#8220;Gruppo degli otto&#8221;, insieme ad alcuni dei pi\u00f9 noti esponenti dell&#8217;astrattismo informale italiano: Afro, Birolli, Corpora, Santomaso, Morlotti, Emilio Vedova, Mattia Moreni. Con il gruppo partecipa alla Biennale di Venezia e vince il &#8220;Premio Acquisto&#8221; con l&#8217;opera <em>Miniera<\/em>.<\/p>\n<p>Turcato affronta sia temi politico-sociali sia temi scientifici con forti legami alla biologia che assume un tono fiabesco e fascinoso. Da non dimenticare il colore, ora profondo, ora brillante e che rimane sempre una costante, restituendolo alla sua funzione originale di \u201cstruttura della luce\u201d. La sua ricerca continua su questa linea e arriva all&#8217;introduzione di materiali inconsueti come gommapiuma, sabbie, catrame, polveri d&#8217;argento, sostanze fluorescenti.<\/p>\n<p>Espone con personali in tutto il mondo, tra cui le rassegne documenta di Kassel e la Biennale di San Paolo. Fra i musei, espone al MoMa di New York, al Padiglione d&#8217;Arte Contemporanea di Milano, alla Staatsgalerie Moderner Kunst di Monaco, al Mus\u00e9e de l&#8217;Athen\u00e9e di Ginevra, il Philadelphia Museum of Art e molti altri.<\/p>\n<p>\u00a9 GIULIO TURCATO, by SIAE 2026[\/vc_column_text][vc_row_inner][vc_column_inner][vc_column_text css=&#8221;.vc_custom_1568023296154{padding-top: 50px !important;padding-bottom: 10px !important;}&#8221; el_id=&#8221;exhibition&#8221;]<\/p>\n<h2>mostre<\/h2>\n<p>[\/vc_column_text][vc_basic_grid post_type=&#8221;ids&#8221; element_width=&#8221;12&#8243; item=&#8221;4321&#8243; css=&#8221;&#8221; grid_id=&#8221;vc_gid:1776180058406-93495da3-b5c3-9&#8243; include=&#8221;65374, 56484, 55393, 54330, 9169, 19665&#8243;][\/vc_column_inner][\/vc_row_inner][vc_row_inner disable_element=&#8221;yes&#8221;][vc_column_inner][vc_column_text css=&#8221;.vc_custom_1578667642547{padding-top: 50px !important;padding-bottom: 10px !important;}&#8221; el_id=&#8221;fairs&#8221;]<\/p>\n<h2>fiere<\/h2>\n<p>[\/vc_column_text][vc_basic_grid post_type=&#8221;ids&#8221; element_width=&#8221;6&#8243; item=&#8221;4545&#8243; grid_id=&#8221;vc_gid:1776180058407-209c2571-7bfa-3&#8243;][\/vc_column_inner][\/vc_row_inner][vc_row_inner disable_element=&#8221;yes&#8221;][vc_column_inner][vc_column_text css=&#8221;.vc_custom_1575889020947{padding-top: 50px !important;padding-bottom: 10px !important;}&#8221; el_id=&#8221;video&#8221;]<\/p>\n<h2>video<\/h2>\n<p>[\/vc_column_text][vc_basic_grid post_type=&#8221;ids&#8221; element_width=&#8221;6&#8243; item=&#8221;1469&#8243; grid_id=&#8221;vc_gid:1776180058407-6cd017f0-c8ff-0&#8243;][\/vc_column_inner][\/vc_row_inner][vc_row_inner el_class=&#8221;blocco-pubblicazioni&#8221;][vc_column_inner][vc_column_text css=&#8221;.vc_custom_1568023309353{padding-top: 50px !important;padding-bottom: 10px !important;}&#8221; el_id=&#8221;publication&#8221;]<\/p>\n<h2>pubblicazioni<\/h2>\n<p>[\/vc_column_text][vc_basic_grid post_type=&#8221;ids&#8221; element_width=&#8221;12&#8243; item=&#8221;4344&#8243; css=&#8221;&#8221; grid_id=&#8221;vc_gid:1776180058408-8f743f51-0029-4&#8243; include=&#8221;65714, 55567, 4488&#8243;][\/vc_column_inner][\/vc_row_inner][\/vc_column][\/vc_row][vc_row][vc_column][vc_empty_space height=&#8221;100px&#8221;][\/vc_column][\/vc_row]<\/p>\n<\/div>","protected":false},"excerpt":{"rendered":"<p>[vc_row css=&#8221;.vc_custom_1577099752877{margin-top: 100px !important;}&#8221;][vc_column width=&#8221;1\/4&#8243; enable_sticky=&#8221;true&#8221; sticky_offset=&#8221;100&#8243; alignment=&#8221;center&#8221; css=&#8221;.vc_custom_1547225524376{margin-bottom: 50px !important;}&#8221;][vc_column_text] &lt;&lt; torna agli artisti [\/vc_column_text][vc_single_image image=&#8221;8043&#8243; img_size=&#8221;full&#8221; alignment=&#8221;center&#8221; css=&#8221;.vc_custom_1579276153577{margin-bottom: 0px !important;padding-bottom: 0px !important;}&#8221;][vc_custom_heading source=&#8221;post_title&#8221; font_container=&#8221;tag:h1|font_size:22%20px|text_align:center|line_height:30%20px&#8221;<\/p>\n","protected":false},"author":2,"featured_media":-1,"menu_order":225,"comment_status":"closed","ping_status":"closed","template":"","meta":{"_acf_changed":false},"portfolio-types":[52],"class_list":["post-2866","portfolio","type-portfolio","status-publish","has-post-thumbnail","hentry","portfolio-types-t"],"acf":[],"yoast_head":"<!-- This site is optimized with the Yoast SEO plugin v27.4 - https:\/\/yoast.com\/product\/yoast-seo-wordpress\/ -->\n<title>Turcato Giulio - Tornabuoni Art<\/title>\n<meta name=\"robots\" content=\"index, follow, max-snippet:-1, max-image-preview:large, max-video-preview:-1\" \/>\n<link rel=\"canonical\" href=\"https:\/\/www.tornabuoniart.com\/it\/artisti\/turcato-giulio\/\" \/>\n<meta property=\"og:locale\" content=\"it_IT\" \/>\n<meta property=\"og:type\" content=\"article\" \/>\n<meta property=\"og:title\" content=\"Turcato Giulio - Tornabuoni Art\" \/>\n<meta property=\"og:description\" content=\"[vc_row css=&#8221;.vc_custom_1577099752877{margin-top: 100px !important;}&#8221;][vc_column width=&#8221;1\/4&#8243; enable_sticky=&#8221;true&#8221; sticky_offset=&#8221;100&#8243; alignment=&#8221;center&#8221; css=&#8221;.vc_custom_1547225524376{margin-bottom: 50px !important;}&#8221;][vc_column_text] &lt;&lt; torna agli artisti [\/vc_column_text][vc_single_image image=&#8221;8043&#8243; img_size=&#8221;full&#8221; alignment=&#8221;center&#8221; css=&#8221;.vc_custom_1579276153577{margin-bottom: 0px !important;padding-bottom: 0px !important;}&#8221;][vc_custom_heading source=&#8221;post_title&#8221; font_container=&#8221;tag:h1|font_size:22%20px|text_align:center|line_height:30%20px&#8221;\" \/>\n<meta property=\"og:url\" content=\"https:\/\/www.tornabuoniart.com\/it\/artisti\/turcato-giulio\/\" \/>\n<meta property=\"og:site_name\" content=\"Tornabuoni Art\" \/>\n<meta property=\"article:publisher\" content=\"https:\/\/www.facebook.com\/TornabuoniArt\/\" \/>\n<meta property=\"article:modified_time\" content=\"2026-04-14T15:21:24+00:00\" \/>\n<meta name=\"twitter:card\" content=\"summary_large_image\" \/>\n<meta name=\"twitter:site\" content=\"@TornabuoniArt\" \/>\n<meta name=\"twitter:label1\" content=\"Tempo di lettura stimato\" \/>\n\t<meta name=\"twitter:data1\" content=\"4 minuti\" \/>\n<script type=\"application\/ld+json\" class=\"yoast-schema-graph\">{\"@context\":\"https:\\\/\\\/schema.org\",\"@graph\":[{\"@type\":\"WebPage\",\"@id\":\"https:\\\/\\\/www.tornabuoniart.com\\\/it\\\/artisti\\\/turcato-giulio\\\/\",\"url\":\"https:\\\/\\\/www.tornabuoniart.com\\\/it\\\/artisti\\\/turcato-giulio\\\/\",\"name\":\"Turcato Giulio - Tornabuoni Art\",\"isPartOf\":{\"@id\":\"https:\\\/\\\/www.tornabuoniart.com\\\/en\\\/#website\"},\"datePublished\":\"2019-09-13T15:13:06+00:00\",\"dateModified\":\"2026-04-14T15:21:24+00:00\",\"breadcrumb\":{\"@id\":\"https:\\\/\\\/www.tornabuoniart.com\\\/it\\\/artisti\\\/turcato-giulio\\\/#breadcrumb\"},\"inLanguage\":\"it-IT\",\"potentialAction\":[{\"@type\":\"ReadAction\",\"target\":[\"https:\\\/\\\/www.tornabuoniart.com\\\/it\\\/artisti\\\/turcato-giulio\\\/\"]}]},{\"@type\":\"BreadcrumbList\",\"@id\":\"https:\\\/\\\/www.tornabuoniart.com\\\/it\\\/artisti\\\/turcato-giulio\\\/#breadcrumb\",\"itemListElement\":[{\"@type\":\"ListItem\",\"position\":1,\"name\":\"Home\",\"item\":\"https:\\\/\\\/www.tornabuoniart.com\\\/it\\\/\"},{\"@type\":\"ListItem\",\"position\":2,\"name\":\"Turcato Giulio\"}]},{\"@type\":\"WebSite\",\"@id\":\"https:\\\/\\\/www.tornabuoniart.com\\\/en\\\/#website\",\"url\":\"https:\\\/\\\/www.tornabuoniart.com\\\/en\\\/\",\"name\":\"Tornabuoni Art\",\"description\":\"Modern &amp; Contemporary Art Gallery\",\"publisher\":{\"@id\":\"https:\\\/\\\/www.tornabuoniart.com\\\/en\\\/#organization\"},\"potentialAction\":[{\"@type\":\"SearchAction\",\"target\":{\"@type\":\"EntryPoint\",\"urlTemplate\":\"https:\\\/\\\/www.tornabuoniart.com\\\/en\\\/?s={search_term_string}\"},\"query-input\":{\"@type\":\"PropertyValueSpecification\",\"valueRequired\":true,\"valueName\":\"search_term_string\"}}],\"inLanguage\":\"it-IT\"},{\"@type\":\"Organization\",\"@id\":\"https:\\\/\\\/www.tornabuoniart.com\\\/en\\\/#organization\",\"name\":\"Tornabuoni Art\",\"url\":\"https:\\\/\\\/www.tornabuoniart.com\\\/en\\\/\",\"logo\":{\"@type\":\"ImageObject\",\"inLanguage\":\"it-IT\",\"@id\":\"https:\\\/\\\/www.tornabuoniart.com\\\/en\\\/#\\\/schema\\\/logo\\\/image\\\/\",\"url\":\"http:\\\/\\\/www.tornabuoniart.com\\\/wp-content\\\/uploads\\\/2019\\\/04\\\/logo_tornabuoni-art2-2-grey.png\",\"contentUrl\":\"http:\\\/\\\/www.tornabuoniart.com\\\/wp-content\\\/uploads\\\/2019\\\/04\\\/logo_tornabuoni-art2-2-grey.png\",\"width\":961,\"height\":136,\"caption\":\"Tornabuoni Art\"},\"image\":{\"@id\":\"https:\\\/\\\/www.tornabuoniart.com\\\/en\\\/#\\\/schema\\\/logo\\\/image\\\/\"},\"sameAs\":[\"https:\\\/\\\/www.facebook.com\\\/TornabuoniArt\\\/\",\"https:\\\/\\\/x.com\\\/TornabuoniArt\",\"https:\\\/\\\/www.instagram.com\\\/tornabuoniart\\\/\"]}]}<\/script>\n<!-- \/ Yoast SEO plugin. -->","yoast_head_json":{"title":"Turcato Giulio - Tornabuoni Art","robots":{"index":"index","follow":"follow","max-snippet":"max-snippet:-1","max-image-preview":"max-image-preview:large","max-video-preview":"max-video-preview:-1"},"canonical":"https:\/\/www.tornabuoniart.com\/it\/artisti\/turcato-giulio\/","og_locale":"it_IT","og_type":"article","og_title":"Turcato Giulio - Tornabuoni Art","og_description":"[vc_row css=&#8221;.vc_custom_1577099752877{margin-top: 100px !important;}&#8221;][vc_column width=&#8221;1\/4&#8243; enable_sticky=&#8221;true&#8221; sticky_offset=&#8221;100&#8243; alignment=&#8221;center&#8221; css=&#8221;.vc_custom_1547225524376{margin-bottom: 50px !important;}&#8221;][vc_column_text] &lt;&lt; torna agli artisti [\/vc_column_text][vc_single_image image=&#8221;8043&#8243; img_size=&#8221;full&#8221; alignment=&#8221;center&#8221; css=&#8221;.vc_custom_1579276153577{margin-bottom: 0px !important;padding-bottom: 0px !important;}&#8221;][vc_custom_heading source=&#8221;post_title&#8221; font_container=&#8221;tag:h1|font_size:22%20px|text_align:center|line_height:30%20px&#8221;","og_url":"https:\/\/www.tornabuoniart.com\/it\/artisti\/turcato-giulio\/","og_site_name":"Tornabuoni Art","article_publisher":"https:\/\/www.facebook.com\/TornabuoniArt\/","article_modified_time":"2026-04-14T15:21:24+00:00","twitter_card":"summary_large_image","twitter_site":"@TornabuoniArt","twitter_misc":{"Tempo di lettura stimato":"4 minuti"},"schema":{"@context":"https:\/\/schema.org","@graph":[{"@type":"WebPage","@id":"https:\/\/www.tornabuoniart.com\/it\/artisti\/turcato-giulio\/","url":"https:\/\/www.tornabuoniart.com\/it\/artisti\/turcato-giulio\/","name":"Turcato Giulio - Tornabuoni Art","isPartOf":{"@id":"https:\/\/www.tornabuoniart.com\/en\/#website"},"datePublished":"2019-09-13T15:13:06+00:00","dateModified":"2026-04-14T15:21:24+00:00","breadcrumb":{"@id":"https:\/\/www.tornabuoniart.com\/it\/artisti\/turcato-giulio\/#breadcrumb"},"inLanguage":"it-IT","potentialAction":[{"@type":"ReadAction","target":["https:\/\/www.tornabuoniart.com\/it\/artisti\/turcato-giulio\/"]}]},{"@type":"BreadcrumbList","@id":"https:\/\/www.tornabuoniart.com\/it\/artisti\/turcato-giulio\/#breadcrumb","itemListElement":[{"@type":"ListItem","position":1,"name":"Home","item":"https:\/\/www.tornabuoniart.com\/it\/"},{"@type":"ListItem","position":2,"name":"Turcato Giulio"}]},{"@type":"WebSite","@id":"https:\/\/www.tornabuoniart.com\/en\/#website","url":"https:\/\/www.tornabuoniart.com\/en\/","name":"Tornabuoni Art","description":"Modern &amp; Contemporary Art Gallery","publisher":{"@id":"https:\/\/www.tornabuoniart.com\/en\/#organization"},"potentialAction":[{"@type":"SearchAction","target":{"@type":"EntryPoint","urlTemplate":"https:\/\/www.tornabuoniart.com\/en\/?s={search_term_string}"},"query-input":{"@type":"PropertyValueSpecification","valueRequired":true,"valueName":"search_term_string"}}],"inLanguage":"it-IT"},{"@type":"Organization","@id":"https:\/\/www.tornabuoniart.com\/en\/#organization","name":"Tornabuoni Art","url":"https:\/\/www.tornabuoniart.com\/en\/","logo":{"@type":"ImageObject","inLanguage":"it-IT","@id":"https:\/\/www.tornabuoniart.com\/en\/#\/schema\/logo\/image\/","url":"http:\/\/www.tornabuoniart.com\/wp-content\/uploads\/2019\/04\/logo_tornabuoni-art2-2-grey.png","contentUrl":"http:\/\/www.tornabuoniart.com\/wp-content\/uploads\/2019\/04\/logo_tornabuoni-art2-2-grey.png","width":961,"height":136,"caption":"Tornabuoni Art"},"image":{"@id":"https:\/\/www.tornabuoniart.com\/en\/#\/schema\/logo\/image\/"},"sameAs":["https:\/\/www.facebook.com\/TornabuoniArt\/","https:\/\/x.com\/TornabuoniArt","https:\/\/www.instagram.com\/tornabuoniart\/"]}]}},"_links":{"self":[{"href":"https:\/\/www.tornabuoniart.com\/it\/wp-json\/wp\/v2\/portfolio\/2866","targetHints":{"allow":["GET"]}}],"collection":[{"href":"https:\/\/www.tornabuoniart.com\/it\/wp-json\/wp\/v2\/portfolio"}],"about":[{"href":"https:\/\/www.tornabuoniart.com\/it\/wp-json\/wp\/v2\/types\/portfolio"}],"author":[{"embeddable":true,"href":"https:\/\/www.tornabuoniart.com\/it\/wp-json\/wp\/v2\/users\/2"}],"replies":[{"embeddable":true,"href":"https:\/\/www.tornabuoniart.com\/it\/wp-json\/wp\/v2\/comments?post=2866"}],"wp:featuredmedia":[{"embeddable":true,"href":"https:\/\/www.tornabuoniart.com\/it\/wp-json\/"}],"wp:attachment":[{"href":"https:\/\/www.tornabuoniart.com\/it\/wp-json\/wp\/v2\/media?parent=2866"}],"wp:term":[{"taxonomy":"portfolio-types","embeddable":true,"href":"https:\/\/www.tornabuoniart.com\/it\/wp-json\/wp\/v2\/portfolio-types?post=2866"}],"curies":[{"name":"wp","href":"https:\/\/api.w.org\/{rel}","templated":true}]}}