{"id":2615,"date":"2019-09-13T09:04:15","date_gmt":"2019-09-13T09:04:15","guid":{"rendered":"https:\/\/tornabuoniart.com\/?post_type=portfolio&#038;p=2615"},"modified":"2026-02-13T15:38:44","modified_gmt":"2026-02-13T14:38:44","slug":"miro-joan","status":"publish","type":"portfolio","link":"https:\/\/www.tornabuoniart.com\/it\/artisti\/miro-joan\/","title":{"rendered":"Mir\u00f2 Joan"},"content":{"rendered":"<div class=\"wpb-content-wrapper\"><p>[vc_row css=&#8221;.vc_custom_1577099752877{margin-top: 100px !important;}&#8221;][vc_column width=&#8221;1\/4&#8243; enable_sticky=&#8221;true&#8221; sticky_offset=&#8221;100&#8243; alignment=&#8221;center&#8221; css=&#8221;.vc_custom_1547225524376{margin-bottom: 50px !important;}&#8221;][vc_column_text]<\/p>\n<p style=\"text-align: center;\"><a href=\"https:\/\/tornabuoniart.com\/it\/artisti\/\"><span style=\"color: #808080;\"><em>&lt;&lt; torna agli artisti<\/em><\/span><\/a><\/p>\n<p>[\/vc_column_text][vc_single_image image=&#8221;17759&#8243; img_size=&#8221;100&#215;100&#8243; alignment=&#8221;center&#8221; css=&#8221;.vc_custom_1585300744457{margin-bottom: 0px !important;padding-bottom: 0px !important;}&#8221;][vc_custom_heading source=&#8221;post_title&#8221; font_container=&#8221;tag:h1|font_size:22%20px|text_align:center|line_height:30%20px&#8221; use_theme_fonts=&#8221;yes&#8221;][\/vc_column][vc_column width=&#8221;3\/4&#8243;]<div class=\"mpc-carousel__wrapper mpc-waypoint\"><div id=\"mpc_carousel_image-6369f5bb0aba099\" class=\"mpc-carousel-image mpc-init mpc-layout--fluid mpc-effect--none mpc-force-height  mpc-overlay--fade\"  data-mpcslick='{\"infinite\":true,\"autoplay\":false,\"slidesToShow\":3,\"slidesToScroll\":1,\"centerMode\":false,\"initialSlide\":0,\"rows\":1,\"variableWidth\":true,\"speed\":500}' data-slick-cols=\"3\" data-align=\"middle-center\"><div target=\"\"class=\"mpc-carousel__item-wrapper\" data-height=\"900\"><div onclick=\"\" class=\"mpc-item mpc-transition\"><div class=\"mpc-border\"><\/div><img loading=\"lazy\" decoding=\"async\" width=\"675\" height=\"900\" src=\"https:\/\/www.tornabuoniart.com\/wp-content\/uploads\/2026\/01\/Miro-Sans-titre-1969-295-x-21-cm.jpg\" class=\"mpc-transition attachment-full\" alt=\"\" title=\"Mir\u00f2, Sans titre, 1969, 29,5 x 21 cm\" srcset=\"https:\/\/www.tornabuoniart.com\/wp-content\/uploads\/2026\/01\/Miro-Sans-titre-1969-295-x-21-cm.jpg 675w, https:\/\/www.tornabuoniart.com\/wp-content\/uploads\/2026\/01\/Miro-Sans-titre-1969-295-x-21-cm-225x300.jpg 225w, https:\/\/www.tornabuoniart.com\/wp-content\/uploads\/2026\/01\/Miro-Sans-titre-1969-295-x-21-cm-56x75.jpg 56w, https:\/\/www.tornabuoniart.com\/wp-content\/uploads\/2026\/01\/Miro-Sans-titre-1969-295-x-21-cm-540x720.jpg 540w, https:\/\/www.tornabuoniart.com\/wp-content\/uploads\/2026\/01\/Miro-Sans-titre-1969-295-x-21-cm-480x640.jpg 480w\" sizes=\"auto, (max-width:767px) 480px, 675px\" \/><div class=\"mpc-item-overlay mpc-transition\"><div class=\"mpc-overlay--vertical-wrap\"><div class=\"mpc-overlay--vertical\"><a href=\"https:\/\/www.tornabuoniart.com\/wp-content\/uploads\/2026\/01\/Miro-Sans-titre-1969-295-x-21-cm.jpg\" data-rel=\"lightbox-gallery-0\" data-rl_title=\"Mir\u00f2, Sans titre, 1969, 29,5 x 21 cm\" data-rl_caption=\"Mir\u00f2, Sans titre, 1969, 29,5 x 21 cm\" data-magnific_type=\"gallery\" class=\"mpc-icon-anchor mpc-magnific-popup\" title=\"Mir\u00f2, Sans titre, 1969, 29,5 x 21 cm\"><i class=\"mpc-item-overlay__icon mpc-type--lightbox fa fa-arrows mpc-icon--icon\"><\/i><\/a><\/div><\/div><\/div><\/div><\/div><div target=\"\"class=\"mpc-carousel__item-wrapper\" data-height=\"755\"><div onclick=\"\" class=\"mpc-item mpc-transition\"><div class=\"mpc-border\"><\/div><img loading=\"lazy\" decoding=\"async\" width=\"2560\" height=\"1887\" src=\"https:\/\/www.tornabuoniart.com\/wp-content\/uploads\/2024\/11\/Joan-Miro-Oiseau-1972-olio-acquerello-gouache-e-pastello-su-carta-giapponese-su-cartoncino-cm-59-x-80--scaled.jpg\" class=\"mpc-transition attachment-full\" alt=\"\" title=\"Joan Mir\u00f2, Oiseau, 1972, olio, acquerello, gouache e pastello su carta giapponese su cartoncino, cm 59 x 80\" srcset=\"https:\/\/www.tornabuoniart.com\/wp-content\/uploads\/2024\/11\/Joan-Miro-Oiseau-1972-olio-acquerello-gouache-e-pastello-su-carta-giapponese-su-cartoncino-cm-59-x-80--scaled.jpg 2560w, https:\/\/www.tornabuoniart.com\/wp-content\/uploads\/2024\/11\/Joan-Miro-Oiseau-1972-olio-acquerello-gouache-e-pastello-su-carta-giapponese-su-cartoncino-cm-59-x-80--300x221.jpg 300w, https:\/\/www.tornabuoniart.com\/wp-content\/uploads\/2024\/11\/Joan-Miro-Oiseau-1972-olio-acquerello-gouache-e-pastello-su-carta-giapponese-su-cartoncino-cm-59-x-80--1024x755.jpg 1024w, https:\/\/www.tornabuoniart.com\/wp-content\/uploads\/2024\/11\/Joan-Miro-Oiseau-1972-olio-acquerello-gouache-e-pastello-su-carta-giapponese-su-cartoncino-cm-59-x-80--768x566.jpg 768w, https:\/\/www.tornabuoniart.com\/wp-content\/uploads\/2024\/11\/Joan-Miro-Oiseau-1972-olio-acquerello-gouache-e-pastello-su-carta-giapponese-su-cartoncino-cm-59-x-80--1536x1132.jpg 1536w, https:\/\/www.tornabuoniart.com\/wp-content\/uploads\/2024\/11\/Joan-Miro-Oiseau-1972-olio-acquerello-gouache-e-pastello-su-carta-giapponese-su-cartoncino-cm-59-x-80--2048x1510.jpg 2048w, https:\/\/www.tornabuoniart.com\/wp-content\/uploads\/2024\/11\/Joan-Miro-Oiseau-1972-olio-acquerello-gouache-e-pastello-su-carta-giapponese-su-cartoncino-cm-59-x-80--102x75.jpg 102w, https:\/\/www.tornabuoniart.com\/wp-content\/uploads\/2024\/11\/Joan-Miro-Oiseau-1972-olio-acquerello-gouache-e-pastello-su-carta-giapponese-su-cartoncino-cm-59-x-80--960x708.jpg 960w, https:\/\/www.tornabuoniart.com\/wp-content\/uploads\/2024\/11\/Joan-Miro-Oiseau-1972-olio-acquerello-gouache-e-pastello-su-carta-giapponese-su-cartoncino-cm-59-x-80--480x354.jpg 480w\" sizes=\"auto, (max-width:767px) 480px, (max-width:2560px) 100vw, 2560px\" \/><div class=\"mpc-item-overlay mpc-transition\"><div class=\"mpc-overlay--vertical-wrap\"><div class=\"mpc-overlay--vertical\"><a href=\"https:\/\/www.tornabuoniart.com\/wp-content\/uploads\/2024\/11\/Joan-Miro-Oiseau-1972-olio-acquerello-gouache-e-pastello-su-carta-giapponese-su-cartoncino-cm-59-x-80--scaled.jpg\" data-rel=\"lightbox-gallery-0\" data-rl_title=\"Joan Mir\u00f2, Oiseau, 1972, olio, acquerello, gouache e pastello su carta giapponese su cartoncino, cm 59 x 80\" data-rl_caption=\"Joan Mir\u00f2, Oiseau, 1972, olio, acquerello, gouache e pastello su carta giapponese su cartoncino, cm 59 x 80\" data-magnific_type=\"gallery\" class=\"mpc-icon-anchor mpc-magnific-popup\" title=\"Joan Mir\u00f2, Oiseau, 1972, olio, acquerello, gouache e pastello su carta giapponese su cartoncino, cm 59 x 80\"><i class=\"mpc-item-overlay__icon mpc-type--lightbox fa fa-arrows mpc-icon--icon\"><\/i><\/a><\/div><\/div><\/div><\/div><\/div><\/div><div class=\"mpc-navigation mpc-init mpc-align--left mpc-navigation--style_3 mpc-on-hover  mpc-nav-preset--preset_3\" data-mpcslider=\"mpc_carousel_image-6369f5bb0aba099\"><div class=\"mpc-nav__arrow mpcslick-prev\"><div class=\"mpc-nav__icon mpc-transition\"><i class=\" eti eti_arrow_carrot-left\"><div class=\"mpc-nav__background mpc-transition mpc-effect-type--fade mpc-effect-side--in\"><\/div><\/i><\/div><\/div><\/div><div class=\"mpc-navigation mpc-init mpc-align--left mpc-navigation--style_3 mpc-on-hover  mpc-nav-preset--preset_3\" data-mpcslider=\"mpc_carousel_image-6369f5bb0aba099\"><div class=\"mpc-nav__arrow mpcslick-next\"><div class=\"mpc-nav__icon mpc-transition\"><i class=\" eti eti_arrow_carrot-right\"><div class=\"mpc-nav__background mpc-transition mpc-effect-type--fade mpc-effect-side--in\"><\/div><\/i><\/div><\/div><\/div><\/div>[vc_column_text css=&#8221;.vc_custom_1578667400636{margin-top: 25px !important;padding-top: 0px !important;}&#8221; el_id=&#8221;biography&#8221;]<\/p>\n<h2>biografia<\/h2>\n<p>[\/vc_column_text][vc_column_text css=&#8221;&#8221; el_class=&#8221;testo-giustificato&#8221;]Barcellona, 1893 \u2013 Palma di Maiorca, 1983<\/p>\n<p>Joan Mir\u00f2 \u00e8 stato un\u00a0pittore,\u00a0scultore\u00a0e\u00a0ceramista\u00a0spagnolo, tra i massimi esponenti del surrealismo.<\/p>\n<p>Figlio di un orefice e orologiaio Joan Mir\u00f3 cominci\u00f2 a disegnare da molto piccolo all&#8217;et\u00e0 di 8 anni. Dopo aver completato tre anni di studi artistici, assunse l&#8217;incarico di impiegato d&#8217;ufficio. Tuttavia, dopo aver subito un esaurimento nervoso, abbandon\u00f2 la sua carriera imprenditoriale e riprese gli studi artistici, frequentando l&#8217;Escola d&#8217;Art di Francesc Gal\u00ed a Barcellona dal 1912 al 1915. Mir\u00f3 ricevette presto incoraggiamento dal rivenditore Jos\u00e9 Dalmau, che gli organizz\u00f2 la sua prima mostra personale nella sua galleria di Barcellona nel 1918.<\/p>\n<p>Nel 1920 Mir\u00f3 fece il suo primo viaggio a Parigi, dove conobbe Pablo Picasso. Da quel momento\u00a0 si divise tra Parigi e Montroig, in Spagna. A Parigi, si leg\u00f2 ai poeti Max Jacob, Pierre Reverdy e Tristan Tzara e partecip\u00f2 alle attivit\u00e0 di Dada. Dalmau organizz\u00f2 la prima mostra personale di Mir\u00f3 a Parigi, alla Galerie la Licorne nel 1921, e il suo lavoro fu incluso nel Salon d&#8217;Automne del 1923.<\/p>\n<p>Nel 1924 Mir\u00f3 si un\u00ec al gruppo surrealista e realizz\u00f2 la sua mostra personale alla Galerie Pierre l&#8217;anno successivo, quando venne anche incluso nella prima mostra surrealista alla Galerie Pierre.<\/p>\n<p>Nel 1928 visit\u00f2 i Paesi Bassi iniziando una serie di dipinti ispirati ai maestri olandesi. Quell&#8217;anno esegu\u00ec anche i suoi primi collage di carta (documenti incollati) e collage. Tra la fine degli anni 20 e i primi anni 30 inizi\u00f2 i suoi primi esperimenti di litografia e le sue prime incisioni. In questi anni realizza sculture surrealiste che incorporano pietre dipinte e trovano oggetti.<\/p>\n<p>Nel 1936 Mir\u00f3 lasci\u00f2 la Spagna a causa della guerra civile dove ritorn\u00f2 solamente nel 1941. Nello stesso anno fu incluso nelle mostre Cubismo e Arte astratta e Arte fantastica, Dada, Surrealismo al Museum of Modern Art di New York. L&#8217;anno seguente gli fu commissionato il lavoro monumentale per la Fiera mondiale di Parigi.<\/p>\n<p>La prima grande retrospettiva museale di Mir\u00f3 si tenne al Museum of Modern Art di New York, nel 1941. Nel 1944 Mir\u00f3 inizi\u00f2 a lavorare in ceramica con Josep Llor\u00e9ns y Artigas e inizi\u00f2 a concentrarsi sulle stampe; dal 1954 al 1958 lavor\u00f2 quasi esclusivamente in questi due mezzi. Ha ricevuto il Gran Premio del lavoro grafico alla Biennale di Venezia nel 1954 e il suo lavoro \u00e8 stato incluso nella prima mostra Documenta a Kassel l&#8217;anno successivo.<\/p>\n<p>Nel 1958 Mir\u00f3 venne premiato con il Guggenheim International Award per i murales realizzato per l&#8217;edificio dell&#8217;UNESCO a Parigi. L&#8217;anno seguente riprese a dipingere, iniziando una serie di tele di dimensioni murali.<\/p>\n<p>Durante gli anni &#8217;60 inizi\u00f2 a lavorare intensamente nella scultura. La retrospettiva Mir\u00f3 ebbe luogo al Mus\u00e9e National d&#8217;Arts Moderne di Parigi nel 1962 e al Grand Palais di Parigi nel 1974. Nel 1978 il Mus\u00e9e National d&#8217;Arts Moderne espose oltre cinquecento opere in una grande retrospettiva dei suoi disegni.<\/p>\n<p>\u00a9 Successi\u00f3 Mir\u00f3[\/vc_column_text][vc_row_inner disable_element=&#8221;yes&#8221;][vc_column_inner][vc_column_text css=&#8221;.vc_custom_1568023296154{padding-top: 50px !important;padding-bottom: 10px !important;}&#8221; el_id=&#8221;exhibition&#8221;]<\/p>\n<h2>mostre<\/h2>\n<p>[\/vc_column_text][vc_basic_grid post_type=&#8221;ids&#8221; element_width=&#8221;12&#8243; item=&#8221;4321&#8243; grid_id=&#8221;vc_gid:1770993441521-72241010-45f0-10&#8243;][\/vc_column_inner][\/vc_row_inner][vc_row_inner disable_element=&#8221;yes&#8221;][vc_column_inner][vc_column_text css=&#8221;.vc_custom_1578667642547{padding-top: 50px !important;padding-bottom: 10px !important;}&#8221; el_id=&#8221;fairs&#8221;]<\/p>\n<h2>fiere<\/h2>\n<p>[\/vc_column_text][vc_basic_grid post_type=&#8221;ids&#8221; element_width=&#8221;6&#8243; item=&#8221;4545&#8243; grid_id=&#8221;vc_gid:1770993441521-453a7da1-13ac-8&#8243;][\/vc_column_inner][\/vc_row_inner][vc_row_inner disable_element=&#8221;yes&#8221;][vc_column_inner][vc_column_text css=&#8221;.vc_custom_1575889020947{padding-top: 50px !important;padding-bottom: 10px !important;}&#8221; el_id=&#8221;video&#8221;]<\/p>\n<h2>video<\/h2>\n<p>[\/vc_column_text][vc_basic_grid post_type=&#8221;ids&#8221; element_width=&#8221;6&#8243; item=&#8221;1469&#8243; grid_id=&#8221;vc_gid:1770993441522-51ffd85d-97bc-7&#8243;][\/vc_column_inner][\/vc_row_inner][vc_row_inner disable_element=&#8221;yes&#8221; el_class=&#8221;blocco-pubblicazioni&#8221;][vc_column_inner][vc_column_text css=&#8221;.vc_custom_1568023309353{padding-top: 50px !important;padding-bottom: 10px !important;}&#8221; el_id=&#8221;publication&#8221;]<\/p>\n<h2>pubblicazioni<\/h2>\n<p>[\/vc_column_text][vc_basic_grid post_type=&#8221;ids&#8221; element_width=&#8221;12&#8243; item=&#8221;4344&#8243; grid_id=&#8221;vc_gid:1770993441522-8e9f1b9f-65db-9&#8243;][\/vc_column_inner][\/vc_row_inner][\/vc_column][\/vc_row][vc_row][vc_column][vc_empty_space height=&#8221;100px&#8221;][\/vc_column][\/vc_row]<\/p>\n<\/div>","protected":false},"excerpt":{"rendered":"<p>[vc_row css=&#8221;.vc_custom_1577099752877{margin-top: 100px !important;}&#8221;][vc_column width=&#8221;1\/4&#8243; enable_sticky=&#8221;true&#8221; sticky_offset=&#8221;100&#8243; alignment=&#8221;center&#8221; css=&#8221;.vc_custom_1547225524376{margin-bottom: 50px !important;}&#8221;][vc_column_text] &lt;&lt; torna agli artisti [\/vc_column_text][vc_single_image image=&#8221;17759&#8243; img_size=&#8221;100&#215;100&#8243; alignment=&#8221;center&#8221; css=&#8221;.vc_custom_1585300744457{margin-bottom: 0px !important;padding-bottom: 0px !important;}&#8221;][vc_custom_heading source=&#8221;post_title&#8221; font_container=&#8221;tag:h1|font_size:22%20px|text_align:center|line_height:30%20px&#8221;<\/p>\n","protected":false},"author":2,"featured_media":-1,"menu_order":261,"comment_status":"closed","ping_status":"closed","template":"","meta":{"_acf_changed":false},"portfolio-types":[45],"class_list":["post-2615","portfolio","type-portfolio","status-publish","has-post-thumbnail","hentry","portfolio-types-m"],"acf":[],"yoast_head":"<!-- This site is optimized with the Yoast SEO plugin v27.4 - https:\/\/yoast.com\/product\/yoast-seo-wordpress\/ -->\n<title>Mir\u00f2 Joan - Tornabuoni Art<\/title>\n<meta name=\"robots\" content=\"index, follow, max-snippet:-1, max-image-preview:large, max-video-preview:-1\" \/>\n<link rel=\"canonical\" href=\"https:\/\/www.tornabuoniart.com\/it\/artisti\/miro-joan\/\" \/>\n<meta property=\"og:locale\" content=\"it_IT\" \/>\n<meta property=\"og:type\" content=\"article\" \/>\n<meta property=\"og:title\" content=\"Mir\u00f2 Joan - Tornabuoni Art\" \/>\n<meta property=\"og:description\" content=\"[vc_row css=&#8221;.vc_custom_1577099752877{margin-top: 100px !important;}&#8221;][vc_column width=&#8221;1\/4&#8243; enable_sticky=&#8221;true&#8221; sticky_offset=&#8221;100&#8243; alignment=&#8221;center&#8221; css=&#8221;.vc_custom_1547225524376{margin-bottom: 50px !important;}&#8221;][vc_column_text] &lt;&lt; torna agli artisti [\/vc_column_text][vc_single_image image=&#8221;17759&#8243; img_size=&#8221;100&#215;100&#8243; alignment=&#8221;center&#8221; css=&#8221;.vc_custom_1585300744457{margin-bottom: 0px !important;padding-bottom: 0px !important;}&#8221;][vc_custom_heading source=&#8221;post_title&#8221; font_container=&#8221;tag:h1|font_size:22%20px|text_align:center|line_height:30%20px&#8221;\" \/>\n<meta property=\"og:url\" content=\"https:\/\/www.tornabuoniart.com\/it\/artisti\/miro-joan\/\" \/>\n<meta property=\"og:site_name\" content=\"Tornabuoni Art\" \/>\n<meta property=\"article:publisher\" content=\"https:\/\/www.facebook.com\/TornabuoniArt\/\" \/>\n<meta property=\"article:modified_time\" content=\"2026-02-13T14:38:44+00:00\" \/>\n<meta name=\"twitter:card\" content=\"summary_large_image\" \/>\n<meta name=\"twitter:site\" content=\"@TornabuoniArt\" \/>\n<meta name=\"twitter:label1\" content=\"Tempo di lettura stimato\" \/>\n\t<meta name=\"twitter:data1\" content=\"4 minuti\" \/>\n<script type=\"application\/ld+json\" class=\"yoast-schema-graph\">{\"@context\":\"https:\\\/\\\/schema.org\",\"@graph\":[{\"@type\":\"WebPage\",\"@id\":\"https:\\\/\\\/www.tornabuoniart.com\\\/it\\\/artisti\\\/miro-joan\\\/\",\"url\":\"https:\\\/\\\/www.tornabuoniart.com\\\/it\\\/artisti\\\/miro-joan\\\/\",\"name\":\"Mir\u00f2 Joan - Tornabuoni Art\",\"isPartOf\":{\"@id\":\"https:\\\/\\\/www.tornabuoniart.com\\\/en\\\/#website\"},\"datePublished\":\"2019-09-13T09:04:15+00:00\",\"dateModified\":\"2026-02-13T14:38:44+00:00\",\"breadcrumb\":{\"@id\":\"https:\\\/\\\/www.tornabuoniart.com\\\/it\\\/artisti\\\/miro-joan\\\/#breadcrumb\"},\"inLanguage\":\"it-IT\",\"potentialAction\":[{\"@type\":\"ReadAction\",\"target\":[\"https:\\\/\\\/www.tornabuoniart.com\\\/it\\\/artisti\\\/miro-joan\\\/\"]}]},{\"@type\":\"BreadcrumbList\",\"@id\":\"https:\\\/\\\/www.tornabuoniart.com\\\/it\\\/artisti\\\/miro-joan\\\/#breadcrumb\",\"itemListElement\":[{\"@type\":\"ListItem\",\"position\":1,\"name\":\"Home\",\"item\":\"https:\\\/\\\/www.tornabuoniart.com\\\/it\\\/\"},{\"@type\":\"ListItem\",\"position\":2,\"name\":\"Mir\u00f2 Joan\"}]},{\"@type\":\"WebSite\",\"@id\":\"https:\\\/\\\/www.tornabuoniart.com\\\/en\\\/#website\",\"url\":\"https:\\\/\\\/www.tornabuoniart.com\\\/en\\\/\",\"name\":\"Tornabuoni Art\",\"description\":\"Modern &amp; Contemporary Art Gallery\",\"publisher\":{\"@id\":\"https:\\\/\\\/www.tornabuoniart.com\\\/en\\\/#organization\"},\"potentialAction\":[{\"@type\":\"SearchAction\",\"target\":{\"@type\":\"EntryPoint\",\"urlTemplate\":\"https:\\\/\\\/www.tornabuoniart.com\\\/en\\\/?s={search_term_string}\"},\"query-input\":{\"@type\":\"PropertyValueSpecification\",\"valueRequired\":true,\"valueName\":\"search_term_string\"}}],\"inLanguage\":\"it-IT\"},{\"@type\":\"Organization\",\"@id\":\"https:\\\/\\\/www.tornabuoniart.com\\\/en\\\/#organization\",\"name\":\"Tornabuoni Art\",\"url\":\"https:\\\/\\\/www.tornabuoniart.com\\\/en\\\/\",\"logo\":{\"@type\":\"ImageObject\",\"inLanguage\":\"it-IT\",\"@id\":\"https:\\\/\\\/www.tornabuoniart.com\\\/en\\\/#\\\/schema\\\/logo\\\/image\\\/\",\"url\":\"http:\\\/\\\/www.tornabuoniart.com\\\/wp-content\\\/uploads\\\/2019\\\/04\\\/logo_tornabuoni-art2-2-grey.png\",\"contentUrl\":\"http:\\\/\\\/www.tornabuoniart.com\\\/wp-content\\\/uploads\\\/2019\\\/04\\\/logo_tornabuoni-art2-2-grey.png\",\"width\":961,\"height\":136,\"caption\":\"Tornabuoni Art\"},\"image\":{\"@id\":\"https:\\\/\\\/www.tornabuoniart.com\\\/en\\\/#\\\/schema\\\/logo\\\/image\\\/\"},\"sameAs\":[\"https:\\\/\\\/www.facebook.com\\\/TornabuoniArt\\\/\",\"https:\\\/\\\/x.com\\\/TornabuoniArt\",\"https:\\\/\\\/www.instagram.com\\\/tornabuoniart\\\/\"]}]}<\/script>\n<!-- \/ Yoast SEO plugin. -->","yoast_head_json":{"title":"Mir\u00f2 Joan - Tornabuoni Art","robots":{"index":"index","follow":"follow","max-snippet":"max-snippet:-1","max-image-preview":"max-image-preview:large","max-video-preview":"max-video-preview:-1"},"canonical":"https:\/\/www.tornabuoniart.com\/it\/artisti\/miro-joan\/","og_locale":"it_IT","og_type":"article","og_title":"Mir\u00f2 Joan - Tornabuoni Art","og_description":"[vc_row css=&#8221;.vc_custom_1577099752877{margin-top: 100px !important;}&#8221;][vc_column width=&#8221;1\/4&#8243; enable_sticky=&#8221;true&#8221; sticky_offset=&#8221;100&#8243; alignment=&#8221;center&#8221; css=&#8221;.vc_custom_1547225524376{margin-bottom: 50px !important;}&#8221;][vc_column_text] &lt;&lt; torna agli artisti [\/vc_column_text][vc_single_image image=&#8221;17759&#8243; img_size=&#8221;100&#215;100&#8243; alignment=&#8221;center&#8221; css=&#8221;.vc_custom_1585300744457{margin-bottom: 0px !important;padding-bottom: 0px !important;}&#8221;][vc_custom_heading source=&#8221;post_title&#8221; font_container=&#8221;tag:h1|font_size:22%20px|text_align:center|line_height:30%20px&#8221;","og_url":"https:\/\/www.tornabuoniart.com\/it\/artisti\/miro-joan\/","og_site_name":"Tornabuoni Art","article_publisher":"https:\/\/www.facebook.com\/TornabuoniArt\/","article_modified_time":"2026-02-13T14:38:44+00:00","twitter_card":"summary_large_image","twitter_site":"@TornabuoniArt","twitter_misc":{"Tempo di lettura stimato":"4 minuti"},"schema":{"@context":"https:\/\/schema.org","@graph":[{"@type":"WebPage","@id":"https:\/\/www.tornabuoniart.com\/it\/artisti\/miro-joan\/","url":"https:\/\/www.tornabuoniart.com\/it\/artisti\/miro-joan\/","name":"Mir\u00f2 Joan - Tornabuoni Art","isPartOf":{"@id":"https:\/\/www.tornabuoniart.com\/en\/#website"},"datePublished":"2019-09-13T09:04:15+00:00","dateModified":"2026-02-13T14:38:44+00:00","breadcrumb":{"@id":"https:\/\/www.tornabuoniart.com\/it\/artisti\/miro-joan\/#breadcrumb"},"inLanguage":"it-IT","potentialAction":[{"@type":"ReadAction","target":["https:\/\/www.tornabuoniart.com\/it\/artisti\/miro-joan\/"]}]},{"@type":"BreadcrumbList","@id":"https:\/\/www.tornabuoniart.com\/it\/artisti\/miro-joan\/#breadcrumb","itemListElement":[{"@type":"ListItem","position":1,"name":"Home","item":"https:\/\/www.tornabuoniart.com\/it\/"},{"@type":"ListItem","position":2,"name":"Mir\u00f2 Joan"}]},{"@type":"WebSite","@id":"https:\/\/www.tornabuoniart.com\/en\/#website","url":"https:\/\/www.tornabuoniart.com\/en\/","name":"Tornabuoni Art","description":"Modern &amp; Contemporary Art Gallery","publisher":{"@id":"https:\/\/www.tornabuoniart.com\/en\/#organization"},"potentialAction":[{"@type":"SearchAction","target":{"@type":"EntryPoint","urlTemplate":"https:\/\/www.tornabuoniart.com\/en\/?s={search_term_string}"},"query-input":{"@type":"PropertyValueSpecification","valueRequired":true,"valueName":"search_term_string"}}],"inLanguage":"it-IT"},{"@type":"Organization","@id":"https:\/\/www.tornabuoniart.com\/en\/#organization","name":"Tornabuoni Art","url":"https:\/\/www.tornabuoniart.com\/en\/","logo":{"@type":"ImageObject","inLanguage":"it-IT","@id":"https:\/\/www.tornabuoniart.com\/en\/#\/schema\/logo\/image\/","url":"http:\/\/www.tornabuoniart.com\/wp-content\/uploads\/2019\/04\/logo_tornabuoni-art2-2-grey.png","contentUrl":"http:\/\/www.tornabuoniart.com\/wp-content\/uploads\/2019\/04\/logo_tornabuoni-art2-2-grey.png","width":961,"height":136,"caption":"Tornabuoni Art"},"image":{"@id":"https:\/\/www.tornabuoniart.com\/en\/#\/schema\/logo\/image\/"},"sameAs":["https:\/\/www.facebook.com\/TornabuoniArt\/","https:\/\/x.com\/TornabuoniArt","https:\/\/www.instagram.com\/tornabuoniart\/"]}]}},"_links":{"self":[{"href":"https:\/\/www.tornabuoniart.com\/it\/wp-json\/wp\/v2\/portfolio\/2615","targetHints":{"allow":["GET"]}}],"collection":[{"href":"https:\/\/www.tornabuoniart.com\/it\/wp-json\/wp\/v2\/portfolio"}],"about":[{"href":"https:\/\/www.tornabuoniart.com\/it\/wp-json\/wp\/v2\/types\/portfolio"}],"author":[{"embeddable":true,"href":"https:\/\/www.tornabuoniart.com\/it\/wp-json\/wp\/v2\/users\/2"}],"replies":[{"embeddable":true,"href":"https:\/\/www.tornabuoniart.com\/it\/wp-json\/wp\/v2\/comments?post=2615"}],"wp:featuredmedia":[{"embeddable":true,"href":"https:\/\/www.tornabuoniart.com\/it\/wp-json\/"}],"wp:attachment":[{"href":"https:\/\/www.tornabuoniart.com\/it\/wp-json\/wp\/v2\/media?parent=2615"}],"wp:term":[{"taxonomy":"portfolio-types","embeddable":true,"href":"https:\/\/www.tornabuoniart.com\/it\/wp-json\/wp\/v2\/portfolio-types?post=2615"}],"curies":[{"name":"wp","href":"https:\/\/api.w.org\/{rel}","templated":true}]}}