{"id":2544,"date":"2019-09-12T16:53:51","date_gmt":"2019-09-12T16:53:51","guid":{"rendered":"https:\/\/tornabuoniart.com\/?post_type=portfolio&#038;p=2544"},"modified":"2026-01-09T16:47:45","modified_gmt":"2026-01-09T15:47:45","slug":"kounellis-jannis","status":"publish","type":"portfolio","link":"https:\/\/www.tornabuoniart.com\/it\/artisti\/kounellis-jannis\/","title":{"rendered":"Kounellis Jannis"},"content":{"rendered":"<div class=\"wpb-content-wrapper\"><p>[vc_row css=&#8221;.vc_custom_1577099752877{margin-top: 100px !important;}&#8221;][vc_column width=&#8221;1\/4&#8243; enable_sticky=&#8221;true&#8221; sticky_offset=&#8221;100&#8243; alignment=&#8221;center&#8221; css=&#8221;.vc_custom_1547225524376{margin-bottom: 50px !important;}&#8221;][vc_column_text]<\/p>\n<p style=\"text-align: center;\"><a href=\"https:\/\/tornabuoniart.com\/it\/artisti\/\"><span style=\"color: #808080;\"><em>&lt;&lt; torna agli artisti<\/em><\/span><\/a><\/p>\n<p>[\/vc_column_text][vc_single_image image=&#8221;7506&#8243; img_size=&#8221;full&#8221; alignment=&#8221;center&#8221; css=&#8221;.vc_custom_1579125790083{margin-bottom: 0px !important;padding-bottom: 0px !important;}&#8221;][vc_custom_heading source=&#8221;post_title&#8221; font_container=&#8221;tag:h1|font_size:22%20px|text_align:center|line_height:30%20px&#8221; use_theme_fonts=&#8221;yes&#8221;][\/vc_column][vc_column width=&#8221;3\/4&#8243;]<div class=\"mpc-carousel__wrapper mpc-waypoint\"><div id=\"mpc_carousel_image-4269f5badfc7b9f\" class=\"mpc-carousel-image mpc-init mpc-layout--fluid mpc-effect--none mpc-force-height  mpc-overlay--fade\"  data-mpcslick='{\"infinite\":false,\"autoplay\":false,\"slidesToShow\":1,\"slidesToScroll\":1,\"centerMode\":false,\"initialSlide\":0,\"rows\":1,\"variableWidth\":true,\"speed\":500}' data-slick-cols=\"1\" data-align=\"middle-center\"><div target=\"\"class=\"mpc-carousel__item-wrapper\" data-height=\"395\"><div onclick=\"\" class=\"mpc-item mpc-transition\"><div class=\"mpc-border\"><\/div><img loading=\"lazy\" decoding=\"async\" width=\"1772\" height=\"684\" src=\"https:\/\/www.tornabuoniart.com\/wp-content\/uploads\/2026\/01\/Kounellis-Senza-titolo-1989-180-x-1600-cm.jpg\" class=\"mpc-transition attachment-full\" alt=\"\" title=\"4_4_11 001\" srcset=\"https:\/\/www.tornabuoniart.com\/wp-content\/uploads\/2026\/01\/Kounellis-Senza-titolo-1989-180-x-1600-cm.jpg 1772w, https:\/\/www.tornabuoniart.com\/wp-content\/uploads\/2026\/01\/Kounellis-Senza-titolo-1989-180-x-1600-cm-300x116.jpg 300w, https:\/\/www.tornabuoniart.com\/wp-content\/uploads\/2026\/01\/Kounellis-Senza-titolo-1989-180-x-1600-cm-1024x395.jpg 1024w, https:\/\/www.tornabuoniart.com\/wp-content\/uploads\/2026\/01\/Kounellis-Senza-titolo-1989-180-x-1600-cm-768x296.jpg 768w, https:\/\/www.tornabuoniart.com\/wp-content\/uploads\/2026\/01\/Kounellis-Senza-titolo-1989-180-x-1600-cm-1536x593.jpg 1536w, https:\/\/www.tornabuoniart.com\/wp-content\/uploads\/2026\/01\/Kounellis-Senza-titolo-1989-180-x-1600-cm-150x58.jpg 150w, https:\/\/www.tornabuoniart.com\/wp-content\/uploads\/2026\/01\/Kounellis-Senza-titolo-1989-180-x-1600-cm-960x371.jpg 960w, https:\/\/www.tornabuoniart.com\/wp-content\/uploads\/2026\/01\/Kounellis-Senza-titolo-1989-180-x-1600-cm-480x185.jpg 480w\" sizes=\"auto, (max-width:767px) 480px, (max-width:1772px) 100vw, 1772px\" \/><div class=\"mpc-item-overlay mpc-transition\"><div class=\"mpc-overlay--vertical-wrap\"><div class=\"mpc-overlay--vertical\"><a href=\"https:\/\/www.tornabuoniart.com\/wp-content\/uploads\/2026\/01\/Kounellis-Senza-titolo-1989-180-x-1600-cm.jpg\" data-rel=\"lightbox-gallery-0\" data-rl_title=\"4_4_11 001\" data-rl_caption=\"4_4_11 001\" data-magnific_type=\"gallery\" class=\"mpc-icon-anchor mpc-magnific-popup\" title=\"4_4_11 001\"><i class=\"mpc-item-overlay__icon mpc-type--lightbox fa fa-arrows mpc-icon--icon\"><\/i><\/a><\/div><\/div><\/div><\/div><\/div><div target=\"\"class=\"mpc-carousel__item-wrapper\" data-height=\"1024\"><div onclick=\"\" class=\"mpc-item mpc-transition\"><div class=\"mpc-border\"><\/div><img loading=\"lazy\" decoding=\"async\" width=\"1920\" height=\"2560\" src=\"https:\/\/www.tornabuoniart.com\/wp-content\/uploads\/2026\/01\/Kounellis-Senza-titolo-2010-11-200-x-180-cm-scaled.jpg\" class=\"mpc-transition attachment-full\" alt=\"\" title=\"Kounellis, Senza titolo, 2010-11, 200 x 180 cm\" srcset=\"https:\/\/www.tornabuoniart.com\/wp-content\/uploads\/2026\/01\/Kounellis-Senza-titolo-2010-11-200-x-180-cm-scaled.jpg 1920w, https:\/\/www.tornabuoniart.com\/wp-content\/uploads\/2026\/01\/Kounellis-Senza-titolo-2010-11-200-x-180-cm-225x300.jpg 225w, https:\/\/www.tornabuoniart.com\/wp-content\/uploads\/2026\/01\/Kounellis-Senza-titolo-2010-11-200-x-180-cm-768x1024.jpg 768w, https:\/\/www.tornabuoniart.com\/wp-content\/uploads\/2026\/01\/Kounellis-Senza-titolo-2010-11-200-x-180-cm-1152x1536.jpg 1152w, https:\/\/www.tornabuoniart.com\/wp-content\/uploads\/2026\/01\/Kounellis-Senza-titolo-2010-11-200-x-180-cm-1536x2048.jpg 1536w, https:\/\/www.tornabuoniart.com\/wp-content\/uploads\/2026\/01\/Kounellis-Senza-titolo-2010-11-200-x-180-cm-56x75.jpg 56w, https:\/\/www.tornabuoniart.com\/wp-content\/uploads\/2026\/01\/Kounellis-Senza-titolo-2010-11-200-x-180-cm-540x720.jpg 540w, https:\/\/www.tornabuoniart.com\/wp-content\/uploads\/2026\/01\/Kounellis-Senza-titolo-2010-11-200-x-180-cm-480x640.jpg 480w\" sizes=\"auto, (max-width:767px) 480px, (max-width:1920px) 100vw, 1920px\" \/><div class=\"mpc-item-overlay mpc-transition\"><div class=\"mpc-overlay--vertical-wrap\"><div class=\"mpc-overlay--vertical\"><a href=\"https:\/\/www.tornabuoniart.com\/wp-content\/uploads\/2026\/01\/Kounellis-Senza-titolo-2010-11-200-x-180-cm-scaled.jpg\" data-rel=\"lightbox-gallery-0\" data-rl_title=\"Kounellis, Senza titolo, 2010-11, 200 x 180 cm\" data-rl_caption=\"Kounellis, Senza titolo, 2010-11, 200 x 180 cm\" data-magnific_type=\"gallery\" class=\"mpc-icon-anchor mpc-magnific-popup\" title=\"Kounellis, Senza titolo, 2010-11, 200 x 180 cm\"><i class=\"mpc-item-overlay__icon mpc-type--lightbox fa fa-arrows mpc-icon--icon\"><\/i><\/a><\/div><\/div><\/div><\/div><\/div><\/div><div class=\"mpc-navigation mpc-init mpc-align--left mpc-navigation--style_3 mpc-on-hover  mpc-nav-preset--preset_3\" data-mpcslider=\"mpc_carousel_image-4269f5badfc7b9f\"><div class=\"mpc-nav__arrow mpcslick-prev\"><div class=\"mpc-nav__icon mpc-transition\"><i class=\" eti eti_arrow_carrot-left\"><div class=\"mpc-nav__background mpc-transition mpc-effect-type--fade mpc-effect-side--in\"><\/div><\/i><\/div><\/div><\/div><div class=\"mpc-navigation mpc-init mpc-align--left mpc-navigation--style_3 mpc-on-hover  mpc-nav-preset--preset_3\" data-mpcslider=\"mpc_carousel_image-4269f5badfc7b9f\"><div class=\"mpc-nav__arrow mpcslick-next\"><div class=\"mpc-nav__icon mpc-transition\"><i class=\" eti eti_arrow_carrot-right\"><div class=\"mpc-nav__background mpc-transition mpc-effect-type--fade mpc-effect-side--in\"><\/div><\/i><\/div><\/div><\/div><\/div>[vc_column_text css=&#8221;.vc_custom_1578667400636{margin-top: 25px !important;padding-top: 0px !important;}&#8221; el_id=&#8221;biography&#8221;]<\/p>\n<h2>biografia<\/h2>\n<p>[\/vc_column_text][vc_column_text css=&#8221;&#8221; el_class=&#8221;testo-giustificato&#8221;]Pireo, 1936 &#8211; Roma, 2017<\/p>\n<p>A 19 anni, Jannis Kounellis si trasfer\u00ec in Italia e si stabil\u00ec a Roma, dove frequent\u00f2 l&#8217;Accademia di Belle Arti. Attraverso la sua formazione artistica, Kounellis si considera un campione della cultura italiana, e mentre l&#8217;italiano non \u00e8 la sua madrelingua, spiega che corrisponde alla sua logica personale.<\/p>\n<p>Alla fine degli anni &#8217;50, cre\u00f2 un linguaggio poetico basato su una combinazione di unit\u00e0 di linguaggio elementare come lettere e simboli, dipinte su tela bianca con tempera nera, che divenne il soggetto della sua prima mostra alla Galleria La Tartaruga a Roma.<\/p>\n<p>Dopo un&#8217;interruzione di due anni, riprende la sua pratica artistica nel 1967 ed espone con artisti del movimento Arte Povera alla galleria Attico di Roma, dove espone uno dei suoi pezzi pi\u00f9 famosi: un&#8217;installazione che coinvolge dodici cavalli vivi.<\/p>\n<p>Nel corso dei successivi dieci anni, ha introdotto materiali umili nel suo lavoro, come tela, carbone, cera, ferro, piombo e lana, combinandoli con elementi naturali vivi come animali o piante. Kounellis voleva inventare una nuova forma di linguaggio in cui natura, cultura e vita potessero comunicare.<\/p>\n<p>Nel 1972 espone alla Dokumenta 5 di Kassel e alla Biennale di Venezia. Il lavoro di Kounellis divenne gradualmente pi\u00f9 performativo, assumendo una dimensione pi\u00f9 teatrale e musicale &#8211; progett\u00f2 anche diversi set d&#8217;opera.<\/p>\n<p>Dal 1992 Kounellis fu professore alla Kunstakademie di D\u00fcsseldorf. Le sue opere sono esposte al Museo Pecci di Prato e al MADRE di Napoli. Negli ultimi anni ha esplorato i suoi temi originali, avvicinandosi sempre di pi\u00f9 verso una monumentalit\u00e0 che fa eco ai suoi primi progetti urbani su larga scala.<\/p>\n<p>Yannis Kounellis \u00e8 morto il 16 febbraio 2017 a Rome all&#8217;et\u00e0 di 80 anni.<\/p>\n<p>\u00a9 KOUNELLIS, by SIAE 2026[\/vc_column_text][vc_row_inner][vc_column_inner][vc_column_text css=&#8221;.vc_custom_1568023296154{padding-top: 50px !important;padding-bottom: 10px !important;}&#8221; el_id=&#8221;exhibition&#8221;]<\/p>\n<h2>mostre<\/h2>\n<p>[\/vc_column_text][vc_basic_grid post_type=&#8221;ids&#8221; element_width=&#8221;12&#8243; item=&#8221;4321&#8243; css=&#8221;&#8221; grid_id=&#8221;vc_gid:1767973617693-56ba0180-469c-5&#8243; include=&#8221;59239, 56484, 54330, 27240, 9169, 19634, 19665&#8243;][\/vc_column_inner][\/vc_row_inner][vc_row_inner disable_element=&#8221;yes&#8221;][vc_column_inner][vc_column_text css=&#8221;.vc_custom_1578667642547{padding-top: 50px !important;padding-bottom: 10px !important;}&#8221; el_id=&#8221;fairs&#8221;]<\/p>\n<h2>fiere<\/h2>\n<p>[\/vc_column_text][vc_basic_grid post_type=&#8221;ids&#8221; element_width=&#8221;6&#8243; item=&#8221;4545&#8243; grid_id=&#8221;vc_gid:1767973617693-9740c001-5cd1-4&#8243;][\/vc_column_inner][\/vc_row_inner][vc_row_inner][vc_column_inner][vc_column_text css=&#8221;.vc_custom_1575889020947{padding-top: 50px !important;padding-bottom: 10px !important;}&#8221; el_id=&#8221;video&#8221;]<\/p>\n<h2>video<\/h2>\n<p>[\/vc_column_text][vc_basic_grid post_type=&#8221;ids&#8221; element_width=&#8221;6&#8243; item=&#8221;1469&#8243; css=&#8221;&#8221; grid_id=&#8221;vc_gid:1767973617694-1152bf05-4cbe-4&#8243; include=&#8221;61615, 60277, 47311&#8243;][\/vc_column_inner][\/vc_row_inner][vc_row_inner el_class=&#8221;blocco-pubblicazioni&#8221;][vc_column_inner][vc_column_text css=&#8221;.vc_custom_1568023309353{padding-top: 50px !important;padding-bottom: 10px !important;}&#8221; el_id=&#8221;publication&#8221;]<\/p>\n<h2>pubblicazioni<\/h2>\n<p>[\/vc_column_text][vc_basic_grid post_type=&#8221;ids&#8221; element_width=&#8221;12&#8243; item=&#8221;4344&#8243; css=&#8221;&#8221; grid_id=&#8221;vc_gid:1767973617694-1dc3b9f0-5097-1&#8243; include=&#8221;61691, 55567, 46705, 28265, 4488&#8243;][\/vc_column_inner][\/vc_row_inner][\/vc_column][\/vc_row][vc_row][vc_column][vc_empty_space height=&#8221;100px&#8221;][\/vc_column][\/vc_row]<\/p>\n<\/div>","protected":false},"excerpt":{"rendered":"<p>[vc_row css=&#8221;.vc_custom_1577099752877{margin-top: 100px !important;}&#8221;][vc_column width=&#8221;1\/4&#8243; enable_sticky=&#8221;true&#8221; sticky_offset=&#8221;100&#8243; alignment=&#8221;center&#8221; css=&#8221;.vc_custom_1547225524376{margin-bottom: 50px !important;}&#8221;][vc_column_text] &lt;&lt; torna agli artisti [\/vc_column_text][vc_single_image image=&#8221;7506&#8243; img_size=&#8221;full&#8221; alignment=&#8221;center&#8221; css=&#8221;.vc_custom_1579125790083{margin-bottom: 0px !important;padding-bottom: 0px !important;}&#8221;][vc_custom_heading source=&#8221;post_title&#8221; font_container=&#8221;tag:h1|font_size:22%20px|text_align:center|line_height:30%20px&#8221;<\/p>\n","protected":false},"author":2,"featured_media":-1,"menu_order":275,"comment_status":"closed","ping_status":"closed","template":"","meta":{"_acf_changed":false},"portfolio-types":[59],"class_list":["post-2544","portfolio","type-portfolio","status-publish","has-post-thumbnail","hentry","portfolio-types-k"],"acf":[],"yoast_head":"<!-- This site is optimized with the Yoast SEO plugin v27.4 - https:\/\/yoast.com\/product\/yoast-seo-wordpress\/ -->\n<title>Kounellis Jannis - Tornabuoni Art<\/title>\n<meta name=\"robots\" content=\"index, follow, max-snippet:-1, max-image-preview:large, max-video-preview:-1\" \/>\n<link rel=\"canonical\" href=\"https:\/\/www.tornabuoniart.com\/it\/artisti\/kounellis-jannis\/\" \/>\n<meta property=\"og:locale\" content=\"it_IT\" \/>\n<meta property=\"og:type\" content=\"article\" \/>\n<meta property=\"og:title\" content=\"Kounellis Jannis - Tornabuoni Art\" \/>\n<meta property=\"og:description\" content=\"[vc_row css=&#8221;.vc_custom_1577099752877{margin-top: 100px !important;}&#8221;][vc_column width=&#8221;1\/4&#8243; enable_sticky=&#8221;true&#8221; sticky_offset=&#8221;100&#8243; alignment=&#8221;center&#8221; css=&#8221;.vc_custom_1547225524376{margin-bottom: 50px !important;}&#8221;][vc_column_text] &lt;&lt; torna agli artisti [\/vc_column_text][vc_single_image image=&#8221;7506&#8243; img_size=&#8221;full&#8221; alignment=&#8221;center&#8221; css=&#8221;.vc_custom_1579125790083{margin-bottom: 0px !important;padding-bottom: 0px !important;}&#8221;][vc_custom_heading source=&#8221;post_title&#8221; font_container=&#8221;tag:h1|font_size:22%20px|text_align:center|line_height:30%20px&#8221;\" \/>\n<meta property=\"og:url\" content=\"https:\/\/www.tornabuoniart.com\/it\/artisti\/kounellis-jannis\/\" \/>\n<meta property=\"og:site_name\" content=\"Tornabuoni Art\" \/>\n<meta property=\"article:publisher\" content=\"https:\/\/www.facebook.com\/TornabuoniArt\/\" \/>\n<meta property=\"article:modified_time\" content=\"2026-01-09T15:47:45+00:00\" \/>\n<meta name=\"twitter:card\" content=\"summary_large_image\" \/>\n<meta name=\"twitter:site\" content=\"@TornabuoniArt\" \/>\n<meta name=\"twitter:label1\" content=\"Tempo di lettura stimato\" \/>\n\t<meta name=\"twitter:data1\" content=\"3 minuti\" \/>\n<script type=\"application\/ld+json\" class=\"yoast-schema-graph\">{\"@context\":\"https:\\\/\\\/schema.org\",\"@graph\":[{\"@type\":\"WebPage\",\"@id\":\"https:\\\/\\\/www.tornabuoniart.com\\\/it\\\/artisti\\\/kounellis-jannis\\\/\",\"url\":\"https:\\\/\\\/www.tornabuoniart.com\\\/it\\\/artisti\\\/kounellis-jannis\\\/\",\"name\":\"Kounellis Jannis - Tornabuoni Art\",\"isPartOf\":{\"@id\":\"https:\\\/\\\/www.tornabuoniart.com\\\/en\\\/#website\"},\"datePublished\":\"2019-09-12T16:53:51+00:00\",\"dateModified\":\"2026-01-09T15:47:45+00:00\",\"breadcrumb\":{\"@id\":\"https:\\\/\\\/www.tornabuoniart.com\\\/it\\\/artisti\\\/kounellis-jannis\\\/#breadcrumb\"},\"inLanguage\":\"it-IT\",\"potentialAction\":[{\"@type\":\"ReadAction\",\"target\":[\"https:\\\/\\\/www.tornabuoniart.com\\\/it\\\/artisti\\\/kounellis-jannis\\\/\"]}]},{\"@type\":\"BreadcrumbList\",\"@id\":\"https:\\\/\\\/www.tornabuoniart.com\\\/it\\\/artisti\\\/kounellis-jannis\\\/#breadcrumb\",\"itemListElement\":[{\"@type\":\"ListItem\",\"position\":1,\"name\":\"Home\",\"item\":\"https:\\\/\\\/www.tornabuoniart.com\\\/it\\\/\"},{\"@type\":\"ListItem\",\"position\":2,\"name\":\"Kounellis Jannis\"}]},{\"@type\":\"WebSite\",\"@id\":\"https:\\\/\\\/www.tornabuoniart.com\\\/en\\\/#website\",\"url\":\"https:\\\/\\\/www.tornabuoniart.com\\\/en\\\/\",\"name\":\"Tornabuoni Art\",\"description\":\"Modern &amp; Contemporary Art Gallery\",\"publisher\":{\"@id\":\"https:\\\/\\\/www.tornabuoniart.com\\\/en\\\/#organization\"},\"potentialAction\":[{\"@type\":\"SearchAction\",\"target\":{\"@type\":\"EntryPoint\",\"urlTemplate\":\"https:\\\/\\\/www.tornabuoniart.com\\\/en\\\/?s={search_term_string}\"},\"query-input\":{\"@type\":\"PropertyValueSpecification\",\"valueRequired\":true,\"valueName\":\"search_term_string\"}}],\"inLanguage\":\"it-IT\"},{\"@type\":\"Organization\",\"@id\":\"https:\\\/\\\/www.tornabuoniart.com\\\/en\\\/#organization\",\"name\":\"Tornabuoni Art\",\"url\":\"https:\\\/\\\/www.tornabuoniart.com\\\/en\\\/\",\"logo\":{\"@type\":\"ImageObject\",\"inLanguage\":\"it-IT\",\"@id\":\"https:\\\/\\\/www.tornabuoniart.com\\\/en\\\/#\\\/schema\\\/logo\\\/image\\\/\",\"url\":\"http:\\\/\\\/www.tornabuoniart.com\\\/wp-content\\\/uploads\\\/2019\\\/04\\\/logo_tornabuoni-art2-2-grey.png\",\"contentUrl\":\"http:\\\/\\\/www.tornabuoniart.com\\\/wp-content\\\/uploads\\\/2019\\\/04\\\/logo_tornabuoni-art2-2-grey.png\",\"width\":961,\"height\":136,\"caption\":\"Tornabuoni Art\"},\"image\":{\"@id\":\"https:\\\/\\\/www.tornabuoniart.com\\\/en\\\/#\\\/schema\\\/logo\\\/image\\\/\"},\"sameAs\":[\"https:\\\/\\\/www.facebook.com\\\/TornabuoniArt\\\/\",\"https:\\\/\\\/x.com\\\/TornabuoniArt\",\"https:\\\/\\\/www.instagram.com\\\/tornabuoniart\\\/\"]}]}<\/script>\n<!-- \/ Yoast SEO plugin. -->","yoast_head_json":{"title":"Kounellis Jannis - Tornabuoni Art","robots":{"index":"index","follow":"follow","max-snippet":"max-snippet:-1","max-image-preview":"max-image-preview:large","max-video-preview":"max-video-preview:-1"},"canonical":"https:\/\/www.tornabuoniart.com\/it\/artisti\/kounellis-jannis\/","og_locale":"it_IT","og_type":"article","og_title":"Kounellis Jannis - Tornabuoni Art","og_description":"[vc_row css=&#8221;.vc_custom_1577099752877{margin-top: 100px !important;}&#8221;][vc_column width=&#8221;1\/4&#8243; enable_sticky=&#8221;true&#8221; sticky_offset=&#8221;100&#8243; alignment=&#8221;center&#8221; css=&#8221;.vc_custom_1547225524376{margin-bottom: 50px !important;}&#8221;][vc_column_text] &lt;&lt; torna agli artisti [\/vc_column_text][vc_single_image image=&#8221;7506&#8243; img_size=&#8221;full&#8221; alignment=&#8221;center&#8221; css=&#8221;.vc_custom_1579125790083{margin-bottom: 0px !important;padding-bottom: 0px !important;}&#8221;][vc_custom_heading source=&#8221;post_title&#8221; font_container=&#8221;tag:h1|font_size:22%20px|text_align:center|line_height:30%20px&#8221;","og_url":"https:\/\/www.tornabuoniart.com\/it\/artisti\/kounellis-jannis\/","og_site_name":"Tornabuoni Art","article_publisher":"https:\/\/www.facebook.com\/TornabuoniArt\/","article_modified_time":"2026-01-09T15:47:45+00:00","twitter_card":"summary_large_image","twitter_site":"@TornabuoniArt","twitter_misc":{"Tempo di lettura stimato":"3 minuti"},"schema":{"@context":"https:\/\/schema.org","@graph":[{"@type":"WebPage","@id":"https:\/\/www.tornabuoniart.com\/it\/artisti\/kounellis-jannis\/","url":"https:\/\/www.tornabuoniart.com\/it\/artisti\/kounellis-jannis\/","name":"Kounellis Jannis - Tornabuoni Art","isPartOf":{"@id":"https:\/\/www.tornabuoniart.com\/en\/#website"},"datePublished":"2019-09-12T16:53:51+00:00","dateModified":"2026-01-09T15:47:45+00:00","breadcrumb":{"@id":"https:\/\/www.tornabuoniart.com\/it\/artisti\/kounellis-jannis\/#breadcrumb"},"inLanguage":"it-IT","potentialAction":[{"@type":"ReadAction","target":["https:\/\/www.tornabuoniart.com\/it\/artisti\/kounellis-jannis\/"]}]},{"@type":"BreadcrumbList","@id":"https:\/\/www.tornabuoniart.com\/it\/artisti\/kounellis-jannis\/#breadcrumb","itemListElement":[{"@type":"ListItem","position":1,"name":"Home","item":"https:\/\/www.tornabuoniart.com\/it\/"},{"@type":"ListItem","position":2,"name":"Kounellis Jannis"}]},{"@type":"WebSite","@id":"https:\/\/www.tornabuoniart.com\/en\/#website","url":"https:\/\/www.tornabuoniart.com\/en\/","name":"Tornabuoni Art","description":"Modern &amp; Contemporary Art Gallery","publisher":{"@id":"https:\/\/www.tornabuoniart.com\/en\/#organization"},"potentialAction":[{"@type":"SearchAction","target":{"@type":"EntryPoint","urlTemplate":"https:\/\/www.tornabuoniart.com\/en\/?s={search_term_string}"},"query-input":{"@type":"PropertyValueSpecification","valueRequired":true,"valueName":"search_term_string"}}],"inLanguage":"it-IT"},{"@type":"Organization","@id":"https:\/\/www.tornabuoniart.com\/en\/#organization","name":"Tornabuoni Art","url":"https:\/\/www.tornabuoniart.com\/en\/","logo":{"@type":"ImageObject","inLanguage":"it-IT","@id":"https:\/\/www.tornabuoniart.com\/en\/#\/schema\/logo\/image\/","url":"http:\/\/www.tornabuoniart.com\/wp-content\/uploads\/2019\/04\/logo_tornabuoni-art2-2-grey.png","contentUrl":"http:\/\/www.tornabuoniart.com\/wp-content\/uploads\/2019\/04\/logo_tornabuoni-art2-2-grey.png","width":961,"height":136,"caption":"Tornabuoni Art"},"image":{"@id":"https:\/\/www.tornabuoniart.com\/en\/#\/schema\/logo\/image\/"},"sameAs":["https:\/\/www.facebook.com\/TornabuoniArt\/","https:\/\/x.com\/TornabuoniArt","https:\/\/www.instagram.com\/tornabuoniart\/"]}]}},"_links":{"self":[{"href":"https:\/\/www.tornabuoniart.com\/it\/wp-json\/wp\/v2\/portfolio\/2544","targetHints":{"allow":["GET"]}}],"collection":[{"href":"https:\/\/www.tornabuoniart.com\/it\/wp-json\/wp\/v2\/portfolio"}],"about":[{"href":"https:\/\/www.tornabuoniart.com\/it\/wp-json\/wp\/v2\/types\/portfolio"}],"author":[{"embeddable":true,"href":"https:\/\/www.tornabuoniart.com\/it\/wp-json\/wp\/v2\/users\/2"}],"replies":[{"embeddable":true,"href":"https:\/\/www.tornabuoniart.com\/it\/wp-json\/wp\/v2\/comments?post=2544"}],"wp:featuredmedia":[{"embeddable":true,"href":"https:\/\/www.tornabuoniart.com\/it\/wp-json\/"}],"wp:attachment":[{"href":"https:\/\/www.tornabuoniart.com\/it\/wp-json\/wp\/v2\/media?parent=2544"}],"wp:term":[{"taxonomy":"portfolio-types","embeddable":true,"href":"https:\/\/www.tornabuoniart.com\/it\/wp-json\/wp\/v2\/portfolio-types?post=2544"}],"curies":[{"name":"wp","href":"https:\/\/api.w.org\/{rel}","templated":true}]}}