{"id":2469,"date":"2019-09-12T13:43:41","date_gmt":"2019-09-12T13:43:41","guid":{"rendered":"https:\/\/tornabuoniart.com\/?post_type=portfolio&#038;p=2469"},"modified":"2026-01-09T16:24:58","modified_gmt":"2026-01-09T15:24:58","slug":"fautrier-jean","status":"publish","type":"portfolio","link":"https:\/\/www.tornabuoniart.com\/it\/artisti\/fautrier-jean\/","title":{"rendered":"Fautrier Jean"},"content":{"rendered":"<div class=\"wpb-content-wrapper\"><p>[vc_row css=&#8221;.vc_custom_1577099752877{margin-top: 100px !important;}&#8221;][vc_column width=&#8221;1\/4&#8243; enable_sticky=&#8221;true&#8221; sticky_offset=&#8221;100&#8243; alignment=&#8221;center&#8221; css=&#8221;.vc_custom_1547225524376{margin-bottom: 50px !important;}&#8221;][vc_column_text]<\/p>\n<p style=\"text-align: center;\"><a href=\"https:\/\/tornabuoniart.com\/it\/artisti\/\"><span style=\"color: #808080;\"><em>&lt;&lt; torna agli artisti<\/em><\/span><\/a><\/p>\n<p>[\/vc_column_text][vc_single_image image=&#8221;7404&#8243; img_size=&#8221;full&#8221; alignment=&#8221;center&#8221; css=&#8221;.vc_custom_1579109897343{margin-bottom: 0px !important;padding-bottom: 0px !important;}&#8221;][vc_custom_heading source=&#8221;post_title&#8221; font_container=&#8221;tag:h1|font_size:22%20px|text_align:center|line_height:30%20px&#8221; use_theme_fonts=&#8221;yes&#8221;][\/vc_column][vc_column width=&#8221;3\/4&#8243;]<div class=\"mpc-carousel__wrapper mpc-waypoint\"><div id=\"mpc_carousel_image-6669f5299b94828\" class=\"mpc-carousel-image mpc-init mpc-layout--fluid mpc-effect--none mpc-force-height  mpc-overlay--fade\"  data-mpcslick='{\"infinite\":false,\"autoplay\":false,\"slidesToShow\":1,\"slidesToScroll\":1,\"centerMode\":false,\"initialSlide\":0,\"rows\":1,\"variableWidth\":true,\"speed\":500}' data-slick-cols=\"1\" data-align=\"middle-center\"><div target=\"\"class=\"mpc-carousel__item-wrapper\" data-height=\"768\"><div onclick=\"\" class=\"mpc-item mpc-transition\"><div class=\"mpc-border\"><\/div><img loading=\"lazy\" decoding=\"async\" width=\"1772\" height=\"1329\" src=\"https:\/\/www.tornabuoniart.com\/wp-content\/uploads\/2026\/01\/Fautrier-Croisillons-Tableau-a-4-cotes-1957-38-x-46-cm.jpg\" class=\"mpc-transition attachment-full\" alt=\"\" title=\"Fautrier, Croisillons, Tableau \u00e0 4 c\u00f4t\u00e9s, 1957, 38 x 46 cm\" srcset=\"https:\/\/www.tornabuoniart.com\/wp-content\/uploads\/2026\/01\/Fautrier-Croisillons-Tableau-a-4-cotes-1957-38-x-46-cm.jpg 1772w, https:\/\/www.tornabuoniart.com\/wp-content\/uploads\/2026\/01\/Fautrier-Croisillons-Tableau-a-4-cotes-1957-38-x-46-cm-300x225.jpg 300w, https:\/\/www.tornabuoniart.com\/wp-content\/uploads\/2026\/01\/Fautrier-Croisillons-Tableau-a-4-cotes-1957-38-x-46-cm-1024x768.jpg 1024w, https:\/\/www.tornabuoniart.com\/wp-content\/uploads\/2026\/01\/Fautrier-Croisillons-Tableau-a-4-cotes-1957-38-x-46-cm-768x576.jpg 768w, https:\/\/www.tornabuoniart.com\/wp-content\/uploads\/2026\/01\/Fautrier-Croisillons-Tableau-a-4-cotes-1957-38-x-46-cm-1536x1152.jpg 1536w, https:\/\/www.tornabuoniart.com\/wp-content\/uploads\/2026\/01\/Fautrier-Croisillons-Tableau-a-4-cotes-1957-38-x-46-cm-100x75.jpg 100w, https:\/\/www.tornabuoniart.com\/wp-content\/uploads\/2026\/01\/Fautrier-Croisillons-Tableau-a-4-cotes-1957-38-x-46-cm-960x720.jpg 960w, https:\/\/www.tornabuoniart.com\/wp-content\/uploads\/2026\/01\/Fautrier-Croisillons-Tableau-a-4-cotes-1957-38-x-46-cm-480x360.jpg 480w\" sizes=\"auto, (max-width:767px) 480px, (max-width:1772px) 100vw, 1772px\" \/><div class=\"mpc-item-overlay mpc-transition\"><div class=\"mpc-overlay--vertical-wrap\"><div class=\"mpc-overlay--vertical\"><a href=\"https:\/\/www.tornabuoniart.com\/wp-content\/uploads\/2026\/01\/Fautrier-Croisillons-Tableau-a-4-cotes-1957-38-x-46-cm.jpg\" data-rel=\"lightbox-gallery-0\" data-rl_title=\"Fautrier, Croisillons, Tableau \u00e0 4 c\u00f4t\u00e9s, 1957, 38 x 46 cm\" data-rl_caption=\"Fautrier, Croisillons, Tableau \u00e0 4 c\u00f4t\u00e9s, 1957, 38 x 46 cm\" data-magnific_type=\"gallery\" class=\"mpc-icon-anchor mpc-magnific-popup\" title=\"Fautrier, Croisillons, Tableau \u00e0 4 c\u00f4t\u00e9s, 1957, 38 x 46 cm\"><i class=\"mpc-item-overlay__icon mpc-type--lightbox fa fa-arrows mpc-icon--icon\"><\/i><\/a><\/div><\/div><\/div><\/div><\/div><\/div><div class=\"mpc-navigation mpc-init mpc-align--left mpc-navigation--style_3 mpc-on-hover  mpc-nav-preset--preset_3\" data-mpcslider=\"mpc_carousel_image-6669f5299b94828\"><div class=\"mpc-nav__arrow mpcslick-prev\"><div class=\"mpc-nav__icon mpc-transition\"><i class=\" eti eti_arrow_carrot-left\"><div class=\"mpc-nav__background mpc-transition mpc-effect-type--fade mpc-effect-side--in\"><\/div><\/i><\/div><\/div><\/div><div class=\"mpc-navigation mpc-init mpc-align--left mpc-navigation--style_3 mpc-on-hover  mpc-nav-preset--preset_3\" data-mpcslider=\"mpc_carousel_image-6669f5299b94828\"><div class=\"mpc-nav__arrow mpcslick-next\"><div class=\"mpc-nav__icon mpc-transition\"><i class=\" eti eti_arrow_carrot-right\"><div class=\"mpc-nav__background mpc-transition mpc-effect-type--fade mpc-effect-side--in\"><\/div><\/i><\/div><\/div><\/div><\/div>[vc_column_text css=&#8221;.vc_custom_1578667400636{margin-top: 25px !important;padding-top: 0px !important;}&#8221; el_id=&#8221;biography&#8221;]<\/p>\n<h2>biografia<\/h2>\n<p>[\/vc_column_text][vc_column_text css=&#8221;&#8221; el_class=&#8221;testo-giustificato&#8221;]Parigi, 1898 &#8211; Chatenay-Malabry, 1964<\/p>\n<p>Jean Fautrier nasce in Francia, ma la sua formazione artistica si svolge principalmente in Inghilterra, dove si trasferisce con la madre nel 1908 e frequenta la Royal Academy e la Slade School of Art a Londra. \u00c8 fortemente influenzato dalla pittura di Turner, che scopre nei musei di Londra.<\/p>\n<p class=\"p1\">Nei primi anni giovanili viene influenzato della pittura di Derain e Turner e la sua produzione si caratterizza da un realismo scuro e scene di genere quali paesaggi, nudi e nature morte.<\/p>\n<p>La sua produzione artistica inizia fin presto e nonostante una intervallo mentre viene reclutato per la guerra, ricomincia a dipingere nel 1921.<\/p>\n<p>Nel 1922 espone al Salon d&#8217;Automne e nel 1923 alla Galerie Fabre. In questi anni il suo stile si evolve rapidamente verso l&#8217;arte informale, o &#8220;altra arte&#8221;, nelle parole di Michel Tapi\u00e9. I commercianti d&#8217;arte sono interessati al suo lavoro e firma il suo primo contratto con Paul Guillaume, che organizza una mostra a lui dedicata alla Galleria Bernheim nel 1927.<\/p>\n<p>Gli anni seguenti sono tormentati, l&#8217;artista \u00e8 infatti costretto a lasciare Parigi per trasferirsi in Alta Savoia a causa dei problemi economici. Allo scoppio della seconda guerra mondiale, torna a Parigi, dove si unisce ai movimenti di resistenza e viene imprigionato nel 1943.<\/p>\n<p>Colpito dalle vicende della guerra, si trasferisce a Ch\u00e2tenay, producendo in questi anni le sue serie pi\u00f9 famose, come gli <em>Otages<\/em>. Negli anni \u201840 avviene la svolta in cui la pittura si rende fortemente materica e i soggetti del periodo precedente si sviluppano nell&#8217; incapacit\u00e0 di distinguere spazio e forma.<\/p>\n<p>L&#8217;accoglienza \u00e8 stata piuttosto tiepida. Deluso, Fautrier si dedica all&#8217;illustrazione di libri per Gallimard e viaggi\u00f2 in Italia, Olanda, Belgio, Scozia, Spagna, Stati Uniti e Portogallo. Nel 1955, torna a Parigi ed espose Les Objets alla Galerie Rive Droite. La diffusione dell&#8217;Arte Informale consente al lavoro di Fautrier di godere del successo mondiale.<\/p>\n<p>Nel 1957, espone i <em>Nudi<\/em> alla Galerie Rive Droite, poi a New York con Sidney Janis. Nel 1959 partecipa a Documenta nel 1959. Nel 1960, vince il Gran Premio alla XXX Biennale di Venezia, legato con Hans Hartung. L&#8217;Italia \u00e8 particolarmente favorevole all&#8217;artista, grazie al significativo supporto di intellettuali e commercianti.<\/p>\n<p>Considerato uno dei capofila della pittura informale europea i suoi ultimi anni sono segnati da importanti successi: nel 1961, il Gran Premio Internazionale alla Biennale di Tokyo, due mostre al Museo Stedelijk di Amsterdam e al Kunsthaus di Zurigo nel 1963 e una grande retrospettiva al Museo di Arte Moderna di Parigi nel 1964.<\/p>\n<p>Muore a Chatenay-Malabry nel 1964.<\/p>\n<p>\u00a9 JEAN FAUTRIER, by SIAE 2026[\/vc_column_text][vc_row_inner][vc_column_inner][vc_column_text css=&#8221;.vc_custom_1568023296154{padding-top: 50px !important;padding-bottom: 10px !important;}&#8221; el_id=&#8221;exhibition&#8221;]<\/p>\n<h2>mostre<\/h2>\n<p>[\/vc_column_text][vc_basic_grid post_type=&#8221;ids&#8221; element_width=&#8221;12&#8243; item=&#8221;4321&#8243; grid_id=&#8221;vc_gid:1767972245172-4d7b7863-4e8a-0&#8243; include=&#8221;58206, 52517&#8243;][\/vc_column_inner][\/vc_row_inner][vc_row_inner disable_element=&#8221;yes&#8221;][vc_column_inner][vc_column_text css=&#8221;.vc_custom_1578667642547{padding-top: 50px !important;padding-bottom: 10px !important;}&#8221; el_id=&#8221;fairs&#8221;]<\/p>\n<h2>fiere<\/h2>\n<p>[\/vc_column_text][vc_basic_grid post_type=&#8221;ids&#8221; element_width=&#8221;6&#8243; item=&#8221;4545&#8243; grid_id=&#8221;vc_gid:1767972245173-e017d5b4-e776-3&#8243;][\/vc_column_inner][\/vc_row_inner][vc_row_inner disable_element=&#8221;yes&#8221;][vc_column_inner][vc_column_text css=&#8221;.vc_custom_1575889020947{padding-top: 50px !important;padding-bottom: 10px !important;}&#8221; el_id=&#8221;video&#8221;]<\/p>\n<h2>video<\/h2>\n<p>[\/vc_column_text][vc_basic_grid post_type=&#8221;ids&#8221; element_width=&#8221;6&#8243; item=&#8221;1469&#8243; grid_id=&#8221;vc_gid:1767972245173-504b8bb7-9905-8&#8243;][\/vc_column_inner][\/vc_row_inner][vc_row_inner el_class=&#8221;blocco-pubblicazioni&#8221;][vc_column_inner][vc_column_text css=&#8221;.vc_custom_1568023309353{padding-top: 50px !important;padding-bottom: 10px !important;}&#8221; el_id=&#8221;publication&#8221;]<\/p>\n<h2>pubblicazioni<\/h2>\n<p>[\/vc_column_text][vc_basic_grid post_type=&#8221;ids&#8221; element_width=&#8221;12&#8243; item=&#8221;4344&#8243; grid_id=&#8221;vc_gid:1767972245174-ab6a4d7f-f18f-1&#8243; include=&#8221;53324&#8243;][\/vc_column_inner][\/vc_row_inner][\/vc_column][\/vc_row][vc_row][vc_column][vc_empty_space height=&#8221;100px&#8221;][\/vc_column][\/vc_row]<\/p>\n<\/div>","protected":false},"excerpt":{"rendered":"<p>[vc_row css=&#8221;.vc_custom_1577099752877{margin-top: 100px !important;}&#8221;][vc_column width=&#8221;1\/4&#8243; enable_sticky=&#8221;true&#8221; sticky_offset=&#8221;100&#8243; alignment=&#8221;center&#8221; css=&#8221;.vc_custom_1547225524376{margin-bottom: 50px !important;}&#8221;][vc_column_text] &lt;&lt; torna agli artisti [\/vc_column_text][vc_single_image image=&#8221;7404&#8243; img_size=&#8221;full&#8221; alignment=&#8221;center&#8221; css=&#8221;.vc_custom_1579109897343{margin-bottom: 0px !important;padding-bottom: 0px !important;}&#8221;][vc_custom_heading source=&#8221;post_title&#8221; font_container=&#8221;tag:h1|font_size:22%20px|text_align:center|line_height:30%20px&#8221;<\/p>\n","protected":false},"author":2,"featured_media":-1,"menu_order":287,"comment_status":"closed","ping_status":"closed","template":"","meta":{"_acf_changed":false},"portfolio-types":[18],"class_list":["post-2469","portfolio","type-portfolio","status-publish","has-post-thumbnail","hentry","portfolio-types-f"],"acf":[],"yoast_head":"<!-- This site is optimized with the Yoast SEO plugin v27.4 - https:\/\/yoast.com\/product\/yoast-seo-wordpress\/ -->\n<title>Fautrier Jean - Tornabuoni Art<\/title>\n<meta name=\"robots\" content=\"index, follow, max-snippet:-1, max-image-preview:large, max-video-preview:-1\" \/>\n<link rel=\"canonical\" href=\"https:\/\/www.tornabuoniart.com\/it\/artisti\/fautrier-jean\/\" \/>\n<meta property=\"og:locale\" content=\"it_IT\" \/>\n<meta property=\"og:type\" content=\"article\" \/>\n<meta property=\"og:title\" content=\"Fautrier Jean - Tornabuoni Art\" \/>\n<meta property=\"og:description\" content=\"[vc_row css=&#8221;.vc_custom_1577099752877{margin-top: 100px !important;}&#8221;][vc_column width=&#8221;1\/4&#8243; enable_sticky=&#8221;true&#8221; sticky_offset=&#8221;100&#8243; alignment=&#8221;center&#8221; css=&#8221;.vc_custom_1547225524376{margin-bottom: 50px !important;}&#8221;][vc_column_text] &lt;&lt; torna agli artisti [\/vc_column_text][vc_single_image image=&#8221;7404&#8243; img_size=&#8221;full&#8221; alignment=&#8221;center&#8221; css=&#8221;.vc_custom_1579109897343{margin-bottom: 0px !important;padding-bottom: 0px !important;}&#8221;][vc_custom_heading source=&#8221;post_title&#8221; font_container=&#8221;tag:h1|font_size:22%20px|text_align:center|line_height:30%20px&#8221;\" \/>\n<meta property=\"og:url\" content=\"https:\/\/www.tornabuoniart.com\/it\/artisti\/fautrier-jean\/\" \/>\n<meta property=\"og:site_name\" content=\"Tornabuoni Art\" \/>\n<meta property=\"article:publisher\" content=\"https:\/\/www.facebook.com\/TornabuoniArt\/\" \/>\n<meta property=\"article:modified_time\" content=\"2026-01-09T15:24:58+00:00\" \/>\n<meta name=\"twitter:card\" content=\"summary_large_image\" \/>\n<meta name=\"twitter:site\" content=\"@TornabuoniArt\" \/>\n<meta name=\"twitter:label1\" content=\"Tempo di lettura stimato\" \/>\n\t<meta name=\"twitter:data1\" content=\"4 minuti\" \/>\n<script type=\"application\/ld+json\" class=\"yoast-schema-graph\">{\"@context\":\"https:\\\/\\\/schema.org\",\"@graph\":[{\"@type\":\"WebPage\",\"@id\":\"https:\\\/\\\/www.tornabuoniart.com\\\/it\\\/artisti\\\/fautrier-jean\\\/\",\"url\":\"https:\\\/\\\/www.tornabuoniart.com\\\/it\\\/artisti\\\/fautrier-jean\\\/\",\"name\":\"Fautrier Jean - Tornabuoni Art\",\"isPartOf\":{\"@id\":\"https:\\\/\\\/www.tornabuoniart.com\\\/en\\\/#website\"},\"datePublished\":\"2019-09-12T13:43:41+00:00\",\"dateModified\":\"2026-01-09T15:24:58+00:00\",\"breadcrumb\":{\"@id\":\"https:\\\/\\\/www.tornabuoniart.com\\\/it\\\/artisti\\\/fautrier-jean\\\/#breadcrumb\"},\"inLanguage\":\"it-IT\",\"potentialAction\":[{\"@type\":\"ReadAction\",\"target\":[\"https:\\\/\\\/www.tornabuoniart.com\\\/it\\\/artisti\\\/fautrier-jean\\\/\"]}]},{\"@type\":\"BreadcrumbList\",\"@id\":\"https:\\\/\\\/www.tornabuoniart.com\\\/it\\\/artisti\\\/fautrier-jean\\\/#breadcrumb\",\"itemListElement\":[{\"@type\":\"ListItem\",\"position\":1,\"name\":\"Home\",\"item\":\"https:\\\/\\\/www.tornabuoniart.com\\\/it\\\/\"},{\"@type\":\"ListItem\",\"position\":2,\"name\":\"Fautrier Jean\"}]},{\"@type\":\"WebSite\",\"@id\":\"https:\\\/\\\/www.tornabuoniart.com\\\/en\\\/#website\",\"url\":\"https:\\\/\\\/www.tornabuoniart.com\\\/en\\\/\",\"name\":\"Tornabuoni Art\",\"description\":\"Modern &amp; Contemporary Art Gallery\",\"publisher\":{\"@id\":\"https:\\\/\\\/www.tornabuoniart.com\\\/en\\\/#organization\"},\"potentialAction\":[{\"@type\":\"SearchAction\",\"target\":{\"@type\":\"EntryPoint\",\"urlTemplate\":\"https:\\\/\\\/www.tornabuoniart.com\\\/en\\\/?s={search_term_string}\"},\"query-input\":{\"@type\":\"PropertyValueSpecification\",\"valueRequired\":true,\"valueName\":\"search_term_string\"}}],\"inLanguage\":\"it-IT\"},{\"@type\":\"Organization\",\"@id\":\"https:\\\/\\\/www.tornabuoniart.com\\\/en\\\/#organization\",\"name\":\"Tornabuoni Art\",\"url\":\"https:\\\/\\\/www.tornabuoniart.com\\\/en\\\/\",\"logo\":{\"@type\":\"ImageObject\",\"inLanguage\":\"it-IT\",\"@id\":\"https:\\\/\\\/www.tornabuoniart.com\\\/en\\\/#\\\/schema\\\/logo\\\/image\\\/\",\"url\":\"http:\\\/\\\/www.tornabuoniart.com\\\/wp-content\\\/uploads\\\/2019\\\/04\\\/logo_tornabuoni-art2-2-grey.png\",\"contentUrl\":\"http:\\\/\\\/www.tornabuoniart.com\\\/wp-content\\\/uploads\\\/2019\\\/04\\\/logo_tornabuoni-art2-2-grey.png\",\"width\":961,\"height\":136,\"caption\":\"Tornabuoni Art\"},\"image\":{\"@id\":\"https:\\\/\\\/www.tornabuoniart.com\\\/en\\\/#\\\/schema\\\/logo\\\/image\\\/\"},\"sameAs\":[\"https:\\\/\\\/www.facebook.com\\\/TornabuoniArt\\\/\",\"https:\\\/\\\/x.com\\\/TornabuoniArt\",\"https:\\\/\\\/www.instagram.com\\\/tornabuoniart\\\/\"]}]}<\/script>\n<!-- \/ Yoast SEO plugin. -->","yoast_head_json":{"title":"Fautrier Jean - Tornabuoni Art","robots":{"index":"index","follow":"follow","max-snippet":"max-snippet:-1","max-image-preview":"max-image-preview:large","max-video-preview":"max-video-preview:-1"},"canonical":"https:\/\/www.tornabuoniart.com\/it\/artisti\/fautrier-jean\/","og_locale":"it_IT","og_type":"article","og_title":"Fautrier Jean - Tornabuoni Art","og_description":"[vc_row css=&#8221;.vc_custom_1577099752877{margin-top: 100px !important;}&#8221;][vc_column width=&#8221;1\/4&#8243; enable_sticky=&#8221;true&#8221; sticky_offset=&#8221;100&#8243; alignment=&#8221;center&#8221; css=&#8221;.vc_custom_1547225524376{margin-bottom: 50px !important;}&#8221;][vc_column_text] &lt;&lt; torna agli artisti [\/vc_column_text][vc_single_image image=&#8221;7404&#8243; img_size=&#8221;full&#8221; alignment=&#8221;center&#8221; css=&#8221;.vc_custom_1579109897343{margin-bottom: 0px !important;padding-bottom: 0px !important;}&#8221;][vc_custom_heading source=&#8221;post_title&#8221; font_container=&#8221;tag:h1|font_size:22%20px|text_align:center|line_height:30%20px&#8221;","og_url":"https:\/\/www.tornabuoniart.com\/it\/artisti\/fautrier-jean\/","og_site_name":"Tornabuoni Art","article_publisher":"https:\/\/www.facebook.com\/TornabuoniArt\/","article_modified_time":"2026-01-09T15:24:58+00:00","twitter_card":"summary_large_image","twitter_site":"@TornabuoniArt","twitter_misc":{"Tempo di lettura stimato":"4 minuti"},"schema":{"@context":"https:\/\/schema.org","@graph":[{"@type":"WebPage","@id":"https:\/\/www.tornabuoniart.com\/it\/artisti\/fautrier-jean\/","url":"https:\/\/www.tornabuoniart.com\/it\/artisti\/fautrier-jean\/","name":"Fautrier Jean - Tornabuoni Art","isPartOf":{"@id":"https:\/\/www.tornabuoniart.com\/en\/#website"},"datePublished":"2019-09-12T13:43:41+00:00","dateModified":"2026-01-09T15:24:58+00:00","breadcrumb":{"@id":"https:\/\/www.tornabuoniart.com\/it\/artisti\/fautrier-jean\/#breadcrumb"},"inLanguage":"it-IT","potentialAction":[{"@type":"ReadAction","target":["https:\/\/www.tornabuoniart.com\/it\/artisti\/fautrier-jean\/"]}]},{"@type":"BreadcrumbList","@id":"https:\/\/www.tornabuoniart.com\/it\/artisti\/fautrier-jean\/#breadcrumb","itemListElement":[{"@type":"ListItem","position":1,"name":"Home","item":"https:\/\/www.tornabuoniart.com\/it\/"},{"@type":"ListItem","position":2,"name":"Fautrier Jean"}]},{"@type":"WebSite","@id":"https:\/\/www.tornabuoniart.com\/en\/#website","url":"https:\/\/www.tornabuoniart.com\/en\/","name":"Tornabuoni Art","description":"Modern &amp; Contemporary Art Gallery","publisher":{"@id":"https:\/\/www.tornabuoniart.com\/en\/#organization"},"potentialAction":[{"@type":"SearchAction","target":{"@type":"EntryPoint","urlTemplate":"https:\/\/www.tornabuoniart.com\/en\/?s={search_term_string}"},"query-input":{"@type":"PropertyValueSpecification","valueRequired":true,"valueName":"search_term_string"}}],"inLanguage":"it-IT"},{"@type":"Organization","@id":"https:\/\/www.tornabuoniart.com\/en\/#organization","name":"Tornabuoni Art","url":"https:\/\/www.tornabuoniart.com\/en\/","logo":{"@type":"ImageObject","inLanguage":"it-IT","@id":"https:\/\/www.tornabuoniart.com\/en\/#\/schema\/logo\/image\/","url":"http:\/\/www.tornabuoniart.com\/wp-content\/uploads\/2019\/04\/logo_tornabuoni-art2-2-grey.png","contentUrl":"http:\/\/www.tornabuoniart.com\/wp-content\/uploads\/2019\/04\/logo_tornabuoni-art2-2-grey.png","width":961,"height":136,"caption":"Tornabuoni Art"},"image":{"@id":"https:\/\/www.tornabuoniart.com\/en\/#\/schema\/logo\/image\/"},"sameAs":["https:\/\/www.facebook.com\/TornabuoniArt\/","https:\/\/x.com\/TornabuoniArt","https:\/\/www.instagram.com\/tornabuoniart\/"]}]}},"_links":{"self":[{"href":"https:\/\/www.tornabuoniart.com\/it\/wp-json\/wp\/v2\/portfolio\/2469","targetHints":{"allow":["GET"]}}],"collection":[{"href":"https:\/\/www.tornabuoniart.com\/it\/wp-json\/wp\/v2\/portfolio"}],"about":[{"href":"https:\/\/www.tornabuoniart.com\/it\/wp-json\/wp\/v2\/types\/portfolio"}],"author":[{"embeddable":true,"href":"https:\/\/www.tornabuoniart.com\/it\/wp-json\/wp\/v2\/users\/2"}],"replies":[{"embeddable":true,"href":"https:\/\/www.tornabuoniart.com\/it\/wp-json\/wp\/v2\/comments?post=2469"}],"wp:featuredmedia":[{"embeddable":true,"href":"https:\/\/www.tornabuoniart.com\/it\/wp-json\/"}],"wp:attachment":[{"href":"https:\/\/www.tornabuoniart.com\/it\/wp-json\/wp\/v2\/media?parent=2469"}],"wp:term":[{"taxonomy":"portfolio-types","embeddable":true,"href":"https:\/\/www.tornabuoniart.com\/it\/wp-json\/wp\/v2\/portfolio-types?post=2469"}],"curies":[{"name":"wp","href":"https:\/\/api.w.org\/{rel}","templated":true}]}}