{"id":2163,"date":"2019-09-10T16:54:49","date_gmt":"2019-09-10T16:54:49","guid":{"rendered":"https:\/\/tornabuoniart.com\/?post_type=portfolio&#038;p=2163"},"modified":"2026-01-09T14:00:43","modified_gmt":"2026-01-09T13:00:43","slug":"adami-valerio","status":"publish","type":"portfolio","link":"https:\/\/www.tornabuoniart.com\/it\/artisti\/adami-valerio\/","title":{"rendered":"Adami Valerio"},"content":{"rendered":"<div class=\"wpb-content-wrapper\"><p>[vc_row css=&#8221;.vc_custom_1577099752877{margin-top: 100px !important;}&#8221;][vc_column width=&#8221;1\/4&#8243; enable_sticky=&#8221;true&#8221; sticky_offset=&#8221;100&#8243; alignment=&#8221;center&#8221; css=&#8221;.vc_custom_1547225524376{margin-bottom: 50px !important;}&#8221;][vc_column_text]<\/p>\n<p style=\"text-align: center;\"><a href=\"https:\/\/tornabuoniart.com\/it\/artisti\/\"><span style=\"color: #808080;\"><em>&lt;&lt; torna agli artisti<\/em><\/span><\/a><\/p>\n<p>[\/vc_column_text][vc_single_image image=&#8221;5967&#8243; img_size=&#8221;full&#8221; alignment=&#8221;center&#8221; css=&#8221;.vc_custom_1578737108211{margin-bottom: 0px !important;padding-bottom: 0px !important;}&#8221;][vc_custom_heading source=&#8221;post_title&#8221; font_container=&#8221;tag:h1|font_size:22%20px|text_align:center|line_height:30%20px&#8221; use_theme_fonts=&#8221;yes&#8221;][\/vc_column][vc_column width=&#8221;3\/4&#8243;]<div class=\"mpc-carousel__wrapper mpc-waypoint\"><div id=\"mpc_carousel_image-3669f5bb0a77599\" class=\"mpc-carousel-image mpc-init mpc-layout--fluid mpc-effect--none mpc-force-height  mpc-overlay--fade\"  data-mpcslick='{\"infinite\":true,\"autoplay\":false,\"slidesToShow\":3,\"slidesToScroll\":1,\"centerMode\":false,\"initialSlide\":0,\"rows\":1,\"variableWidth\":true,\"speed\":500}' data-slick-cols=\"3\" data-align=\"middle-center\"><div target=\"\"class=\"mpc-carousel__item-wrapper\" data-height=\"1024\"><div onclick=\"\" class=\"mpc-item mpc-transition\"><div class=\"mpc-border\"><\/div><img loading=\"lazy\" decoding=\"async\" width=\"1920\" height=\"2560\" src=\"https:\/\/www.tornabuoniart.com\/wp-content\/uploads\/2025\/12\/Valerio-Adami-La-recita-1991-142-x-65-cm-scaled.jpg\" class=\"mpc-transition attachment-full\" alt=\"\" title=\"Valerio Adami, La recita, 1991, 142 x 65 cm\" srcset=\"https:\/\/www.tornabuoniart.com\/wp-content\/uploads\/2025\/12\/Valerio-Adami-La-recita-1991-142-x-65-cm-scaled.jpg 1920w, https:\/\/www.tornabuoniart.com\/wp-content\/uploads\/2025\/12\/Valerio-Adami-La-recita-1991-142-x-65-cm-225x300.jpg 225w, https:\/\/www.tornabuoniart.com\/wp-content\/uploads\/2025\/12\/Valerio-Adami-La-recita-1991-142-x-65-cm-768x1024.jpg 768w, https:\/\/www.tornabuoniart.com\/wp-content\/uploads\/2025\/12\/Valerio-Adami-La-recita-1991-142-x-65-cm-1152x1536.jpg 1152w, https:\/\/www.tornabuoniart.com\/wp-content\/uploads\/2025\/12\/Valerio-Adami-La-recita-1991-142-x-65-cm-1536x2048.jpg 1536w, https:\/\/www.tornabuoniart.com\/wp-content\/uploads\/2025\/12\/Valerio-Adami-La-recita-1991-142-x-65-cm-56x75.jpg 56w, https:\/\/www.tornabuoniart.com\/wp-content\/uploads\/2025\/12\/Valerio-Adami-La-recita-1991-142-x-65-cm-540x720.jpg 540w, https:\/\/www.tornabuoniart.com\/wp-content\/uploads\/2025\/12\/Valerio-Adami-La-recita-1991-142-x-65-cm-480x640.jpg 480w\" sizes=\"auto, (max-width:767px) 480px, (max-width:1920px) 100vw, 1920px\" \/><div class=\"mpc-item-overlay mpc-transition\"><div class=\"mpc-overlay--vertical-wrap\"><div class=\"mpc-overlay--vertical\"><a href=\"https:\/\/www.tornabuoniart.com\/wp-content\/uploads\/2025\/12\/Valerio-Adami-La-recita-1991-142-x-65-cm-scaled.jpg\" data-rel=\"lightbox-gallery-0\" data-rl_title=\"Valerio Adami, La recita, 1991, 142 x 65 cm\" data-rl_caption=\"Valerio Adami, La recita, 1991, 142 x 65 cm\" data-magnific_type=\"gallery\" class=\"mpc-icon-anchor mpc-magnific-popup\" title=\"Valerio Adami, La recita, 1991, 142 x 65 cm\"><i class=\"mpc-item-overlay__icon mpc-type--lightbox fa fa-arrows mpc-icon--icon\"><\/i><\/a><\/div><\/div><\/div><\/div><\/div><div target=\"\"class=\"mpc-carousel__item-wrapper\" data-height=\"768\"><div onclick=\"\" class=\"mpc-item mpc-transition\"><div class=\"mpc-border\"><\/div><img loading=\"lazy\" decoding=\"async\" width=\"2560\" height=\"1920\" src=\"https:\/\/www.tornabuoniart.com\/wp-content\/uploads\/2025\/12\/Valerio-Adami-Senza-titolo-1964-101-x-128-cm-scaled.jpg\" class=\"mpc-transition attachment-full\" alt=\"\" title=\"Valerio Adami, Senza titolo, 1964, 101 x 128 cm\" srcset=\"https:\/\/www.tornabuoniart.com\/wp-content\/uploads\/2025\/12\/Valerio-Adami-Senza-titolo-1964-101-x-128-cm-scaled.jpg 2560w, https:\/\/www.tornabuoniart.com\/wp-content\/uploads\/2025\/12\/Valerio-Adami-Senza-titolo-1964-101-x-128-cm-300x225.jpg 300w, https:\/\/www.tornabuoniart.com\/wp-content\/uploads\/2025\/12\/Valerio-Adami-Senza-titolo-1964-101-x-128-cm-1024x768.jpg 1024w, https:\/\/www.tornabuoniart.com\/wp-content\/uploads\/2025\/12\/Valerio-Adami-Senza-titolo-1964-101-x-128-cm-768x576.jpg 768w, https:\/\/www.tornabuoniart.com\/wp-content\/uploads\/2025\/12\/Valerio-Adami-Senza-titolo-1964-101-x-128-cm-1536x1152.jpg 1536w, https:\/\/www.tornabuoniart.com\/wp-content\/uploads\/2025\/12\/Valerio-Adami-Senza-titolo-1964-101-x-128-cm-2048x1536.jpg 2048w, https:\/\/www.tornabuoniart.com\/wp-content\/uploads\/2025\/12\/Valerio-Adami-Senza-titolo-1964-101-x-128-cm-100x75.jpg 100w, https:\/\/www.tornabuoniart.com\/wp-content\/uploads\/2025\/12\/Valerio-Adami-Senza-titolo-1964-101-x-128-cm-960x720.jpg 960w, https:\/\/www.tornabuoniart.com\/wp-content\/uploads\/2025\/12\/Valerio-Adami-Senza-titolo-1964-101-x-128-cm-480x360.jpg 480w\" sizes=\"auto, (max-width:767px) 480px, (max-width:2560px) 100vw, 2560px\" \/><div class=\"mpc-item-overlay mpc-transition\"><div class=\"mpc-overlay--vertical-wrap\"><div class=\"mpc-overlay--vertical\"><a href=\"https:\/\/www.tornabuoniart.com\/wp-content\/uploads\/2025\/12\/Valerio-Adami-Senza-titolo-1964-101-x-128-cm-scaled.jpg\" data-rel=\"lightbox-gallery-0\" data-rl_title=\"Valerio Adami, Senza titolo, 1964, 101 x 128 cm\" data-rl_caption=\"Valerio Adami, Senza titolo, 1964, 101 x 128 cm\" data-magnific_type=\"gallery\" class=\"mpc-icon-anchor mpc-magnific-popup\" title=\"Valerio Adami, Senza titolo, 1964, 101 x 128 cm\"><i class=\"mpc-item-overlay__icon mpc-type--lightbox fa fa-arrows mpc-icon--icon\"><\/i><\/a><\/div><\/div><\/div><\/div><\/div><\/div><div class=\"mpc-navigation mpc-init mpc-align--left mpc-navigation--style_3 mpc-on-hover  mpc-nav-preset--preset_3\" data-mpcslider=\"mpc_carousel_image-3669f5bb0a77599\"><div class=\"mpc-nav__arrow mpcslick-prev\"><div class=\"mpc-nav__icon mpc-transition\"><i class=\" eti eti_arrow_carrot-left\"><div class=\"mpc-nav__background mpc-transition mpc-effect-type--fade mpc-effect-side--in\"><\/div><\/i><\/div><\/div><\/div><div class=\"mpc-navigation mpc-init mpc-align--left mpc-navigation--style_3 mpc-on-hover  mpc-nav-preset--preset_3\" data-mpcslider=\"mpc_carousel_image-3669f5bb0a77599\"><div class=\"mpc-nav__arrow mpcslick-next\"><div class=\"mpc-nav__icon mpc-transition\"><i class=\" eti eti_arrow_carrot-right\"><div class=\"mpc-nav__background mpc-transition mpc-effect-type--fade mpc-effect-side--in\"><\/div><\/i><\/div><\/div><\/div><\/div>[vc_column_text css=&#8221;.vc_custom_1578667400636{margin-top: 25px !important;padding-top: 0px !important;}&#8221; el_id=&#8221;biography&#8221;]<\/p>\n<h2>biografia<\/h2>\n<p>[\/vc_column_text][vc_column_text css=&#8221;&#8221; el_class=&#8221;testo-giustificato&#8221;]Bologna, 1935<\/p>\n<p>Valerio Adami \u00e8 un pittore italiano.<\/p>\n<p>Dal 1951 al 1954 studia all&#8217;Accademia di Brera a Milano, dove abbraccia i grandi modelli d&#8217;arte antica e neoclassico, supervisionato dal pittore Achille Funi (1890-1972).<\/p>\n<p>Le prime opere di Adami si ispirano all&#8217;espressionismo e alla memoria dell&#8217;Italia in rovina dopo la seconda guerra mondiale. Dopo essersi trasferito a Parigi, nel 1955 incontra Roberto Matta e Wifredo Lam che influenzano ampiamente la sua produzione. Negli anni &#8217;50 si sposta a Londra, dove incontra artisti come Richard Hamilton e Francis Bacon.<\/p>\n<p>A partire dal 1966, Adami sviluppa un linguaggio sintattico particolarmente influenzato dalla Pop Art e dai fumetti. In questi primi lavori, oggetti e figure sono delimitati da una spessa linea e trattati come macchie di colore puro, senza ombre. In quegli stessi anni espone i suoi lavori in occasione di celebri eventi d&#8217;arte come Documenta a Kassel nel 1964 e la Biennale di Venezia nel 1968.<\/p>\n<p>Negli anni &#8217;70, un ulteriore sviluppo si presenta nella sua arte. Adami inizia a rivolgersi alla politica traendo al contempo ispirazione dalla storia, dalla letteratura, dalla filosofia e dalla mitologia europee. Esempio di ci\u00f2 sono una serie di dipinti realizzati dall&#8217;artista nel suo studio di New York nel 1978.<\/p>\n<p>La sua linea diviene pi\u00f9 flessibile e la sua tavolozza di colori predilige toni naturali a contrasti violenti componendo immagini caratterizzate un senso di tenerezza nostalgica.<\/p>\n<p>Negli stessi anni, Adami sviluppa un personalissimo codice, alludendo ad un linguaggio coinciso e sintetico &#8211; tipico del fumetto &#8211; e basato sull&#8217;accostamento di figure e oggetti dipinti contrapponendo colori sia primari che complementari.<\/p>\n<p>Privandoli di digradazioni ricercate e del pi\u00f9 canonico chiaroscuro, Adami rappresenta cos\u00ec i suoi temi aulici o dozzinali, letterari o bucolici, socialmente quotidiani o espressamente intimi con un costante <em>divertissement<\/em> pittorico che \u00e8 teso alla ricerca del piacere armonico e alla ricostruzione sintattica delle forme, mediante l&#8217;utilizzo della sua classica delineazione a netti contorni neri.<\/p>\n<p>Dalla fine degli anni &#8217;80, oltre alla produzione in piccola scala, Adami inizia a realizzare dipinti murali di grandi dimensioni per vari edifici pubblici, come il <em>foyer-bar<\/em> del Th\u00e9\u00e2tre du Ch\u00e2telet a Parigi.<\/p>\n<p>Le opere di Adami sono state esposte in alcuni dei pi\u00f9 importanti musei del mondo. Tra il 1985 e il 1998, i suoi lavori sono stati presentati in quattro importanti mostre tenute a Parigi, Valencia, Tel Aviv e Buenos Aires. Nel 2004, una grande retrospettiva a lui dedicata \u00e8 stata organizzata dal Museo Frissiras di Atene. Altre istituzioni, che hanno dedicato importanti mostre all&#8217;artista, includono la Fondazione Pomodoro a Milano (2008) e il Boca Raton Museum of Art in Florida (2010).<\/p>\n<p>Adami vive e lavora a Parigi, trascorrendo parte del suo tempo tra Monaco, l&#8217;Italia e l&#8217;India.<\/p>\n<p>\u00a9 VALERIO ADAMI, by SIAE 2026[\/vc_column_text][vc_row_inner][vc_column_inner][vc_column_text css=&#8221;.vc_custom_1568023296154{padding-top: 50px !important;padding-bottom: 10px !important;}&#8221; el_id=&#8221;exhibition&#8221;]<\/p>\n<h2>mostre<\/h2>\n<p>[\/vc_column_text][vc_basic_grid post_type=&#8221;ids&#8221; element_width=&#8221;12&#8243; item=&#8221;4321&#8243; css=&#8221;&#8221; grid_id=&#8221;vc_gid:1767963595822-c7a06e4c-393a-3&#8243; include=&#8221;61313, 20200, 22864, 22840&#8243;][\/vc_column_inner][\/vc_row_inner][vc_row_inner disable_element=&#8221;yes&#8221;][vc_column_inner][vc_column_text css=&#8221;.vc_custom_1578667642547{padding-top: 50px !important;padding-bottom: 10px !important;}&#8221; el_id=&#8221;fairs&#8221;]<\/p>\n<h2>fiere<\/h2>\n<p>[\/vc_column_text][vc_basic_grid post_type=&#8221;ids&#8221; element_width=&#8221;6&#8243; item=&#8221;4545&#8243; grid_id=&#8221;vc_gid:1767963595822-adba1253-ff24-3&#8243;][\/vc_column_inner][\/vc_row_inner][vc_row_inner disable_element=&#8221;yes&#8221;][vc_column_inner][vc_column_text css=&#8221;.vc_custom_1575889020947{padding-top: 50px !important;padding-bottom: 10px !important;}&#8221; el_id=&#8221;video&#8221;]<\/p>\n<h2>video<\/h2>\n<p>[\/vc_column_text][vc_basic_grid post_type=&#8221;ids&#8221; element_width=&#8221;6&#8243; item=&#8221;1469&#8243; grid_id=&#8221;vc_gid:1767963595823-23eb16c8-8dee-9&#8243;][\/vc_column_inner][\/vc_row_inner][vc_row_inner disable_element=&#8221;yes&#8221; el_class=&#8221;blocco-pubblicazioni&#8221;][vc_column_inner][vc_column_text css=&#8221;.vc_custom_1568023309353{padding-top: 50px !important;padding-bottom: 10px !important;}&#8221; el_id=&#8221;publication&#8221;]<\/p>\n<h2>pubblicazioni<\/h2>\n<p>[\/vc_column_text][vc_basic_grid post_type=&#8221;ids&#8221; element_width=&#8221;12&#8243; item=&#8221;4344&#8243; grid_id=&#8221;vc_gid:1767963595824-13368a97-708c-3&#8243;][\/vc_column_inner][\/vc_row_inner][\/vc_column][\/vc_row][vc_row][vc_column][vc_empty_space height=&#8221;100px&#8221;][\/vc_column][\/vc_row]<\/p>\n<\/div>","protected":false},"excerpt":{"rendered":"<p>[vc_row css=&#8221;.vc_custom_1577099752877{margin-top: 100px !important;}&#8221;][vc_column width=&#8221;1\/4&#8243; enable_sticky=&#8221;true&#8221; sticky_offset=&#8221;100&#8243; alignment=&#8221;center&#8221; css=&#8221;.vc_custom_1547225524376{margin-bottom: 50px !important;}&#8221;][vc_column_text] &lt;&lt; torna agli artisti [\/vc_column_text][vc_single_image image=&#8221;5967&#8243; img_size=&#8221;full&#8221; alignment=&#8221;center&#8221; css=&#8221;.vc_custom_1578737108211{margin-bottom: 0px !important;padding-bottom: 0px !important;}&#8221;][vc_custom_heading source=&#8221;post_title&#8221; font_container=&#8221;tag:h1|font_size:22%20px|text_align:center|line_height:30%20px&#8221;<\/p>\n","protected":false},"author":2,"featured_media":-1,"menu_order":332,"comment_status":"closed","ping_status":"closed","template":"","meta":{"_acf_changed":false},"portfolio-types":[14],"class_list":["post-2163","portfolio","type-portfolio","status-publish","has-post-thumbnail","hentry","portfolio-types-a"],"acf":[],"yoast_head":"<!-- This site is optimized with the Yoast SEO plugin v27.4 - https:\/\/yoast.com\/product\/yoast-seo-wordpress\/ -->\n<title>Adami Valerio - Tornabuoni Art<\/title>\n<meta name=\"robots\" content=\"index, follow, max-snippet:-1, max-image-preview:large, max-video-preview:-1\" \/>\n<link rel=\"canonical\" href=\"https:\/\/www.tornabuoniart.com\/it\/artisti\/adami-valerio\/\" \/>\n<meta property=\"og:locale\" content=\"it_IT\" \/>\n<meta property=\"og:type\" content=\"article\" \/>\n<meta property=\"og:title\" content=\"Adami Valerio - Tornabuoni Art\" \/>\n<meta property=\"og:description\" content=\"[vc_row css=&#8221;.vc_custom_1577099752877{margin-top: 100px !important;}&#8221;][vc_column width=&#8221;1\/4&#8243; enable_sticky=&#8221;true&#8221; sticky_offset=&#8221;100&#8243; alignment=&#8221;center&#8221; css=&#8221;.vc_custom_1547225524376{margin-bottom: 50px !important;}&#8221;][vc_column_text] &lt;&lt; torna agli artisti [\/vc_column_text][vc_single_image image=&#8221;5967&#8243; img_size=&#8221;full&#8221; alignment=&#8221;center&#8221; css=&#8221;.vc_custom_1578737108211{margin-bottom: 0px !important;padding-bottom: 0px !important;}&#8221;][vc_custom_heading source=&#8221;post_title&#8221; font_container=&#8221;tag:h1|font_size:22%20px|text_align:center|line_height:30%20px&#8221;\" \/>\n<meta property=\"og:url\" content=\"https:\/\/www.tornabuoniart.com\/it\/artisti\/adami-valerio\/\" \/>\n<meta property=\"og:site_name\" content=\"Tornabuoni Art\" \/>\n<meta property=\"article:publisher\" content=\"https:\/\/www.facebook.com\/TornabuoniArt\/\" \/>\n<meta property=\"article:modified_time\" content=\"2026-01-09T13:00:43+00:00\" \/>\n<meta name=\"twitter:card\" content=\"summary_large_image\" \/>\n<meta name=\"twitter:site\" content=\"@TornabuoniArt\" \/>\n<meta name=\"twitter:label1\" content=\"Tempo di lettura stimato\" \/>\n\t<meta name=\"twitter:data1\" content=\"3 minuti\" \/>\n<script type=\"application\/ld+json\" class=\"yoast-schema-graph\">{\"@context\":\"https:\\\/\\\/schema.org\",\"@graph\":[{\"@type\":\"WebPage\",\"@id\":\"https:\\\/\\\/www.tornabuoniart.com\\\/it\\\/artisti\\\/adami-valerio\\\/\",\"url\":\"https:\\\/\\\/www.tornabuoniart.com\\\/it\\\/artisti\\\/adami-valerio\\\/\",\"name\":\"Adami Valerio - Tornabuoni Art\",\"isPartOf\":{\"@id\":\"https:\\\/\\\/www.tornabuoniart.com\\\/en\\\/#website\"},\"datePublished\":\"2019-09-10T16:54:49+00:00\",\"dateModified\":\"2026-01-09T13:00:43+00:00\",\"breadcrumb\":{\"@id\":\"https:\\\/\\\/www.tornabuoniart.com\\\/it\\\/artisti\\\/adami-valerio\\\/#breadcrumb\"},\"inLanguage\":\"it-IT\",\"potentialAction\":[{\"@type\":\"ReadAction\",\"target\":[\"https:\\\/\\\/www.tornabuoniart.com\\\/it\\\/artisti\\\/adami-valerio\\\/\"]}]},{\"@type\":\"BreadcrumbList\",\"@id\":\"https:\\\/\\\/www.tornabuoniart.com\\\/it\\\/artisti\\\/adami-valerio\\\/#breadcrumb\",\"itemListElement\":[{\"@type\":\"ListItem\",\"position\":1,\"name\":\"Home\",\"item\":\"https:\\\/\\\/www.tornabuoniart.com\\\/it\\\/\"},{\"@type\":\"ListItem\",\"position\":2,\"name\":\"Adami Valerio\"}]},{\"@type\":\"WebSite\",\"@id\":\"https:\\\/\\\/www.tornabuoniart.com\\\/en\\\/#website\",\"url\":\"https:\\\/\\\/www.tornabuoniart.com\\\/en\\\/\",\"name\":\"Tornabuoni Art\",\"description\":\"Modern &amp; Contemporary Art Gallery\",\"publisher\":{\"@id\":\"https:\\\/\\\/www.tornabuoniart.com\\\/en\\\/#organization\"},\"potentialAction\":[{\"@type\":\"SearchAction\",\"target\":{\"@type\":\"EntryPoint\",\"urlTemplate\":\"https:\\\/\\\/www.tornabuoniart.com\\\/en\\\/?s={search_term_string}\"},\"query-input\":{\"@type\":\"PropertyValueSpecification\",\"valueRequired\":true,\"valueName\":\"search_term_string\"}}],\"inLanguage\":\"it-IT\"},{\"@type\":\"Organization\",\"@id\":\"https:\\\/\\\/www.tornabuoniart.com\\\/en\\\/#organization\",\"name\":\"Tornabuoni Art\",\"url\":\"https:\\\/\\\/www.tornabuoniart.com\\\/en\\\/\",\"logo\":{\"@type\":\"ImageObject\",\"inLanguage\":\"it-IT\",\"@id\":\"https:\\\/\\\/www.tornabuoniart.com\\\/en\\\/#\\\/schema\\\/logo\\\/image\\\/\",\"url\":\"http:\\\/\\\/www.tornabuoniart.com\\\/wp-content\\\/uploads\\\/2019\\\/04\\\/logo_tornabuoni-art2-2-grey.png\",\"contentUrl\":\"http:\\\/\\\/www.tornabuoniart.com\\\/wp-content\\\/uploads\\\/2019\\\/04\\\/logo_tornabuoni-art2-2-grey.png\",\"width\":961,\"height\":136,\"caption\":\"Tornabuoni Art\"},\"image\":{\"@id\":\"https:\\\/\\\/www.tornabuoniart.com\\\/en\\\/#\\\/schema\\\/logo\\\/image\\\/\"},\"sameAs\":[\"https:\\\/\\\/www.facebook.com\\\/TornabuoniArt\\\/\",\"https:\\\/\\\/x.com\\\/TornabuoniArt\",\"https:\\\/\\\/www.instagram.com\\\/tornabuoniart\\\/\"]}]}<\/script>\n<!-- \/ Yoast SEO plugin. -->","yoast_head_json":{"title":"Adami Valerio - Tornabuoni Art","robots":{"index":"index","follow":"follow","max-snippet":"max-snippet:-1","max-image-preview":"max-image-preview:large","max-video-preview":"max-video-preview:-1"},"canonical":"https:\/\/www.tornabuoniart.com\/it\/artisti\/adami-valerio\/","og_locale":"it_IT","og_type":"article","og_title":"Adami Valerio - Tornabuoni Art","og_description":"[vc_row css=&#8221;.vc_custom_1577099752877{margin-top: 100px !important;}&#8221;][vc_column width=&#8221;1\/4&#8243; enable_sticky=&#8221;true&#8221; sticky_offset=&#8221;100&#8243; alignment=&#8221;center&#8221; css=&#8221;.vc_custom_1547225524376{margin-bottom: 50px !important;}&#8221;][vc_column_text] &lt;&lt; torna agli artisti [\/vc_column_text][vc_single_image image=&#8221;5967&#8243; img_size=&#8221;full&#8221; alignment=&#8221;center&#8221; css=&#8221;.vc_custom_1578737108211{margin-bottom: 0px !important;padding-bottom: 0px !important;}&#8221;][vc_custom_heading source=&#8221;post_title&#8221; font_container=&#8221;tag:h1|font_size:22%20px|text_align:center|line_height:30%20px&#8221;","og_url":"https:\/\/www.tornabuoniart.com\/it\/artisti\/adami-valerio\/","og_site_name":"Tornabuoni Art","article_publisher":"https:\/\/www.facebook.com\/TornabuoniArt\/","article_modified_time":"2026-01-09T13:00:43+00:00","twitter_card":"summary_large_image","twitter_site":"@TornabuoniArt","twitter_misc":{"Tempo di lettura stimato":"3 minuti"},"schema":{"@context":"https:\/\/schema.org","@graph":[{"@type":"WebPage","@id":"https:\/\/www.tornabuoniart.com\/it\/artisti\/adami-valerio\/","url":"https:\/\/www.tornabuoniart.com\/it\/artisti\/adami-valerio\/","name":"Adami Valerio - Tornabuoni Art","isPartOf":{"@id":"https:\/\/www.tornabuoniart.com\/en\/#website"},"datePublished":"2019-09-10T16:54:49+00:00","dateModified":"2026-01-09T13:00:43+00:00","breadcrumb":{"@id":"https:\/\/www.tornabuoniart.com\/it\/artisti\/adami-valerio\/#breadcrumb"},"inLanguage":"it-IT","potentialAction":[{"@type":"ReadAction","target":["https:\/\/www.tornabuoniart.com\/it\/artisti\/adami-valerio\/"]}]},{"@type":"BreadcrumbList","@id":"https:\/\/www.tornabuoniart.com\/it\/artisti\/adami-valerio\/#breadcrumb","itemListElement":[{"@type":"ListItem","position":1,"name":"Home","item":"https:\/\/www.tornabuoniart.com\/it\/"},{"@type":"ListItem","position":2,"name":"Adami Valerio"}]},{"@type":"WebSite","@id":"https:\/\/www.tornabuoniart.com\/en\/#website","url":"https:\/\/www.tornabuoniart.com\/en\/","name":"Tornabuoni Art","description":"Modern &amp; Contemporary Art Gallery","publisher":{"@id":"https:\/\/www.tornabuoniart.com\/en\/#organization"},"potentialAction":[{"@type":"SearchAction","target":{"@type":"EntryPoint","urlTemplate":"https:\/\/www.tornabuoniart.com\/en\/?s={search_term_string}"},"query-input":{"@type":"PropertyValueSpecification","valueRequired":true,"valueName":"search_term_string"}}],"inLanguage":"it-IT"},{"@type":"Organization","@id":"https:\/\/www.tornabuoniart.com\/en\/#organization","name":"Tornabuoni Art","url":"https:\/\/www.tornabuoniart.com\/en\/","logo":{"@type":"ImageObject","inLanguage":"it-IT","@id":"https:\/\/www.tornabuoniart.com\/en\/#\/schema\/logo\/image\/","url":"http:\/\/www.tornabuoniart.com\/wp-content\/uploads\/2019\/04\/logo_tornabuoni-art2-2-grey.png","contentUrl":"http:\/\/www.tornabuoniart.com\/wp-content\/uploads\/2019\/04\/logo_tornabuoni-art2-2-grey.png","width":961,"height":136,"caption":"Tornabuoni Art"},"image":{"@id":"https:\/\/www.tornabuoniart.com\/en\/#\/schema\/logo\/image\/"},"sameAs":["https:\/\/www.facebook.com\/TornabuoniArt\/","https:\/\/x.com\/TornabuoniArt","https:\/\/www.instagram.com\/tornabuoniart\/"]}]}},"_links":{"self":[{"href":"https:\/\/www.tornabuoniart.com\/it\/wp-json\/wp\/v2\/portfolio\/2163","targetHints":{"allow":["GET"]}}],"collection":[{"href":"https:\/\/www.tornabuoniart.com\/it\/wp-json\/wp\/v2\/portfolio"}],"about":[{"href":"https:\/\/www.tornabuoniart.com\/it\/wp-json\/wp\/v2\/types\/portfolio"}],"author":[{"embeddable":true,"href":"https:\/\/www.tornabuoniart.com\/it\/wp-json\/wp\/v2\/users\/2"}],"replies":[{"embeddable":true,"href":"https:\/\/www.tornabuoniart.com\/it\/wp-json\/wp\/v2\/comments?post=2163"}],"wp:featuredmedia":[{"embeddable":true,"href":"https:\/\/www.tornabuoniart.com\/it\/wp-json\/"}],"wp:attachment":[{"href":"https:\/\/www.tornabuoniart.com\/it\/wp-json\/wp\/v2\/media?parent=2163"}],"wp:term":[{"taxonomy":"portfolio-types","embeddable":true,"href":"https:\/\/www.tornabuoniart.com\/it\/wp-json\/wp\/v2\/portfolio-types?post=2163"}],"curies":[{"name":"wp","href":"https:\/\/api.w.org\/{rel}","templated":true}]}}