{"id":20258,"date":"2020-04-07T10:38:55","date_gmt":"2020-04-07T09:38:55","guid":{"rendered":"http:\/\/www.tornabuoniart.com\/?post_type=portfolio&#038;p=20258"},"modified":"2026-04-14T16:08:44","modified_gmt":"2026-04-14T15:08:44","slug":"novelli-gastone","status":"publish","type":"portfolio","link":"https:\/\/www.tornabuoniart.com\/it\/artisti\/novelli-gastone\/","title":{"rendered":"Novelli Gastone"},"content":{"rendered":"<div class=\"wpb-content-wrapper\"><p>[vc_row css=&#8221;.vc_custom_1577099752877{margin-top: 100px !important;}&#8221;][vc_column width=&#8221;1\/4&#8243; enable_sticky=&#8221;true&#8221; sticky_offset=&#8221;100&#8243; alignment=&#8221;center&#8221; css=&#8221;.vc_custom_1547225524376{margin-bottom: 50px !important;}&#8221;][vc_column_text]<\/p>\n<p style=\"text-align: center;\"><a href=\"https:\/\/tornabuoniart.com\/it\/artisti\/\"><span style=\"color: #808080;\"><em>&lt;&lt; torna agli artisti<\/em><\/span><\/a><\/p>\n<p>[\/vc_column_text][vc_single_image image=&#8221;7641&#8243; img_size=&#8221;full&#8221; alignment=&#8221;center&#8221; css=&#8221;.vc_custom_1579131549997{margin-bottom: 0px !important;padding-bottom: 0px !important;}&#8221;][vc_custom_heading source=&#8221;post_title&#8221; font_container=&#8221;tag:h1|font_size:22%20px|text_align:center|line_height:30%20px&#8221; use_theme_fonts=&#8221;yes&#8221;][\/vc_column][vc_column width=&#8221;3\/4&#8243;]<div class=\"mpc-carousel__wrapper mpc-waypoint\"><div id=\"mpc_carousel_image-5369f709c1d634b\" class=\"mpc-carousel-image mpc-init mpc-layout--fluid mpc-effect--none mpc-force-height  mpc-overlay--fade\"  data-mpcslick='{\"infinite\":true,\"autoplay\":false,\"slidesToShow\":3,\"slidesToScroll\":1,\"centerMode\":false,\"initialSlide\":0,\"rows\":1,\"variableWidth\":true,\"speed\":500}' data-slick-cols=\"3\" data-align=\"middle-center\"><div target=\"\"class=\"mpc-carousel__item-wrapper\" data-height=\"364\"><div onclick=\"\" class=\"mpc-item mpc-transition\"><div class=\"mpc-border\"><\/div><img loading=\"lazy\" decoding=\"async\" width=\"2262\" height=\"804\" src=\"https:\/\/www.tornabuoniart.com\/wp-content\/uploads\/2026\/01\/Novelli-Omaggio-alindecenza-1959-40-x-110-cm.jpg\" class=\"mpc-transition attachment-full\" alt=\"\" title=\"Novelli, Omaggio al&#039;indecenza, 1959, 40 x 110 cm\" srcset=\"https:\/\/www.tornabuoniart.com\/wp-content\/uploads\/2026\/01\/Novelli-Omaggio-alindecenza-1959-40-x-110-cm.jpg 2262w, https:\/\/www.tornabuoniart.com\/wp-content\/uploads\/2026\/01\/Novelli-Omaggio-alindecenza-1959-40-x-110-cm-300x107.jpg 300w, https:\/\/www.tornabuoniart.com\/wp-content\/uploads\/2026\/01\/Novelli-Omaggio-alindecenza-1959-40-x-110-cm-1024x364.jpg 1024w, https:\/\/www.tornabuoniart.com\/wp-content\/uploads\/2026\/01\/Novelli-Omaggio-alindecenza-1959-40-x-110-cm-768x273.jpg 768w, https:\/\/www.tornabuoniart.com\/wp-content\/uploads\/2026\/01\/Novelli-Omaggio-alindecenza-1959-40-x-110-cm-1536x546.jpg 1536w, https:\/\/www.tornabuoniart.com\/wp-content\/uploads\/2026\/01\/Novelli-Omaggio-alindecenza-1959-40-x-110-cm-2048x728.jpg 2048w, https:\/\/www.tornabuoniart.com\/wp-content\/uploads\/2026\/01\/Novelli-Omaggio-alindecenza-1959-40-x-110-cm-150x53.jpg 150w, https:\/\/www.tornabuoniart.com\/wp-content\/uploads\/2026\/01\/Novelli-Omaggio-alindecenza-1959-40-x-110-cm-960x341.jpg 960w, https:\/\/www.tornabuoniart.com\/wp-content\/uploads\/2026\/01\/Novelli-Omaggio-alindecenza-1959-40-x-110-cm-480x171.jpg 480w\" sizes=\"auto, (max-width:767px) 480px, (max-width:2262px) 100vw, 2262px\" \/><div class=\"mpc-item-overlay mpc-transition\"><div class=\"mpc-overlay--vertical-wrap\"><div class=\"mpc-overlay--vertical\"><a href=\"https:\/\/www.tornabuoniart.com\/wp-content\/uploads\/2026\/01\/Novelli-Omaggio-alindecenza-1959-40-x-110-cm.jpg\" data-rel=\"lightbox-gallery-0\" data-rl_title=\"Novelli, Omaggio al&#8217;indecenza, 1959, 40 x 110 cm\" data-rl_caption=\"Novelli, Omaggio al&#8217;indecenza, 1959, 40 x 110 cm\" data-magnific_type=\"gallery\" class=\"mpc-icon-anchor mpc-magnific-popup\" title=\"Novelli, Omaggio al&#8217;indecenza, 1959, 40 x 110 cm\"><i class=\"mpc-item-overlay__icon mpc-type--lightbox fa fa-arrows mpc-icon--icon\"><\/i><\/a><\/div><\/div><\/div><\/div><\/div><div target=\"\"class=\"mpc-carousel__item-wrapper\" data-height=\"1024\"><div onclick=\"\" class=\"mpc-item mpc-transition\"><div class=\"mpc-border\"><\/div><img loading=\"lazy\" decoding=\"async\" width=\"1548\" height=\"2249\" src=\"https:\/\/www.tornabuoniart.com\/wp-content\/uploads\/2026\/01\/Novelli-Senza-titolo-Dio-e-no-1968-140-x-97-cm.jpg\" class=\"mpc-transition attachment-full\" alt=\"\" title=\"Novelli, Senza titolo (Dio e no), 1968, 140 x 97 cm\" srcset=\"https:\/\/www.tornabuoniart.com\/wp-content\/uploads\/2026\/01\/Novelli-Senza-titolo-Dio-e-no-1968-140-x-97-cm.jpg 1548w, https:\/\/www.tornabuoniart.com\/wp-content\/uploads\/2026\/01\/Novelli-Senza-titolo-Dio-e-no-1968-140-x-97-cm-206x300.jpg 206w, https:\/\/www.tornabuoniart.com\/wp-content\/uploads\/2026\/01\/Novelli-Senza-titolo-Dio-e-no-1968-140-x-97-cm-705x1024.jpg 705w, https:\/\/www.tornabuoniart.com\/wp-content\/uploads\/2026\/01\/Novelli-Senza-titolo-Dio-e-no-1968-140-x-97-cm-768x1116.jpg 768w, https:\/\/www.tornabuoniart.com\/wp-content\/uploads\/2026\/01\/Novelli-Senza-titolo-Dio-e-no-1968-140-x-97-cm-1057x1536.jpg 1057w, https:\/\/www.tornabuoniart.com\/wp-content\/uploads\/2026\/01\/Novelli-Senza-titolo-Dio-e-no-1968-140-x-97-cm-1410x2048.jpg 1410w, https:\/\/www.tornabuoniart.com\/wp-content\/uploads\/2026\/01\/Novelli-Senza-titolo-Dio-e-no-1968-140-x-97-cm-52x75.jpg 52w, https:\/\/www.tornabuoniart.com\/wp-content\/uploads\/2026\/01\/Novelli-Senza-titolo-Dio-e-no-1968-140-x-97-cm-496x720.jpg 496w, https:\/\/www.tornabuoniart.com\/wp-content\/uploads\/2026\/01\/Novelli-Senza-titolo-Dio-e-no-1968-140-x-97-cm-480x697.jpg 480w\" sizes=\"auto, (max-width:767px) 480px, (max-width:1548px) 100vw, 1548px\" \/><div class=\"mpc-item-overlay mpc-transition\"><div class=\"mpc-overlay--vertical-wrap\"><div class=\"mpc-overlay--vertical\"><a href=\"https:\/\/www.tornabuoniart.com\/wp-content\/uploads\/2026\/01\/Novelli-Senza-titolo-Dio-e-no-1968-140-x-97-cm.jpg\" data-rel=\"lightbox-gallery-0\" data-rl_title=\"Novelli, Senza titolo (Dio e no), 1968, 140 x 97 cm\" data-rl_caption=\"Novelli, Senza titolo (Dio e no), 1968, 140 x 97 cm\" data-magnific_type=\"gallery\" class=\"mpc-icon-anchor mpc-magnific-popup\" title=\"Novelli, Senza titolo (Dio e no), 1968, 140 x 97 cm\"><i class=\"mpc-item-overlay__icon mpc-type--lightbox fa fa-arrows mpc-icon--icon\"><\/i><\/a><\/div><\/div><\/div><\/div><\/div><\/div><div class=\"mpc-navigation mpc-init mpc-align--left mpc-navigation--style_3 mpc-on-hover  mpc-nav-preset--preset_3\" data-mpcslider=\"mpc_carousel_image-5369f709c1d634b\"><div class=\"mpc-nav__arrow mpcslick-prev\"><div class=\"mpc-nav__icon mpc-transition\"><i class=\" eti eti_arrow_carrot-left\"><div class=\"mpc-nav__background mpc-transition mpc-effect-type--fade mpc-effect-side--in\"><\/div><\/i><\/div><\/div><\/div><div class=\"mpc-navigation mpc-init mpc-align--left mpc-navigation--style_3 mpc-on-hover  mpc-nav-preset--preset_3\" data-mpcslider=\"mpc_carousel_image-5369f709c1d634b\"><div class=\"mpc-nav__arrow mpcslick-next\"><div class=\"mpc-nav__icon mpc-transition\"><i class=\" eti eti_arrow_carrot-right\"><div class=\"mpc-nav__background mpc-transition mpc-effect-type--fade mpc-effect-side--in\"><\/div><\/i><\/div><\/div><\/div><\/div>[vc_column_text css=&#8221;.vc_custom_1578667400636{margin-top: 25px !important;padding-top: 0px !important;}&#8221; el_id=&#8221;biography&#8221;]<\/p>\n<h2>biografia<\/h2>\n<p>[\/vc_column_text][vc_column_text el_class=&#8221;testo-giustificato&#8221;]Vienna, 1925 &#8211; Milano, 1968<\/p>\n<p>Nel 1943, a soli diciott\u2019anni, partecipa alla Resistenza, venendo incarcerato e torturato. Viene liberato nel 1944 quando gli alleati entrano a Roma.<\/p>\n<p>Dopo la laurea in Scienze Politiche e Sociali a Firenze, Novelli compie nel 1948 il suo primo viaggio in Brasile, dove inizia la sua attivit\u00e0 di artista. Nel 1950 rientrato in Italia, tiene la sua prima personale al Teatro Sistina di Roma, dove espone una serie di dipinti riconducibili a una matrice espressionista<\/p>\n<p>Nei primi anni 50&#8242; risiede in Brasile, orientando la sua ricerca pittorica verso l&#8217;astrazione geometrica anche grazie alla conoscenza di Max Bill e la rivelazione dell\u2019opera di Paul Klee. In questi anni, insieme ad alcune mostre personali, partecipa alla I e alla II Biennale di San Paolo.<\/p>\n<p>Nel 1955 si stabilisce a Roma e si inserisce rapidamente nell&#8217;ambiente culturale della citt\u00e0. Entra in contatto con Achille Perilli, con il quale inizier\u00e0 un sodalizio che durer\u00e0 molti anni. In quel periodo Novelli sperimenta diverse tecniche, come la pittura a spruzzo, gi\u00e0 utilizzata da Cagli, e la fotografia diretta, gi\u00e0 utilizzata in Italia da Luigi Veronesi e da Bruno Munari.<\/p>\n<p>Il 1957 per Novelli \u00e8 un anno fondamentale: compie molti viaggi a Parigi, dove incontra Tristan Tzara, Andr\u00e9 Masson, Man Ray e Hans Arp; tiene una personale alla galleria La Salita di Roma, dove espone delle opere nuove, di chiara ascendenza informale; fonda, con Achille Perilli, la rivista &#8220;L&#8217;esperienza moderna&#8221;, che uscir\u00e0 in cinque numeri fino al 1959. Conosce Afro, di cui diviene assistente dal 1959 al Liceo Artistico di via Ripetta, e Cy Twombly.<\/p>\n<p>A partire dagli anni Sessanta viaggia molto, in Francia, negli Stati Uniti, in Grecia, in Turchia e sue esposizioni personali vengono allestite sia in Italia che all&#8217;estero.<\/p>\n<p>La ricerca pittorica intanto si avvia verso un superamento dell&#8217;informale in chiave di segno e scrittura. La sua produzione pi\u00f9 significativa si configura in questi anni come una sorta di pittura-scrittura legata anche a rapporti di scambio culturale con i poeti del Gruppo63 e intrecciata ad analoghi esiti della pittura americana (in particolare Cy Twombly).<\/p>\n<p>Nel 1964 viene invitato alla Biennale di Venezia con una sala personale. Verr\u00e0 invitato ancora nel 1968, ma per protesta contro l\u2019intervento della polizia all\u2019interno dei Giardini si rifiuta di esporre le sue opere rovesciandole contro le pareti. Lo stesso anno si trasferisce a Milano dove\u00a0inizia l\u2019insegnamento all\u2019Accademia di Belle Arti di Brera, poco prima di scomparire prematuramente a causa di un collasso postoperatorio.[\/vc_column_text][vc_row_inner][vc_column_inner][vc_column_text css=&#8221;.vc_custom_1568023296154{padding-top: 50px !important;padding-bottom: 10px !important;}&#8221; el_id=&#8221;exhibition&#8221;]<\/p>\n<h2>mostre<\/h2>\n<p>[\/vc_column_text][vc_basic_grid post_type=&#8221;ids&#8221; element_width=&#8221;12&#8243; item=&#8221;4321&#8243; css=&#8221;&#8221; grid_id=&#8221;vc_gid:1776179295807-e38bc1d9-dae0-2&#8243; include=&#8221;65374, 54330, 20508, 9169, 22874&#8243;][\/vc_column_inner][\/vc_row_inner][vc_row_inner disable_element=&#8221;yes&#8221;][vc_column_inner][vc_column_text css=&#8221;.vc_custom_1578667642547{padding-top: 50px !important;padding-bottom: 10px !important;}&#8221; el_id=&#8221;fairs&#8221;]<\/p>\n<h2>fiere<\/h2>\n<p>[\/vc_column_text][vc_basic_grid post_type=&#8221;ids&#8221; element_width=&#8221;6&#8243; item=&#8221;4545&#8243; grid_id=&#8221;vc_gid:1776179295808-6b6594e8-4e92-3&#8243;][\/vc_column_inner][\/vc_row_inner][vc_row_inner disable_element=&#8221;yes&#8221;][vc_column_inner][vc_column_text css=&#8221;.vc_custom_1575889020947{padding-top: 50px !important;padding-bottom: 10px !important;}&#8221; el_id=&#8221;video&#8221;]<\/p>\n<h2>video<\/h2>\n<p>[\/vc_column_text][vc_basic_grid post_type=&#8221;ids&#8221; element_width=&#8221;6&#8243; item=&#8221;1469&#8243; grid_id=&#8221;vc_gid:1776179295808-eac9aebe-f412-6&#8243;][\/vc_column_inner][\/vc_row_inner][vc_row_inner el_class=&#8221;blocco-pubblicazioni&#8221;][vc_column_inner][vc_column_text css=&#8221;.vc_custom_1568023309353{padding-top: 50px !important;padding-bottom: 10px !important;}&#8221; el_id=&#8221;publication&#8221;]<\/p>\n<h2>pubblicazioni<\/h2>\n<p>[\/vc_column_text][vc_basic_grid post_type=&#8221;ids&#8221; element_width=&#8221;12&#8243; item=&#8221;4344&#8243; css=&#8221;&#8221; grid_id=&#8221;vc_gid:1776179295809-4b0a04d6-e420-3&#8243; include=&#8221;65714, 55567&#8243;][\/vc_column_inner][\/vc_row_inner][\/vc_column][\/vc_row][vc_row][vc_column][vc_empty_space height=&#8221;100px&#8221;][\/vc_column][\/vc_row]<\/p>\n<\/div>","protected":false},"excerpt":{"rendered":"<p>[vc_row css=&#8221;.vc_custom_1577099752877{margin-top: 100px !important;}&#8221;][vc_column width=&#8221;1\/4&#8243; enable_sticky=&#8221;true&#8221; sticky_offset=&#8221;100&#8243; alignment=&#8221;center&#8221; css=&#8221;.vc_custom_1547225524376{margin-bottom: 50px !important;}&#8221;][vc_column_text] &lt;&lt; torna agli artisti [\/vc_column_text][vc_single_image image=&#8221;7641&#8243; img_size=&#8221;full&#8221; alignment=&#8221;center&#8221; css=&#8221;.vc_custom_1579131549997{margin-bottom: 0px !important;padding-bottom: 0px !important;}&#8221;][vc_custom_heading source=&#8221;post_title&#8221; font_container=&#8221;tag:h1|font_size:22%20px|text_align:center|line_height:30%20px&#8221;<\/p>\n","protected":false},"author":1,"featured_media":-1,"menu_order":257,"comment_status":"closed","ping_status":"closed","template":"","meta":{"_acf_changed":false},"portfolio-types":[46],"class_list":["post-20258","portfolio","type-portfolio","status-publish","has-post-thumbnail","hentry","portfolio-types-n"],"acf":[],"yoast_head":"<!-- This site is optimized with the Yoast SEO plugin v27.4 - https:\/\/yoast.com\/product\/yoast-seo-wordpress\/ -->\n<title>Novelli Gastone - Tornabuoni Art<\/title>\n<meta name=\"robots\" content=\"index, follow, max-snippet:-1, max-image-preview:large, max-video-preview:-1\" \/>\n<link rel=\"canonical\" href=\"https:\/\/www.tornabuoniart.com\/it\/artisti\/novelli-gastone\/\" \/>\n<meta property=\"og:locale\" content=\"it_IT\" \/>\n<meta property=\"og:type\" content=\"article\" \/>\n<meta property=\"og:title\" content=\"Novelli Gastone - Tornabuoni Art\" \/>\n<meta property=\"og:description\" content=\"[vc_row css=&#8221;.vc_custom_1577099752877{margin-top: 100px !important;}&#8221;][vc_column width=&#8221;1\/4&#8243; enable_sticky=&#8221;true&#8221; sticky_offset=&#8221;100&#8243; alignment=&#8221;center&#8221; css=&#8221;.vc_custom_1547225524376{margin-bottom: 50px !important;}&#8221;][vc_column_text] &lt;&lt; torna agli artisti [\/vc_column_text][vc_single_image image=&#8221;7641&#8243; img_size=&#8221;full&#8221; alignment=&#8221;center&#8221; css=&#8221;.vc_custom_1579131549997{margin-bottom: 0px !important;padding-bottom: 0px !important;}&#8221;][vc_custom_heading source=&#8221;post_title&#8221; font_container=&#8221;tag:h1|font_size:22%20px|text_align:center|line_height:30%20px&#8221;\" \/>\n<meta property=\"og:url\" content=\"https:\/\/www.tornabuoniart.com\/it\/artisti\/novelli-gastone\/\" \/>\n<meta property=\"og:site_name\" content=\"Tornabuoni Art\" \/>\n<meta property=\"article:publisher\" content=\"https:\/\/www.facebook.com\/TornabuoniArt\/\" \/>\n<meta property=\"article:modified_time\" content=\"2026-04-14T15:08:44+00:00\" \/>\n<meta name=\"twitter:card\" content=\"summary_large_image\" \/>\n<meta name=\"twitter:site\" content=\"@TornabuoniArt\" \/>\n<meta name=\"twitter:label1\" content=\"Tempo di lettura stimato\" \/>\n\t<meta name=\"twitter:data1\" content=\"4 minuti\" \/>\n<script type=\"application\/ld+json\" class=\"yoast-schema-graph\">{\"@context\":\"https:\\\/\\\/schema.org\",\"@graph\":[{\"@type\":\"WebPage\",\"@id\":\"https:\\\/\\\/www.tornabuoniart.com\\\/it\\\/artisti\\\/novelli-gastone\\\/\",\"url\":\"https:\\\/\\\/www.tornabuoniart.com\\\/it\\\/artisti\\\/novelli-gastone\\\/\",\"name\":\"Novelli Gastone - Tornabuoni Art\",\"isPartOf\":{\"@id\":\"https:\\\/\\\/www.tornabuoniart.com\\\/en\\\/#website\"},\"datePublished\":\"2020-04-07T09:38:55+00:00\",\"dateModified\":\"2026-04-14T15:08:44+00:00\",\"breadcrumb\":{\"@id\":\"https:\\\/\\\/www.tornabuoniart.com\\\/it\\\/artisti\\\/novelli-gastone\\\/#breadcrumb\"},\"inLanguage\":\"it-IT\",\"potentialAction\":[{\"@type\":\"ReadAction\",\"target\":[\"https:\\\/\\\/www.tornabuoniart.com\\\/it\\\/artisti\\\/novelli-gastone\\\/\"]}]},{\"@type\":\"BreadcrumbList\",\"@id\":\"https:\\\/\\\/www.tornabuoniart.com\\\/it\\\/artisti\\\/novelli-gastone\\\/#breadcrumb\",\"itemListElement\":[{\"@type\":\"ListItem\",\"position\":1,\"name\":\"Home\",\"item\":\"https:\\\/\\\/www.tornabuoniart.com\\\/it\\\/\"},{\"@type\":\"ListItem\",\"position\":2,\"name\":\"Novelli Gastone\"}]},{\"@type\":\"WebSite\",\"@id\":\"https:\\\/\\\/www.tornabuoniart.com\\\/en\\\/#website\",\"url\":\"https:\\\/\\\/www.tornabuoniart.com\\\/en\\\/\",\"name\":\"Tornabuoni Art\",\"description\":\"Modern &amp; Contemporary Art Gallery\",\"publisher\":{\"@id\":\"https:\\\/\\\/www.tornabuoniart.com\\\/en\\\/#organization\"},\"potentialAction\":[{\"@type\":\"SearchAction\",\"target\":{\"@type\":\"EntryPoint\",\"urlTemplate\":\"https:\\\/\\\/www.tornabuoniart.com\\\/en\\\/?s={search_term_string}\"},\"query-input\":{\"@type\":\"PropertyValueSpecification\",\"valueRequired\":true,\"valueName\":\"search_term_string\"}}],\"inLanguage\":\"it-IT\"},{\"@type\":\"Organization\",\"@id\":\"https:\\\/\\\/www.tornabuoniart.com\\\/en\\\/#organization\",\"name\":\"Tornabuoni Art\",\"url\":\"https:\\\/\\\/www.tornabuoniart.com\\\/en\\\/\",\"logo\":{\"@type\":\"ImageObject\",\"inLanguage\":\"it-IT\",\"@id\":\"https:\\\/\\\/www.tornabuoniart.com\\\/en\\\/#\\\/schema\\\/logo\\\/image\\\/\",\"url\":\"http:\\\/\\\/www.tornabuoniart.com\\\/wp-content\\\/uploads\\\/2019\\\/04\\\/logo_tornabuoni-art2-2-grey.png\",\"contentUrl\":\"http:\\\/\\\/www.tornabuoniart.com\\\/wp-content\\\/uploads\\\/2019\\\/04\\\/logo_tornabuoni-art2-2-grey.png\",\"width\":961,\"height\":136,\"caption\":\"Tornabuoni Art\"},\"image\":{\"@id\":\"https:\\\/\\\/www.tornabuoniart.com\\\/en\\\/#\\\/schema\\\/logo\\\/image\\\/\"},\"sameAs\":[\"https:\\\/\\\/www.facebook.com\\\/TornabuoniArt\\\/\",\"https:\\\/\\\/x.com\\\/TornabuoniArt\",\"https:\\\/\\\/www.instagram.com\\\/tornabuoniart\\\/\"]}]}<\/script>\n<!-- \/ Yoast SEO plugin. -->","yoast_head_json":{"title":"Novelli Gastone - Tornabuoni Art","robots":{"index":"index","follow":"follow","max-snippet":"max-snippet:-1","max-image-preview":"max-image-preview:large","max-video-preview":"max-video-preview:-1"},"canonical":"https:\/\/www.tornabuoniart.com\/it\/artisti\/novelli-gastone\/","og_locale":"it_IT","og_type":"article","og_title":"Novelli Gastone - Tornabuoni Art","og_description":"[vc_row css=&#8221;.vc_custom_1577099752877{margin-top: 100px !important;}&#8221;][vc_column width=&#8221;1\/4&#8243; enable_sticky=&#8221;true&#8221; sticky_offset=&#8221;100&#8243; alignment=&#8221;center&#8221; css=&#8221;.vc_custom_1547225524376{margin-bottom: 50px !important;}&#8221;][vc_column_text] &lt;&lt; torna agli artisti [\/vc_column_text][vc_single_image image=&#8221;7641&#8243; img_size=&#8221;full&#8221; alignment=&#8221;center&#8221; css=&#8221;.vc_custom_1579131549997{margin-bottom: 0px !important;padding-bottom: 0px !important;}&#8221;][vc_custom_heading source=&#8221;post_title&#8221; font_container=&#8221;tag:h1|font_size:22%20px|text_align:center|line_height:30%20px&#8221;","og_url":"https:\/\/www.tornabuoniart.com\/it\/artisti\/novelli-gastone\/","og_site_name":"Tornabuoni Art","article_publisher":"https:\/\/www.facebook.com\/TornabuoniArt\/","article_modified_time":"2026-04-14T15:08:44+00:00","twitter_card":"summary_large_image","twitter_site":"@TornabuoniArt","twitter_misc":{"Tempo di lettura stimato":"4 minuti"},"schema":{"@context":"https:\/\/schema.org","@graph":[{"@type":"WebPage","@id":"https:\/\/www.tornabuoniart.com\/it\/artisti\/novelli-gastone\/","url":"https:\/\/www.tornabuoniart.com\/it\/artisti\/novelli-gastone\/","name":"Novelli Gastone - Tornabuoni Art","isPartOf":{"@id":"https:\/\/www.tornabuoniart.com\/en\/#website"},"datePublished":"2020-04-07T09:38:55+00:00","dateModified":"2026-04-14T15:08:44+00:00","breadcrumb":{"@id":"https:\/\/www.tornabuoniart.com\/it\/artisti\/novelli-gastone\/#breadcrumb"},"inLanguage":"it-IT","potentialAction":[{"@type":"ReadAction","target":["https:\/\/www.tornabuoniart.com\/it\/artisti\/novelli-gastone\/"]}]},{"@type":"BreadcrumbList","@id":"https:\/\/www.tornabuoniart.com\/it\/artisti\/novelli-gastone\/#breadcrumb","itemListElement":[{"@type":"ListItem","position":1,"name":"Home","item":"https:\/\/www.tornabuoniart.com\/it\/"},{"@type":"ListItem","position":2,"name":"Novelli Gastone"}]},{"@type":"WebSite","@id":"https:\/\/www.tornabuoniart.com\/en\/#website","url":"https:\/\/www.tornabuoniart.com\/en\/","name":"Tornabuoni Art","description":"Modern &amp; Contemporary Art Gallery","publisher":{"@id":"https:\/\/www.tornabuoniart.com\/en\/#organization"},"potentialAction":[{"@type":"SearchAction","target":{"@type":"EntryPoint","urlTemplate":"https:\/\/www.tornabuoniart.com\/en\/?s={search_term_string}"},"query-input":{"@type":"PropertyValueSpecification","valueRequired":true,"valueName":"search_term_string"}}],"inLanguage":"it-IT"},{"@type":"Organization","@id":"https:\/\/www.tornabuoniart.com\/en\/#organization","name":"Tornabuoni Art","url":"https:\/\/www.tornabuoniart.com\/en\/","logo":{"@type":"ImageObject","inLanguage":"it-IT","@id":"https:\/\/www.tornabuoniart.com\/en\/#\/schema\/logo\/image\/","url":"http:\/\/www.tornabuoniart.com\/wp-content\/uploads\/2019\/04\/logo_tornabuoni-art2-2-grey.png","contentUrl":"http:\/\/www.tornabuoniart.com\/wp-content\/uploads\/2019\/04\/logo_tornabuoni-art2-2-grey.png","width":961,"height":136,"caption":"Tornabuoni Art"},"image":{"@id":"https:\/\/www.tornabuoniart.com\/en\/#\/schema\/logo\/image\/"},"sameAs":["https:\/\/www.facebook.com\/TornabuoniArt\/","https:\/\/x.com\/TornabuoniArt","https:\/\/www.instagram.com\/tornabuoniart\/"]}]}},"_links":{"self":[{"href":"https:\/\/www.tornabuoniart.com\/it\/wp-json\/wp\/v2\/portfolio\/20258","targetHints":{"allow":["GET"]}}],"collection":[{"href":"https:\/\/www.tornabuoniart.com\/it\/wp-json\/wp\/v2\/portfolio"}],"about":[{"href":"https:\/\/www.tornabuoniart.com\/it\/wp-json\/wp\/v2\/types\/portfolio"}],"author":[{"embeddable":true,"href":"https:\/\/www.tornabuoniart.com\/it\/wp-json\/wp\/v2\/users\/1"}],"replies":[{"embeddable":true,"href":"https:\/\/www.tornabuoniart.com\/it\/wp-json\/wp\/v2\/comments?post=20258"}],"wp:featuredmedia":[{"embeddable":true,"href":"https:\/\/www.tornabuoniart.com\/it\/wp-json\/"}],"wp:attachment":[{"href":"https:\/\/www.tornabuoniart.com\/it\/wp-json\/wp\/v2\/media?parent=20258"}],"wp:term":[{"taxonomy":"portfolio-types","embeddable":true,"href":"https:\/\/www.tornabuoniart.com\/it\/wp-json\/wp\/v2\/portfolio-types?post=20258"}],"curies":[{"name":"wp","href":"https:\/\/api.w.org\/{rel}","templated":true}]}}