{"id":63202,"date":"2025-09-19T11:53:11","date_gmt":"2025-09-19T10:53:11","guid":{"rendered":"https:\/\/www.tornabuoniart.com\/?post_type=exhibitions&#038;p=63202"},"modified":"2026-02-13T11:21:45","modified_gmt":"2026-02-13T10:21:45","slug":"au-dela-morandi-fontana","status":"publish","type":"exhibitions","link":"https:\/\/www.tornabuoniart.com\/it\/exhibitions\/au-dela-morandi-fontana\/","title":{"rendered":"Au-Del\u00e0. Morandi\/Fontana"},"content":{"rendered":"<div class=\"wpb-content-wrapper\"><p>[vc_row css=&#8221;.vc_custom_1577099898580{margin-top: 100px !important;}&#8221;][vc_column width=&#8221;1\/4&#8243; enable_sticky=&#8221;true&#8221; sticky_offset=&#8221;150&#8243; alignment=&#8221;center&#8221; css=&#8221;.vc_custom_1547464395638{margin-bottom: 50px !important;}&#8221;][vc_column_text]<\/p>\n<p style=\"text-align: center;\"><a href=\"https:\/\/tornabuoniart.com\/it\/mostre\/\"><span style=\"color: #808080;\"><em>&lt;&lt; torna alle mostre<\/em><\/span><\/a><\/p>\n<p>[\/vc_column_text][vc_custom_heading source=&#8221;post_title&#8221; font_container=&#8221;tag:h1|font_size:30px|text_align:center|line_height:30px&#8221; use_theme_fonts=&#8221;yes&#8221;][vc_separator css=&#8221;.vc_custom_1547225178042{margin-top: 0px !important;margin-bottom: 0px !important;padding-top: 0px !important;padding-bottom: 0px !important;}&#8221;][vc_acf field_group=&#8221;1272&#8243; field_from_1272=&#8221;field_5c3de0eacb25c&#8221; align=&#8221;center&#8221;][vc_separator css=&#8221;.vc_custom_1547225178042{margin-top: 0px !important;margin-bottom: 0px !important;padding-top: 0px !important;padding-bottom: 0px !important;}&#8221;][vc_acf field_group=&#8221;1272&#8243; field_from_1272=&#8221;field_5c3de115bbf75&#8243; align=&#8221;center&#8221;][vc_separator css=&#8221;.vc_custom_1547225178042{margin-top: 0px !important;margin-bottom: 0px !important;padding-top: 0px !important;padding-bottom: 0px !important;}&#8221;][\/vc_column][vc_column width=&#8221;3\/4&#8243;]<div class=\"mpc-carousel__wrapper mpc-waypoint\"><div id=\"mpc_carousel_image-6969f5e6e76305f\" class=\"mpc-carousel-image mpc-init mpc-layout--fluid mpc-effect--none mpc-force-height  mpc-overlay--fade\"  data-mpcslick='{\"infinite\":true,\"autoplay\":true,\"slidesToShow\":3,\"slidesToScroll\":1,\"centerMode\":false,\"initialSlide\":0,\"rows\":1,\"autoplaySpeed\":5000,\"variableWidth\":true,\"speed\":500}' data-slick-cols=\"3\" data-align=\"middle-center\"><div target=\"\"class=\"mpc-carousel__item-wrapper\" data-height=\"683\"><div onclick=\"\" class=\"mpc-item mpc-transition\"><div class=\"mpc-border\"><\/div><img loading=\"lazy\" decoding=\"async\" width=\"2560\" height=\"1707\" src=\"https:\/\/www.tornabuoniart.com\/wp-content\/uploads\/2025\/12\/DSC6386-scaled.jpg\" class=\"mpc-transition attachment-full\" alt=\"Veduta della mostra, Au-Del\u00e0. Morandi \/ Fontana, Tornabuoni Art Parigi, 2025\" title=\"Veduta della mostra, Au-Del\u00e0. Morandi \/ Fontana, Tornabuoni Art Parigi, 2025\" srcset=\"https:\/\/www.tornabuoniart.com\/wp-content\/uploads\/2025\/12\/DSC6386-scaled.jpg 2560w, https:\/\/www.tornabuoniart.com\/wp-content\/uploads\/2025\/12\/DSC6386-300x200.jpg 300w, https:\/\/www.tornabuoniart.com\/wp-content\/uploads\/2025\/12\/DSC6386-1024x683.jpg 1024w, https:\/\/www.tornabuoniart.com\/wp-content\/uploads\/2025\/12\/DSC6386-768x512.jpg 768w, https:\/\/www.tornabuoniart.com\/wp-content\/uploads\/2025\/12\/DSC6386-1536x1024.jpg 1536w, https:\/\/www.tornabuoniart.com\/wp-content\/uploads\/2025\/12\/DSC6386-2048x1365.jpg 2048w, https:\/\/www.tornabuoniart.com\/wp-content\/uploads\/2025\/12\/DSC6386-113x75.jpg 113w, https:\/\/www.tornabuoniart.com\/wp-content\/uploads\/2025\/12\/DSC6386-960x640.jpg 960w, https:\/\/www.tornabuoniart.com\/wp-content\/uploads\/2025\/12\/DSC6386-480x320.jpg 480w\" sizes=\"auto, (max-width:767px) 480px, (max-width:2560px) 100vw, 2560px\" \/><div class=\"mpc-item-overlay mpc-transition\"><div class=\"mpc-overlay--vertical-wrap\"><div class=\"mpc-overlay--vertical\"><a href=\"https:\/\/www.tornabuoniart.com\/wp-content\/uploads\/2025\/12\/DSC6386-scaled.jpg\" data-rel=\"lightbox-gallery-0\" data-rl_title=\"Veduta della mostra, Au-Del\u00e0. Morandi \/ Fontana, Tornabuoni Art Parigi, 2025\" data-rl_caption=\"Veduta della mostra, Au-Del\u00e0. Morandi \/ Fontana, Tornabuoni Art Parigi, 2025\" data-magnific_type=\"gallery\" class=\"mpc-icon-anchor mpc-magnific-popup\" title=\"Veduta della mostra, Au-Del\u00e0. Morandi \/ Fontana, Tornabuoni Art Parigi, 2025\"><i class=\"mpc-item-overlay__icon mpc-type--lightbox fa fa-arrows mpc-icon--icon\"><\/i><\/a><\/div><\/div><\/div><\/div><\/div><div target=\"\"class=\"mpc-carousel__item-wrapper\" data-height=\"683\"><div onclick=\"\" class=\"mpc-item mpc-transition\"><div class=\"mpc-border\"><\/div><img loading=\"lazy\" decoding=\"async\" width=\"2560\" height=\"1707\" src=\"https:\/\/www.tornabuoniart.com\/wp-content\/uploads\/2025\/12\/DSC6392-scaled.jpg\" class=\"mpc-transition attachment-full\" alt=\"Veduta della mostra, Au-Del\u00e0. Morandi \/ Fontana, Tornabuoni Art Parigi, 2025\" title=\"Veduta della mostra, Au-Del\u00e0. Morandi \/ Fontana, Tornabuoni Art Parigi, 2025\" srcset=\"https:\/\/www.tornabuoniart.com\/wp-content\/uploads\/2025\/12\/DSC6392-scaled.jpg 2560w, https:\/\/www.tornabuoniart.com\/wp-content\/uploads\/2025\/12\/DSC6392-300x200.jpg 300w, https:\/\/www.tornabuoniart.com\/wp-content\/uploads\/2025\/12\/DSC6392-1024x683.jpg 1024w, https:\/\/www.tornabuoniart.com\/wp-content\/uploads\/2025\/12\/DSC6392-768x512.jpg 768w, https:\/\/www.tornabuoniart.com\/wp-content\/uploads\/2025\/12\/DSC6392-1536x1024.jpg 1536w, https:\/\/www.tornabuoniart.com\/wp-content\/uploads\/2025\/12\/DSC6392-2048x1365.jpg 2048w, https:\/\/www.tornabuoniart.com\/wp-content\/uploads\/2025\/12\/DSC6392-113x75.jpg 113w, https:\/\/www.tornabuoniart.com\/wp-content\/uploads\/2025\/12\/DSC6392-960x640.jpg 960w, https:\/\/www.tornabuoniart.com\/wp-content\/uploads\/2025\/12\/DSC6392-480x320.jpg 480w\" sizes=\"auto, (max-width:767px) 480px, (max-width:2560px) 100vw, 2560px\" \/><div class=\"mpc-item-overlay mpc-transition\"><div class=\"mpc-overlay--vertical-wrap\"><div class=\"mpc-overlay--vertical\"><a href=\"https:\/\/www.tornabuoniart.com\/wp-content\/uploads\/2025\/12\/DSC6392-scaled.jpg\" data-rel=\"lightbox-gallery-0\" data-rl_title=\"Veduta della mostra, Au-Del\u00e0. Morandi \/ Fontana, Tornabuoni Art Parigi, 2025\" data-rl_caption=\"Veduta della mostra, Au-Del\u00e0. Morandi \/ Fontana, Tornabuoni Art Parigi, 2025\" data-magnific_type=\"gallery\" class=\"mpc-icon-anchor mpc-magnific-popup\" title=\"Veduta della mostra, Au-Del\u00e0. Morandi \/ Fontana, Tornabuoni Art Parigi, 2025\"><i class=\"mpc-item-overlay__icon mpc-type--lightbox fa fa-arrows mpc-icon--icon\"><\/i><\/a><\/div><\/div><\/div><\/div><\/div><div target=\"\"class=\"mpc-carousel__item-wrapper\" data-height=\"683\"><div onclick=\"\" class=\"mpc-item mpc-transition\"><div class=\"mpc-border\"><\/div><img loading=\"lazy\" decoding=\"async\" width=\"2560\" height=\"1707\" src=\"https:\/\/www.tornabuoniart.com\/wp-content\/uploads\/2025\/12\/DSC6397-scaled.jpg\" class=\"mpc-transition attachment-full\" alt=\"Veduta della mostra, Au-Del\u00e0. Morandi \/ Fontana, Tornabuoni Art Parigi, 2025\" title=\"Veduta della mostra, Au-Del\u00e0. Morandi \/ Fontana, Tornabuoni Art Parigi, 2025\" srcset=\"https:\/\/www.tornabuoniart.com\/wp-content\/uploads\/2025\/12\/DSC6397-scaled.jpg 2560w, https:\/\/www.tornabuoniart.com\/wp-content\/uploads\/2025\/12\/DSC6397-300x200.jpg 300w, https:\/\/www.tornabuoniart.com\/wp-content\/uploads\/2025\/12\/DSC6397-1024x683.jpg 1024w, https:\/\/www.tornabuoniart.com\/wp-content\/uploads\/2025\/12\/DSC6397-768x512.jpg 768w, https:\/\/www.tornabuoniart.com\/wp-content\/uploads\/2025\/12\/DSC6397-1536x1024.jpg 1536w, https:\/\/www.tornabuoniart.com\/wp-content\/uploads\/2025\/12\/DSC6397-2048x1365.jpg 2048w, https:\/\/www.tornabuoniart.com\/wp-content\/uploads\/2025\/12\/DSC6397-113x75.jpg 113w, https:\/\/www.tornabuoniart.com\/wp-content\/uploads\/2025\/12\/DSC6397-960x640.jpg 960w, https:\/\/www.tornabuoniart.com\/wp-content\/uploads\/2025\/12\/DSC6397-480x320.jpg 480w\" sizes=\"auto, (max-width:767px) 480px, (max-width:2560px) 100vw, 2560px\" \/><div class=\"mpc-item-overlay mpc-transition\"><div class=\"mpc-overlay--vertical-wrap\"><div class=\"mpc-overlay--vertical\"><a href=\"https:\/\/www.tornabuoniart.com\/wp-content\/uploads\/2025\/12\/DSC6397-scaled.jpg\" data-rel=\"lightbox-gallery-0\" data-rl_title=\"Veduta della mostra, Au-Del\u00e0. Morandi \/ Fontana, Tornabuoni Art Parigi, 2025\" data-rl_caption=\"Veduta della mostra, Au-Del\u00e0. Morandi \/ Fontana, Tornabuoni Art Parigi, 2025\" data-magnific_type=\"gallery\" class=\"mpc-icon-anchor mpc-magnific-popup\" title=\"Veduta della mostra, Au-Del\u00e0. Morandi \/ Fontana, Tornabuoni Art Parigi, 2025\"><i class=\"mpc-item-overlay__icon mpc-type--lightbox fa fa-arrows mpc-icon--icon\"><\/i><\/a><\/div><\/div><\/div><\/div><\/div><div target=\"\"class=\"mpc-carousel__item-wrapper\" data-height=\"683\"><div onclick=\"\" class=\"mpc-item mpc-transition\"><div class=\"mpc-border\"><\/div><img loading=\"lazy\" decoding=\"async\" width=\"2560\" height=\"1707\" src=\"https:\/\/www.tornabuoniart.com\/wp-content\/uploads\/2025\/12\/DSC6399-scaled.jpg\" class=\"mpc-transition attachment-full\" alt=\"Veduta della mostra, Au-Del\u00e0. Morandi \/ Fontana, Tornabuoni Art Parigi, 2025\" title=\"Veduta della mostra, Au-Del\u00e0. Morandi \/ Fontana, Tornabuoni Art Parigi, 2025\" srcset=\"https:\/\/www.tornabuoniart.com\/wp-content\/uploads\/2025\/12\/DSC6399-scaled.jpg 2560w, https:\/\/www.tornabuoniart.com\/wp-content\/uploads\/2025\/12\/DSC6399-300x200.jpg 300w, https:\/\/www.tornabuoniart.com\/wp-content\/uploads\/2025\/12\/DSC6399-1024x683.jpg 1024w, https:\/\/www.tornabuoniart.com\/wp-content\/uploads\/2025\/12\/DSC6399-768x512.jpg 768w, https:\/\/www.tornabuoniart.com\/wp-content\/uploads\/2025\/12\/DSC6399-1536x1024.jpg 1536w, https:\/\/www.tornabuoniart.com\/wp-content\/uploads\/2025\/12\/DSC6399-2048x1365.jpg 2048w, https:\/\/www.tornabuoniart.com\/wp-content\/uploads\/2025\/12\/DSC6399-113x75.jpg 113w, https:\/\/www.tornabuoniart.com\/wp-content\/uploads\/2025\/12\/DSC6399-960x640.jpg 960w, https:\/\/www.tornabuoniart.com\/wp-content\/uploads\/2025\/12\/DSC6399-480x320.jpg 480w\" sizes=\"auto, (max-width:767px) 480px, (max-width:2560px) 100vw, 2560px\" \/><div class=\"mpc-item-overlay mpc-transition\"><div class=\"mpc-overlay--vertical-wrap\"><div class=\"mpc-overlay--vertical\"><a href=\"https:\/\/www.tornabuoniart.com\/wp-content\/uploads\/2025\/12\/DSC6399-scaled.jpg\" data-rel=\"lightbox-gallery-0\" data-rl_title=\"Veduta della mostra, Au-Del\u00e0. Morandi \/ Fontana, Tornabuoni Art Parigi, 2025\" data-rl_caption=\"Veduta della mostra, Au-Del\u00e0. Morandi \/ Fontana, Tornabuoni Art Parigi, 2025\" data-magnific_type=\"gallery\" class=\"mpc-icon-anchor mpc-magnific-popup\" title=\"Veduta della mostra, Au-Del\u00e0. Morandi \/ Fontana, Tornabuoni Art Parigi, 2025\"><i class=\"mpc-item-overlay__icon mpc-type--lightbox fa fa-arrows mpc-icon--icon\"><\/i><\/a><\/div><\/div><\/div><\/div><\/div><div target=\"\"class=\"mpc-carousel__item-wrapper\" data-height=\"683\"><div onclick=\"\" class=\"mpc-item mpc-transition\"><div class=\"mpc-border\"><\/div><img loading=\"lazy\" decoding=\"async\" width=\"2560\" height=\"1707\" src=\"https:\/\/www.tornabuoniart.com\/wp-content\/uploads\/2025\/12\/DSC6408-scaled.jpg\" class=\"mpc-transition attachment-full\" alt=\"Veduta della mostra, Au-Del\u00e0. Morandi \/ Fontana, Tornabuoni Art Parigi, 2025\" title=\"Veduta della mostra, Au-Del\u00e0. Morandi \/ Fontana, Tornabuoni Art Parigi, 2025\" srcset=\"https:\/\/www.tornabuoniart.com\/wp-content\/uploads\/2025\/12\/DSC6408-scaled.jpg 2560w, https:\/\/www.tornabuoniart.com\/wp-content\/uploads\/2025\/12\/DSC6408-300x200.jpg 300w, https:\/\/www.tornabuoniart.com\/wp-content\/uploads\/2025\/12\/DSC6408-1024x683.jpg 1024w, https:\/\/www.tornabuoniart.com\/wp-content\/uploads\/2025\/12\/DSC6408-768x512.jpg 768w, https:\/\/www.tornabuoniart.com\/wp-content\/uploads\/2025\/12\/DSC6408-1536x1024.jpg 1536w, https:\/\/www.tornabuoniart.com\/wp-content\/uploads\/2025\/12\/DSC6408-2048x1365.jpg 2048w, https:\/\/www.tornabuoniart.com\/wp-content\/uploads\/2025\/12\/DSC6408-113x75.jpg 113w, https:\/\/www.tornabuoniart.com\/wp-content\/uploads\/2025\/12\/DSC6408-960x640.jpg 960w, https:\/\/www.tornabuoniart.com\/wp-content\/uploads\/2025\/12\/DSC6408-480x320.jpg 480w\" sizes=\"auto, (max-width:767px) 480px, (max-width:2560px) 100vw, 2560px\" \/><div class=\"mpc-item-overlay mpc-transition\"><div class=\"mpc-overlay--vertical-wrap\"><div class=\"mpc-overlay--vertical\"><a href=\"https:\/\/www.tornabuoniart.com\/wp-content\/uploads\/2025\/12\/DSC6408-scaled.jpg\" data-rel=\"lightbox-gallery-0\" data-rl_title=\"Veduta della mostra, Au-Del\u00e0. Morandi \/ Fontana, Tornabuoni Art Parigi, 2025\" data-rl_caption=\"Veduta della mostra, Au-Del\u00e0. Morandi \/ Fontana, Tornabuoni Art Parigi, 2025\" data-magnific_type=\"gallery\" class=\"mpc-icon-anchor mpc-magnific-popup\" title=\"Veduta della mostra, Au-Del\u00e0. Morandi \/ Fontana, Tornabuoni Art Parigi, 2025\"><i class=\"mpc-item-overlay__icon mpc-type--lightbox fa fa-arrows mpc-icon--icon\"><\/i><\/a><\/div><\/div><\/div><\/div><\/div><div target=\"\"class=\"mpc-carousel__item-wrapper\" data-height=\"683\"><div onclick=\"\" class=\"mpc-item mpc-transition\"><div class=\"mpc-border\"><\/div><img loading=\"lazy\" decoding=\"async\" width=\"2560\" height=\"1707\" src=\"https:\/\/www.tornabuoniart.com\/wp-content\/uploads\/2025\/10\/GTOR-2025-Au-Dela-Morandini-Fontana-012-scaled.jpeg\" class=\"mpc-transition attachment-full\" alt=\"Veduta della mostra, Au-Del\u00e0. Morandi \/ Fontana, Tornabuoni Art Parigi, 2025\" title=\"Veduta della mostra, Au-Del\u00e0. Morandi \/ Fontana, Tornabuoni Art Parigi, 2025\" srcset=\"https:\/\/www.tornabuoniart.com\/wp-content\/uploads\/2025\/10\/GTOR-2025-Au-Dela-Morandini-Fontana-012-scaled.jpeg 2560w, https:\/\/www.tornabuoniart.com\/wp-content\/uploads\/2025\/10\/GTOR-2025-Au-Dela-Morandini-Fontana-012-300x200.jpeg 300w, https:\/\/www.tornabuoniart.com\/wp-content\/uploads\/2025\/10\/GTOR-2025-Au-Dela-Morandini-Fontana-012-1024x683.jpeg 1024w, https:\/\/www.tornabuoniart.com\/wp-content\/uploads\/2025\/10\/GTOR-2025-Au-Dela-Morandini-Fontana-012-768x512.jpeg 768w, https:\/\/www.tornabuoniart.com\/wp-content\/uploads\/2025\/10\/GTOR-2025-Au-Dela-Morandini-Fontana-012-1536x1024.jpeg 1536w, https:\/\/www.tornabuoniart.com\/wp-content\/uploads\/2025\/10\/GTOR-2025-Au-Dela-Morandini-Fontana-012-2048x1365.jpeg 2048w, https:\/\/www.tornabuoniart.com\/wp-content\/uploads\/2025\/10\/GTOR-2025-Au-Dela-Morandini-Fontana-012-113x75.jpeg 113w, https:\/\/www.tornabuoniart.com\/wp-content\/uploads\/2025\/10\/GTOR-2025-Au-Dela-Morandini-Fontana-012-960x640.jpeg 960w, https:\/\/www.tornabuoniart.com\/wp-content\/uploads\/2025\/10\/GTOR-2025-Au-Dela-Morandini-Fontana-012-480x320.jpeg 480w\" sizes=\"auto, (max-width:767px) 480px, (max-width:2560px) 100vw, 2560px\" \/><div class=\"mpc-item-overlay mpc-transition\"><div class=\"mpc-overlay--vertical-wrap\"><div class=\"mpc-overlay--vertical\"><a href=\"https:\/\/www.tornabuoniart.com\/wp-content\/uploads\/2025\/10\/GTOR-2025-Au-Dela-Morandini-Fontana-012-scaled.jpeg\" data-rel=\"lightbox-gallery-0\" data-rl_title=\"Veduta della mostra, Au-Del\u00e0. Morandi \/ Fontana, Tornabuoni Art Parigi, 2025\" data-rl_caption=\"Veduta della mostra, Au-Del\u00e0. Morandi \/ Fontana, Tornabuoni Art Parigi, 2025\" data-magnific_type=\"gallery\" class=\"mpc-icon-anchor mpc-magnific-popup\" title=\"Veduta della mostra, Au-Del\u00e0. Morandi \/ Fontana, Tornabuoni Art Parigi, 2025\"><i class=\"mpc-item-overlay__icon mpc-type--lightbox fa fa-arrows mpc-icon--icon\"><\/i><\/a><\/div><\/div><\/div><\/div><\/div><div target=\"\"class=\"mpc-carousel__item-wrapper\" data-height=\"683\"><div onclick=\"\" class=\"mpc-item mpc-transition\"><div class=\"mpc-border\"><\/div><img loading=\"lazy\" decoding=\"async\" width=\"2560\" height=\"1707\" src=\"https:\/\/www.tornabuoniart.com\/wp-content\/uploads\/2025\/10\/GTOR-2025-Au-Dela-Morandini-Fontana-003-scaled.jpeg\" class=\"mpc-transition attachment-full\" alt=\"Veduta della mostra, Au-Del\u00e0. Morandi \/ Fontana, Tornabuoni Art Parigi, 2025\" title=\"Veduta della mostra, Au-Del\u00e0. Morandi \/ Fontana, Tornabuoni Art Parigi, 2025\" srcset=\"https:\/\/www.tornabuoniart.com\/wp-content\/uploads\/2025\/10\/GTOR-2025-Au-Dela-Morandini-Fontana-003-scaled.jpeg 2560w, https:\/\/www.tornabuoniart.com\/wp-content\/uploads\/2025\/10\/GTOR-2025-Au-Dela-Morandini-Fontana-003-300x200.jpeg 300w, https:\/\/www.tornabuoniart.com\/wp-content\/uploads\/2025\/10\/GTOR-2025-Au-Dela-Morandini-Fontana-003-1024x683.jpeg 1024w, https:\/\/www.tornabuoniart.com\/wp-content\/uploads\/2025\/10\/GTOR-2025-Au-Dela-Morandini-Fontana-003-768x512.jpeg 768w, https:\/\/www.tornabuoniart.com\/wp-content\/uploads\/2025\/10\/GTOR-2025-Au-Dela-Morandini-Fontana-003-1536x1024.jpeg 1536w, https:\/\/www.tornabuoniart.com\/wp-content\/uploads\/2025\/10\/GTOR-2025-Au-Dela-Morandini-Fontana-003-2048x1365.jpeg 2048w, https:\/\/www.tornabuoniart.com\/wp-content\/uploads\/2025\/10\/GTOR-2025-Au-Dela-Morandini-Fontana-003-113x75.jpeg 113w, https:\/\/www.tornabuoniart.com\/wp-content\/uploads\/2025\/10\/GTOR-2025-Au-Dela-Morandini-Fontana-003-960x640.jpeg 960w, https:\/\/www.tornabuoniart.com\/wp-content\/uploads\/2025\/10\/GTOR-2025-Au-Dela-Morandini-Fontana-003-480x320.jpeg 480w\" sizes=\"auto, (max-width:767px) 480px, (max-width:2560px) 100vw, 2560px\" \/><div class=\"mpc-item-overlay mpc-transition\"><div class=\"mpc-overlay--vertical-wrap\"><div class=\"mpc-overlay--vertical\"><a href=\"https:\/\/www.tornabuoniart.com\/wp-content\/uploads\/2025\/10\/GTOR-2025-Au-Dela-Morandini-Fontana-003-scaled.jpeg\" data-rel=\"lightbox-gallery-0\" data-rl_title=\"Veduta della mostra, Au-Del\u00e0. Morandi \/ Fontana, Tornabuoni Art Parigi, 2025\" data-rl_caption=\"Veduta della mostra, Au-Del\u00e0. Morandi \/ Fontana, Tornabuoni Art Parigi, 2025\" data-magnific_type=\"gallery\" class=\"mpc-icon-anchor mpc-magnific-popup\" title=\"Veduta della mostra, Au-Del\u00e0. Morandi \/ Fontana, Tornabuoni Art Parigi, 2025\"><i class=\"mpc-item-overlay__icon mpc-type--lightbox fa fa-arrows mpc-icon--icon\"><\/i><\/a><\/div><\/div><\/div><\/div><\/div><div target=\"\"class=\"mpc-carousel__item-wrapper\" data-height=\"683\"><div onclick=\"\" class=\"mpc-item mpc-transition\"><div class=\"mpc-border\"><\/div><img loading=\"lazy\" decoding=\"async\" width=\"2560\" height=\"1707\" src=\"https:\/\/www.tornabuoniart.com\/wp-content\/uploads\/2025\/10\/GTOR-2025-Au-Dela-Morandini-Fontana-002-scaled.jpeg\" class=\"mpc-transition attachment-full\" alt=\"Veduta della mostra, Au-Del\u00e0. Morandi \/ Fontana, Tornabuoni Art Parigi, 2025\" title=\"Veduta della mostra, Au-Del\u00e0. Morandi \/ Fontana, Tornabuoni Art Parigi, 2025\" srcset=\"https:\/\/www.tornabuoniart.com\/wp-content\/uploads\/2025\/10\/GTOR-2025-Au-Dela-Morandini-Fontana-002-scaled.jpeg 2560w, https:\/\/www.tornabuoniart.com\/wp-content\/uploads\/2025\/10\/GTOR-2025-Au-Dela-Morandini-Fontana-002-300x200.jpeg 300w, https:\/\/www.tornabuoniart.com\/wp-content\/uploads\/2025\/10\/GTOR-2025-Au-Dela-Morandini-Fontana-002-1024x683.jpeg 1024w, https:\/\/www.tornabuoniart.com\/wp-content\/uploads\/2025\/10\/GTOR-2025-Au-Dela-Morandini-Fontana-002-768x512.jpeg 768w, https:\/\/www.tornabuoniart.com\/wp-content\/uploads\/2025\/10\/GTOR-2025-Au-Dela-Morandini-Fontana-002-1536x1024.jpeg 1536w, https:\/\/www.tornabuoniart.com\/wp-content\/uploads\/2025\/10\/GTOR-2025-Au-Dela-Morandini-Fontana-002-2048x1365.jpeg 2048w, https:\/\/www.tornabuoniart.com\/wp-content\/uploads\/2025\/10\/GTOR-2025-Au-Dela-Morandini-Fontana-002-113x75.jpeg 113w, https:\/\/www.tornabuoniart.com\/wp-content\/uploads\/2025\/10\/GTOR-2025-Au-Dela-Morandini-Fontana-002-960x640.jpeg 960w, https:\/\/www.tornabuoniart.com\/wp-content\/uploads\/2025\/10\/GTOR-2025-Au-Dela-Morandini-Fontana-002-480x320.jpeg 480w\" sizes=\"auto, (max-width:767px) 480px, (max-width:2560px) 100vw, 2560px\" \/><div class=\"mpc-item-overlay mpc-transition\"><div class=\"mpc-overlay--vertical-wrap\"><div class=\"mpc-overlay--vertical\"><a href=\"https:\/\/www.tornabuoniart.com\/wp-content\/uploads\/2025\/10\/GTOR-2025-Au-Dela-Morandini-Fontana-002-scaled.jpeg\" data-rel=\"lightbox-gallery-0\" data-rl_title=\"Veduta della mostra, Au-Del\u00e0. Morandi \/ Fontana, Tornabuoni Art Parigi, 2025\" data-rl_caption=\"Veduta della mostra, Au-Del\u00e0. Morandi \/ Fontana, Tornabuoni Art Parigi, 2025\" data-magnific_type=\"gallery\" class=\"mpc-icon-anchor mpc-magnific-popup\" title=\"Veduta della mostra, Au-Del\u00e0. Morandi \/ Fontana, Tornabuoni Art Parigi, 2025\"><i class=\"mpc-item-overlay__icon mpc-type--lightbox fa fa-arrows mpc-icon--icon\"><\/i><\/a><\/div><\/div><\/div><\/div><\/div><div target=\"\"class=\"mpc-carousel__item-wrapper\" data-height=\"683\"><div onclick=\"\" class=\"mpc-item mpc-transition\"><div class=\"mpc-border\"><\/div><img loading=\"lazy\" decoding=\"async\" width=\"2560\" height=\"1707\" src=\"https:\/\/www.tornabuoniart.com\/wp-content\/uploads\/2025\/10\/GTOR-2025-Au-Dela-Morandini-Fontana-001-scaled.jpeg\" class=\"mpc-transition attachment-full\" alt=\"Veduta della mostra, Au-Del\u00e0. Morandi \/ Fontana, Tornabuoni Art Parigi, 2025\" title=\"Veduta della mostra, Au-Del\u00e0. Morandi \/ Fontana, Tornabuoni Art Parigi, 2025\" srcset=\"https:\/\/www.tornabuoniart.com\/wp-content\/uploads\/2025\/10\/GTOR-2025-Au-Dela-Morandini-Fontana-001-scaled.jpeg 2560w, https:\/\/www.tornabuoniart.com\/wp-content\/uploads\/2025\/10\/GTOR-2025-Au-Dela-Morandini-Fontana-001-300x200.jpeg 300w, https:\/\/www.tornabuoniart.com\/wp-content\/uploads\/2025\/10\/GTOR-2025-Au-Dela-Morandini-Fontana-001-1024x683.jpeg 1024w, https:\/\/www.tornabuoniart.com\/wp-content\/uploads\/2025\/10\/GTOR-2025-Au-Dela-Morandini-Fontana-001-768x512.jpeg 768w, https:\/\/www.tornabuoniart.com\/wp-content\/uploads\/2025\/10\/GTOR-2025-Au-Dela-Morandini-Fontana-001-1536x1024.jpeg 1536w, https:\/\/www.tornabuoniart.com\/wp-content\/uploads\/2025\/10\/GTOR-2025-Au-Dela-Morandini-Fontana-001-2048x1365.jpeg 2048w, https:\/\/www.tornabuoniart.com\/wp-content\/uploads\/2025\/10\/GTOR-2025-Au-Dela-Morandini-Fontana-001-113x75.jpeg 113w, https:\/\/www.tornabuoniart.com\/wp-content\/uploads\/2025\/10\/GTOR-2025-Au-Dela-Morandini-Fontana-001-960x640.jpeg 960w, https:\/\/www.tornabuoniart.com\/wp-content\/uploads\/2025\/10\/GTOR-2025-Au-Dela-Morandini-Fontana-001-480x320.jpeg 480w\" sizes=\"auto, (max-width:767px) 480px, (max-width:2560px) 100vw, 2560px\" \/><div class=\"mpc-item-overlay mpc-transition\"><div class=\"mpc-overlay--vertical-wrap\"><div class=\"mpc-overlay--vertical\"><a href=\"https:\/\/www.tornabuoniart.com\/wp-content\/uploads\/2025\/10\/GTOR-2025-Au-Dela-Morandini-Fontana-001-scaled.jpeg\" data-rel=\"lightbox-gallery-0\" data-rl_title=\"Veduta della mostra, Au-Del\u00e0. Morandi \/ Fontana, Tornabuoni Art Parigi, 2025\" data-rl_caption=\"Veduta della mostra, Au-Del\u00e0. Morandi \/ Fontana, Tornabuoni Art Parigi, 2025\" data-magnific_type=\"gallery\" class=\"mpc-icon-anchor mpc-magnific-popup\" title=\"Veduta della mostra, Au-Del\u00e0. Morandi \/ Fontana, Tornabuoni Art Parigi, 2025\"><i class=\"mpc-item-overlay__icon mpc-type--lightbox fa fa-arrows mpc-icon--icon\"><\/i><\/a><\/div><\/div><\/div><\/div><\/div><div target=\"\"class=\"mpc-carousel__item-wrapper\" data-height=\"683\"><div onclick=\"\" class=\"mpc-item mpc-transition\"><div class=\"mpc-border\"><\/div><img loading=\"lazy\" decoding=\"async\" width=\"2560\" height=\"1707\" src=\"https:\/\/www.tornabuoniart.com\/wp-content\/uploads\/2025\/10\/GTOR-2025-Au-Dela-Morandini-Fontana-005-scaled.jpeg\" class=\"mpc-transition attachment-full\" alt=\"Veduta della mostra, Au-Del\u00e0. Morandi \/ Fontana, Tornabuoni Art Parigi, 2025\" title=\"Veduta della mostra, Au-Del\u00e0. Morandi \/ Fontana, Tornabuoni Art Parigi, 2025\" srcset=\"https:\/\/www.tornabuoniart.com\/wp-content\/uploads\/2025\/10\/GTOR-2025-Au-Dela-Morandini-Fontana-005-scaled.jpeg 2560w, https:\/\/www.tornabuoniart.com\/wp-content\/uploads\/2025\/10\/GTOR-2025-Au-Dela-Morandini-Fontana-005-300x200.jpeg 300w, https:\/\/www.tornabuoniart.com\/wp-content\/uploads\/2025\/10\/GTOR-2025-Au-Dela-Morandini-Fontana-005-1024x683.jpeg 1024w, https:\/\/www.tornabuoniart.com\/wp-content\/uploads\/2025\/10\/GTOR-2025-Au-Dela-Morandini-Fontana-005-768x512.jpeg 768w, https:\/\/www.tornabuoniart.com\/wp-content\/uploads\/2025\/10\/GTOR-2025-Au-Dela-Morandini-Fontana-005-1536x1024.jpeg 1536w, https:\/\/www.tornabuoniart.com\/wp-content\/uploads\/2025\/10\/GTOR-2025-Au-Dela-Morandini-Fontana-005-2048x1365.jpeg 2048w, https:\/\/www.tornabuoniart.com\/wp-content\/uploads\/2025\/10\/GTOR-2025-Au-Dela-Morandini-Fontana-005-113x75.jpeg 113w, https:\/\/www.tornabuoniart.com\/wp-content\/uploads\/2025\/10\/GTOR-2025-Au-Dela-Morandini-Fontana-005-960x640.jpeg 960w, https:\/\/www.tornabuoniart.com\/wp-content\/uploads\/2025\/10\/GTOR-2025-Au-Dela-Morandini-Fontana-005-480x320.jpeg 480w\" sizes=\"auto, (max-width:767px) 480px, (max-width:2560px) 100vw, 2560px\" \/><div class=\"mpc-item-overlay mpc-transition\"><div class=\"mpc-overlay--vertical-wrap\"><div class=\"mpc-overlay--vertical\"><a href=\"https:\/\/www.tornabuoniart.com\/wp-content\/uploads\/2025\/10\/GTOR-2025-Au-Dela-Morandini-Fontana-005-scaled.jpeg\" data-rel=\"lightbox-gallery-0\" data-rl_title=\"Veduta della mostra, Au-Del\u00e0. Morandi \/ Fontana, Tornabuoni Art Parigi, 2025\" data-rl_caption=\"Veduta della mostra, Au-Del\u00e0. Morandi \/ Fontana, Tornabuoni Art Parigi, 2025\" data-magnific_type=\"gallery\" class=\"mpc-icon-anchor mpc-magnific-popup\" title=\"Veduta della mostra, Au-Del\u00e0. Morandi \/ Fontana, Tornabuoni Art Parigi, 2025\"><i class=\"mpc-item-overlay__icon mpc-type--lightbox fa fa-arrows mpc-icon--icon\"><\/i><\/a><\/div><\/div><\/div><\/div><\/div><div target=\"\"class=\"mpc-carousel__item-wrapper\" data-height=\"683\"><div onclick=\"\" class=\"mpc-item mpc-transition\"><div class=\"mpc-border\"><\/div><img loading=\"lazy\" decoding=\"async\" width=\"2560\" height=\"1707\" src=\"https:\/\/www.tornabuoniart.com\/wp-content\/uploads\/2025\/10\/GTOR-2025-Au-Dela-Morandini-Fontana-006-scaled.jpeg\" class=\"mpc-transition attachment-full\" alt=\"Veduta della mostra, Au-Del\u00e0. Morandi \/ Fontana, Tornabuoni Art Parigi, 2025\" title=\"Veduta della mostra, Au-Del\u00e0. Morandi \/ Fontana, Tornabuoni Art Parigi, 2025\" srcset=\"https:\/\/www.tornabuoniart.com\/wp-content\/uploads\/2025\/10\/GTOR-2025-Au-Dela-Morandini-Fontana-006-scaled.jpeg 2560w, https:\/\/www.tornabuoniart.com\/wp-content\/uploads\/2025\/10\/GTOR-2025-Au-Dela-Morandini-Fontana-006-300x200.jpeg 300w, https:\/\/www.tornabuoniart.com\/wp-content\/uploads\/2025\/10\/GTOR-2025-Au-Dela-Morandini-Fontana-006-1024x683.jpeg 1024w, https:\/\/www.tornabuoniart.com\/wp-content\/uploads\/2025\/10\/GTOR-2025-Au-Dela-Morandini-Fontana-006-768x512.jpeg 768w, https:\/\/www.tornabuoniart.com\/wp-content\/uploads\/2025\/10\/GTOR-2025-Au-Dela-Morandini-Fontana-006-1536x1024.jpeg 1536w, https:\/\/www.tornabuoniart.com\/wp-content\/uploads\/2025\/10\/GTOR-2025-Au-Dela-Morandini-Fontana-006-2048x1365.jpeg 2048w, https:\/\/www.tornabuoniart.com\/wp-content\/uploads\/2025\/10\/GTOR-2025-Au-Dela-Morandini-Fontana-006-113x75.jpeg 113w, https:\/\/www.tornabuoniart.com\/wp-content\/uploads\/2025\/10\/GTOR-2025-Au-Dela-Morandini-Fontana-006-960x640.jpeg 960w, https:\/\/www.tornabuoniart.com\/wp-content\/uploads\/2025\/10\/GTOR-2025-Au-Dela-Morandini-Fontana-006-480x320.jpeg 480w\" sizes=\"auto, (max-width:767px) 480px, (max-width:2560px) 100vw, 2560px\" \/><div class=\"mpc-item-overlay mpc-transition\"><div class=\"mpc-overlay--vertical-wrap\"><div class=\"mpc-overlay--vertical\"><a href=\"https:\/\/www.tornabuoniart.com\/wp-content\/uploads\/2025\/10\/GTOR-2025-Au-Dela-Morandini-Fontana-006-scaled.jpeg\" data-rel=\"lightbox-gallery-0\" data-rl_title=\"Veduta della mostra, Au-Del\u00e0. Morandi \/ Fontana, Tornabuoni Art Parigi, 2025\" data-rl_caption=\"Veduta della mostra, Au-Del\u00e0. Morandi \/ Fontana, Tornabuoni Art Parigi, 2025\" data-magnific_type=\"gallery\" class=\"mpc-icon-anchor mpc-magnific-popup\" title=\"Veduta della mostra, Au-Del\u00e0. Morandi \/ Fontana, Tornabuoni Art Parigi, 2025\"><i class=\"mpc-item-overlay__icon mpc-type--lightbox fa fa-arrows mpc-icon--icon\"><\/i><\/a><\/div><\/div><\/div><\/div><\/div><div target=\"\"class=\"mpc-carousel__item-wrapper\" data-height=\"1024\"><div onclick=\"\" class=\"mpc-item mpc-transition\"><div class=\"mpc-border\"><\/div><img loading=\"lazy\" decoding=\"async\" width=\"1707\" height=\"2560\" src=\"https:\/\/www.tornabuoniart.com\/wp-content\/uploads\/2025\/10\/GTOR-2025-Au-Dela-Morandini-Fontana-018-scaled.jpeg\" class=\"mpc-transition attachment-full\" alt=\"Veduta della mostra, Au-Del\u00e0. Morandi \/ Fontana, Tornabuoni Art Parigi, 2025\" title=\"Veduta della mostra, Au-Del\u00e0. Morandi \/ Fontana, Tornabuoni Art Parigi, 2025\" srcset=\"https:\/\/www.tornabuoniart.com\/wp-content\/uploads\/2025\/10\/GTOR-2025-Au-Dela-Morandini-Fontana-018-scaled.jpeg 1707w, https:\/\/www.tornabuoniart.com\/wp-content\/uploads\/2025\/10\/GTOR-2025-Au-Dela-Morandini-Fontana-018-200x300.jpeg 200w, https:\/\/www.tornabuoniart.com\/wp-content\/uploads\/2025\/10\/GTOR-2025-Au-Dela-Morandini-Fontana-018-683x1024.jpeg 683w, https:\/\/www.tornabuoniart.com\/wp-content\/uploads\/2025\/10\/GTOR-2025-Au-Dela-Morandini-Fontana-018-768x1152.jpeg 768w, https:\/\/www.tornabuoniart.com\/wp-content\/uploads\/2025\/10\/GTOR-2025-Au-Dela-Morandini-Fontana-018-1024x1536.jpeg 1024w, https:\/\/www.tornabuoniart.com\/wp-content\/uploads\/2025\/10\/GTOR-2025-Au-Dela-Morandini-Fontana-018-1365x2048.jpeg 1365w, https:\/\/www.tornabuoniart.com\/wp-content\/uploads\/2025\/10\/GTOR-2025-Au-Dela-Morandini-Fontana-018-50x75.jpeg 50w, https:\/\/www.tornabuoniart.com\/wp-content\/uploads\/2025\/10\/GTOR-2025-Au-Dela-Morandini-Fontana-018-480x720.jpeg 480w\" sizes=\"auto, (max-width:767px) 480px, (max-width:1707px) 100vw, 1707px\" \/><div class=\"mpc-item-overlay mpc-transition\"><div class=\"mpc-overlay--vertical-wrap\"><div class=\"mpc-overlay--vertical\"><a href=\"https:\/\/www.tornabuoniart.com\/wp-content\/uploads\/2025\/10\/GTOR-2025-Au-Dela-Morandini-Fontana-018-scaled.jpeg\" data-rel=\"lightbox-gallery-0\" data-rl_title=\"Veduta della mostra, Au-Del\u00e0. Morandi \/ Fontana, Tornabuoni Art Parigi, 2025\" data-rl_caption=\"Veduta della mostra, Au-Del\u00e0. Morandi \/ Fontana, Tornabuoni Art Parigi, 2025\" data-magnific_type=\"gallery\" class=\"mpc-icon-anchor mpc-magnific-popup\" title=\"Veduta della mostra, Au-Del\u00e0. Morandi \/ Fontana, Tornabuoni Art Parigi, 2025\"><i class=\"mpc-item-overlay__icon mpc-type--lightbox fa fa-arrows mpc-icon--icon\"><\/i><\/a><\/div><\/div><\/div><\/div><\/div><div target=\"\"class=\"mpc-carousel__item-wrapper\" data-height=\"683\"><div onclick=\"\" class=\"mpc-item mpc-transition\"><div class=\"mpc-border\"><\/div><img loading=\"lazy\" decoding=\"async\" width=\"2560\" height=\"1707\" src=\"https:\/\/www.tornabuoniart.com\/wp-content\/uploads\/2025\/10\/GTOR-2025-Au-Dela-Morandini-Fontana-010-scaled.jpeg\" class=\"mpc-transition attachment-full\" alt=\"Veduta della mostra, Au-Del\u00e0. Morandi \/ Fontana, Tornabuoni Art Parigi, 2025\" title=\"Veduta della mostra, Au-Del\u00e0. Morandi \/ Fontana, Tornabuoni Art Parigi, 2025\" srcset=\"https:\/\/www.tornabuoniart.com\/wp-content\/uploads\/2025\/10\/GTOR-2025-Au-Dela-Morandini-Fontana-010-scaled.jpeg 2560w, https:\/\/www.tornabuoniart.com\/wp-content\/uploads\/2025\/10\/GTOR-2025-Au-Dela-Morandini-Fontana-010-300x200.jpeg 300w, https:\/\/www.tornabuoniart.com\/wp-content\/uploads\/2025\/10\/GTOR-2025-Au-Dela-Morandini-Fontana-010-1024x683.jpeg 1024w, https:\/\/www.tornabuoniart.com\/wp-content\/uploads\/2025\/10\/GTOR-2025-Au-Dela-Morandini-Fontana-010-768x512.jpeg 768w, https:\/\/www.tornabuoniart.com\/wp-content\/uploads\/2025\/10\/GTOR-2025-Au-Dela-Morandini-Fontana-010-1536x1024.jpeg 1536w, https:\/\/www.tornabuoniart.com\/wp-content\/uploads\/2025\/10\/GTOR-2025-Au-Dela-Morandini-Fontana-010-2048x1365.jpeg 2048w, https:\/\/www.tornabuoniart.com\/wp-content\/uploads\/2025\/10\/GTOR-2025-Au-Dela-Morandini-Fontana-010-113x75.jpeg 113w, https:\/\/www.tornabuoniart.com\/wp-content\/uploads\/2025\/10\/GTOR-2025-Au-Dela-Morandini-Fontana-010-960x640.jpeg 960w, https:\/\/www.tornabuoniart.com\/wp-content\/uploads\/2025\/10\/GTOR-2025-Au-Dela-Morandini-Fontana-010-480x320.jpeg 480w\" sizes=\"auto, (max-width:767px) 480px, (max-width:2560px) 100vw, 2560px\" \/><div class=\"mpc-item-overlay mpc-transition\"><div class=\"mpc-overlay--vertical-wrap\"><div class=\"mpc-overlay--vertical\"><a href=\"https:\/\/www.tornabuoniart.com\/wp-content\/uploads\/2025\/10\/GTOR-2025-Au-Dela-Morandini-Fontana-010-scaled.jpeg\" data-rel=\"lightbox-gallery-0\" data-rl_title=\"Veduta della mostra, Au-Del\u00e0. Morandi \/ Fontana, Tornabuoni Art Parigi, 2025\" data-rl_caption=\"Veduta della mostra, Au-Del\u00e0. Morandi \/ Fontana, Tornabuoni Art Parigi, 2025\" data-magnific_type=\"gallery\" class=\"mpc-icon-anchor mpc-magnific-popup\" title=\"Veduta della mostra, Au-Del\u00e0. Morandi \/ Fontana, Tornabuoni Art Parigi, 2025\"><i class=\"mpc-item-overlay__icon mpc-type--lightbox fa fa-arrows mpc-icon--icon\"><\/i><\/a><\/div><\/div><\/div><\/div><\/div><div target=\"\"class=\"mpc-carousel__item-wrapper\" data-height=\"683\"><div onclick=\"\" class=\"mpc-item mpc-transition\"><div class=\"mpc-border\"><\/div><img loading=\"lazy\" decoding=\"async\" width=\"2560\" height=\"1707\" src=\"https:\/\/www.tornabuoniart.com\/wp-content\/uploads\/2025\/10\/GTOR-2025-Au-Dela-Morandini-Fontana-014-scaled.jpeg\" class=\"mpc-transition attachment-full\" alt=\"Veduta della mostra, Au-Del\u00e0. Morandi \/ Fontana, Tornabuoni Art Parigi, 2025\" title=\"Veduta della mostra, Au-Del\u00e0. Morandi \/ Fontana, Tornabuoni Art Parigi, 2025\" srcset=\"https:\/\/www.tornabuoniart.com\/wp-content\/uploads\/2025\/10\/GTOR-2025-Au-Dela-Morandini-Fontana-014-scaled.jpeg 2560w, https:\/\/www.tornabuoniart.com\/wp-content\/uploads\/2025\/10\/GTOR-2025-Au-Dela-Morandini-Fontana-014-300x200.jpeg 300w, https:\/\/www.tornabuoniart.com\/wp-content\/uploads\/2025\/10\/GTOR-2025-Au-Dela-Morandini-Fontana-014-1024x683.jpeg 1024w, https:\/\/www.tornabuoniart.com\/wp-content\/uploads\/2025\/10\/GTOR-2025-Au-Dela-Morandini-Fontana-014-768x512.jpeg 768w, https:\/\/www.tornabuoniart.com\/wp-content\/uploads\/2025\/10\/GTOR-2025-Au-Dela-Morandini-Fontana-014-1536x1024.jpeg 1536w, https:\/\/www.tornabuoniart.com\/wp-content\/uploads\/2025\/10\/GTOR-2025-Au-Dela-Morandini-Fontana-014-2048x1365.jpeg 2048w, https:\/\/www.tornabuoniart.com\/wp-content\/uploads\/2025\/10\/GTOR-2025-Au-Dela-Morandini-Fontana-014-113x75.jpeg 113w, https:\/\/www.tornabuoniart.com\/wp-content\/uploads\/2025\/10\/GTOR-2025-Au-Dela-Morandini-Fontana-014-960x640.jpeg 960w, https:\/\/www.tornabuoniart.com\/wp-content\/uploads\/2025\/10\/GTOR-2025-Au-Dela-Morandini-Fontana-014-480x320.jpeg 480w\" sizes=\"auto, (max-width:767px) 480px, (max-width:2560px) 100vw, 2560px\" \/><div class=\"mpc-item-overlay mpc-transition\"><div class=\"mpc-overlay--vertical-wrap\"><div class=\"mpc-overlay--vertical\"><a href=\"https:\/\/www.tornabuoniart.com\/wp-content\/uploads\/2025\/10\/GTOR-2025-Au-Dela-Morandini-Fontana-014-scaled.jpeg\" data-rel=\"lightbox-gallery-0\" data-rl_title=\"Veduta della mostra, Au-Del\u00e0. Morandi \/ Fontana, Tornabuoni Art Parigi, 2025\" data-rl_caption=\"Veduta della mostra, Au-Del\u00e0. Morandi \/ Fontana, Tornabuoni Art Parigi, 2025\" data-magnific_type=\"gallery\" class=\"mpc-icon-anchor mpc-magnific-popup\" title=\"Veduta della mostra, Au-Del\u00e0. Morandi \/ Fontana, Tornabuoni Art Parigi, 2025\"><i class=\"mpc-item-overlay__icon mpc-type--lightbox fa fa-arrows mpc-icon--icon\"><\/i><\/a><\/div><\/div><\/div><\/div><\/div><div target=\"\"class=\"mpc-carousel__item-wrapper\" data-height=\"683\"><div onclick=\"\" class=\"mpc-item mpc-transition\"><div class=\"mpc-border\"><\/div><img loading=\"lazy\" decoding=\"async\" width=\"2560\" height=\"1707\" src=\"https:\/\/www.tornabuoniart.com\/wp-content\/uploads\/2025\/10\/GTOR-2025-Au-Dela-Morandini-Fontana-013-scaled.jpeg\" class=\"mpc-transition attachment-full\" alt=\"Veduta della mostra, Au-Del\u00e0. Morandi \/ Fontana, Tornabuoni Art Parigi, 2025\" title=\"Veduta della mostra, Au-Del\u00e0. Morandi \/ Fontana, Tornabuoni Art Parigi, 2025\" srcset=\"https:\/\/www.tornabuoniart.com\/wp-content\/uploads\/2025\/10\/GTOR-2025-Au-Dela-Morandini-Fontana-013-scaled.jpeg 2560w, https:\/\/www.tornabuoniart.com\/wp-content\/uploads\/2025\/10\/GTOR-2025-Au-Dela-Morandini-Fontana-013-300x200.jpeg 300w, https:\/\/www.tornabuoniart.com\/wp-content\/uploads\/2025\/10\/GTOR-2025-Au-Dela-Morandini-Fontana-013-1024x683.jpeg 1024w, https:\/\/www.tornabuoniart.com\/wp-content\/uploads\/2025\/10\/GTOR-2025-Au-Dela-Morandini-Fontana-013-768x512.jpeg 768w, https:\/\/www.tornabuoniart.com\/wp-content\/uploads\/2025\/10\/GTOR-2025-Au-Dela-Morandini-Fontana-013-1536x1024.jpeg 1536w, https:\/\/www.tornabuoniart.com\/wp-content\/uploads\/2025\/10\/GTOR-2025-Au-Dela-Morandini-Fontana-013-2048x1365.jpeg 2048w, https:\/\/www.tornabuoniart.com\/wp-content\/uploads\/2025\/10\/GTOR-2025-Au-Dela-Morandini-Fontana-013-113x75.jpeg 113w, https:\/\/www.tornabuoniart.com\/wp-content\/uploads\/2025\/10\/GTOR-2025-Au-Dela-Morandini-Fontana-013-960x640.jpeg 960w, https:\/\/www.tornabuoniart.com\/wp-content\/uploads\/2025\/10\/GTOR-2025-Au-Dela-Morandini-Fontana-013-480x320.jpeg 480w\" sizes=\"auto, (max-width:767px) 480px, (max-width:2560px) 100vw, 2560px\" \/><div class=\"mpc-item-overlay mpc-transition\"><div class=\"mpc-overlay--vertical-wrap\"><div class=\"mpc-overlay--vertical\"><a href=\"https:\/\/www.tornabuoniart.com\/wp-content\/uploads\/2025\/10\/GTOR-2025-Au-Dela-Morandini-Fontana-013-scaled.jpeg\" data-rel=\"lightbox-gallery-0\" data-rl_title=\"Veduta della mostra, Au-Del\u00e0. Morandi \/ Fontana, Tornabuoni Art Parigi, 2025\" data-rl_caption=\"Veduta della mostra, Au-Del\u00e0. Morandi \/ Fontana, Tornabuoni Art Parigi, 2025\" data-magnific_type=\"gallery\" class=\"mpc-icon-anchor mpc-magnific-popup\" title=\"Veduta della mostra, Au-Del\u00e0. Morandi \/ Fontana, Tornabuoni Art Parigi, 2025\"><i class=\"mpc-item-overlay__icon mpc-type--lightbox fa fa-arrows mpc-icon--icon\"><\/i><\/a><\/div><\/div><\/div><\/div><\/div><div target=\"\"class=\"mpc-carousel__item-wrapper\" data-height=\"683\"><div onclick=\"\" class=\"mpc-item mpc-transition\"><div class=\"mpc-border\"><\/div><img loading=\"lazy\" decoding=\"async\" width=\"2560\" height=\"1707\" src=\"https:\/\/www.tornabuoniart.com\/wp-content\/uploads\/2025\/10\/GTOR-2025-Au-Dela-Morandini-Fontana-015-scaled.jpeg\" class=\"mpc-transition attachment-full\" alt=\"Veduta della mostra, Au-Del\u00e0. Morandi \/ Fontana, Tornabuoni Art Parigi, 2025\" title=\"Veduta della mostra, Au-Del\u00e0. Morandi \/ Fontana, Tornabuoni Art Parigi, 2025\" srcset=\"https:\/\/www.tornabuoniart.com\/wp-content\/uploads\/2025\/10\/GTOR-2025-Au-Dela-Morandini-Fontana-015-scaled.jpeg 2560w, https:\/\/www.tornabuoniart.com\/wp-content\/uploads\/2025\/10\/GTOR-2025-Au-Dela-Morandini-Fontana-015-300x200.jpeg 300w, https:\/\/www.tornabuoniart.com\/wp-content\/uploads\/2025\/10\/GTOR-2025-Au-Dela-Morandini-Fontana-015-1024x683.jpeg 1024w, https:\/\/www.tornabuoniart.com\/wp-content\/uploads\/2025\/10\/GTOR-2025-Au-Dela-Morandini-Fontana-015-768x512.jpeg 768w, https:\/\/www.tornabuoniart.com\/wp-content\/uploads\/2025\/10\/GTOR-2025-Au-Dela-Morandini-Fontana-015-1536x1024.jpeg 1536w, https:\/\/www.tornabuoniart.com\/wp-content\/uploads\/2025\/10\/GTOR-2025-Au-Dela-Morandini-Fontana-015-2048x1365.jpeg 2048w, https:\/\/www.tornabuoniart.com\/wp-content\/uploads\/2025\/10\/GTOR-2025-Au-Dela-Morandini-Fontana-015-113x75.jpeg 113w, https:\/\/www.tornabuoniart.com\/wp-content\/uploads\/2025\/10\/GTOR-2025-Au-Dela-Morandini-Fontana-015-960x640.jpeg 960w, https:\/\/www.tornabuoniart.com\/wp-content\/uploads\/2025\/10\/GTOR-2025-Au-Dela-Morandini-Fontana-015-480x320.jpeg 480w\" sizes=\"auto, (max-width:767px) 480px, (max-width:2560px) 100vw, 2560px\" \/><div class=\"mpc-item-overlay mpc-transition\"><div class=\"mpc-overlay--vertical-wrap\"><div class=\"mpc-overlay--vertical\"><a href=\"https:\/\/www.tornabuoniart.com\/wp-content\/uploads\/2025\/10\/GTOR-2025-Au-Dela-Morandini-Fontana-015-scaled.jpeg\" data-rel=\"lightbox-gallery-0\" data-rl_title=\"Veduta della mostra, Au-Del\u00e0. Morandi \/ Fontana, Tornabuoni Art Parigi, 2025\" data-rl_caption=\"Veduta della mostra, Au-Del\u00e0. Morandi \/ Fontana, Tornabuoni Art Parigi, 2025\" data-magnific_type=\"gallery\" class=\"mpc-icon-anchor mpc-magnific-popup\" title=\"Veduta della mostra, Au-Del\u00e0. Morandi \/ Fontana, Tornabuoni Art Parigi, 2025\"><i class=\"mpc-item-overlay__icon mpc-type--lightbox fa fa-arrows mpc-icon--icon\"><\/i><\/a><\/div><\/div><\/div><\/div><\/div><\/div><div class=\"mpc-navigation mpc-init mpc-align--left mpc-navigation--style_3 mpc-on-hover  mpc-nav-preset--preset_3\" data-mpcslider=\"mpc_carousel_image-6969f5e6e76305f\"><div class=\"mpc-nav__arrow mpcslick-prev\"><div class=\"mpc-nav__icon mpc-transition\"><i class=\" eti eti_arrow_carrot-left\"><div class=\"mpc-nav__background mpc-transition mpc-effect-type--fade mpc-effect-side--in\"><\/div><\/i><\/div><\/div><\/div><div class=\"mpc-navigation mpc-init mpc-align--left mpc-navigation--style_3 mpc-on-hover  mpc-nav-preset--preset_3\" data-mpcslider=\"mpc_carousel_image-6969f5e6e76305f\"><div class=\"mpc-nav__arrow mpcslick-next\"><div class=\"mpc-nav__icon mpc-transition\"><i class=\" eti eti_arrow_carrot-right\"><div class=\"mpc-nav__background mpc-transition mpc-effect-type--fade mpc-effect-side--in\"><\/div><\/i><\/div><\/div><\/div><\/div>[vc_column_text css=&#8221;&#8221; el_class=&#8221;testo-giustificato&#8221; el_id=&#8221;info&#8221;]<span style=\"font-weight: 400;\">La galleria Tornabuoni Art di Parigi ospita <\/span><span style=\"font-weight: 400;\">una mostra che mette a confronto due dei pi\u00f9 grandi innovatori del linguaggio artistico del XX secolo: Giorgio Morandi e Lucio Fontana.<\/span><\/p>\n<p><span style=\"font-weight: 400;\">Il progetto espositivo prosegue con un dialogo inedito avviato al CAMeC di La Spezia attraverso la mostra <\/span><i><span style=\"font-weight: 400;\">Morandi e Fontana. Invisibile e Infinito <\/span><\/i><span style=\"font-weight: 400;\">(2025)<\/span><i><span style=\"font-weight: 400;\">. <\/span><\/i><span style=\"font-weight: 400;\">La mostra parigina, curata da Sergio Risaliti, Direttore del Museo Novecento di Firenze, offrir\u00e0 al pubblico francese e internazionale spunti di riflessioni sui possibili parallelismi tra Giorgio Morandi (Bologna, 1890 \u2013 1964) e Lucio Fontana (Rosario, 1899 \u2013 Comabbio, 1968).<\/span><\/p>\n<p><span style=\"font-weight: 400;\">Come due rette parallele, che non dovrebbero mai incontrarsi se non all\u2019infinito, ecco che Morandi e Fontana si ritrovano <\/span><i><span style=\"font-weight: 400;\">al di l\u00e0 <\/span><\/i><span style=\"font-weight: 400;\">del visibile nel punto in cui l\u2019arte supera i limiti della percezione ottica per condurre lo sguardo verso l\u2019irraggiungibile dell\u2019infinito e nell\u2019invisibile delle cose. Per Morandi si tratta dell\u2019essenza degli oggetti pi\u00f9 comuni e vicini, al di l\u00e0 della percezione immediata che ne possiamo avere, e oltre le forme riconoscibili, quelle pi\u00f9 ordinarie. Fontana prende di petto la questione metafisica e la trascina oltre la tradizione figurativa, aprendo un varco nella tela, quella superficie su cui per secoli si era inteso replicare l\u2019immagine della realt\u00e0, superando con un balzo l\u2019illusionismo per aprire un varco al di l\u00e0 della tela, uno spazio infinito oltre la bidimensionalit\u00e0.\u00a0<\/span>[\/vc_column_text][vc_column_text css=&#8221;&#8221; el_class=&#8221;bouton-contenu-supplementaire&#8221;]<strong>Leggi di pi\u00f9<\/strong>[\/vc_column_text][vc_column_text css=&#8221;&#8221; el_class=&#8221;contenu-supplementaire&#8221;]<span style=\"font-weight: 400;\">Mentre Fontana proietta il nostro sguardo telescopico verso l\u2019invisibile dell\u2019infinito, il pi\u00f9 distante e l\u2019irraggiungibile, Morandi, invece, punta il cannocchiale verso l\u2019infinito dell\u2019invisibile. Imbrigliando l\u2019irrappresentabile e l\u2019irraffigurabile, ha scoperto la metafisica sussistenza dell\u2019eterno tra oggetti comuni e nei paesaggi pi\u00f9 familiari tra i tetti e i giardini di Bologna , dove ha sempre vissuto, e Grizzana, amena localit\u00e0 nell\u2019Appennino emiliano, dove si ritirava nei giorni pi\u00f9 caldi dell\u2019estate.<\/span><\/p>\n<p><span style=\"font-weight: 400;\">Esiste, dunque, una strana, imprevedibile convergenza tra i due artisti. Giorgio Morandi ha spinto il linguaggio figurativo al limite estremo quasi a terminare nell\u2019astrazione metafisica; ha vissuto l\u2019arte come una missione sublime, tutto dedito alla poesia senza tempo del colore e delle forme, della luce e dei sentimenti.\u00a0 Limitandosi a nature morte di bottiglie, vasi, caffettiere, a paesaggi rarefatti, ha ridotto la pittura alla sua essenza, dissolvendo la materia in atmosfere silenziose e contemplative. La sua ricerca costante di un equilibrio tra visibile e invisibile conferisce alle sue opere una dimensione intima e universale.\u00a0<\/span><\/p>\n<p><span style=\"font-weight: 400;\">Lucio Fontana ha osato spingersi oltre, mettendo fine alla tradizione figurativa occidentale; \u00e8 stato pioniere di un\u2019arte libera di circolare fuori dal mondo reale, non pi\u00f9 prigioniera dello spazio e del tempo terrestre. Con il suo <\/span><i><span style=\"font-weight: 400;\">Concetto spaziale<\/span><\/i><span style=\"font-weight: 400;\">, Fontana ha inaugurato una nuova concezione dell\u2019arte, in cui il vuoto e il gesto diventano protagonisti, assieme all\u2019immaginazione cosmica, alla intuizione di un limite senza pi\u00f9 limite. Secoli e secoli di arte figurativa si sono ridotti a una tela monocroma perforata da costellazioni di fori o incisa da un taglio chirurgico, per superare con un colpo d\u2019ala dell\u2019immaginazione metafisica la piatta aridit\u00e0, autoreferenziale, del bianco su bianco. Quei fori e quegli squarci trasformano il dipinto, infatti, in oggetto plastico, offrendo ancor una volta, e di pi\u00f9, un appiglio fenomenologico e sensoriale all\u2019arte dopo le estremizzazioni astratte.<\/span>[\/vc_column_text][vc_column_text css=&#8221;&#8221; el_class=&#8221;testo-giustificato&#8221;]<span style=\"font-weight: 400;\">La mostra, attraverso una selezione accurata di opere, indaga il dialogo tra due visioni accomunate da un&#8217;identica aspirazione: superare i limiti della rappresentazione tradizionale. Morandi e Fontana, pur attraverso linguaggi differenti \u2014 la sospensione contemplativa da un lato, la rottura spaziale dall\u2019altro \u2014 propongono una riflessione radicale sull&#8217;essenza dell&#8217;arte, sul rapporto tra forma e spazio, tra finito e infinito.<\/span>[\/vc_column_text][vc_column_text css=&#8221;&#8221; el_class=&#8221;testo-giustificato&#8221;]<strong><a href=\"https:\/\/www.tornabuoniart.com\/wp-content\/uploads\/2025\/09\/CS-Au-Dela.-Fontana_Morandi-IT.pdf\">Comunicato stampa<\/a><\/strong>[\/vc_column_text][vc_column_text css=&#8221;&#8221; el_class=&#8221;testo-giustificato&#8221;]<\/p>\n<h2><b>pubblicazioni<\/b><\/h2>\n<p>[\/vc_column_text][vc_basic_grid post_type=&#8221;ids&#8221; element_width=&#8221;6&#8243; css=&#8221;&#8221; grid_id=&#8221;vc_gid:1765382565479-209d62c4-14e0-9&#8243; include=&#8221;63910&#8243;][vc_row_inner disable_element=&#8221;yes&#8221; preset=&#8221;preset_4&#8243; content_preset=&#8221;_preset_4&#8243; el_class=&#8221;blocco-pubblicazioni-mostre&#8221;][vc_column_inner][\/vc_column_inner][vc_column_inner][\/vc_column_inner][\/vc_row_inner][vc_row_inner disable_element=&#8221;yes&#8221; el_class=&#8221;video-mostre&#8221;][vc_column_inner][\/vc_column_inner][\/vc_row_inner][\/vc_column][\/vc_row][vc_row][vc_column][vc_empty_space height=&#8221;100px&#8221;][\/vc_column][\/vc_row]<\/p>\n<\/div>","protected":false},"excerpt":{"rendered":"<p>[vc_row css=&#8221;.vc_custom_1577099898580{margin-top: 100px !important;}&#8221;][vc_column width=&#8221;1\/4&#8243; enable_sticky=&#8221;true&#8221; sticky_offset=&#8221;150&#8243; alignment=&#8221;center&#8221; css=&#8221;.vc_custom_1547464395638{margin-bottom: 50px !important;}&#8221;][vc_column_text] &lt;&lt; torna alle mostre [\/vc_column_text][vc_custom_heading source=&#8221;post_title&#8221; font_container=&#8221;tag:h1|font_size:30px|text_align:center|line_height:30px&#8221; use_theme_fonts=&#8221;yes&#8221;][vc_separator css=&#8221;.vc_custom_1547225178042{margin-top: 0px !important;margin-bottom: 0px !important;padding-top: 0px !important;padding-bottom:<\/p>\n","protected":false},"featured_media":63719,"parent":0,"menu_order":0,"template":"","typology":[184],"class_list":["post-63202","exhibitions","type-exhibitions","status-publish","has-post-thumbnail","hentry","typology-past"],"acf":[],"yoast_head":"<!-- This site is optimized with the Yoast SEO plugin v27.4 - https:\/\/yoast.com\/product\/yoast-seo-wordpress\/ -->\n<title>Au-Del\u00e0. Morandi\/Fontana - Tornabuoni Art<\/title>\n<meta name=\"robots\" content=\"index, follow, max-snippet:-1, max-image-preview:large, max-video-preview:-1\" \/>\n<link rel=\"canonical\" href=\"https:\/\/www.tornabuoniart.com\/it\/exhibitions\/au-dela-morandi-fontana\/\" \/>\n<meta property=\"og:locale\" content=\"it_IT\" \/>\n<meta property=\"og:type\" content=\"article\" \/>\n<meta property=\"og:title\" content=\"Au-Del\u00e0. Morandi\/Fontana - Tornabuoni Art\" \/>\n<meta property=\"og:description\" content=\"[vc_row css=&#8221;.vc_custom_1577099898580{margin-top: 100px !important;}&#8221;][vc_column width=&#8221;1\/4&#8243; enable_sticky=&#8221;true&#8221; sticky_offset=&#8221;150&#8243; alignment=&#8221;center&#8221; css=&#8221;.vc_custom_1547464395638{margin-bottom: 50px !important;}&#8221;][vc_column_text] &lt;&lt; torna alle mostre [\/vc_column_text][vc_custom_heading source=&#8221;post_title&#8221; font_container=&#8221;tag:h1|font_size:30px|text_align:center|line_height:30px&#8221; use_theme_fonts=&#8221;yes&#8221;][vc_separator css=&#8221;.vc_custom_1547225178042{margin-top: 0px !important;margin-bottom: 0px !important;padding-top: 0px !important;padding-bottom:\" \/>\n<meta property=\"og:url\" content=\"https:\/\/www.tornabuoniart.com\/it\/exhibitions\/au-dela-morandi-fontana\/\" \/>\n<meta property=\"og:site_name\" content=\"Tornabuoni Art\" \/>\n<meta property=\"article:publisher\" content=\"https:\/\/www.facebook.com\/TornabuoniArt\/\" \/>\n<meta property=\"article:modified_time\" content=\"2026-02-13T10:21:45+00:00\" \/>\n<meta property=\"og:image\" content=\"https:\/\/www.tornabuoniart.com\/wp-content\/uploads\/2025\/10\/GTOR-2025-Au-Dela-Morandini-Fontana-001-scaled.jpeg\" \/>\n\t<meta property=\"og:image:width\" content=\"2560\" \/>\n\t<meta property=\"og:image:height\" content=\"1707\" \/>\n\t<meta property=\"og:image:type\" content=\"image\/jpeg\" \/>\n<meta name=\"twitter:card\" content=\"summary_large_image\" \/>\n<meta name=\"twitter:site\" content=\"@TornabuoniArt\" \/>\n<meta name=\"twitter:label1\" content=\"Tempo di lettura stimato\" \/>\n\t<meta name=\"twitter:data1\" content=\"5 minuti\" \/>\n<script type=\"application\/ld+json\" class=\"yoast-schema-graph\">{\"@context\":\"https:\\\/\\\/schema.org\",\"@graph\":[{\"@type\":\"WebPage\",\"@id\":\"https:\\\/\\\/www.tornabuoniart.com\\\/it\\\/exhibitions\\\/au-dela-morandi-fontana\\\/\",\"url\":\"https:\\\/\\\/www.tornabuoniart.com\\\/it\\\/exhibitions\\\/au-dela-morandi-fontana\\\/\",\"name\":\"Au-Del\u00e0. Morandi\\\/Fontana - Tornabuoni Art\",\"isPartOf\":{\"@id\":\"https:\\\/\\\/www.tornabuoniart.com\\\/en\\\/#website\"},\"primaryImageOfPage\":{\"@id\":\"https:\\\/\\\/www.tornabuoniart.com\\\/it\\\/exhibitions\\\/au-dela-morandi-fontana\\\/#primaryimage\"},\"image\":{\"@id\":\"https:\\\/\\\/www.tornabuoniart.com\\\/it\\\/exhibitions\\\/au-dela-morandi-fontana\\\/#primaryimage\"},\"thumbnailUrl\":\"https:\\\/\\\/www.tornabuoniart.com\\\/wp-content\\\/uploads\\\/2025\\\/10\\\/GTOR-2025-Au-Dela-Morandini-Fontana-001-scaled.jpeg\",\"datePublished\":\"2025-09-19T10:53:11+00:00\",\"dateModified\":\"2026-02-13T10:21:45+00:00\",\"breadcrumb\":{\"@id\":\"https:\\\/\\\/www.tornabuoniart.com\\\/it\\\/exhibitions\\\/au-dela-morandi-fontana\\\/#breadcrumb\"},\"inLanguage\":\"it-IT\",\"potentialAction\":[{\"@type\":\"ReadAction\",\"target\":[\"https:\\\/\\\/www.tornabuoniart.com\\\/it\\\/exhibitions\\\/au-dela-morandi-fontana\\\/\"]}]},{\"@type\":\"ImageObject\",\"inLanguage\":\"it-IT\",\"@id\":\"https:\\\/\\\/www.tornabuoniart.com\\\/it\\\/exhibitions\\\/au-dela-morandi-fontana\\\/#primaryimage\",\"url\":\"https:\\\/\\\/www.tornabuoniart.com\\\/wp-content\\\/uploads\\\/2025\\\/10\\\/GTOR-2025-Au-Dela-Morandini-Fontana-001-scaled.jpeg\",\"contentUrl\":\"https:\\\/\\\/www.tornabuoniart.com\\\/wp-content\\\/uploads\\\/2025\\\/10\\\/GTOR-2025-Au-Dela-Morandini-Fontana-001-scaled.jpeg\",\"width\":2560,\"height\":1707,\"caption\":\"Veduta della mostra, Au-Del\u00e0. Morandi \\\/ Fontana, Tornabuoni Art Parigi, 2025\"},{\"@type\":\"BreadcrumbList\",\"@id\":\"https:\\\/\\\/www.tornabuoniart.com\\\/it\\\/exhibitions\\\/au-dela-morandi-fontana\\\/#breadcrumb\",\"itemListElement\":[{\"@type\":\"ListItem\",\"position\":1,\"name\":\"Home\",\"item\":\"https:\\\/\\\/www.tornabuoniart.com\\\/it\\\/\"},{\"@type\":\"ListItem\",\"position\":2,\"name\":\"Au-Del\u00e0. Morandi\\\/Fontana\"}]},{\"@type\":\"WebSite\",\"@id\":\"https:\\\/\\\/www.tornabuoniart.com\\\/en\\\/#website\",\"url\":\"https:\\\/\\\/www.tornabuoniart.com\\\/en\\\/\",\"name\":\"Tornabuoni Art\",\"description\":\"Modern &amp; Contemporary Art Gallery\",\"publisher\":{\"@id\":\"https:\\\/\\\/www.tornabuoniart.com\\\/en\\\/#organization\"},\"potentialAction\":[{\"@type\":\"SearchAction\",\"target\":{\"@type\":\"EntryPoint\",\"urlTemplate\":\"https:\\\/\\\/www.tornabuoniart.com\\\/en\\\/?s={search_term_string}\"},\"query-input\":{\"@type\":\"PropertyValueSpecification\",\"valueRequired\":true,\"valueName\":\"search_term_string\"}}],\"inLanguage\":\"it-IT\"},{\"@type\":\"Organization\",\"@id\":\"https:\\\/\\\/www.tornabuoniart.com\\\/en\\\/#organization\",\"name\":\"Tornabuoni Art\",\"url\":\"https:\\\/\\\/www.tornabuoniart.com\\\/en\\\/\",\"logo\":{\"@type\":\"ImageObject\",\"inLanguage\":\"it-IT\",\"@id\":\"https:\\\/\\\/www.tornabuoniart.com\\\/en\\\/#\\\/schema\\\/logo\\\/image\\\/\",\"url\":\"http:\\\/\\\/www.tornabuoniart.com\\\/wp-content\\\/uploads\\\/2019\\\/04\\\/logo_tornabuoni-art2-2-grey.png\",\"contentUrl\":\"http:\\\/\\\/www.tornabuoniart.com\\\/wp-content\\\/uploads\\\/2019\\\/04\\\/logo_tornabuoni-art2-2-grey.png\",\"width\":961,\"height\":136,\"caption\":\"Tornabuoni Art\"},\"image\":{\"@id\":\"https:\\\/\\\/www.tornabuoniart.com\\\/en\\\/#\\\/schema\\\/logo\\\/image\\\/\"},\"sameAs\":[\"https:\\\/\\\/www.facebook.com\\\/TornabuoniArt\\\/\",\"https:\\\/\\\/x.com\\\/TornabuoniArt\",\"https:\\\/\\\/www.instagram.com\\\/tornabuoniart\\\/\"]}]}<\/script>\n<!-- \/ Yoast SEO plugin. -->","yoast_head_json":{"title":"Au-Del\u00e0. Morandi\/Fontana - Tornabuoni Art","robots":{"index":"index","follow":"follow","max-snippet":"max-snippet:-1","max-image-preview":"max-image-preview:large","max-video-preview":"max-video-preview:-1"},"canonical":"https:\/\/www.tornabuoniart.com\/it\/exhibitions\/au-dela-morandi-fontana\/","og_locale":"it_IT","og_type":"article","og_title":"Au-Del\u00e0. Morandi\/Fontana - Tornabuoni Art","og_description":"[vc_row css=&#8221;.vc_custom_1577099898580{margin-top: 100px !important;}&#8221;][vc_column width=&#8221;1\/4&#8243; enable_sticky=&#8221;true&#8221; sticky_offset=&#8221;150&#8243; alignment=&#8221;center&#8221; css=&#8221;.vc_custom_1547464395638{margin-bottom: 50px !important;}&#8221;][vc_column_text] &lt;&lt; torna alle mostre [\/vc_column_text][vc_custom_heading source=&#8221;post_title&#8221; font_container=&#8221;tag:h1|font_size:30px|text_align:center|line_height:30px&#8221; use_theme_fonts=&#8221;yes&#8221;][vc_separator css=&#8221;.vc_custom_1547225178042{margin-top: 0px !important;margin-bottom: 0px !important;padding-top: 0px !important;padding-bottom:","og_url":"https:\/\/www.tornabuoniart.com\/it\/exhibitions\/au-dela-morandi-fontana\/","og_site_name":"Tornabuoni Art","article_publisher":"https:\/\/www.facebook.com\/TornabuoniArt\/","article_modified_time":"2026-02-13T10:21:45+00:00","og_image":[{"width":2560,"height":1707,"url":"https:\/\/www.tornabuoniart.com\/wp-content\/uploads\/2025\/10\/GTOR-2025-Au-Dela-Morandini-Fontana-001-scaled.jpeg","type":"image\/jpeg"}],"twitter_card":"summary_large_image","twitter_site":"@TornabuoniArt","twitter_misc":{"Tempo di lettura stimato":"5 minuti"},"schema":{"@context":"https:\/\/schema.org","@graph":[{"@type":"WebPage","@id":"https:\/\/www.tornabuoniart.com\/it\/exhibitions\/au-dela-morandi-fontana\/","url":"https:\/\/www.tornabuoniart.com\/it\/exhibitions\/au-dela-morandi-fontana\/","name":"Au-Del\u00e0. Morandi\/Fontana - Tornabuoni Art","isPartOf":{"@id":"https:\/\/www.tornabuoniart.com\/en\/#website"},"primaryImageOfPage":{"@id":"https:\/\/www.tornabuoniart.com\/it\/exhibitions\/au-dela-morandi-fontana\/#primaryimage"},"image":{"@id":"https:\/\/www.tornabuoniart.com\/it\/exhibitions\/au-dela-morandi-fontana\/#primaryimage"},"thumbnailUrl":"https:\/\/www.tornabuoniart.com\/wp-content\/uploads\/2025\/10\/GTOR-2025-Au-Dela-Morandini-Fontana-001-scaled.jpeg","datePublished":"2025-09-19T10:53:11+00:00","dateModified":"2026-02-13T10:21:45+00:00","breadcrumb":{"@id":"https:\/\/www.tornabuoniart.com\/it\/exhibitions\/au-dela-morandi-fontana\/#breadcrumb"},"inLanguage":"it-IT","potentialAction":[{"@type":"ReadAction","target":["https:\/\/www.tornabuoniart.com\/it\/exhibitions\/au-dela-morandi-fontana\/"]}]},{"@type":"ImageObject","inLanguage":"it-IT","@id":"https:\/\/www.tornabuoniart.com\/it\/exhibitions\/au-dela-morandi-fontana\/#primaryimage","url":"https:\/\/www.tornabuoniart.com\/wp-content\/uploads\/2025\/10\/GTOR-2025-Au-Dela-Morandini-Fontana-001-scaled.jpeg","contentUrl":"https:\/\/www.tornabuoniart.com\/wp-content\/uploads\/2025\/10\/GTOR-2025-Au-Dela-Morandini-Fontana-001-scaled.jpeg","width":2560,"height":1707,"caption":"Veduta della mostra, Au-Del\u00e0. Morandi \/ Fontana, Tornabuoni Art Parigi, 2025"},{"@type":"BreadcrumbList","@id":"https:\/\/www.tornabuoniart.com\/it\/exhibitions\/au-dela-morandi-fontana\/#breadcrumb","itemListElement":[{"@type":"ListItem","position":1,"name":"Home","item":"https:\/\/www.tornabuoniart.com\/it\/"},{"@type":"ListItem","position":2,"name":"Au-Del\u00e0. Morandi\/Fontana"}]},{"@type":"WebSite","@id":"https:\/\/www.tornabuoniart.com\/en\/#website","url":"https:\/\/www.tornabuoniart.com\/en\/","name":"Tornabuoni Art","description":"Modern &amp; Contemporary Art Gallery","publisher":{"@id":"https:\/\/www.tornabuoniart.com\/en\/#organization"},"potentialAction":[{"@type":"SearchAction","target":{"@type":"EntryPoint","urlTemplate":"https:\/\/www.tornabuoniart.com\/en\/?s={search_term_string}"},"query-input":{"@type":"PropertyValueSpecification","valueRequired":true,"valueName":"search_term_string"}}],"inLanguage":"it-IT"},{"@type":"Organization","@id":"https:\/\/www.tornabuoniart.com\/en\/#organization","name":"Tornabuoni Art","url":"https:\/\/www.tornabuoniart.com\/en\/","logo":{"@type":"ImageObject","inLanguage":"it-IT","@id":"https:\/\/www.tornabuoniart.com\/en\/#\/schema\/logo\/image\/","url":"http:\/\/www.tornabuoniart.com\/wp-content\/uploads\/2019\/04\/logo_tornabuoni-art2-2-grey.png","contentUrl":"http:\/\/www.tornabuoniart.com\/wp-content\/uploads\/2019\/04\/logo_tornabuoni-art2-2-grey.png","width":961,"height":136,"caption":"Tornabuoni Art"},"image":{"@id":"https:\/\/www.tornabuoniart.com\/en\/#\/schema\/logo\/image\/"},"sameAs":["https:\/\/www.facebook.com\/TornabuoniArt\/","https:\/\/x.com\/TornabuoniArt","https:\/\/www.instagram.com\/tornabuoniart\/"]}]}},"ptb_metabox":[],"ptb_taxonomy":{"typology":[{"term_id":184,"name":"Past","slug":"past","term_group":0,"term_taxonomy_id":184,"taxonomy":"typology","description":"","parent":0,"count":421,"filter":"raw","term_order":"0"}]},"ptb_featured_image":{"url":"http:\/\/www.tornabuoniart.com\/wp-content\/uploads\/2025\/10\/GTOR-2025-Au-Dela-Morandini-Fontana-001.jpeg","title":"Veduta della mostra, Au-Del\u00e0. Morandi \/ Fontana, Tornabuoni Art Parigi, 2025","caption":"Veduta della mostra, Au-Del\u00e0. Morandi \/ Fontana, Tornabuoni Art Parigi, 2025"},"_links":{"self":[{"href":"https:\/\/www.tornabuoniart.com\/it\/wp-json\/wp\/v2\/exhibitions\/63202","targetHints":{"allow":["GET"]}}],"collection":[{"href":"https:\/\/www.tornabuoniart.com\/it\/wp-json\/wp\/v2\/exhibitions"}],"about":[{"href":"https:\/\/www.tornabuoniart.com\/it\/wp-json\/wp\/v2\/types\/exhibitions"}],"version-history":[{"count":5,"href":"https:\/\/www.tornabuoniart.com\/it\/wp-json\/wp\/v2\/exhibitions\/63202\/revisions"}],"predecessor-version":[{"id":64479,"href":"https:\/\/www.tornabuoniart.com\/it\/wp-json\/wp\/v2\/exhibitions\/63202\/revisions\/64479"}],"wp:featuredmedia":[{"embeddable":true,"href":"https:\/\/www.tornabuoniart.com\/it\/wp-json\/wp\/v2\/media\/63719"}],"wp:attachment":[{"href":"https:\/\/www.tornabuoniart.com\/it\/wp-json\/wp\/v2\/media?parent=63202"}],"wp:term":[{"taxonomy":"typology","embeddable":true,"href":"https:\/\/www.tornabuoniart.com\/it\/wp-json\/wp\/v2\/typology?post=63202"}],"curies":[{"name":"wp","href":"https:\/\/api.w.org\/{rel}","templated":true}]}}