{"id":9504,"date":"2019-09-13T15:13:06","date_gmt":"2019-09-13T14:13:06","guid":{"rendered":"https:\/\/tornabuoniart.com\/artisti\/turcato-giulio\/"},"modified":"2026-04-14T16:21:26","modified_gmt":"2026-04-14T15:21:26","slug":"turcato-giulio","status":"publish","type":"portfolio","link":"https:\/\/www.tornabuoniart.com\/fr\/artisti\/turcato-giulio\/","title":{"rendered":"Turcato Giulio"},"content":{"rendered":"<div class=\"wpb-content-wrapper\"><p>[vc_row css=&#8221;.vc_custom_1577099752877{margin-top: 100px !important;}&#8221;][vc_column width=&#8221;1\/4&#8243; enable_sticky=&#8221;true&#8221; sticky_offset=&#8221;100&#8243; alignment=&#8221;center&#8221; css=&#8221;.vc_custom_1547225524376{margin-bottom: 50px !important;}&#8221;][vc_column_text]<\/p>\n<p style=\"text-align: center;\"><a href=\"https:\/\/tornabuoniart.com\/fr\/artistes\/\"><span style=\"color: #808080;\"><em>&lt;&lt; retourner aux artistes<\/em><\/span><\/a><\/p>\n<p>[\/vc_column_text][vc_single_image image=&#8221;8045&#8243; img_size=&#8221;full&#8221; alignment=&#8221;center&#8221; css=&#8221;.vc_custom_1579276153577{margin-bottom: 0px !important;padding-bottom: 0px !important;}&#8221;][vc_custom_heading source=&#8221;post_title&#8221; font_container=&#8221;tag:h1|font_size:22%20px|text_align:center|line_height:30%20px&#8221; use_theme_fonts=&#8221;yes&#8221;][\/vc_column][vc_column width=&#8221;3\/4&#8243;]<div class=\"mpc-carousel__wrapper mpc-waypoint\"><div id=\"mpc_carousel_image-9969f5d0cdc7763\" class=\"mpc-carousel-image mpc-init mpc-layout--fluid mpc-effect--none mpc-force-height  mpc-overlay--fade\"  data-mpcslick='{\"infinite\":true,\"autoplay\":false,\"slidesToShow\":3,\"slidesToScroll\":1,\"centerMode\":false,\"initialSlide\":0,\"rows\":1,\"variableWidth\":true,\"speed\":500}' data-slick-cols=\"3\" data-align=\"middle-center\"><div target=\"\"class=\"mpc-carousel__item-wrapper\" data-height=\"1015\"><div onclick=\"\" class=\"mpc-item mpc-transition\"><div class=\"mpc-border\"><\/div><img loading=\"lazy\" decoding=\"async\" width=\"1788\" height=\"1772\" src=\"https:\/\/www.tornabuoniart.com\/wp-content\/uploads\/2026\/01\/Turcato-Alone-1986-150-x-150-cm.jpg\" class=\"mpc-transition attachment-full\" alt=\"\" title=\"Turcato, Alone, 1986, 150 x 150 cm\" srcset=\"https:\/\/www.tornabuoniart.com\/wp-content\/uploads\/2026\/01\/Turcato-Alone-1986-150-x-150-cm.jpg 1788w, https:\/\/www.tornabuoniart.com\/wp-content\/uploads\/2026\/01\/Turcato-Alone-1986-150-x-150-cm-300x297.jpg 300w, https:\/\/www.tornabuoniart.com\/wp-content\/uploads\/2026\/01\/Turcato-Alone-1986-150-x-150-cm-1024x1015.jpg 1024w, https:\/\/www.tornabuoniart.com\/wp-content\/uploads\/2026\/01\/Turcato-Alone-1986-150-x-150-cm-150x150.jpg 150w, https:\/\/www.tornabuoniart.com\/wp-content\/uploads\/2026\/01\/Turcato-Alone-1986-150-x-150-cm-768x761.jpg 768w, https:\/\/www.tornabuoniart.com\/wp-content\/uploads\/2026\/01\/Turcato-Alone-1986-150-x-150-cm-1536x1522.jpg 1536w, https:\/\/www.tornabuoniart.com\/wp-content\/uploads\/2026\/01\/Turcato-Alone-1986-150-x-150-cm-76x75.jpg 76w, https:\/\/www.tornabuoniart.com\/wp-content\/uploads\/2026\/01\/Turcato-Alone-1986-150-x-150-cm-727x720.jpg 727w, https:\/\/www.tornabuoniart.com\/wp-content\/uploads\/2026\/01\/Turcato-Alone-1986-150-x-150-cm-480x476.jpg 480w\" sizes=\"auto, (max-width:767px) 480px, (max-width:1788px) 100vw, 1788px\" \/><div class=\"mpc-item-overlay mpc-transition\"><div class=\"mpc-overlay--vertical-wrap\"><div class=\"mpc-overlay--vertical\"><a href=\"https:\/\/www.tornabuoniart.com\/wp-content\/uploads\/2026\/01\/Turcato-Alone-1986-150-x-150-cm.jpg\" data-rel=\"lightbox-gallery-0\" data-rl_title=\"Turcato, Alone, 1986, 150 x 150 cm\" data-rl_caption=\"Turcato, Alone, 1986, 150 x 150 cm\" data-magnific_type=\"gallery\" class=\"mpc-icon-anchor mpc-magnific-popup\" title=\"Turcato, Alone, 1986, 150 x 150 cm\"><i class=\"mpc-item-overlay__icon mpc-type--lightbox fa fa-arrows mpc-icon--icon\"><\/i><\/a><\/div><\/div><\/div><\/div><\/div><div target=\"\"class=\"mpc-carousel__item-wrapper\" data-height=\"1024\"><div onclick=\"\" class=\"mpc-item mpc-transition\"><div class=\"mpc-border\"><\/div><img loading=\"lazy\" decoding=\"async\" width=\"1130\" height=\"2254\" src=\"https:\/\/www.tornabuoniart.com\/wp-content\/uploads\/2026\/01\/Turcato-Itinerari-meta-anni-70-120-x-60-cm.jpg\" class=\"mpc-transition attachment-full\" alt=\"\" title=\"Turcato, Itinerari, meta&#039; anni 70, 120 x 60 cm\" srcset=\"https:\/\/www.tornabuoniart.com\/wp-content\/uploads\/2026\/01\/Turcato-Itinerari-meta-anni-70-120-x-60-cm.jpg 1130w, https:\/\/www.tornabuoniart.com\/wp-content\/uploads\/2026\/01\/Turcato-Itinerari-meta-anni-70-120-x-60-cm-150x300.jpg 150w, https:\/\/www.tornabuoniart.com\/wp-content\/uploads\/2026\/01\/Turcato-Itinerari-meta-anni-70-120-x-60-cm-513x1024.jpg 513w, https:\/\/www.tornabuoniart.com\/wp-content\/uploads\/2026\/01\/Turcato-Itinerari-meta-anni-70-120-x-60-cm-768x1532.jpg 768w, https:\/\/www.tornabuoniart.com\/wp-content\/uploads\/2026\/01\/Turcato-Itinerari-meta-anni-70-120-x-60-cm-770x1536.jpg 770w, https:\/\/www.tornabuoniart.com\/wp-content\/uploads\/2026\/01\/Turcato-Itinerari-meta-anni-70-120-x-60-cm-1027x2048.jpg 1027w, https:\/\/www.tornabuoniart.com\/wp-content\/uploads\/2026\/01\/Turcato-Itinerari-meta-anni-70-120-x-60-cm-38x75.jpg 38w, https:\/\/www.tornabuoniart.com\/wp-content\/uploads\/2026\/01\/Turcato-Itinerari-meta-anni-70-120-x-60-cm-361x720.jpg 361w, https:\/\/www.tornabuoniart.com\/wp-content\/uploads\/2026\/01\/Turcato-Itinerari-meta-anni-70-120-x-60-cm-480x957.jpg 480w\" sizes=\"auto, (max-width:767px) 480px, (max-width:1130px) 100vw, 1130px\" \/><div class=\"mpc-item-overlay mpc-transition\"><div class=\"mpc-overlay--vertical-wrap\"><div class=\"mpc-overlay--vertical\"><a href=\"https:\/\/www.tornabuoniart.com\/wp-content\/uploads\/2026\/01\/Turcato-Itinerari-meta-anni-70-120-x-60-cm.jpg\" data-rel=\"lightbox-gallery-0\" data-rl_title=\"Turcato, Itinerari, meta&#8217; anni 70, 120 x 60 cm\" data-rl_caption=\"Turcato, Itinerari, meta&#8217; anni 70, 120 x 60 cm\" data-magnific_type=\"gallery\" class=\"mpc-icon-anchor mpc-magnific-popup\" title=\"Turcato, Itinerari, meta&#8217; anni 70, 120 x 60 cm\"><i class=\"mpc-item-overlay__icon mpc-type--lightbox fa fa-arrows mpc-icon--icon\"><\/i><\/a><\/div><\/div><\/div><\/div><\/div><\/div><div class=\"mpc-navigation mpc-init mpc-align--left mpc-navigation--style_3 mpc-on-hover  mpc-nav-preset--preset_3\" data-mpcslider=\"mpc_carousel_image-9969f5d0cdc7763\"><div class=\"mpc-nav__arrow mpcslick-prev\"><div class=\"mpc-nav__icon mpc-transition\"><i class=\" eti eti_arrow_carrot-left\"><div class=\"mpc-nav__background mpc-transition mpc-effect-type--fade mpc-effect-side--in\"><\/div><\/i><\/div><\/div><\/div><div class=\"mpc-navigation mpc-init mpc-align--left mpc-navigation--style_3 mpc-on-hover  mpc-nav-preset--preset_3\" data-mpcslider=\"mpc_carousel_image-9969f5d0cdc7763\"><div class=\"mpc-nav__arrow mpcslick-next\"><div class=\"mpc-nav__icon mpc-transition\"><i class=\" eti eti_arrow_carrot-right\"><div class=\"mpc-nav__background mpc-transition mpc-effect-type--fade mpc-effect-side--in\"><\/div><\/i><\/div><\/div><\/div><\/div>[vc_column_text css=&#8221;.vc_custom_1578667400636{margin-top: 25px !important;padding-top: 0px !important;}&#8221; el_id=&#8221;biography&#8221;]<\/p>\n<h2>biographie<\/h2>\n<p>[\/vc_column_text][vc_column_text css=&#8221;&#8221; el_class=&#8221;testo-giustificato&#8221;]Mantua, 1912 &#8211; Rome, 1995<\/p>\n<p>Giulio Turcato na\u00eet \u00e0 Mantoue en 1912. Il fait des \u00e9tudes d\u2019art et de dessin \u00e0 Venise \u00e0 la Scuola d\u2019arte, au Liceo Artistico et \u00e0 la Libera Scuola di Nudo, et il enseigne plus tard le dessin \u00e0 la Scuola di Avviamento Professionale.<\/p>\n<p>Ses premi\u00e8res natures mortes et paysages sont de 1926, et sa premi\u00e8re participation \u00e0 une exposition collective date de 1932. En 1937, il s&#8217;installe \u00e0 Milan: ici, il travaille comme dessinateur avec l&#8217;architecte Giovanni Muzio et en 1940, il participe \u00e0 une exposition collective \u00e0 Galleria Grande. Entre 1942 et 1943, il revient \u00e0 Venise, o\u00f9 il enseigne et participe \u00e0 la XXIII Biennale d&#8217;art. En 1943, il s&#8217;installe d\u00e9finitivement \u00e0 Rome et participe \u00e0 la IV Quadriennale. En 1945, il est l&#8217;un des fondateurs de l&#8217;Art Club avec Prampolini, Fazzini, Jarema, Savelli, Mafai, Corpora, Consagra et Perilli. L&#8217;ann\u00e9e suivante,, il participe \u00e0 <em>l&#8217;Exposition d&#8217;Art Contemporain Italien<\/em> \u00e0 Varsovie et rejoint le manifeste de la Nuova Secessione Artistica Italiana.<\/p>\n<p>En 1947, il cr\u00e9e Forma 1, le premier groupe d&#8217;artistes abstraits \u00e0 Rome, avec Accardi, Attardi, Consagra, Dorazio, Guerini et Sanfilippo, puis signe le manifeste du Formalisme. En 1948, il expose \u00e0 la XXIV Biennale de Venise et au II Salon des Beaux Arts de Paris. Nous pouvons citer quelques expositions majeurs auxquelles il prend part: il participe \u00e0 <em>l&#8217;Art Italien du XX\u00e8me si\u00e8cle<\/em> au Museum of Modern Art de New York en 1949, et une exposition personnelle lui est \u00e9galement consacr\u00e9e \u00e0 la Galleria del Naviglio de Milan. En 1950, il re\u00e7oit un prix \u00e0 la Biennale de Venise. La m\u00eame ann\u00e9e, il entre dans le groupe Otto avec Afro, Birolli, Corpora, Moreni et Morlotti, participant avec eux \u00e0 la Biennale de Venise de 1952. \u00c0 partir du milieu des ann\u00e9es 1950, il b\u00e9n\u00e9ficie d&#8217;importantes expositions personnelles \u00e0 la Galleria del Naviglio \u00e0 Milan, \u00e0 la XXV Biennale de Venise, \u00e0 la Galleria La Tartaruga \u00e0 Rome, \u00e0 la XXIX Biennale de Venise et au Grattacielo \u00e0 Milan. En 1960, il int\u00e8gre le groupe Continuit\u00e0, dont les activit\u00e9s sont document\u00e9es dans diverses expositions.<\/p>\n<p>De nombreuses expositions personnelles lui sont d\u00e9di\u00e9es au cours des ann\u00e9es 1970, notamment au Schubert \u00e0 Milan, au Barozzi \u00e0 Venise et Milan, au Martano \u00e0 Turin, au Segno \u00e0 Rome, \u00e0 la Biennale de Venise, au Palazzo delle Esposizioni \u00e0 Rome, \u00e0 l&#8217;Institut Culturel Italien \u00e0 New York, ainsi qu\u2019au Mus\u00e9e d&#8217;Art Moderne de Bucarest. Ses activit\u00e9s artistiques et d\u2019exposition se poursuivent au cours des d\u00e9cennies suivantes, comme \u00e0 l\u2019occasion de l\u2019anthologie au PAC de Milan, de la r\u00e9trospective \u00e0 la Galleria Nazionale d\u2019Arte Moderna \u00e0 Rome, puis dans les ann\u00e9es 1990, \u00e0 C\u00e0 Pesaro \u00e0 Venise. Depuis sa mort, en 1995 \u00e0 Rome, ses \u0153uvres continuent d\u2019\u00eatre expos\u00e9es au sein d\u2019institutions, de mus\u00e9es et de galeries \u00e0 travers le monde entier.<\/p>\n<p>En 2012, pour c\u00e9l\u00e9brer le centenaire de sa naissance, l&#8217;\u00e9mission <em>Giulio Turcato. Stellare<\/em> est diffus\u00e9e au Museo di Arte Contemporanea de Rome, mettant en vedette plus de vingt ans de sa carri\u00e8re. <em>Turcato. Dalla forma poetica alla pittura di superficie <\/em>est tenue au CAMEC \u00e0 La Spezia en 2016.<\/p>\n<p>\u00a9 GIULIO TURCATO, by SIAE 2026[\/vc_column_text][vc_row_inner][vc_column_inner][vc_column_text css=&#8221;.vc_custom_1568023296154{padding-top: 50px !important;padding-bottom: 10px !important;}&#8221; el_id=&#8221;exhibition&#8221;]<\/p>\n<h2>expositions<\/h2>\n<p>[\/vc_column_text][vc_basic_grid post_type=&#8221;ids&#8221; element_width=&#8221;12&#8243; item=&#8221;4321&#8243; css=&#8221;&#8221; grid_id=&#8221;vc_gid:1776180058406-93495da3-b5c3-9&#8243; include=&#8221;65374, 56484, 55393, 54330, 9169, 19665&#8243;][\/vc_column_inner][\/vc_row_inner][vc_row_inner disable_element=&#8221;yes&#8221;][vc_column_inner][vc_column_text css=&#8221;.vc_custom_1578667642547{padding-top: 50px !important;padding-bottom: 10px !important;}&#8221; el_id=&#8221;fairs&#8221;]<\/p>\n<h2>foires<\/h2>\n<p>[\/vc_column_text][vc_basic_grid post_type=&#8221;ids&#8221; element_width=&#8221;6&#8243; item=&#8221;4545&#8243; grid_id=&#8221;vc_gid:1776180058407-209c2571-7bfa-3&#8243;][\/vc_column_inner][\/vc_row_inner][vc_row_inner disable_element=&#8221;yes&#8221;][vc_column_inner][vc_column_text css=&#8221;.vc_custom_1575889020947{padding-top: 50px !important;padding-bottom: 10px !important;}&#8221; el_id=&#8221;video&#8221;]<\/p>\n<h2>video<\/h2>\n<p>[\/vc_column_text][vc_basic_grid post_type=&#8221;ids&#8221; element_width=&#8221;6&#8243; item=&#8221;1469&#8243; grid_id=&#8221;vc_gid:1776180058407-6cd017f0-c8ff-0&#8243;][\/vc_column_inner][\/vc_row_inner][vc_row_inner el_class=&#8221;blocco-pubblicazioni&#8221;][vc_column_inner][vc_column_text css=&#8221;.vc_custom_1568023309353{padding-top: 50px !important;padding-bottom: 10px !important;}&#8221; el_id=&#8221;publication&#8221;]<\/p>\n<h2>publications<\/h2>\n<p>[\/vc_column_text][vc_basic_grid post_type=&#8221;ids&#8221; element_width=&#8221;12&#8243; item=&#8221;4344&#8243; css=&#8221;&#8221; grid_id=&#8221;vc_gid:1776180058408-8f743f51-0029-4&#8243; include=&#8221;65714, 55567, 4488&#8243;][\/vc_column_inner][\/vc_row_inner][\/vc_column][\/vc_row][vc_row][vc_column][vc_empty_space height=&#8221;100px&#8221;][\/vc_column][\/vc_row]<\/p>\n<\/div>","protected":false},"excerpt":{"rendered":"<p>[vc_row css=&#8221;.vc_custom_1577099752877{margin-top: 100px !important;}&#8221;][vc_column width=&#8221;1\/4&#8243; enable_sticky=&#8221;true&#8221; sticky_offset=&#8221;100&#8243; alignment=&#8221;center&#8221; css=&#8221;.vc_custom_1547225524376{margin-bottom: 50px !important;}&#8221;][vc_column_text] &lt;&lt; retourner aux artistes [\/vc_column_text][vc_single_image image=&#8221;8045&#8243; img_size=&#8221;full&#8221; alignment=&#8221;center&#8221; css=&#8221;.vc_custom_1579276153577{margin-bottom: 0px !important;padding-bottom: 0px !important;}&#8221;][vc_custom_heading source=&#8221;post_title&#8221; font_container=&#8221;tag:h1|font_size:22%20px|text_align:center|line_height:30%20px&#8221;<\/p>\n","protected":false},"author":2,"featured_media":-1,"menu_order":225,"comment_status":"closed","ping_status":"closed","template":"","meta":{"_acf_changed":false},"portfolio-types":[220],"class_list":["post-9504","portfolio","type-portfolio","status-publish","has-post-thumbnail","hentry","portfolio-types-t-fr"],"acf":[],"yoast_head":"<!-- This site is optimized with the Yoast SEO plugin v27.4 - https:\/\/yoast.com\/product\/yoast-seo-wordpress\/ -->\n<title>Turcato Giulio - Tornabuoni Art<\/title>\n<meta name=\"robots\" content=\"index, follow, max-snippet:-1, max-image-preview:large, max-video-preview:-1\" \/>\n<link rel=\"canonical\" href=\"https:\/\/www.tornabuoniart.com\/fr\/artisti\/turcato-giulio\/\" \/>\n<meta property=\"og:locale\" content=\"fr_FR\" \/>\n<meta property=\"og:type\" content=\"article\" \/>\n<meta property=\"og:title\" content=\"Turcato Giulio - Tornabuoni Art\" \/>\n<meta property=\"og:description\" content=\"[vc_row css=&#8221;.vc_custom_1577099752877{margin-top: 100px !important;}&#8221;][vc_column width=&#8221;1\/4&#8243; enable_sticky=&#8221;true&#8221; sticky_offset=&#8221;100&#8243; alignment=&#8221;center&#8221; css=&#8221;.vc_custom_1547225524376{margin-bottom: 50px !important;}&#8221;][vc_column_text] &lt;&lt; retourner aux artistes [\/vc_column_text][vc_single_image image=&#8221;8045&#8243; img_size=&#8221;full&#8221; alignment=&#8221;center&#8221; css=&#8221;.vc_custom_1579276153577{margin-bottom: 0px !important;padding-bottom: 0px !important;}&#8221;][vc_custom_heading source=&#8221;post_title&#8221; font_container=&#8221;tag:h1|font_size:22%20px|text_align:center|line_height:30%20px&#8221;\" \/>\n<meta property=\"og:url\" content=\"https:\/\/www.tornabuoniart.com\/fr\/artisti\/turcato-giulio\/\" \/>\n<meta property=\"og:site_name\" content=\"Tornabuoni Art\" \/>\n<meta property=\"article:publisher\" content=\"https:\/\/www.facebook.com\/TornabuoniArt\/\" \/>\n<meta property=\"article:modified_time\" content=\"2026-04-14T15:21:26+00:00\" \/>\n<meta name=\"twitter:card\" content=\"summary_large_image\" \/>\n<meta name=\"twitter:site\" content=\"@TornabuoniArt\" \/>\n<meta name=\"twitter:label1\" content=\"Est. reading time\" \/>\n\t<meta name=\"twitter:data1\" content=\"4 minutes\" \/>\n<script type=\"application\/ld+json\" class=\"yoast-schema-graph\">{\"@context\":\"https:\\\/\\\/schema.org\",\"@graph\":[{\"@type\":\"WebPage\",\"@id\":\"https:\\\/\\\/www.tornabuoniart.com\\\/fr\\\/artisti\\\/turcato-giulio\\\/\",\"url\":\"https:\\\/\\\/www.tornabuoniart.com\\\/fr\\\/artisti\\\/turcato-giulio\\\/\",\"name\":\"Turcato Giulio - Tornabuoni Art\",\"isPartOf\":{\"@id\":\"https:\\\/\\\/www.tornabuoniart.com\\\/en\\\/#website\"},\"datePublished\":\"2019-09-13T14:13:06+00:00\",\"dateModified\":\"2026-04-14T15:21:26+00:00\",\"breadcrumb\":{\"@id\":\"https:\\\/\\\/www.tornabuoniart.com\\\/fr\\\/artisti\\\/turcato-giulio\\\/#breadcrumb\"},\"inLanguage\":\"fr-FR\",\"potentialAction\":[{\"@type\":\"ReadAction\",\"target\":[\"https:\\\/\\\/www.tornabuoniart.com\\\/fr\\\/artisti\\\/turcato-giulio\\\/\"]}]},{\"@type\":\"BreadcrumbList\",\"@id\":\"https:\\\/\\\/www.tornabuoniart.com\\\/fr\\\/artisti\\\/turcato-giulio\\\/#breadcrumb\",\"itemListElement\":[{\"@type\":\"ListItem\",\"position\":1,\"name\":\"Home\",\"item\":\"https:\\\/\\\/www.tornabuoniart.com\\\/fr\\\/\"},{\"@type\":\"ListItem\",\"position\":2,\"name\":\"Turcato Giulio\"}]},{\"@type\":\"WebSite\",\"@id\":\"https:\\\/\\\/www.tornabuoniart.com\\\/en\\\/#website\",\"url\":\"https:\\\/\\\/www.tornabuoniart.com\\\/en\\\/\",\"name\":\"Tornabuoni Art\",\"description\":\"Modern &amp; Contemporary Art Gallery\",\"publisher\":{\"@id\":\"https:\\\/\\\/www.tornabuoniart.com\\\/en\\\/#organization\"},\"potentialAction\":[{\"@type\":\"SearchAction\",\"target\":{\"@type\":\"EntryPoint\",\"urlTemplate\":\"https:\\\/\\\/www.tornabuoniart.com\\\/en\\\/?s={search_term_string}\"},\"query-input\":{\"@type\":\"PropertyValueSpecification\",\"valueRequired\":true,\"valueName\":\"search_term_string\"}}],\"inLanguage\":\"fr-FR\"},{\"@type\":\"Organization\",\"@id\":\"https:\\\/\\\/www.tornabuoniart.com\\\/en\\\/#organization\",\"name\":\"Tornabuoni Art\",\"url\":\"https:\\\/\\\/www.tornabuoniart.com\\\/en\\\/\",\"logo\":{\"@type\":\"ImageObject\",\"inLanguage\":\"fr-FR\",\"@id\":\"https:\\\/\\\/www.tornabuoniart.com\\\/en\\\/#\\\/schema\\\/logo\\\/image\\\/\",\"url\":\"http:\\\/\\\/www.tornabuoniart.com\\\/wp-content\\\/uploads\\\/2019\\\/04\\\/logo_tornabuoni-art2-2-grey.png\",\"contentUrl\":\"http:\\\/\\\/www.tornabuoniart.com\\\/wp-content\\\/uploads\\\/2019\\\/04\\\/logo_tornabuoni-art2-2-grey.png\",\"width\":961,\"height\":136,\"caption\":\"Tornabuoni Art\"},\"image\":{\"@id\":\"https:\\\/\\\/www.tornabuoniart.com\\\/en\\\/#\\\/schema\\\/logo\\\/image\\\/\"},\"sameAs\":[\"https:\\\/\\\/www.facebook.com\\\/TornabuoniArt\\\/\",\"https:\\\/\\\/x.com\\\/TornabuoniArt\",\"https:\\\/\\\/www.instagram.com\\\/tornabuoniart\\\/\"]}]}<\/script>\n<!-- \/ Yoast SEO plugin. -->","yoast_head_json":{"title":"Turcato Giulio - Tornabuoni Art","robots":{"index":"index","follow":"follow","max-snippet":"max-snippet:-1","max-image-preview":"max-image-preview:large","max-video-preview":"max-video-preview:-1"},"canonical":"https:\/\/www.tornabuoniart.com\/fr\/artisti\/turcato-giulio\/","og_locale":"fr_FR","og_type":"article","og_title":"Turcato Giulio - Tornabuoni Art","og_description":"[vc_row css=&#8221;.vc_custom_1577099752877{margin-top: 100px !important;}&#8221;][vc_column width=&#8221;1\/4&#8243; enable_sticky=&#8221;true&#8221; sticky_offset=&#8221;100&#8243; alignment=&#8221;center&#8221; css=&#8221;.vc_custom_1547225524376{margin-bottom: 50px !important;}&#8221;][vc_column_text] &lt;&lt; retourner aux artistes [\/vc_column_text][vc_single_image image=&#8221;8045&#8243; img_size=&#8221;full&#8221; alignment=&#8221;center&#8221; css=&#8221;.vc_custom_1579276153577{margin-bottom: 0px !important;padding-bottom: 0px !important;}&#8221;][vc_custom_heading source=&#8221;post_title&#8221; font_container=&#8221;tag:h1|font_size:22%20px|text_align:center|line_height:30%20px&#8221;","og_url":"https:\/\/www.tornabuoniart.com\/fr\/artisti\/turcato-giulio\/","og_site_name":"Tornabuoni Art","article_publisher":"https:\/\/www.facebook.com\/TornabuoniArt\/","article_modified_time":"2026-04-14T15:21:26+00:00","twitter_card":"summary_large_image","twitter_site":"@TornabuoniArt","twitter_misc":{"Est. reading time":"4 minutes"},"schema":{"@context":"https:\/\/schema.org","@graph":[{"@type":"WebPage","@id":"https:\/\/www.tornabuoniart.com\/fr\/artisti\/turcato-giulio\/","url":"https:\/\/www.tornabuoniart.com\/fr\/artisti\/turcato-giulio\/","name":"Turcato Giulio - Tornabuoni Art","isPartOf":{"@id":"https:\/\/www.tornabuoniart.com\/en\/#website"},"datePublished":"2019-09-13T14:13:06+00:00","dateModified":"2026-04-14T15:21:26+00:00","breadcrumb":{"@id":"https:\/\/www.tornabuoniart.com\/fr\/artisti\/turcato-giulio\/#breadcrumb"},"inLanguage":"fr-FR","potentialAction":[{"@type":"ReadAction","target":["https:\/\/www.tornabuoniart.com\/fr\/artisti\/turcato-giulio\/"]}]},{"@type":"BreadcrumbList","@id":"https:\/\/www.tornabuoniart.com\/fr\/artisti\/turcato-giulio\/#breadcrumb","itemListElement":[{"@type":"ListItem","position":1,"name":"Home","item":"https:\/\/www.tornabuoniart.com\/fr\/"},{"@type":"ListItem","position":2,"name":"Turcato Giulio"}]},{"@type":"WebSite","@id":"https:\/\/www.tornabuoniart.com\/en\/#website","url":"https:\/\/www.tornabuoniart.com\/en\/","name":"Tornabuoni Art","description":"Modern &amp; Contemporary Art Gallery","publisher":{"@id":"https:\/\/www.tornabuoniart.com\/en\/#organization"},"potentialAction":[{"@type":"SearchAction","target":{"@type":"EntryPoint","urlTemplate":"https:\/\/www.tornabuoniart.com\/en\/?s={search_term_string}"},"query-input":{"@type":"PropertyValueSpecification","valueRequired":true,"valueName":"search_term_string"}}],"inLanguage":"fr-FR"},{"@type":"Organization","@id":"https:\/\/www.tornabuoniart.com\/en\/#organization","name":"Tornabuoni Art","url":"https:\/\/www.tornabuoniart.com\/en\/","logo":{"@type":"ImageObject","inLanguage":"fr-FR","@id":"https:\/\/www.tornabuoniart.com\/en\/#\/schema\/logo\/image\/","url":"http:\/\/www.tornabuoniart.com\/wp-content\/uploads\/2019\/04\/logo_tornabuoni-art2-2-grey.png","contentUrl":"http:\/\/www.tornabuoniart.com\/wp-content\/uploads\/2019\/04\/logo_tornabuoni-art2-2-grey.png","width":961,"height":136,"caption":"Tornabuoni Art"},"image":{"@id":"https:\/\/www.tornabuoniart.com\/en\/#\/schema\/logo\/image\/"},"sameAs":["https:\/\/www.facebook.com\/TornabuoniArt\/","https:\/\/x.com\/TornabuoniArt","https:\/\/www.instagram.com\/tornabuoniart\/"]}]}},"_links":{"self":[{"href":"https:\/\/www.tornabuoniart.com\/fr\/wp-json\/wp\/v2\/portfolio\/9504","targetHints":{"allow":["GET"]}}],"collection":[{"href":"https:\/\/www.tornabuoniart.com\/fr\/wp-json\/wp\/v2\/portfolio"}],"about":[{"href":"https:\/\/www.tornabuoniart.com\/fr\/wp-json\/wp\/v2\/types\/portfolio"}],"author":[{"embeddable":true,"href":"https:\/\/www.tornabuoniart.com\/fr\/wp-json\/wp\/v2\/users\/2"}],"replies":[{"embeddable":true,"href":"https:\/\/www.tornabuoniart.com\/fr\/wp-json\/wp\/v2\/comments?post=9504"}],"wp:featuredmedia":[{"embeddable":true,"href":"https:\/\/www.tornabuoniart.com\/fr\/wp-json\/"}],"wp:attachment":[{"href":"https:\/\/www.tornabuoniart.com\/fr\/wp-json\/wp\/v2\/media?parent=9504"}],"wp:term":[{"taxonomy":"portfolio-types","embeddable":true,"href":"https:\/\/www.tornabuoniart.com\/fr\/wp-json\/wp\/v2\/portfolio-types?post=9504"}],"curies":[{"name":"wp","href":"https:\/\/api.w.org\/{rel}","templated":true}]}}