{"id":9490,"date":"2019-09-13T14:30:27","date_gmt":"2019-09-13T13:30:27","guid":{"rendered":"https:\/\/tornabuoniart.com\/artisti\/savinio-alberto\/"},"modified":"2026-01-09T17:55:20","modified_gmt":"2026-01-09T16:55:20","slug":"savinio-alberto","status":"publish","type":"portfolio","link":"https:\/\/www.tornabuoniart.com\/fr\/artisti\/savinio-alberto\/","title":{"rendered":"Savinio Alberto"},"content":{"rendered":"<div class=\"wpb-content-wrapper\"><p>[vc_row css=&#8221;.vc_custom_1577099752877{margin-top: 100px !important;}&#8221;][vc_column width=&#8221;1\/4&#8243; enable_sticky=&#8221;true&#8221; sticky_offset=&#8221;100&#8243; alignment=&#8221;center&#8221; css=&#8221;.vc_custom_1547225524376{margin-bottom: 50px !important;}&#8221;][vc_column_text]<\/p>\n<p style=\"text-align: center;\"><a href=\"https:\/\/tornabuoniart.com\/fr\/artistes\/\"><span style=\"color: #808080;\"><em>&lt;&lt; retourner aux artistes<\/em><\/span><\/a><\/p>\n<p>[\/vc_column_text][vc_single_image image=&#8221;7922&#8243; img_size=&#8221;full&#8221; alignment=&#8221;center&#8221; css=&#8221;.vc_custom_1579273701148{margin-bottom: 0px !important;padding-bottom: 0px !important;}&#8221;][vc_custom_heading source=&#8221;post_title&#8221; font_container=&#8221;tag:h1|font_size:22%20px|text_align:center|line_height:30%20px&#8221; use_theme_fonts=&#8221;yes&#8221;][\/vc_column][vc_column width=&#8221;3\/4&#8243;]<div class=\"mpc-carousel__wrapper mpc-waypoint\"><div id=\"mpc_carousel_image-6569f5e6d557483\" class=\"mpc-carousel-image mpc-init mpc-layout--fluid mpc-effect--none mpc-force-height  mpc-overlay--fade\"  data-mpcslick='{\"infinite\":true,\"autoplay\":false,\"slidesToShow\":3,\"slidesToScroll\":1,\"centerMode\":false,\"initialSlide\":0,\"rows\":1,\"variableWidth\":true,\"speed\":500}' data-slick-cols=\"3\" data-align=\"middle-center\"><div target=\"\"class=\"mpc-carousel__item-wrapper\" data-height=\"853\"><div onclick=\"\" class=\"mpc-item mpc-transition\"><div class=\"mpc-border\"><\/div><img loading=\"lazy\" decoding=\"async\" width=\"2004\" height=\"1669\" src=\"https:\/\/www.tornabuoniart.com\/wp-content\/uploads\/2026\/01\/Savinio-Apparition-du-printemps-1929-54-x-65-cm.jpg\" class=\"mpc-transition attachment-full\" alt=\"\" title=\"Savinio, Apparition du printemps ,1929, 54 x 65 cm\" srcset=\"https:\/\/www.tornabuoniart.com\/wp-content\/uploads\/2026\/01\/Savinio-Apparition-du-printemps-1929-54-x-65-cm.jpg 2004w, https:\/\/www.tornabuoniart.com\/wp-content\/uploads\/2026\/01\/Savinio-Apparition-du-printemps-1929-54-x-65-cm-300x250.jpg 300w, https:\/\/www.tornabuoniart.com\/wp-content\/uploads\/2026\/01\/Savinio-Apparition-du-printemps-1929-54-x-65-cm-1024x853.jpg 1024w, https:\/\/www.tornabuoniart.com\/wp-content\/uploads\/2026\/01\/Savinio-Apparition-du-printemps-1929-54-x-65-cm-768x640.jpg 768w, https:\/\/www.tornabuoniart.com\/wp-content\/uploads\/2026\/01\/Savinio-Apparition-du-printemps-1929-54-x-65-cm-1536x1279.jpg 1536w, https:\/\/www.tornabuoniart.com\/wp-content\/uploads\/2026\/01\/Savinio-Apparition-du-printemps-1929-54-x-65-cm-90x75.jpg 90w, https:\/\/www.tornabuoniart.com\/wp-content\/uploads\/2026\/01\/Savinio-Apparition-du-printemps-1929-54-x-65-cm-865x720.jpg 865w, https:\/\/www.tornabuoniart.com\/wp-content\/uploads\/2026\/01\/Savinio-Apparition-du-printemps-1929-54-x-65-cm-480x400.jpg 480w\" sizes=\"auto, (max-width:767px) 480px, (max-width:2004px) 100vw, 2004px\" \/><div class=\"mpc-item-overlay mpc-transition\"><div class=\"mpc-overlay--vertical-wrap\"><div class=\"mpc-overlay--vertical\"><a href=\"https:\/\/www.tornabuoniart.com\/wp-content\/uploads\/2026\/01\/Savinio-Apparition-du-printemps-1929-54-x-65-cm.jpg\" data-rel=\"lightbox-gallery-0\" data-rl_title=\"Savinio, Apparition du printemps ,1929, 54 x 65 cm\" data-rl_caption=\"Savinio, Apparition du printemps ,1929, 54 x 65 cm\" data-magnific_type=\"gallery\" class=\"mpc-icon-anchor mpc-magnific-popup\" title=\"Savinio, Apparition du printemps ,1929, 54 x 65 cm\"><i class=\"mpc-item-overlay__icon mpc-type--lightbox fa fa-arrows mpc-icon--icon\"><\/i><\/a><\/div><\/div><\/div><\/div><\/div><div target=\"\"class=\"mpc-carousel__item-wrapper\" data-height=\"675\"><div onclick=\"\" class=\"mpc-item mpc-transition\"><div class=\"mpc-border\"><\/div><img loading=\"lazy\" decoding=\"async\" width=\"900\" height=\"675\" src=\"https:\/\/www.tornabuoniart.com\/wp-content\/uploads\/2026\/01\/Savinio-Inspection-du-monde-1929-65-x-81-cm.jpg\" class=\"mpc-transition attachment-full\" alt=\"\" title=\"Savinio, Inspection du monde, 1929, 65 x 81 cm\" srcset=\"https:\/\/www.tornabuoniart.com\/wp-content\/uploads\/2026\/01\/Savinio-Inspection-du-monde-1929-65-x-81-cm.jpg 900w, https:\/\/www.tornabuoniart.com\/wp-content\/uploads\/2026\/01\/Savinio-Inspection-du-monde-1929-65-x-81-cm-300x225.jpg 300w, https:\/\/www.tornabuoniart.com\/wp-content\/uploads\/2026\/01\/Savinio-Inspection-du-monde-1929-65-x-81-cm-768x576.jpg 768w, https:\/\/www.tornabuoniart.com\/wp-content\/uploads\/2026\/01\/Savinio-Inspection-du-monde-1929-65-x-81-cm-100x75.jpg 100w, https:\/\/www.tornabuoniart.com\/wp-content\/uploads\/2026\/01\/Savinio-Inspection-du-monde-1929-65-x-81-cm-480x360.jpg 480w\" sizes=\"auto, (max-width:767px) 480px, (max-width:900px) 100vw, 900px\" \/><div class=\"mpc-item-overlay mpc-transition\"><div class=\"mpc-overlay--vertical-wrap\"><div class=\"mpc-overlay--vertical\"><a href=\"https:\/\/www.tornabuoniart.com\/wp-content\/uploads\/2026\/01\/Savinio-Inspection-du-monde-1929-65-x-81-cm.jpg\" data-rel=\"lightbox-gallery-0\" data-rl_title=\"Savinio, Inspection du monde, 1929, 65 x 81 cm\" data-rl_caption=\"Savinio, Inspection du monde, 1929, 65 x 81 cm\" data-magnific_type=\"gallery\" class=\"mpc-icon-anchor mpc-magnific-popup\" title=\"Savinio, Inspection du monde, 1929, 65 x 81 cm\"><i class=\"mpc-item-overlay__icon mpc-type--lightbox fa fa-arrows mpc-icon--icon\"><\/i><\/a><\/div><\/div><\/div><\/div><\/div><\/div><div class=\"mpc-navigation mpc-init mpc-align--left mpc-navigation--style_3 mpc-on-hover  mpc-nav-preset--preset_3\" data-mpcslider=\"mpc_carousel_image-6569f5e6d557483\"><div class=\"mpc-nav__arrow mpcslick-prev\"><div class=\"mpc-nav__icon mpc-transition\"><i class=\" eti eti_arrow_carrot-left\"><div class=\"mpc-nav__background mpc-transition mpc-effect-type--fade mpc-effect-side--in\"><\/div><\/i><\/div><\/div><\/div><div class=\"mpc-navigation mpc-init mpc-align--left mpc-navigation--style_3 mpc-on-hover  mpc-nav-preset--preset_3\" data-mpcslider=\"mpc_carousel_image-6569f5e6d557483\"><div class=\"mpc-nav__arrow mpcslick-next\"><div class=\"mpc-nav__icon mpc-transition\"><i class=\" eti eti_arrow_carrot-right\"><div class=\"mpc-nav__background mpc-transition mpc-effect-type--fade mpc-effect-side--in\"><\/div><\/i><\/div><\/div><\/div><\/div>[vc_column_text css=&#8221;.vc_custom_1578667400636{margin-top: 25px !important;padding-top: 0px !important;}&#8221; el_id=&#8221;biography&#8221;]<\/p>\n<h2>biographie<\/h2>\n<p>[\/vc_column_text][vc_column_text el_class=&#8221;testo-giustificato&#8221;]Ath\u00e8nes, 1891 &#8211; Rome, 1952<\/p>\n<p>Andrea Francesco Alberto de Chirico dit Alberto Savinio est le fr\u00e8re cadet du c\u00e9l\u00e8bre Giorgio de Chirico. Il \u00e9tudie au conservatoire de sa ville natale, en s\u2019orientant d\u2019abord vers une carri\u00e8re musicale. Suite \u00e0 la mort de son p\u00e8re sa famille s\u2019installe \u00e0 Munich ; il y poursuit ses \u00e9tudes de musique et s\u2019int\u00e9resse \u00e0 la philosophie allemande. N\u2019\u00e9tant pas satisfait de la carri\u00e8re qu\u2019il m\u00e8ne, il part \u00e0 Paris en 1911, et y rencontre Picasso, Picabia, Jean Cocteau, Max Jacob, Apollinaire et beaucoup d\u2019autres avant-gardistes.<\/p>\n<p>En 1915, il rentre en Italie avec son fr\u00e8re, pour s\u2019engager dans l\u2019arm\u00e9e. Envoy\u00e9 \u00e0 Ferrara en Italie, il participe aux recherches m\u00e9taphysiques de Carr\u00e0 et de son fr\u00e8re, et \u00e9crit dans l\u2018importante revue <em>Valori Plastici<\/em>.<\/p>\n<p>Dans les ann\u00e9es 1920, de retour \u00e0 Paris, il se consacre enti\u00e8rement \u00e0 la peinture et il \u00e9labore un style tout \u00e0 fait personnel, en m\u00e9langeant le th\u00e8me du classicisme m\u00e9diterran\u00e9en avec un certain go\u00fbt pour le fantastique et une pointe d\u2019ironie-parodie qui d\u00e9voile les paradoxes bourgeois. Il est parfois d\u00e9fini comme un \u201csurr\u00e9aliste m\u00e9diterran\u00e9en\u201d. Au d\u00e9but des ann\u00e9es 1930, il rentre d\u00e9finitivement en Italie et fonde la revue <em>Colonna<\/em>. Il se consacre enti\u00e8rement \u00e0 la litt\u00e9rature et au journalisme, sans n\u00e9gliger cependant, sa passion pour la peinture.<\/p>\n<p>Pendant la Seconde Guerre il est d\u2019abord proche du parti fasciste, mais s\u2019en \u00e9loigne rapidement, d\u00e9cidant d\u2019adh\u00e9rer \u00e0 des id\u00e9es plus europ\u00e9istes et r\u00e9publicaines. En 1943, il est contraint de se cacher en tant qu\u2019\u201cantifasciste\u201d. A la fin du r\u00e9gime il poursuit son activit\u00e9 de critique culturel et re\u00e7oit le prestigieux prix \u00ab Saint Vincent \u00bb pour le journalisme. Au d\u00e9but des ann\u00e9es 1950, il \u00e9tend son talent au th\u00e9\u00e2tre, en \u00e9crivant des pi\u00e8ces et en r\u00e9alisant des sc\u00e9nographies pour le Maggio Fiorentino de 1952.<\/p>\n<p>Il s\u2019\u00e9teint \u00e0 Rome en 1952, en \u00e9tant consid\u00e9r\u00e9 comme l\u2019un des intellectuels italiens les plus complexes et visionnaires du XX si\u00e8cle.[\/vc_column_text][vc_row_inner][vc_column_inner][vc_column_text css=&#8221;.vc_custom_1568023296154{padding-top: 50px !important;padding-bottom: 10px !important;}&#8221; el_id=&#8221;exhibition&#8221;]<\/p>\n<h2>expositions<\/h2>\n<p>&nbsp;<br \/>\n[\/vc_column_text][vc_basic_grid post_type=&#8221;ids&#8221; element_width=&#8221;12&#8243; item=&#8221;4321&#8243; css=&#8221;&#8221; grid_id=&#8221;vc_gid:1767977652381-88f174e0-1aad-5&#8243; include=&#8221;61773, 59205, 57695, 54330, 18989&#8243;][\/vc_column_inner][\/vc_row_inner][vc_row_inner disable_element=&#8221;yes&#8221;][vc_column_inner][vc_column_text css=&#8221;.vc_custom_1578667642547{padding-top: 50px !important;padding-bottom: 10px !important;}&#8221; el_id=&#8221;fairs&#8221;]<\/p>\n<h2>foires<\/h2>\n<p>&nbsp;<br \/>\n[\/vc_column_text][vc_basic_grid post_type=&#8221;ids&#8221; element_width=&#8221;6&#8243; item=&#8221;4545&#8243; grid_id=&#8221;vc_gid:1767977652382-5428b5b0-8d03-8&#8243;][\/vc_column_inner][\/vc_row_inner][vc_row_inner disable_element=&#8221;yes&#8221;][vc_column_inner][vc_column_text css=&#8221;.vc_custom_1575889020947{padding-top: 50px !important;padding-bottom: 10px !important;}&#8221; el_id=&#8221;video&#8221;]<\/p>\n<h2>video<\/h2>\n<p>[\/vc_column_text][vc_basic_grid post_type=&#8221;ids&#8221; element_width=&#8221;6&#8243; item=&#8221;1469&#8243; grid_id=&#8221;vc_gid:1767977652383-e031f6ed-aa5b-0&#8243;][\/vc_column_inner][\/vc_row_inner][vc_row_inner el_class=&#8221;blocco-pubblicazioni&#8221;][vc_column_inner][vc_column_text css=&#8221;.vc_custom_1568023309353{padding-top: 50px !important;padding-bottom: 10px !important;}&#8221; el_id=&#8221;publication&#8221;]<\/p>\n<h2>publications<\/h2>\n<p>&nbsp;<br \/>\n[\/vc_column_text][vc_basic_grid post_type=&#8221;ids&#8221; element_width=&#8221;12&#8243; item=&#8221;4344&#8243; grid_id=&#8221;vc_gid:1767977652383-9a7e3bed-4393-6&#8243; include=&#8221;55567, 10227&#8243;][\/vc_column_inner][\/vc_row_inner][\/vc_column][\/vc_row][vc_row][vc_column][vc_empty_space height=&#8221;100px&#8221;][\/vc_column][\/vc_row]<\/p>\n<\/div>","protected":false},"excerpt":{"rendered":"<p>[vc_row css=&#8221;.vc_custom_1577099752877{margin-top: 100px !important;}&#8221;][vc_column width=&#8221;1\/4&#8243; enable_sticky=&#8221;true&#8221; sticky_offset=&#8221;100&#8243; alignment=&#8221;center&#8221; css=&#8221;.vc_custom_1547225524376{margin-bottom: 50px !important;}&#8221;][vc_column_text] &lt;&lt; retourner aux artistes [\/vc_column_text][vc_single_image image=&#8221;7922&#8243; img_size=&#8221;full&#8221; alignment=&#8221;center&#8221; css=&#8221;.vc_custom_1579273701148{margin-bottom: 0px !important;padding-bottom: 0px !important;}&#8221;][vc_custom_heading source=&#8221;post_title&#8221; font_container=&#8221;tag:h1|font_size:22%20px|text_align:center|line_height:30%20px&#8221;<\/p>\n","protected":false},"author":2,"featured_media":0,"menu_order":237,"comment_status":"closed","ping_status":"closed","template":"","meta":{"_acf_changed":false},"portfolio-types":[216],"class_list":["post-9490","portfolio","type-portfolio","status-publish","hentry","portfolio-types-s-fr"],"acf":[],"yoast_head":"<!-- This site is optimized with the Yoast SEO plugin v27.4 - https:\/\/yoast.com\/product\/yoast-seo-wordpress\/ -->\n<title>Savinio Alberto - Tornabuoni Art<\/title>\n<meta name=\"robots\" content=\"index, follow, max-snippet:-1, max-image-preview:large, max-video-preview:-1\" \/>\n<link rel=\"canonical\" href=\"https:\/\/www.tornabuoniart.com\/it\/artisti\/savinio-alberto\/\" \/>\n<meta property=\"og:locale\" content=\"fr_FR\" \/>\n<meta property=\"og:type\" content=\"article\" \/>\n<meta property=\"og:title\" content=\"Savinio Alberto - Tornabuoni Art\" \/>\n<meta property=\"og:description\" content=\"[vc_row css=&#8221;.vc_custom_1577099752877{margin-top: 100px !important;}&#8221;][vc_column width=&#8221;1\/4&#8243; enable_sticky=&#8221;true&#8221; sticky_offset=&#8221;100&#8243; alignment=&#8221;center&#8221; css=&#8221;.vc_custom_1547225524376{margin-bottom: 50px !important;}&#8221;][vc_column_text] &lt;&lt; retourner aux artistes [\/vc_column_text][vc_single_image image=&#8221;7922&#8243; img_size=&#8221;full&#8221; alignment=&#8221;center&#8221; css=&#8221;.vc_custom_1579273701148{margin-bottom: 0px !important;padding-bottom: 0px !important;}&#8221;][vc_custom_heading source=&#8221;post_title&#8221; font_container=&#8221;tag:h1|font_size:22%20px|text_align:center|line_height:30%20px&#8221;\" \/>\n<meta property=\"og:url\" content=\"https:\/\/www.tornabuoniart.com\/it\/artisti\/savinio-alberto\/\" \/>\n<meta property=\"og:site_name\" content=\"Tornabuoni Art\" \/>\n<meta property=\"article:publisher\" content=\"https:\/\/www.facebook.com\/TornabuoniArt\/\" \/>\n<meta property=\"article:modified_time\" content=\"2026-01-09T16:55:20+00:00\" \/>\n<meta name=\"twitter:card\" content=\"summary_large_image\" \/>\n<meta name=\"twitter:site\" content=\"@TornabuoniArt\" \/>\n<meta name=\"twitter:label1\" content=\"Est. reading time\" \/>\n\t<meta name=\"twitter:data1\" content=\"4 minutes\" \/>\n<script type=\"application\/ld+json\" class=\"yoast-schema-graph\">{\"@context\":\"https:\\\/\\\/schema.org\",\"@graph\":[{\"@type\":\"WebPage\",\"@id\":\"https:\\\/\\\/www.tornabuoniart.com\\\/it\\\/artisti\\\/savinio-alberto\\\/\",\"url\":\"https:\\\/\\\/www.tornabuoniart.com\\\/it\\\/artisti\\\/savinio-alberto\\\/\",\"name\":\"Savinio Alberto - Tornabuoni Art\",\"isPartOf\":{\"@id\":\"https:\\\/\\\/www.tornabuoniart.com\\\/en\\\/#website\"},\"datePublished\":\"2019-09-13T13:30:27+00:00\",\"dateModified\":\"2026-01-09T16:55:20+00:00\",\"breadcrumb\":{\"@id\":\"https:\\\/\\\/www.tornabuoniart.com\\\/it\\\/artisti\\\/savinio-alberto\\\/#breadcrumb\"},\"inLanguage\":\"fr-FR\",\"potentialAction\":[{\"@type\":\"ReadAction\",\"target\":[\"https:\\\/\\\/www.tornabuoniart.com\\\/it\\\/artisti\\\/savinio-alberto\\\/\"]}]},{\"@type\":\"BreadcrumbList\",\"@id\":\"https:\\\/\\\/www.tornabuoniart.com\\\/it\\\/artisti\\\/savinio-alberto\\\/#breadcrumb\",\"itemListElement\":[{\"@type\":\"ListItem\",\"position\":1,\"name\":\"Home\",\"item\":\"https:\\\/\\\/www.tornabuoniart.com\\\/fr\\\/\"},{\"@type\":\"ListItem\",\"position\":2,\"name\":\"Savinio Alberto\"}]},{\"@type\":\"WebSite\",\"@id\":\"https:\\\/\\\/www.tornabuoniart.com\\\/en\\\/#website\",\"url\":\"https:\\\/\\\/www.tornabuoniart.com\\\/en\\\/\",\"name\":\"Tornabuoni Art\",\"description\":\"Modern &amp; Contemporary Art Gallery\",\"publisher\":{\"@id\":\"https:\\\/\\\/www.tornabuoniart.com\\\/en\\\/#organization\"},\"potentialAction\":[{\"@type\":\"SearchAction\",\"target\":{\"@type\":\"EntryPoint\",\"urlTemplate\":\"https:\\\/\\\/www.tornabuoniart.com\\\/en\\\/?s={search_term_string}\"},\"query-input\":{\"@type\":\"PropertyValueSpecification\",\"valueRequired\":true,\"valueName\":\"search_term_string\"}}],\"inLanguage\":\"fr-FR\"},{\"@type\":\"Organization\",\"@id\":\"https:\\\/\\\/www.tornabuoniart.com\\\/en\\\/#organization\",\"name\":\"Tornabuoni Art\",\"url\":\"https:\\\/\\\/www.tornabuoniart.com\\\/en\\\/\",\"logo\":{\"@type\":\"ImageObject\",\"inLanguage\":\"fr-FR\",\"@id\":\"https:\\\/\\\/www.tornabuoniart.com\\\/en\\\/#\\\/schema\\\/logo\\\/image\\\/\",\"url\":\"http:\\\/\\\/www.tornabuoniart.com\\\/wp-content\\\/uploads\\\/2019\\\/04\\\/logo_tornabuoni-art2-2-grey.png\",\"contentUrl\":\"http:\\\/\\\/www.tornabuoniart.com\\\/wp-content\\\/uploads\\\/2019\\\/04\\\/logo_tornabuoni-art2-2-grey.png\",\"width\":961,\"height\":136,\"caption\":\"Tornabuoni Art\"},\"image\":{\"@id\":\"https:\\\/\\\/www.tornabuoniart.com\\\/en\\\/#\\\/schema\\\/logo\\\/image\\\/\"},\"sameAs\":[\"https:\\\/\\\/www.facebook.com\\\/TornabuoniArt\\\/\",\"https:\\\/\\\/x.com\\\/TornabuoniArt\",\"https:\\\/\\\/www.instagram.com\\\/tornabuoniart\\\/\"]}]}<\/script>\n<!-- \/ Yoast SEO plugin. -->","yoast_head_json":{"title":"Savinio Alberto - Tornabuoni Art","robots":{"index":"index","follow":"follow","max-snippet":"max-snippet:-1","max-image-preview":"max-image-preview:large","max-video-preview":"max-video-preview:-1"},"canonical":"https:\/\/www.tornabuoniart.com\/it\/artisti\/savinio-alberto\/","og_locale":"fr_FR","og_type":"article","og_title":"Savinio Alberto - Tornabuoni Art","og_description":"[vc_row css=&#8221;.vc_custom_1577099752877{margin-top: 100px !important;}&#8221;][vc_column width=&#8221;1\/4&#8243; enable_sticky=&#8221;true&#8221; sticky_offset=&#8221;100&#8243; alignment=&#8221;center&#8221; css=&#8221;.vc_custom_1547225524376{margin-bottom: 50px !important;}&#8221;][vc_column_text] &lt;&lt; retourner aux artistes [\/vc_column_text][vc_single_image image=&#8221;7922&#8243; img_size=&#8221;full&#8221; alignment=&#8221;center&#8221; css=&#8221;.vc_custom_1579273701148{margin-bottom: 0px !important;padding-bottom: 0px !important;}&#8221;][vc_custom_heading source=&#8221;post_title&#8221; font_container=&#8221;tag:h1|font_size:22%20px|text_align:center|line_height:30%20px&#8221;","og_url":"https:\/\/www.tornabuoniart.com\/it\/artisti\/savinio-alberto\/","og_site_name":"Tornabuoni Art","article_publisher":"https:\/\/www.facebook.com\/TornabuoniArt\/","article_modified_time":"2026-01-09T16:55:20+00:00","twitter_card":"summary_large_image","twitter_site":"@TornabuoniArt","twitter_misc":{"Est. reading time":"4 minutes"},"schema":{"@context":"https:\/\/schema.org","@graph":[{"@type":"WebPage","@id":"https:\/\/www.tornabuoniart.com\/it\/artisti\/savinio-alberto\/","url":"https:\/\/www.tornabuoniart.com\/it\/artisti\/savinio-alberto\/","name":"Savinio Alberto - Tornabuoni Art","isPartOf":{"@id":"https:\/\/www.tornabuoniart.com\/en\/#website"},"datePublished":"2019-09-13T13:30:27+00:00","dateModified":"2026-01-09T16:55:20+00:00","breadcrumb":{"@id":"https:\/\/www.tornabuoniart.com\/it\/artisti\/savinio-alberto\/#breadcrumb"},"inLanguage":"fr-FR","potentialAction":[{"@type":"ReadAction","target":["https:\/\/www.tornabuoniart.com\/it\/artisti\/savinio-alberto\/"]}]},{"@type":"BreadcrumbList","@id":"https:\/\/www.tornabuoniart.com\/it\/artisti\/savinio-alberto\/#breadcrumb","itemListElement":[{"@type":"ListItem","position":1,"name":"Home","item":"https:\/\/www.tornabuoniart.com\/fr\/"},{"@type":"ListItem","position":2,"name":"Savinio Alberto"}]},{"@type":"WebSite","@id":"https:\/\/www.tornabuoniart.com\/en\/#website","url":"https:\/\/www.tornabuoniart.com\/en\/","name":"Tornabuoni Art","description":"Modern &amp; Contemporary Art Gallery","publisher":{"@id":"https:\/\/www.tornabuoniart.com\/en\/#organization"},"potentialAction":[{"@type":"SearchAction","target":{"@type":"EntryPoint","urlTemplate":"https:\/\/www.tornabuoniart.com\/en\/?s={search_term_string}"},"query-input":{"@type":"PropertyValueSpecification","valueRequired":true,"valueName":"search_term_string"}}],"inLanguage":"fr-FR"},{"@type":"Organization","@id":"https:\/\/www.tornabuoniart.com\/en\/#organization","name":"Tornabuoni Art","url":"https:\/\/www.tornabuoniart.com\/en\/","logo":{"@type":"ImageObject","inLanguage":"fr-FR","@id":"https:\/\/www.tornabuoniart.com\/en\/#\/schema\/logo\/image\/","url":"http:\/\/www.tornabuoniart.com\/wp-content\/uploads\/2019\/04\/logo_tornabuoni-art2-2-grey.png","contentUrl":"http:\/\/www.tornabuoniart.com\/wp-content\/uploads\/2019\/04\/logo_tornabuoni-art2-2-grey.png","width":961,"height":136,"caption":"Tornabuoni Art"},"image":{"@id":"https:\/\/www.tornabuoniart.com\/en\/#\/schema\/logo\/image\/"},"sameAs":["https:\/\/www.facebook.com\/TornabuoniArt\/","https:\/\/x.com\/TornabuoniArt","https:\/\/www.instagram.com\/tornabuoniart\/"]}]}},"_links":{"self":[{"href":"https:\/\/www.tornabuoniart.com\/fr\/wp-json\/wp\/v2\/portfolio\/9490","targetHints":{"allow":["GET"]}}],"collection":[{"href":"https:\/\/www.tornabuoniart.com\/fr\/wp-json\/wp\/v2\/portfolio"}],"about":[{"href":"https:\/\/www.tornabuoniart.com\/fr\/wp-json\/wp\/v2\/types\/portfolio"}],"author":[{"embeddable":true,"href":"https:\/\/www.tornabuoniart.com\/fr\/wp-json\/wp\/v2\/users\/2"}],"replies":[{"embeddable":true,"href":"https:\/\/www.tornabuoniart.com\/fr\/wp-json\/wp\/v2\/comments?post=9490"}],"wp:attachment":[{"href":"https:\/\/www.tornabuoniart.com\/fr\/wp-json\/wp\/v2\/media?parent=9490"}],"wp:term":[{"taxonomy":"portfolio-types","embeddable":true,"href":"https:\/\/www.tornabuoniart.com\/fr\/wp-json\/wp\/v2\/portfolio-types?post=9490"}],"curies":[{"name":"wp","href":"https:\/\/api.w.org\/{rel}","templated":true}]}}