{"id":7419,"date":"2019-09-12T13:47:00","date_gmt":"2019-09-12T12:47:00","guid":{"rendered":"https:\/\/tornabuoniart.com\/artisti\/festa-tano\/"},"modified":"2026-01-09T16:28:36","modified_gmt":"2026-01-09T15:28:36","slug":"festa-tano","status":"publish","type":"portfolio","link":"https:\/\/www.tornabuoniart.com\/fr\/artisti\/festa-tano\/","title":{"rendered":"Festa Tano"},"content":{"rendered":"<div class=\"wpb-content-wrapper\"><p>[vc_row css=&#8221;.vc_custom_1577099752877{margin-top: 100px !important;}&#8221;][vc_column width=&#8221;1\/4&#8243; enable_sticky=&#8221;true&#8221; sticky_offset=&#8221;100&#8243; alignment=&#8221;center&#8221; css=&#8221;.vc_custom_1547225524376{margin-bottom: 50px !important;}&#8221;][vc_column_text]<\/p>\n<p style=\"text-align: center;\" data-mce-style=\"text-align: center;\"><a href=\"https:\/\/tornabuoniart.com\/fr\/artistes\/\" data-mce-href=\"https:\/\/tornabuoniart.com\/fr\/artistes\/\"><span style=\"color: #808080;\" data-mce-style=\"color: #808080;\"><em>&lt;&lt; retourner aux artistes<\/em><\/span><\/a><\/p>\n<p>[\/vc_column_text][vc_single_image image=&#8221;7417&#8243; img_size=&#8221;full&#8221; alignment=&#8221;center&#8221; css=&#8221;.vc_custom_1579110258982{margin-bottom: 0px !important;padding-bottom: 0px !important;}&#8221;][vc_custom_heading source=&#8221;post_title&#8221; font_container=&#8221;tag:h1|font_size:22%20px|text_align:center|line_height:30%20px&#8221; use_theme_fonts=&#8221;yes&#8221;][\/vc_column][vc_column width=&#8221;3\/4&#8243;]<div class=\"mpc-carousel__wrapper mpc-waypoint\"><div id=\"mpc_carousel_image-169f5d0cd3d726\" class=\"mpc-carousel-image mpc-init mpc-layout--fluid mpc-effect--none mpc-force-height  mpc-overlay--fade\"  data-mpcslick='{\"infinite\":true,\"autoplay\":false,\"slidesToShow\":3,\"slidesToScroll\":1,\"centerMode\":false,\"initialSlide\":0,\"rows\":1,\"variableWidth\":true,\"speed\":500}' data-slick-cols=\"3\" data-align=\"middle-center\"><div target=\"\"class=\"mpc-carousel__item-wrapper\" data-height=\"1024\"><div onclick=\"\" class=\"mpc-item mpc-transition\"><div class=\"mpc-border\"><\/div><img loading=\"lazy\" decoding=\"async\" width=\"1572\" height=\"1977\" src=\"https:\/\/www.tornabuoniart.com\/wp-content\/uploads\/2026\/01\/Festa-Al-fu-nonnino-1984-160-x-130-cm.jpeg\" class=\"mpc-transition attachment-full\" alt=\"\" title=\"Festa, Al fu nonnino, 1984, 160 x 130 cm\" srcset=\"https:\/\/www.tornabuoniart.com\/wp-content\/uploads\/2026\/01\/Festa-Al-fu-nonnino-1984-160-x-130-cm.jpeg 1572w, https:\/\/www.tornabuoniart.com\/wp-content\/uploads\/2026\/01\/Festa-Al-fu-nonnino-1984-160-x-130-cm-239x300.jpeg 239w, https:\/\/www.tornabuoniart.com\/wp-content\/uploads\/2026\/01\/Festa-Al-fu-nonnino-1984-160-x-130-cm-814x1024.jpeg 814w, https:\/\/www.tornabuoniart.com\/wp-content\/uploads\/2026\/01\/Festa-Al-fu-nonnino-1984-160-x-130-cm-768x966.jpeg 768w, https:\/\/www.tornabuoniart.com\/wp-content\/uploads\/2026\/01\/Festa-Al-fu-nonnino-1984-160-x-130-cm-1221x1536.jpeg 1221w, https:\/\/www.tornabuoniart.com\/wp-content\/uploads\/2026\/01\/Festa-Al-fu-nonnino-1984-160-x-130-cm-60x75.jpeg 60w, https:\/\/www.tornabuoniart.com\/wp-content\/uploads\/2026\/01\/Festa-Al-fu-nonnino-1984-160-x-130-cm-573x720.jpeg 573w, https:\/\/www.tornabuoniart.com\/wp-content\/uploads\/2026\/01\/Festa-Al-fu-nonnino-1984-160-x-130-cm-480x604.jpeg 480w\" sizes=\"auto, (max-width:767px) 480px, (max-width:1572px) 100vw, 1572px\" \/><div class=\"mpc-item-overlay mpc-transition\"><div class=\"mpc-overlay--vertical-wrap\"><div class=\"mpc-overlay--vertical\"><a href=\"https:\/\/www.tornabuoniart.com\/wp-content\/uploads\/2026\/01\/Festa-Al-fu-nonnino-1984-160-x-130-cm.jpeg\" data-rel=\"lightbox-gallery-0\" data-rl_title=\"Festa, Al fu nonnino, 1984, 160 x 130 cm\" data-rl_caption=\"Festa, Al fu nonnino, 1984, 160 x 130 cm\" data-magnific_type=\"gallery\" class=\"mpc-icon-anchor mpc-magnific-popup\" title=\"Festa, Al fu nonnino, 1984, 160 x 130 cm\"><i class=\"mpc-item-overlay__icon mpc-type--lightbox fa fa-arrows mpc-icon--icon\"><\/i><\/a><\/div><\/div><\/div><\/div><\/div><div target=\"\"class=\"mpc-carousel__item-wrapper\" data-height=\"1024\"><div onclick=\"\" class=\"mpc-item mpc-transition\"><div class=\"mpc-border\"><\/div><img loading=\"lazy\" decoding=\"async\" width=\"1665\" height=\"2172\" src=\"https:\/\/www.tornabuoniart.com\/wp-content\/uploads\/2026\/01\/Festa-William-turner-1775-1851-1971-116-x-89-cm.jpg\" class=\"mpc-transition attachment-full\" alt=\"\" title=\"Festa, William turner 1775-1851, 1971, 116 x 89 cm\" srcset=\"https:\/\/www.tornabuoniart.com\/wp-content\/uploads\/2026\/01\/Festa-William-turner-1775-1851-1971-116-x-89-cm.jpg 1665w, https:\/\/www.tornabuoniart.com\/wp-content\/uploads\/2026\/01\/Festa-William-turner-1775-1851-1971-116-x-89-cm-230x300.jpg 230w, https:\/\/www.tornabuoniart.com\/wp-content\/uploads\/2026\/01\/Festa-William-turner-1775-1851-1971-116-x-89-cm-785x1024.jpg 785w, https:\/\/www.tornabuoniart.com\/wp-content\/uploads\/2026\/01\/Festa-William-turner-1775-1851-1971-116-x-89-cm-768x1002.jpg 768w, https:\/\/www.tornabuoniart.com\/wp-content\/uploads\/2026\/01\/Festa-William-turner-1775-1851-1971-116-x-89-cm-1177x1536.jpg 1177w, https:\/\/www.tornabuoniart.com\/wp-content\/uploads\/2026\/01\/Festa-William-turner-1775-1851-1971-116-x-89-cm-1570x2048.jpg 1570w, https:\/\/www.tornabuoniart.com\/wp-content\/uploads\/2026\/01\/Festa-William-turner-1775-1851-1971-116-x-89-cm-57x75.jpg 57w, https:\/\/www.tornabuoniart.com\/wp-content\/uploads\/2026\/01\/Festa-William-turner-1775-1851-1971-116-x-89-cm-552x720.jpg 552w, https:\/\/www.tornabuoniart.com\/wp-content\/uploads\/2026\/01\/Festa-William-turner-1775-1851-1971-116-x-89-cm-480x626.jpg 480w\" sizes=\"auto, (max-width:767px) 480px, (max-width:1665px) 100vw, 1665px\" \/><div class=\"mpc-item-overlay mpc-transition\"><div class=\"mpc-overlay--vertical-wrap\"><div class=\"mpc-overlay--vertical\"><a href=\"https:\/\/www.tornabuoniart.com\/wp-content\/uploads\/2026\/01\/Festa-William-turner-1775-1851-1971-116-x-89-cm.jpg\" data-rel=\"lightbox-gallery-0\" data-rl_title=\"Festa, William turner 1775-1851, 1971, 116 x 89 cm\" data-rl_caption=\"Festa, William turner 1775-1851, 1971, 116 x 89 cm\" data-magnific_type=\"gallery\" class=\"mpc-icon-anchor mpc-magnific-popup\" title=\"Festa, William turner 1775-1851, 1971, 116 x 89 cm\"><i class=\"mpc-item-overlay__icon mpc-type--lightbox fa fa-arrows mpc-icon--icon\"><\/i><\/a><\/div><\/div><\/div><\/div><\/div><\/div><div class=\"mpc-navigation mpc-init mpc-align--left mpc-navigation--style_3 mpc-on-hover  mpc-nav-preset--preset_3\" data-mpcslider=\"mpc_carousel_image-169f5d0cd3d726\"><div class=\"mpc-nav__arrow mpcslick-prev\"><div class=\"mpc-nav__icon mpc-transition\"><i class=\" eti eti_arrow_carrot-left\"><div class=\"mpc-nav__background mpc-transition mpc-effect-type--fade mpc-effect-side--in\"><\/div><\/i><\/div><\/div><\/div><div class=\"mpc-navigation mpc-init mpc-align--left mpc-navigation--style_3 mpc-on-hover  mpc-nav-preset--preset_3\" data-mpcslider=\"mpc_carousel_image-169f5d0cd3d726\"><div class=\"mpc-nav__arrow mpcslick-next\"><div class=\"mpc-nav__icon mpc-transition\"><i class=\" eti eti_arrow_carrot-right\"><div class=\"mpc-nav__background mpc-transition mpc-effect-type--fade mpc-effect-side--in\"><\/div><\/i><\/div><\/div><\/div><\/div>[vc_column_text css=&#8221;.vc_custom_1578667400636{margin-top: 25px !important;padding-top: 0px !important;}&#8221; el_id=&#8221;biography&#8221;]<\/p>\n<h2>biographie<\/h2>\n<p>[\/vc_column_text][vc_column_text css=&#8221;&#8221; el_class=&#8221;testo-giustificato&#8221;]Rome, 1938 &#8211; Rome, 1988<\/p>\n<p>Fr\u00e8re de l&#8217;artiste Francesco Lo Savio, Tano Festa est un peintre et photographe italien. Apr\u00e8s avoir termin\u00e9 ses \u00e9tudes de philosophie et de photographie \u00e0 Rome, Festa \u00e9crit des po\u00e8mes qu&#8217;il distribue aux habitants de la Piazza di Spagna. Il vit et op\u00e8re dans des quartiers populaires, et par cons\u00e9quent, il est per\u00e7u \u00e0 cette \u00e9poque comme un individu dangereux par la police.<\/p>\n<p>Festa expose pour la premi\u00e8re fois en 1959 avec Franco Angeli, Mario Schifano et Giuseppe Uncini \u00e0 la galerie La Salita \u00e0 Rome, qui pr\u00e9sentera sa premi\u00e8re exposition personnelle en 1961. Les \u0153uvres de cette p\u00e9riode ont une force inhabituelle, et seront d\u00e9finies par Giorgio de Chirico comme un \u00abchaos moderniste\u00bb.<\/p>\n<p>Il peint \u00e9galement sur de petits albums, acquis plus tard par Giorgio Franchetti, collectionneur et un des plus grands supporters de Festa. Ces esquisses sont capitales, en ce qu&#8217;elles montrent la r\u00e9flexion attentive qui a pr\u00e9c\u00e9d\u00e9 ses derni\u00e8res \u0153uvres. Il est particuli\u00e8rement attir\u00e9 par le myst\u00e8re et la multiplicit\u00e9 derri\u00e8re la pure r\u00e9alit\u00e9 des objets, qui dans ses toiles se traduisent par des champs bleus, des villes rouges et un \u00e9clairage choquant.<\/p>\n<p>Il observe et collecte constamment des pyramides et des sph\u00e8res. Adh\u00e9rant \u00e0 l&#8217;art informel et gestuel, il peint des monochromes et des objets isol\u00e9s du quotidien, notamment des volets, des miroirs et des fen\u00eatres, qui le fascinent depuis son enfance. Dans une interview de 1987, il d\u00e9clare qu&#8217;\u00e0 cette \u00e9poque, il a \u00e9galement trouv\u00e9 l&#8217;inspiration dans Matta, Tobey, De Kooning et Pollock.<\/p>\n<p>En 1962, il se rend aux \u00c9tats-Unis avec son coll\u00e8gue et ami Mario Schifano, et ils participent avec Baj, Rotella et d&#8217;autres \u00e0 l&#8217;exposition \u00abNew Realists\u00bb \u00e0 la Sidney Janis Gallery de New York.<\/p>\n<p>En 1963, suite au suicide de son fr\u00e8re Rosario, il commence \u00e0 peindre avec une rage sans pr\u00e9c\u00e9dent, plongeant ses doigts directement dans la peinture. C&#8217;est \u00e0 cette p\u00e9riode qu&#8217;avec Schifano, lui vient l&#8217;id\u00e9e de renverser le Pop Art am\u00e9ricain, en revisitant de c\u00e9l\u00e8bres artistes italiens du pass\u00e9, tels que Michel-Ange et Leonard de Vinci, en interpr\u00e9tant leurs oeuvres comme des publicit\u00e9s. Selon eux, et<span class=\"Apple-converted-space\">\u00a0 <\/span>contrairement aux Am\u00e9ricains, les Italiens consomment encore des images culturelles.<\/p>\n<p>Tout au long des ann\u00e9es 1960 il devient proche du galeriste Plinio de \u2019Martiis, du collectionneur Giorgio Franchetti et des artistes Mario Schifano, Mimmo Rotella, Enrico Castellani et Franco Angeli \u00e0 Rome. En 1964, il expose pour la premi\u00e8re fois \u00e0 la Biennale de Venise. Les ann\u00e9es 1970 marquent une p\u00e9riode difficile de sa vie: addiction \u00e0 la drogue, aux m\u00e9dicaments et \u00e0 l&#8217;alcool. Il perd sa cr\u00e9ativit\u00e9 et vit dans la pauvret\u00e9 et l&#8217;isolement.<\/p>\n<p>Les ann\u00e9es 80 le ram\u00e8nent \u00e0 la vie artistique, il se met \u00e0 peindre d\u2019une mani\u00e8re plus figurative. Ses \u0153uvres naissent d\u00e9sormais d\u2019une intuition, d\u2019une image historique, d\u2019un film ou d\u2019un r\u00eave, qu\u2019il d\u00e9finirait comme les fant\u00f4mes de sa culture, notamment des images t\u00e9l\u00e9vis\u00e9es l\u2019assaillant tous les jours.<\/p>\n<p>\u00a9 FESTA TANO, by SIAE 2026[\/vc_column_text][vc_row_inner][vc_column_inner][vc_column_text css=&#8221;.vc_custom_1568023296154{padding-top: 50px !important;padding-bottom: 10px !important;}&#8221; el_id=&#8221;exhibition&#8221;]<\/p>\n<h2>expositions<\/h2>\n<p><\/p>\n<p>[\/vc_column_text][vc_basic_grid post_type=&#8221;ids&#8221; element_width=&#8221;12&#8243; item=&#8221;4321&#8243; grid_id=&#8221;vc_gid:1767972398912-37f59094-3751-9&#8243; include=&#8221;57362, 54330, 20526, 20508, 9169, 20200, 19592, 19795, 22840&#8243;][\/vc_column_inner][\/vc_row_inner][vc_row_inner disable_element=&#8221;yes&#8221;][vc_column_inner][vc_column_text css=&#8221;.vc_custom_1578667642547{padding-top: 50px !important;padding-bottom: 10px !important;}&#8221; el_id=&#8221;fairs&#8221;]<\/p>\n<h2>foires<\/h2>\n<p><\/p>\n<p>[\/vc_column_text][vc_basic_grid post_type=&#8221;ids&#8221; element_width=&#8221;6&#8243; item=&#8221;4545&#8243; grid_id=&#8221;vc_gid:1767972398913-4bbfaf5e-e02f-1&#8243;][\/vc_column_inner][\/vc_row_inner][vc_row_inner disable_element=&#8221;yes&#8221;][vc_column_inner][vc_column_text css=&#8221;.vc_custom_1575889020947{padding-top: 50px !important;padding-bottom: 10px !important;}&#8221; el_id=&#8221;video&#8221;]<\/p>\n<h2>video<\/h2>\n<p>[\/vc_column_text][vc_basic_grid post_type=&#8221;ids&#8221; element_width=&#8221;6&#8243; item=&#8221;1469&#8243; grid_id=&#8221;vc_gid:1767972398913-26a7fcfa-0db4-10&#8243;][\/vc_column_inner][\/vc_row_inner][vc_row_inner el_class=&#8221;blocco-pubblicazioni&#8221;][vc_column_inner][vc_column_text css=&#8221;.vc_custom_1568023309353{padding-top: 50px !important;padding-bottom: 10px !important;}&#8221; el_id=&#8221;publication&#8221;]<\/p>\n<h2>publications<\/h2>\n<p><\/p>\n<p>[\/vc_column_text][vc_basic_grid post_type=&#8221;ids&#8221; element_width=&#8221;12&#8243; item=&#8221;4344&#8243; grid_id=&#8221;vc_gid:1767972398914-3344d616-928e-2&#8243; include=&#8221;55567, 4526&#8243;][\/vc_column_inner][\/vc_row_inner][\/vc_column][\/vc_row][vc_row][vc_column]<\/p>\n<p>[vc_empty_space height=&#8221;100px&#8221;]<\/p>\n<p>[\/vc_column][\/vc_row]<\/p>\n<\/div>","protected":false},"excerpt":{"rendered":"<p>[vc_row css=&#8221;.vc_custom_1577099752877{margin-top: 100px !important;}&#8221;][vc_column width=&#8221;1\/4&#8243; enable_sticky=&#8221;true&#8221; sticky_offset=&#8221;100&#8243; alignment=&#8221;center&#8221; css=&#8221;.vc_custom_1547225524376{margin-bottom: 50px !important;}&#8221;][vc_column_text] &lt;&lt; retourner aux artistes [\/vc_column_text][vc_single_image image=&#8221;7417&#8243; img_size=&#8221;full&#8221; alignment=&#8221;center&#8221; css=&#8221;.vc_custom_1579110258982{margin-bottom: 0px !important;padding-bottom: 0px !important;}&#8221;][vc_custom_heading source=&#8221;post_title&#8221; font_container=&#8221;tag:h1|font_size:22%20px|text_align:center|line_height:30%20px&#8221;<\/p>\n","protected":false},"author":2,"featured_media":0,"menu_order":286,"comment_status":"closed","ping_status":"closed","template":"","meta":{"_acf_changed":false},"portfolio-types":[88],"class_list":["post-7419","portfolio","type-portfolio","status-publish","hentry","portfolio-types-f-fr"],"acf":[],"yoast_head":"<!-- This site is optimized with the Yoast SEO plugin v27.4 - https:\/\/yoast.com\/product\/yoast-seo-wordpress\/ -->\n<title>Festa Tano - Tornabuoni Art<\/title>\n<meta name=\"robots\" content=\"index, follow, max-snippet:-1, max-image-preview:large, max-video-preview:-1\" \/>\n<link rel=\"canonical\" href=\"https:\/\/www.tornabuoniart.com\/it\/artisti\/festa-tano\/\" \/>\n<meta property=\"og:locale\" content=\"fr_FR\" \/>\n<meta property=\"og:type\" content=\"article\" \/>\n<meta property=\"og:title\" content=\"Festa Tano - Tornabuoni Art\" \/>\n<meta property=\"og:description\" content=\"[vc_row css=&#8221;.vc_custom_1577099752877{margin-top: 100px !important;}&#8221;][vc_column width=&#8221;1\/4&#8243; enable_sticky=&#8221;true&#8221; sticky_offset=&#8221;100&#8243; alignment=&#8221;center&#8221; css=&#8221;.vc_custom_1547225524376{margin-bottom: 50px !important;}&#8221;][vc_column_text] &lt;&lt; retourner aux artistes [\/vc_column_text][vc_single_image image=&#8221;7417&#8243; img_size=&#8221;full&#8221; alignment=&#8221;center&#8221; css=&#8221;.vc_custom_1579110258982{margin-bottom: 0px !important;padding-bottom: 0px !important;}&#8221;][vc_custom_heading source=&#8221;post_title&#8221; font_container=&#8221;tag:h1|font_size:22%20px|text_align:center|line_height:30%20px&#8221;\" \/>\n<meta property=\"og:url\" content=\"https:\/\/www.tornabuoniart.com\/it\/artisti\/festa-tano\/\" \/>\n<meta property=\"og:site_name\" content=\"Tornabuoni Art\" \/>\n<meta property=\"article:publisher\" content=\"https:\/\/www.facebook.com\/TornabuoniArt\/\" \/>\n<meta property=\"article:modified_time\" content=\"2026-01-09T15:28:36+00:00\" \/>\n<meta name=\"twitter:card\" content=\"summary_large_image\" \/>\n<meta name=\"twitter:site\" content=\"@TornabuoniArt\" \/>\n<meta name=\"twitter:label1\" content=\"Est. reading time\" \/>\n\t<meta name=\"twitter:data1\" content=\"5 minutes\" \/>\n<script type=\"application\/ld+json\" class=\"yoast-schema-graph\">{\"@context\":\"https:\\\/\\\/schema.org\",\"@graph\":[{\"@type\":\"WebPage\",\"@id\":\"https:\\\/\\\/www.tornabuoniart.com\\\/it\\\/artisti\\\/festa-tano\\\/\",\"url\":\"https:\\\/\\\/www.tornabuoniart.com\\\/it\\\/artisti\\\/festa-tano\\\/\",\"name\":\"Festa Tano - Tornabuoni Art\",\"isPartOf\":{\"@id\":\"https:\\\/\\\/www.tornabuoniart.com\\\/en\\\/#website\"},\"datePublished\":\"2019-09-12T12:47:00+00:00\",\"dateModified\":\"2026-01-09T15:28:36+00:00\",\"breadcrumb\":{\"@id\":\"https:\\\/\\\/www.tornabuoniart.com\\\/it\\\/artisti\\\/festa-tano\\\/#breadcrumb\"},\"inLanguage\":\"fr-FR\",\"potentialAction\":[{\"@type\":\"ReadAction\",\"target\":[\"https:\\\/\\\/www.tornabuoniart.com\\\/it\\\/artisti\\\/festa-tano\\\/\"]}]},{\"@type\":\"BreadcrumbList\",\"@id\":\"https:\\\/\\\/www.tornabuoniart.com\\\/it\\\/artisti\\\/festa-tano\\\/#breadcrumb\",\"itemListElement\":[{\"@type\":\"ListItem\",\"position\":1,\"name\":\"Home\",\"item\":\"https:\\\/\\\/www.tornabuoniart.com\\\/fr\\\/\"},{\"@type\":\"ListItem\",\"position\":2,\"name\":\"Festa Tano\"}]},{\"@type\":\"WebSite\",\"@id\":\"https:\\\/\\\/www.tornabuoniart.com\\\/en\\\/#website\",\"url\":\"https:\\\/\\\/www.tornabuoniart.com\\\/en\\\/\",\"name\":\"Tornabuoni Art\",\"description\":\"Modern &amp; Contemporary Art Gallery\",\"publisher\":{\"@id\":\"https:\\\/\\\/www.tornabuoniart.com\\\/en\\\/#organization\"},\"potentialAction\":[{\"@type\":\"SearchAction\",\"target\":{\"@type\":\"EntryPoint\",\"urlTemplate\":\"https:\\\/\\\/www.tornabuoniart.com\\\/en\\\/?s={search_term_string}\"},\"query-input\":{\"@type\":\"PropertyValueSpecification\",\"valueRequired\":true,\"valueName\":\"search_term_string\"}}],\"inLanguage\":\"fr-FR\"},{\"@type\":\"Organization\",\"@id\":\"https:\\\/\\\/www.tornabuoniart.com\\\/en\\\/#organization\",\"name\":\"Tornabuoni Art\",\"url\":\"https:\\\/\\\/www.tornabuoniart.com\\\/en\\\/\",\"logo\":{\"@type\":\"ImageObject\",\"inLanguage\":\"fr-FR\",\"@id\":\"https:\\\/\\\/www.tornabuoniart.com\\\/en\\\/#\\\/schema\\\/logo\\\/image\\\/\",\"url\":\"http:\\\/\\\/www.tornabuoniart.com\\\/wp-content\\\/uploads\\\/2019\\\/04\\\/logo_tornabuoni-art2-2-grey.png\",\"contentUrl\":\"http:\\\/\\\/www.tornabuoniart.com\\\/wp-content\\\/uploads\\\/2019\\\/04\\\/logo_tornabuoni-art2-2-grey.png\",\"width\":961,\"height\":136,\"caption\":\"Tornabuoni Art\"},\"image\":{\"@id\":\"https:\\\/\\\/www.tornabuoniart.com\\\/en\\\/#\\\/schema\\\/logo\\\/image\\\/\"},\"sameAs\":[\"https:\\\/\\\/www.facebook.com\\\/TornabuoniArt\\\/\",\"https:\\\/\\\/x.com\\\/TornabuoniArt\",\"https:\\\/\\\/www.instagram.com\\\/tornabuoniart\\\/\"]}]}<\/script>\n<!-- \/ Yoast SEO plugin. -->","yoast_head_json":{"title":"Festa Tano - Tornabuoni Art","robots":{"index":"index","follow":"follow","max-snippet":"max-snippet:-1","max-image-preview":"max-image-preview:large","max-video-preview":"max-video-preview:-1"},"canonical":"https:\/\/www.tornabuoniart.com\/it\/artisti\/festa-tano\/","og_locale":"fr_FR","og_type":"article","og_title":"Festa Tano - Tornabuoni Art","og_description":"[vc_row css=&#8221;.vc_custom_1577099752877{margin-top: 100px !important;}&#8221;][vc_column width=&#8221;1\/4&#8243; enable_sticky=&#8221;true&#8221; sticky_offset=&#8221;100&#8243; alignment=&#8221;center&#8221; css=&#8221;.vc_custom_1547225524376{margin-bottom: 50px !important;}&#8221;][vc_column_text] &lt;&lt; retourner aux artistes [\/vc_column_text][vc_single_image image=&#8221;7417&#8243; img_size=&#8221;full&#8221; alignment=&#8221;center&#8221; css=&#8221;.vc_custom_1579110258982{margin-bottom: 0px !important;padding-bottom: 0px !important;}&#8221;][vc_custom_heading source=&#8221;post_title&#8221; font_container=&#8221;tag:h1|font_size:22%20px|text_align:center|line_height:30%20px&#8221;","og_url":"https:\/\/www.tornabuoniart.com\/it\/artisti\/festa-tano\/","og_site_name":"Tornabuoni Art","article_publisher":"https:\/\/www.facebook.com\/TornabuoniArt\/","article_modified_time":"2026-01-09T15:28:36+00:00","twitter_card":"summary_large_image","twitter_site":"@TornabuoniArt","twitter_misc":{"Est. reading time":"5 minutes"},"schema":{"@context":"https:\/\/schema.org","@graph":[{"@type":"WebPage","@id":"https:\/\/www.tornabuoniart.com\/it\/artisti\/festa-tano\/","url":"https:\/\/www.tornabuoniart.com\/it\/artisti\/festa-tano\/","name":"Festa Tano - Tornabuoni Art","isPartOf":{"@id":"https:\/\/www.tornabuoniart.com\/en\/#website"},"datePublished":"2019-09-12T12:47:00+00:00","dateModified":"2026-01-09T15:28:36+00:00","breadcrumb":{"@id":"https:\/\/www.tornabuoniart.com\/it\/artisti\/festa-tano\/#breadcrumb"},"inLanguage":"fr-FR","potentialAction":[{"@type":"ReadAction","target":["https:\/\/www.tornabuoniart.com\/it\/artisti\/festa-tano\/"]}]},{"@type":"BreadcrumbList","@id":"https:\/\/www.tornabuoniart.com\/it\/artisti\/festa-tano\/#breadcrumb","itemListElement":[{"@type":"ListItem","position":1,"name":"Home","item":"https:\/\/www.tornabuoniart.com\/fr\/"},{"@type":"ListItem","position":2,"name":"Festa Tano"}]},{"@type":"WebSite","@id":"https:\/\/www.tornabuoniart.com\/en\/#website","url":"https:\/\/www.tornabuoniart.com\/en\/","name":"Tornabuoni Art","description":"Modern &amp; Contemporary Art Gallery","publisher":{"@id":"https:\/\/www.tornabuoniart.com\/en\/#organization"},"potentialAction":[{"@type":"SearchAction","target":{"@type":"EntryPoint","urlTemplate":"https:\/\/www.tornabuoniart.com\/en\/?s={search_term_string}"},"query-input":{"@type":"PropertyValueSpecification","valueRequired":true,"valueName":"search_term_string"}}],"inLanguage":"fr-FR"},{"@type":"Organization","@id":"https:\/\/www.tornabuoniart.com\/en\/#organization","name":"Tornabuoni Art","url":"https:\/\/www.tornabuoniart.com\/en\/","logo":{"@type":"ImageObject","inLanguage":"fr-FR","@id":"https:\/\/www.tornabuoniart.com\/en\/#\/schema\/logo\/image\/","url":"http:\/\/www.tornabuoniart.com\/wp-content\/uploads\/2019\/04\/logo_tornabuoni-art2-2-grey.png","contentUrl":"http:\/\/www.tornabuoniart.com\/wp-content\/uploads\/2019\/04\/logo_tornabuoni-art2-2-grey.png","width":961,"height":136,"caption":"Tornabuoni Art"},"image":{"@id":"https:\/\/www.tornabuoniart.com\/en\/#\/schema\/logo\/image\/"},"sameAs":["https:\/\/www.facebook.com\/TornabuoniArt\/","https:\/\/x.com\/TornabuoniArt","https:\/\/www.instagram.com\/tornabuoniart\/"]}]}},"_links":{"self":[{"href":"https:\/\/www.tornabuoniart.com\/fr\/wp-json\/wp\/v2\/portfolio\/7419","targetHints":{"allow":["GET"]}}],"collection":[{"href":"https:\/\/www.tornabuoniart.com\/fr\/wp-json\/wp\/v2\/portfolio"}],"about":[{"href":"https:\/\/www.tornabuoniart.com\/fr\/wp-json\/wp\/v2\/types\/portfolio"}],"author":[{"embeddable":true,"href":"https:\/\/www.tornabuoniart.com\/fr\/wp-json\/wp\/v2\/users\/2"}],"replies":[{"embeddable":true,"href":"https:\/\/www.tornabuoniart.com\/fr\/wp-json\/wp\/v2\/comments?post=7419"}],"wp:attachment":[{"href":"https:\/\/www.tornabuoniart.com\/fr\/wp-json\/wp\/v2\/media?parent=7419"}],"wp:term":[{"taxonomy":"portfolio-types","embeddable":true,"href":"https:\/\/www.tornabuoniart.com\/fr\/wp-json\/wp\/v2\/portfolio-types?post=7419"}],"curies":[{"name":"wp","href":"https:\/\/api.w.org\/{rel}","templated":true}]}}