{"id":47421,"date":"2022-05-31T13:30:37","date_gmt":"2022-05-31T12:30:37","guid":{"rendered":"https:\/\/www.tornabuoniart.com\/artisti\/parmiggiani-claudio\/"},"modified":"2026-01-09T17:32:04","modified_gmt":"2026-01-09T16:32:04","slug":"parmiggiani-claudio","status":"publish","type":"portfolio","link":"https:\/\/www.tornabuoniart.com\/fr\/artisti\/parmiggiani-claudio\/","title":{"rendered":"Parmiggiani Claudio"},"content":{"rendered":"<div class=\"wpb-content-wrapper\"><p>[vc_row css=&#8221;.vc_custom_1577099752877{margin-top: 100px !important;}&#8221;][vc_column width=&#8221;1\/4&#8243; enable_sticky=&#8221;true&#8221; sticky_offset=&#8221;100&#8243; alignment=&#8221;center&#8221; css=&#8221;.vc_custom_1547225524376{margin-bottom: 50px !important;}&#8221;][vc_column_text]<\/p>\n<p style=\"text-align: center;\"><a href=\"https:\/\/www.tornabuoniart.com\/fr\/artistes\/\"><span style=\"color: #808080;\"><em>&lt;&lt; retourner aux artists<\/em><\/span><\/a><\/p>\n<p>[\/vc_column_text][vc_single_image image=&#8221;46481&#8243; img_size=&#8221;full&#8221; alignment=&#8221;center&#8221; css=&#8221;.vc_custom_1654000134148{margin-bottom: 0px !important;padding-bottom: 0px !important;}&#8221;][vc_custom_heading source=&#8221;post_title&#8221; font_container=&#8221;tag:h1|font_size:22%20px|text_align:center|line_height:30%20px&#8221; use_theme_fonts=&#8221;yes&#8221;][\/vc_column][vc_column width=&#8221;3\/4&#8243;]<div class=\"mpc-carousel__wrapper mpc-waypoint\"><div id=\"mpc_carousel_image-4169f5c8527d425\" class=\"mpc-carousel-image mpc-init mpc-layout--fluid mpc-effect--none mpc-force-height  mpc-overlay--fade\"  data-mpcslick='{\"infinite\":true,\"autoplay\":false,\"slidesToShow\":3,\"slidesToScroll\":1,\"centerMode\":false,\"initialSlide\":0,\"rows\":1,\"variableWidth\":true,\"speed\":500}' data-slick-cols=\"3\" data-align=\"middle-center\"><div target=\"\"class=\"mpc-carousel__item-wrapper\" data-height=\"1024\"><div onclick=\"\" class=\"mpc-item mpc-transition\"><div class=\"mpc-border\"><\/div><img loading=\"lazy\" decoding=\"async\" width=\"1920\" height=\"2560\" src=\"https:\/\/www.tornabuoniart.com\/wp-content\/uploads\/2026\/01\/Parmiggiani-Senza-Titolo-2019-70-x-60-cm-scaled.jpg\" class=\"mpc-transition attachment-full\" alt=\"\" title=\"Parmiggiani, Senza Titolo, 2019, 70 x 60 cm\" srcset=\"https:\/\/www.tornabuoniart.com\/wp-content\/uploads\/2026\/01\/Parmiggiani-Senza-Titolo-2019-70-x-60-cm-scaled.jpg 1920w, https:\/\/www.tornabuoniart.com\/wp-content\/uploads\/2026\/01\/Parmiggiani-Senza-Titolo-2019-70-x-60-cm-225x300.jpg 225w, https:\/\/www.tornabuoniart.com\/wp-content\/uploads\/2026\/01\/Parmiggiani-Senza-Titolo-2019-70-x-60-cm-768x1024.jpg 768w, https:\/\/www.tornabuoniart.com\/wp-content\/uploads\/2026\/01\/Parmiggiani-Senza-Titolo-2019-70-x-60-cm-1152x1536.jpg 1152w, https:\/\/www.tornabuoniart.com\/wp-content\/uploads\/2026\/01\/Parmiggiani-Senza-Titolo-2019-70-x-60-cm-1536x2048.jpg 1536w, https:\/\/www.tornabuoniart.com\/wp-content\/uploads\/2026\/01\/Parmiggiani-Senza-Titolo-2019-70-x-60-cm-56x75.jpg 56w, https:\/\/www.tornabuoniart.com\/wp-content\/uploads\/2026\/01\/Parmiggiani-Senza-Titolo-2019-70-x-60-cm-540x720.jpg 540w, https:\/\/www.tornabuoniart.com\/wp-content\/uploads\/2026\/01\/Parmiggiani-Senza-Titolo-2019-70-x-60-cm-480x640.jpg 480w\" sizes=\"auto, (max-width:767px) 480px, (max-width:1920px) 100vw, 1920px\" \/><div class=\"mpc-item-overlay mpc-transition\"><div class=\"mpc-overlay--vertical-wrap\"><div class=\"mpc-overlay--vertical\"><a href=\"https:\/\/www.tornabuoniart.com\/wp-content\/uploads\/2026\/01\/Parmiggiani-Senza-Titolo-2019-70-x-60-cm-scaled.jpg\" data-rel=\"lightbox-gallery-0\" data-rl_title=\"Parmiggiani, Senza Titolo, 2019, 70 x 60 cm\" data-rl_caption=\"Parmiggiani, Senza Titolo, 2019, 70 x 60 cm\" data-magnific_type=\"gallery\" class=\"mpc-icon-anchor mpc-magnific-popup\" title=\"Parmiggiani, Senza Titolo, 2019, 70 x 60 cm\"><i class=\"mpc-item-overlay__icon mpc-type--lightbox fa fa-arrows mpc-icon--icon\"><\/i><\/a><\/div><\/div><\/div><\/div><\/div><div target=\"\"class=\"mpc-carousel__item-wrapper\" data-height=\"768\"><div onclick=\"\" class=\"mpc-item mpc-transition\"><div class=\"mpc-border\"><\/div><img loading=\"lazy\" decoding=\"async\" width=\"2560\" height=\"1920\" src=\"https:\/\/www.tornabuoniart.com\/wp-content\/uploads\/2026\/01\/Parmiggiani-Senza-titolo-2019-150-x-200-cm-scaled.jpg\" class=\"mpc-transition attachment-full\" alt=\"\" title=\"Parmiggiani, Senza titolo, 2019, 150 x 200 cm\" srcset=\"https:\/\/www.tornabuoniart.com\/wp-content\/uploads\/2026\/01\/Parmiggiani-Senza-titolo-2019-150-x-200-cm-scaled.jpg 2560w, https:\/\/www.tornabuoniart.com\/wp-content\/uploads\/2026\/01\/Parmiggiani-Senza-titolo-2019-150-x-200-cm-300x225.jpg 300w, https:\/\/www.tornabuoniart.com\/wp-content\/uploads\/2026\/01\/Parmiggiani-Senza-titolo-2019-150-x-200-cm-1024x768.jpg 1024w, https:\/\/www.tornabuoniart.com\/wp-content\/uploads\/2026\/01\/Parmiggiani-Senza-titolo-2019-150-x-200-cm-768x576.jpg 768w, https:\/\/www.tornabuoniart.com\/wp-content\/uploads\/2026\/01\/Parmiggiani-Senza-titolo-2019-150-x-200-cm-1536x1152.jpg 1536w, https:\/\/www.tornabuoniart.com\/wp-content\/uploads\/2026\/01\/Parmiggiani-Senza-titolo-2019-150-x-200-cm-2048x1536.jpg 2048w, https:\/\/www.tornabuoniart.com\/wp-content\/uploads\/2026\/01\/Parmiggiani-Senza-titolo-2019-150-x-200-cm-100x75.jpg 100w, https:\/\/www.tornabuoniart.com\/wp-content\/uploads\/2026\/01\/Parmiggiani-Senza-titolo-2019-150-x-200-cm-960x720.jpg 960w, https:\/\/www.tornabuoniart.com\/wp-content\/uploads\/2026\/01\/Parmiggiani-Senza-titolo-2019-150-x-200-cm-480x360.jpg 480w\" sizes=\"auto, (max-width:767px) 480px, (max-width:2560px) 100vw, 2560px\" \/><div class=\"mpc-item-overlay mpc-transition\"><div class=\"mpc-overlay--vertical-wrap\"><div class=\"mpc-overlay--vertical\"><a href=\"https:\/\/www.tornabuoniart.com\/wp-content\/uploads\/2026\/01\/Parmiggiani-Senza-titolo-2019-150-x-200-cm-scaled.jpg\" data-rel=\"lightbox-gallery-0\" data-rl_title=\"Parmiggiani, Senza titolo, 2019, 150 x 200 cm\" data-rl_caption=\"Parmiggiani, Senza titolo, 2019, 150 x 200 cm\" data-magnific_type=\"gallery\" class=\"mpc-icon-anchor mpc-magnific-popup\" title=\"Parmiggiani, Senza titolo, 2019, 150 x 200 cm\"><i class=\"mpc-item-overlay__icon mpc-type--lightbox fa fa-arrows mpc-icon--icon\"><\/i><\/a><\/div><\/div><\/div><\/div><\/div><\/div><div class=\"mpc-navigation mpc-init mpc-align--left mpc-navigation--style_3 mpc-on-hover  mpc-nav-preset--preset_3\" data-mpcslider=\"mpc_carousel_image-4169f5c8527d425\"><div class=\"mpc-nav__arrow mpcslick-prev\"><div class=\"mpc-nav__icon mpc-transition\"><i class=\" eti eti_arrow_carrot-left\"><div class=\"mpc-nav__background mpc-transition mpc-effect-type--fade mpc-effect-side--in\"><\/div><\/i><\/div><\/div><\/div><div class=\"mpc-navigation mpc-init mpc-align--left mpc-navigation--style_3 mpc-on-hover  mpc-nav-preset--preset_3\" data-mpcslider=\"mpc_carousel_image-4169f5c8527d425\"><div class=\"mpc-nav__arrow mpcslick-next\"><div class=\"mpc-nav__icon mpc-transition\"><i class=\" eti eti_arrow_carrot-right\"><div class=\"mpc-nav__background mpc-transition mpc-effect-type--fade mpc-effect-side--in\"><\/div><\/i><\/div><\/div><\/div><\/div>[vc_column_text css=&#8221;.vc_custom_1578667400636{margin-top: 25px !important;padding-top: 0px !important;}&#8221; el_id=&#8221;biography&#8221;]<\/p>\n<h2>biographie<\/h2>\n<p>[\/vc_column_text][vc_column_text el_class=&#8221;testo-giustificato&#8221;]Lazzura, 1943<\/p>\n<p>Claudio Parmiggiani est l\u2019une des figures de proue de la sc\u00e8ne artistique internationale. N\u00e9 \u00e0 Luzzara, il s\u2019est form\u00e9 \u00e0 l\u2019Institut des Beaux-Arts de Mod\u00e8ne. Tr\u00e8s jeune, il fr\u00e9quente Giorgio Morandi (dont l\u2019influence est plus \u00e9thique que stylistique) et commence \u00e0 utiliser des moulages en pl\u00e2tre peint pour ses \u0153uvres, que l\u2019artiste d\u00e9finit comme des \u00ab\u00a0peintures sculpt\u00e9es\u00a0\u00bb.<\/p>\n<p>Sa premi\u00e8re v\u00e9ritable exposition a lieu en 1965 \u00e0 la librairie Feltrinelli de Bologne : c\u2019est l\u2019\u00e9poque du Gruppo 63 et des po\u00e8tes r\u00e9unis autour des \u00ab\u00a0verri\u00a0\u00bb de Luciano Anceschi, dont Parmiggiani sera tr\u00e8s proche.<\/p>\n<p>Il a publi\u00e9 des livres-ouvrages tels que\u00a0<em style=\"font-weight: inherit;\">Atlante<\/em>\u00a0(Scheiwiller, 1970, en collaboration avec Nanni Balestrini et Villa),\u00a0<em style=\"font-weight: inherit;\">\u221a \u2013 2, l\u2019arte \u00e8 una scienza esatta<\/em>\u00a0(Mello et Persano, 1977),\u00a0<em style=\"font-weight: inherit;\">De vita solitaria<\/em>\u00a0(Christian Stein, 2009, en collaboration avec Pietro Citati).\u00a0<em style=\"font-weight: inherit;\">Stabat mater. Dies Ir\u00e6. Deux Contrepoints.<\/em>\u00a0(en collaboration avec Jean-Luc Nancy, Tallone Editore, 2016).<\/p>\n<p>Nombreuses sont les intuitions qui, depuis le milieu des ann\u00e9es 1960, caract\u00e9risent ses recherches de mani\u00e8re totalement originale et novatrice. Un esprit radicalement iconoclaste sous-tend toute son \u0153uvre. Les premi\u00e8res\u00a0<em style=\"font-weight: inherit;\">Delocazioni<\/em>\u00a0datent de 1970, des \u0153uvres d\u2019ombres et d\u2019empreintes r\u00e9alis\u00e9es avec du feu, de la poussi\u00e8re et de la fum\u00e9e, une r\u00e9flexion radicale sur le th\u00e8me de l\u2019absence et de la trace, qu\u2019il d\u00e9veloppera jusqu\u2019\u00e0 en faire le fil conducteur de toute son \u0153uvre. Ces \u0153uvres prendront un caract\u00e8re de fort impact visuel et \u00e9motionnel ; on se souvient des\u00a0<em style=\"font-weight: inherit;\">Delocazioni<\/em>\u00a0th\u00e9\u00e2trales r\u00e9alis\u00e9es au Mus\u00e9e d\u2019Art Moderne et Contemporain de Gen\u00e8ve (1995), au Centre Pompidou de Paris (1997), au Promotrice delle Belle Arti de Turin (1988), au Mus\u00e9e Fabre de Montpellier (2002), au Tel Aviv Museum of Art (2003), au Coll\u00e8ge des Bernardins, Paris (2008).<\/p>\n<p>Depuis le d\u00e9but des ann\u00e9es 1980, il a r\u00e9alis\u00e9 une s\u00e9rie d\u2019importants projets de mus\u00e9es.\u00a0<em style=\"font-weight: inherit;\">Terra<\/em>\u00a0(1988), une sph\u00e8re portant l\u2019empreinte des mains de l\u2019artiste, enterr\u00e9e dans le clo\u00eetre du Mus\u00e9e des Beaux-Arts de Lyon, est une expression de la nature spirituelle de l\u2019\u0153uvre, telle m\u00eame lorsqu\u2019elle est invisible et un lieu de dialogue avec son absence.<\/p>\n<p>Ses nombreuses interventions comprennent des expositions \u00e0 l\u2019Institut Mathildenh\u00f6he de Darmstadt (1992), \u00e0 la Galerie d\u2019art moderne de Prague (1993), au Centre Georges Pompidou de Paris (1997), au MAMCO de Gen\u00e8ve (1995) et \u00e0 la Promotrice delle Belle Arti de Turin (1998). Dans les ann\u00e9es 2000, il a eu d\u2019importantes expositions \u00e0 Cuba (Museo Nacional de Bellas Artes \u00e0 La Havane, 2006), Pistoia (Apocalypsis Cum Figuris, 2007) et Parme (Naufragio con Spettatore, 2010). Derni\u00e8rement \u00e0 Moscou (Centr\u043e of Contemporary Art \u2013 NCCA, 2017) et \u00e0 Nashville au Frist Art Museum (Claudio Parmiggiani : Dematerialization, 2019).<\/p>\n<p>Il a pr\u00e9sent\u00e9 ses \u0153uvres dans de nombreuses autres institutions internationales prestigieuses, tant publiques que priv\u00e9es. Ses interventions permanentes comprennent\u00a0<em style=\"font-weight: inherit;\">Il faro d\u2019Islanda<\/em>, (2000),\u00a0<em style=\"font-weight: inherit;\">Teatro dell\u2019arte e della guerra<\/em>, (2006) au Teatro Farnese de Parme,\u00a0<em style=\"font-weight: inherit;\">Ex-voto<\/em>\u00a0au Mus\u00e9e du Louvre (2007),\u00a0<em style=\"font-weight: inherit;\">Porta Speciosa<\/em>\u00a0pour le Sacro Eremo di Camaldoli (2013), une intervention \u00e0 la Camera degli Amori de la Villa Medici \u00e0 Rome (2015), l\u2019autel de la cath\u00e9drale de Reggio Emilia (2011) et de la basilique de Gallarate (2018), ainsi que\u00a0<em style=\"font-weight: inherit;\">La corona di spine<\/em>\u00a0(2014) dans le ma\u00eetre-autel de l\u2019\u00e9glise de San Fedele, \u00e0 Milan, et<em style=\"font-weight: inherit;\">\u00a0Naufragio con Spettatore<\/em>\u00a0(2010) dans l\u2019\u00e9glise de San Marcellino, \u00e0 Parme.<\/p>\n<p>Dans le domaine plus strictement \u00e9ditorial, il faut mentionner les volumes\u00a0<em style=\"font-weight: inherit;\">Poesie dipinte<\/em>\u00a0(Frankfurter Kunstverein, 1981),\u00a0<em style=\"font-weight: inherit;\">Il sangue del colore<\/em>\u00a0(Scheiwiller, 1988),\u00a0<em style=\"font-weight: inherit;\">Stella Sangue Spirito\u00a0<\/em>(trois \u00e9ditions diff\u00e9rentes : Pratiche, 1995 \u00e9dit\u00e9 par Stefano Crespi, Actes Sud, 2003 et Istituto Cubano del Libro, 2007),\u00a0<em style=\"font-weight: inherit;\">Incipit<\/em>\u00a0(Allemandi, 2008),\u00a0<em style=\"font-weight: inherit;\">Una fede in niente ma totale<\/em>\u00a0(Le Lettere, 2010)\u00a0<em style=\"font-weight: inherit;\">Lettere a Luisa<\/em>\u00a0(Mainz 2016).[\/vc_column_text][vc_row_inner][vc_column_inner][vc_column_text css=&#8221;.vc_custom_1568023296154{padding-top: 50px !important;padding-bottom: 10px !important;}&#8221; el_id=&#8221;exhibition&#8221;]<\/p>\n<h2>expositions<\/h2>\n<p>[\/vc_column_text][vc_basic_grid post_type=&#8221;ids&#8221; element_width=&#8221;12&#8243; item=&#8221;4321&#8243; grid_id=&#8221;vc_gid:1767976238609-ff90d492-0cf9-0&#8243; include=&#8221;57695, 55262, 48486&#8243;][\/vc_column_inner][\/vc_row_inner][vc_row_inner disable_element=&#8221;yes&#8221;][vc_column_inner][vc_column_text css=&#8221;.vc_custom_1578667642547{padding-top: 50px !important;padding-bottom: 10px !important;}&#8221; el_id=&#8221;fairs&#8221;]<\/p>\n<h2>foires<\/h2>\n<p>[\/vc_column_text][vc_basic_grid post_type=&#8221;ids&#8221; element_width=&#8221;6&#8243; item=&#8221;4545&#8243; grid_id=&#8221;vc_gid:1767976238610-33fb6554-5313-6&#8243;][\/vc_column_inner][\/vc_row_inner][vc_row_inner][vc_column_inner][vc_column_text css=&#8221;.vc_custom_1575889020947{padding-top: 50px !important;padding-bottom: 10px !important;}&#8221; el_id=&#8221;video&#8221;]<\/p>\n<h2>video<\/h2>\n<p>\n[\/vc_column_text][vc_basic_grid post_type=&#8221;ids&#8221; element_width=&#8221;6&#8243; item=&#8221;1469&#8243; grid_id=&#8221;vc_gid:1767976238610-0616efb9-595a-0&#8243; include=&#8221;56347, 47311, 45931&#8243;][\/vc_column_inner][\/vc_row_inner][vc_row_inner el_class=&#8221;blocco-pubblicazioni&#8221;][vc_column_inner][vc_column_text css=&#8221;.vc_custom_1568023309353{padding-top: 50px !important;padding-bottom: 10px !important;}&#8221; el_id=&#8221;publication&#8221;]<\/p>\n<h2>publications<\/h2>\n<p>[\/vc_column_text][vc_basic_grid post_type=&#8221;ids&#8221; element_width=&#8221;12&#8243; item=&#8221;4344&#8243; grid_id=&#8221;vc_gid:1767976238611-cf6184cc-5d8a-6&#8243; include=&#8221;56821, 46705&#8243;][\/vc_column_inner][\/vc_row_inner][\/vc_column][\/vc_row][vc_row][vc_column][vc_empty_space height=&#8221;100px&#8221;][\/vc_column][\/vc_row]<\/p>\n<\/div>","protected":false},"excerpt":{"rendered":"<p>[vc_row css=&#8221;.vc_custom_1577099752877{margin-top: 100px !important;}&#8221;][vc_column width=&#8221;1\/4&#8243; enable_sticky=&#8221;true&#8221; sticky_offset=&#8221;100&#8243; alignment=&#8221;center&#8221; css=&#8221;.vc_custom_1547225524376{margin-bottom: 50px !important;}&#8221;][vc_column_text] &lt;&lt; retourner aux artists [\/vc_column_text][vc_single_image image=&#8221;46481&#8243; img_size=&#8221;full&#8221; alignment=&#8221;center&#8221; css=&#8221;.vc_custom_1654000134148{margin-bottom: 0px !important;padding-bottom: 0px !important;}&#8221;][vc_custom_heading source=&#8221;post_title&#8221; font_container=&#8221;tag:h1|font_size:22%20px|text_align:center|line_height:30%20px&#8221;<\/p>\n","protected":false},"author":3,"featured_media":0,"menu_order":0,"comment_status":"closed","ping_status":"closed","template":"","meta":{"_acf_changed":false},"portfolio-types":[214],"class_list":["post-47421","portfolio","type-portfolio","status-publish","hentry","portfolio-types-p-fr"],"acf":[],"yoast_head":"<!-- This site is optimized with the Yoast SEO plugin v27.4 - https:\/\/yoast.com\/product\/yoast-seo-wordpress\/ -->\n<title>Parmiggiani Claudio - Tornabuoni Art<\/title>\n<meta name=\"robots\" content=\"index, follow, max-snippet:-1, max-image-preview:large, max-video-preview:-1\" \/>\n<link rel=\"canonical\" href=\"https:\/\/www.tornabuoniart.com\/it\/artisti\/parmiggiani-claudio\/\" \/>\n<meta property=\"og:locale\" content=\"fr_FR\" \/>\n<meta property=\"og:type\" content=\"article\" \/>\n<meta property=\"og:title\" content=\"Parmiggiani Claudio - Tornabuoni Art\" \/>\n<meta property=\"og:description\" content=\"[vc_row css=&#8221;.vc_custom_1577099752877{margin-top: 100px !important;}&#8221;][vc_column width=&#8221;1\/4&#8243; enable_sticky=&#8221;true&#8221; sticky_offset=&#8221;100&#8243; alignment=&#8221;center&#8221; css=&#8221;.vc_custom_1547225524376{margin-bottom: 50px !important;}&#8221;][vc_column_text] &lt;&lt; retourner aux artists [\/vc_column_text][vc_single_image image=&#8221;46481&#8243; img_size=&#8221;full&#8221; alignment=&#8221;center&#8221; css=&#8221;.vc_custom_1654000134148{margin-bottom: 0px !important;padding-bottom: 0px !important;}&#8221;][vc_custom_heading source=&#8221;post_title&#8221; font_container=&#8221;tag:h1|font_size:22%20px|text_align:center|line_height:30%20px&#8221;\" \/>\n<meta property=\"og:url\" content=\"https:\/\/www.tornabuoniart.com\/it\/artisti\/parmiggiani-claudio\/\" \/>\n<meta property=\"og:site_name\" content=\"Tornabuoni Art\" \/>\n<meta property=\"article:publisher\" content=\"https:\/\/www.facebook.com\/TornabuoniArt\/\" \/>\n<meta property=\"article:modified_time\" content=\"2026-01-09T16:32:04+00:00\" \/>\n<meta name=\"twitter:card\" content=\"summary_large_image\" \/>\n<meta name=\"twitter:site\" content=\"@TornabuoniArt\" \/>\n<meta name=\"twitter:label1\" content=\"Est. reading time\" \/>\n\t<meta name=\"twitter:data1\" content=\"5 minutes\" \/>\n<script type=\"application\/ld+json\" class=\"yoast-schema-graph\">{\"@context\":\"https:\\\/\\\/schema.org\",\"@graph\":[{\"@type\":\"WebPage\",\"@id\":\"https:\\\/\\\/www.tornabuoniart.com\\\/it\\\/artisti\\\/parmiggiani-claudio\\\/\",\"url\":\"https:\\\/\\\/www.tornabuoniart.com\\\/it\\\/artisti\\\/parmiggiani-claudio\\\/\",\"name\":\"Parmiggiani Claudio - Tornabuoni Art\",\"isPartOf\":{\"@id\":\"https:\\\/\\\/www.tornabuoniart.com\\\/en\\\/#website\"},\"datePublished\":\"2022-05-31T12:30:37+00:00\",\"dateModified\":\"2026-01-09T16:32:04+00:00\",\"breadcrumb\":{\"@id\":\"https:\\\/\\\/www.tornabuoniart.com\\\/it\\\/artisti\\\/parmiggiani-claudio\\\/#breadcrumb\"},\"inLanguage\":\"fr-FR\",\"potentialAction\":[{\"@type\":\"ReadAction\",\"target\":[\"https:\\\/\\\/www.tornabuoniart.com\\\/it\\\/artisti\\\/parmiggiani-claudio\\\/\"]}]},{\"@type\":\"BreadcrumbList\",\"@id\":\"https:\\\/\\\/www.tornabuoniart.com\\\/it\\\/artisti\\\/parmiggiani-claudio\\\/#breadcrumb\",\"itemListElement\":[{\"@type\":\"ListItem\",\"position\":1,\"name\":\"Home\",\"item\":\"https:\\\/\\\/www.tornabuoniart.com\\\/fr\\\/\"},{\"@type\":\"ListItem\",\"position\":2,\"name\":\"Parmiggiani Claudio\"}]},{\"@type\":\"WebSite\",\"@id\":\"https:\\\/\\\/www.tornabuoniart.com\\\/en\\\/#website\",\"url\":\"https:\\\/\\\/www.tornabuoniart.com\\\/en\\\/\",\"name\":\"Tornabuoni Art\",\"description\":\"Modern &amp; Contemporary Art Gallery\",\"publisher\":{\"@id\":\"https:\\\/\\\/www.tornabuoniart.com\\\/en\\\/#organization\"},\"potentialAction\":[{\"@type\":\"SearchAction\",\"target\":{\"@type\":\"EntryPoint\",\"urlTemplate\":\"https:\\\/\\\/www.tornabuoniart.com\\\/en\\\/?s={search_term_string}\"},\"query-input\":{\"@type\":\"PropertyValueSpecification\",\"valueRequired\":true,\"valueName\":\"search_term_string\"}}],\"inLanguage\":\"fr-FR\"},{\"@type\":\"Organization\",\"@id\":\"https:\\\/\\\/www.tornabuoniart.com\\\/en\\\/#organization\",\"name\":\"Tornabuoni Art\",\"url\":\"https:\\\/\\\/www.tornabuoniart.com\\\/en\\\/\",\"logo\":{\"@type\":\"ImageObject\",\"inLanguage\":\"fr-FR\",\"@id\":\"https:\\\/\\\/www.tornabuoniart.com\\\/en\\\/#\\\/schema\\\/logo\\\/image\\\/\",\"url\":\"http:\\\/\\\/www.tornabuoniart.com\\\/wp-content\\\/uploads\\\/2019\\\/04\\\/logo_tornabuoni-art2-2-grey.png\",\"contentUrl\":\"http:\\\/\\\/www.tornabuoniart.com\\\/wp-content\\\/uploads\\\/2019\\\/04\\\/logo_tornabuoni-art2-2-grey.png\",\"width\":961,\"height\":136,\"caption\":\"Tornabuoni Art\"},\"image\":{\"@id\":\"https:\\\/\\\/www.tornabuoniart.com\\\/en\\\/#\\\/schema\\\/logo\\\/image\\\/\"},\"sameAs\":[\"https:\\\/\\\/www.facebook.com\\\/TornabuoniArt\\\/\",\"https:\\\/\\\/x.com\\\/TornabuoniArt\",\"https:\\\/\\\/www.instagram.com\\\/tornabuoniart\\\/\"]}]}<\/script>\n<!-- \/ Yoast SEO plugin. -->","yoast_head_json":{"title":"Parmiggiani Claudio - Tornabuoni Art","robots":{"index":"index","follow":"follow","max-snippet":"max-snippet:-1","max-image-preview":"max-image-preview:large","max-video-preview":"max-video-preview:-1"},"canonical":"https:\/\/www.tornabuoniart.com\/it\/artisti\/parmiggiani-claudio\/","og_locale":"fr_FR","og_type":"article","og_title":"Parmiggiani Claudio - Tornabuoni Art","og_description":"[vc_row css=&#8221;.vc_custom_1577099752877{margin-top: 100px !important;}&#8221;][vc_column width=&#8221;1\/4&#8243; enable_sticky=&#8221;true&#8221; sticky_offset=&#8221;100&#8243; alignment=&#8221;center&#8221; css=&#8221;.vc_custom_1547225524376{margin-bottom: 50px !important;}&#8221;][vc_column_text] &lt;&lt; retourner aux artists [\/vc_column_text][vc_single_image image=&#8221;46481&#8243; img_size=&#8221;full&#8221; alignment=&#8221;center&#8221; css=&#8221;.vc_custom_1654000134148{margin-bottom: 0px !important;padding-bottom: 0px !important;}&#8221;][vc_custom_heading source=&#8221;post_title&#8221; font_container=&#8221;tag:h1|font_size:22%20px|text_align:center|line_height:30%20px&#8221;","og_url":"https:\/\/www.tornabuoniart.com\/it\/artisti\/parmiggiani-claudio\/","og_site_name":"Tornabuoni Art","article_publisher":"https:\/\/www.facebook.com\/TornabuoniArt\/","article_modified_time":"2026-01-09T16:32:04+00:00","twitter_card":"summary_large_image","twitter_site":"@TornabuoniArt","twitter_misc":{"Est. reading time":"5 minutes"},"schema":{"@context":"https:\/\/schema.org","@graph":[{"@type":"WebPage","@id":"https:\/\/www.tornabuoniart.com\/it\/artisti\/parmiggiani-claudio\/","url":"https:\/\/www.tornabuoniart.com\/it\/artisti\/parmiggiani-claudio\/","name":"Parmiggiani Claudio - Tornabuoni Art","isPartOf":{"@id":"https:\/\/www.tornabuoniart.com\/en\/#website"},"datePublished":"2022-05-31T12:30:37+00:00","dateModified":"2026-01-09T16:32:04+00:00","breadcrumb":{"@id":"https:\/\/www.tornabuoniart.com\/it\/artisti\/parmiggiani-claudio\/#breadcrumb"},"inLanguage":"fr-FR","potentialAction":[{"@type":"ReadAction","target":["https:\/\/www.tornabuoniart.com\/it\/artisti\/parmiggiani-claudio\/"]}]},{"@type":"BreadcrumbList","@id":"https:\/\/www.tornabuoniart.com\/it\/artisti\/parmiggiani-claudio\/#breadcrumb","itemListElement":[{"@type":"ListItem","position":1,"name":"Home","item":"https:\/\/www.tornabuoniart.com\/fr\/"},{"@type":"ListItem","position":2,"name":"Parmiggiani Claudio"}]},{"@type":"WebSite","@id":"https:\/\/www.tornabuoniart.com\/en\/#website","url":"https:\/\/www.tornabuoniart.com\/en\/","name":"Tornabuoni Art","description":"Modern &amp; Contemporary Art Gallery","publisher":{"@id":"https:\/\/www.tornabuoniart.com\/en\/#organization"},"potentialAction":[{"@type":"SearchAction","target":{"@type":"EntryPoint","urlTemplate":"https:\/\/www.tornabuoniart.com\/en\/?s={search_term_string}"},"query-input":{"@type":"PropertyValueSpecification","valueRequired":true,"valueName":"search_term_string"}}],"inLanguage":"fr-FR"},{"@type":"Organization","@id":"https:\/\/www.tornabuoniart.com\/en\/#organization","name":"Tornabuoni Art","url":"https:\/\/www.tornabuoniart.com\/en\/","logo":{"@type":"ImageObject","inLanguage":"fr-FR","@id":"https:\/\/www.tornabuoniart.com\/en\/#\/schema\/logo\/image\/","url":"http:\/\/www.tornabuoniart.com\/wp-content\/uploads\/2019\/04\/logo_tornabuoni-art2-2-grey.png","contentUrl":"http:\/\/www.tornabuoniart.com\/wp-content\/uploads\/2019\/04\/logo_tornabuoni-art2-2-grey.png","width":961,"height":136,"caption":"Tornabuoni Art"},"image":{"@id":"https:\/\/www.tornabuoniart.com\/en\/#\/schema\/logo\/image\/"},"sameAs":["https:\/\/www.facebook.com\/TornabuoniArt\/","https:\/\/x.com\/TornabuoniArt","https:\/\/www.instagram.com\/tornabuoniart\/"]}]}},"_links":{"self":[{"href":"https:\/\/www.tornabuoniart.com\/fr\/wp-json\/wp\/v2\/portfolio\/47421","targetHints":{"allow":["GET"]}}],"collection":[{"href":"https:\/\/www.tornabuoniart.com\/fr\/wp-json\/wp\/v2\/portfolio"}],"about":[{"href":"https:\/\/www.tornabuoniart.com\/fr\/wp-json\/wp\/v2\/types\/portfolio"}],"author":[{"embeddable":true,"href":"https:\/\/www.tornabuoniart.com\/fr\/wp-json\/wp\/v2\/users\/3"}],"replies":[{"embeddable":true,"href":"https:\/\/www.tornabuoniart.com\/fr\/wp-json\/wp\/v2\/comments?post=47421"}],"wp:attachment":[{"href":"https:\/\/www.tornabuoniart.com\/fr\/wp-json\/wp\/v2\/media?parent=47421"}],"wp:term":[{"taxonomy":"portfolio-types","embeddable":true,"href":"https:\/\/www.tornabuoniart.com\/fr\/wp-json\/wp\/v2\/portfolio-types?post=47421"}],"curies":[{"name":"wp","href":"https:\/\/api.w.org\/{rel}","templated":true}]}}