{"id":18466,"date":"2019-09-13T15:28:32","date_gmt":"2019-09-13T14:28:32","guid":{"rendered":"https:\/\/tornabuoniart.com\/artisti\/uecker-gunther\/"},"modified":"2026-01-09T18:23:06","modified_gmt":"2026-01-09T17:23:06","slug":"uecker-gunther","status":"publish","type":"portfolio","link":"https:\/\/www.tornabuoniart.com\/fr\/artisti\/uecker-gunther\/","title":{"rendered":"Uecker G\u00fcnther"},"content":{"rendered":"<div class=\"wpb-content-wrapper\"><p>[vc_row css=&#8221;.vc_custom_1577099752877{margin-top: 100px !important;}&#8221;][vc_column width=&#8221;1\/4&#8243; enable_sticky=&#8221;true&#8221; sticky_offset=&#8221;100&#8243; alignment=&#8221;center&#8221; css=&#8221;.vc_custom_1547225524376{margin-bottom: 50px !important;}&#8221;][vc_column_text]<\/p>\n<p style=\"text-align: center;\"><a href=\"https:\/\/tornabuoniart.com\/fr\/artistes\/\"><em>&lt;&lt; retourner aux artistes<\/em><\/a><\/p>\n<p>[\/vc_column_text][vc_single_image image=&#8221;8055&#8243; img_size=&#8221;full&#8221; alignment=&#8221;center&#8221; css=&#8221;.vc_custom_1579276312856{margin-bottom: 0px !important;padding-bottom: 0px !important;}&#8221;][vc_custom_heading source=&#8221;post_title&#8221; font_container=&#8221;tag:h1|font_size:22%20px|text_align:center|line_height:30%20px&#8221; use_theme_fonts=&#8221;yes&#8221;][\/vc_column][vc_column width=&#8221;3\/4&#8243;]<div class=\"mpc-carousel__wrapper mpc-waypoint\"><div id=\"mpc_carousel_image-2469f5df06ca0f5\" class=\"mpc-carousel-image mpc-init mpc-layout--fluid mpc-effect--none mpc-force-height  mpc-overlay--fade\"  data-mpcslick='{\"infinite\":true,\"autoplay\":false,\"slidesToShow\":3,\"slidesToScroll\":1,\"centerMode\":false,\"initialSlide\":0,\"rows\":1,\"variableWidth\":true,\"speed\":500}' data-slick-cols=\"3\" data-align=\"middle-center\"><div target=\"\"class=\"mpc-carousel__item-wrapper\" data-height=\"1024\"><div onclick=\"\" class=\"mpc-item mpc-transition\"><div class=\"mpc-border\"><\/div><img loading=\"lazy\" decoding=\"async\" width=\"1638\" height=\"1676\" src=\"https:\/\/www.tornabuoniart.com\/wp-content\/uploads\/2026\/01\/Uecker-Senza-titolo-1976-150x150-cm.jpg\" class=\"mpc-transition attachment-full\" alt=\"\" title=\"Uecker 004\" srcset=\"https:\/\/www.tornabuoniart.com\/wp-content\/uploads\/2026\/01\/Uecker-Senza-titolo-1976-150x150-cm.jpg 1638w, https:\/\/www.tornabuoniart.com\/wp-content\/uploads\/2026\/01\/Uecker-Senza-titolo-1976-150x150-cm-293x300.jpg 293w, https:\/\/www.tornabuoniart.com\/wp-content\/uploads\/2026\/01\/Uecker-Senza-titolo-1976-150x150-cm-1001x1024.jpg 1001w, https:\/\/www.tornabuoniart.com\/wp-content\/uploads\/2026\/01\/Uecker-Senza-titolo-1976-150x150-cm-768x786.jpg 768w, https:\/\/www.tornabuoniart.com\/wp-content\/uploads\/2026\/01\/Uecker-Senza-titolo-1976-150x150-cm-1501x1536.jpg 1501w, https:\/\/www.tornabuoniart.com\/wp-content\/uploads\/2026\/01\/Uecker-Senza-titolo-1976-150x150-cm-73x75.jpg 73w, https:\/\/www.tornabuoniart.com\/wp-content\/uploads\/2026\/01\/Uecker-Senza-titolo-1976-150x150-cm-704x720.jpg 704w, https:\/\/www.tornabuoniart.com\/wp-content\/uploads\/2026\/01\/Uecker-Senza-titolo-1976-150x150-cm-480x491.jpg 480w\" sizes=\"auto, (max-width:767px) 480px, (max-width:1638px) 100vw, 1638px\" \/><div class=\"mpc-item-overlay mpc-transition\"><div class=\"mpc-overlay--vertical-wrap\"><div class=\"mpc-overlay--vertical\"><a href=\"https:\/\/www.tornabuoniart.com\/wp-content\/uploads\/2026\/01\/Uecker-Senza-titolo-1976-150x150-cm.jpg\" data-rel=\"lightbox-gallery-0\" data-rl_title=\"Uecker 004\" data-rl_caption=\"Uecker 004\" data-magnific_type=\"gallery\" class=\"mpc-icon-anchor mpc-magnific-popup\" title=\"Uecker 004\"><i class=\"mpc-item-overlay__icon mpc-type--lightbox fa fa-arrows mpc-icon--icon\"><\/i><\/a><\/div><\/div><\/div><\/div><\/div><div target=\"\"class=\"mpc-carousel__item-wrapper\" data-height=\"1024\"><div onclick=\"\" class=\"mpc-item mpc-transition\"><div class=\"mpc-border\"><\/div><img loading=\"lazy\" decoding=\"async\" width=\"1609\" height=\"1625\" src=\"https:\/\/www.tornabuoniart.com\/wp-content\/uploads\/2026\/01\/Uecker-Verletztingen-Verbindungen-3-2007-43-x-43-x-7-cm.jpg\" class=\"mpc-transition attachment-full\" alt=\"\" title=\"Uecker, Verletztingen Verbindungen 3, 2007, 43 x 43 x 7 cm\" srcset=\"https:\/\/www.tornabuoniart.com\/wp-content\/uploads\/2026\/01\/Uecker-Verletztingen-Verbindungen-3-2007-43-x-43-x-7-cm.jpg 1609w, https:\/\/www.tornabuoniart.com\/wp-content\/uploads\/2026\/01\/Uecker-Verletztingen-Verbindungen-3-2007-43-x-43-x-7-cm-297x300.jpg 297w, https:\/\/www.tornabuoniart.com\/wp-content\/uploads\/2026\/01\/Uecker-Verletztingen-Verbindungen-3-2007-43-x-43-x-7-cm-1014x1024.jpg 1014w, https:\/\/www.tornabuoniart.com\/wp-content\/uploads\/2026\/01\/Uecker-Verletztingen-Verbindungen-3-2007-43-x-43-x-7-cm-150x150.jpg 150w, https:\/\/www.tornabuoniart.com\/wp-content\/uploads\/2026\/01\/Uecker-Verletztingen-Verbindungen-3-2007-43-x-43-x-7-cm-768x776.jpg 768w, https:\/\/www.tornabuoniart.com\/wp-content\/uploads\/2026\/01\/Uecker-Verletztingen-Verbindungen-3-2007-43-x-43-x-7-cm-1521x1536.jpg 1521w, https:\/\/www.tornabuoniart.com\/wp-content\/uploads\/2026\/01\/Uecker-Verletztingen-Verbindungen-3-2007-43-x-43-x-7-cm-74x75.jpg 74w, https:\/\/www.tornabuoniart.com\/wp-content\/uploads\/2026\/01\/Uecker-Verletztingen-Verbindungen-3-2007-43-x-43-x-7-cm-713x720.jpg 713w, https:\/\/www.tornabuoniart.com\/wp-content\/uploads\/2026\/01\/Uecker-Verletztingen-Verbindungen-3-2007-43-x-43-x-7-cm-480x485.jpg 480w\" sizes=\"auto, (max-width:767px) 480px, (max-width:1609px) 100vw, 1609px\" \/><div class=\"mpc-item-overlay mpc-transition\"><div class=\"mpc-overlay--vertical-wrap\"><div class=\"mpc-overlay--vertical\"><a href=\"https:\/\/www.tornabuoniart.com\/wp-content\/uploads\/2026\/01\/Uecker-Verletztingen-Verbindungen-3-2007-43-x-43-x-7-cm.jpg\" data-rel=\"lightbox-gallery-0\" data-rl_title=\"Uecker, Verletztingen Verbindungen 3, 2007, 43 x 43 x 7 cm\" data-rl_caption=\"Uecker, Verletztingen Verbindungen 3, 2007, 43 x 43 x 7 cm\" data-magnific_type=\"gallery\" class=\"mpc-icon-anchor mpc-magnific-popup\" title=\"Uecker, Verletztingen Verbindungen 3, 2007, 43 x 43 x 7 cm\"><i class=\"mpc-item-overlay__icon mpc-type--lightbox fa fa-arrows mpc-icon--icon\"><\/i><\/a><\/div><\/div><\/div><\/div><\/div><\/div><div class=\"mpc-navigation mpc-init mpc-align--left mpc-navigation--style_3 mpc-on-hover  mpc-nav-preset--preset_3\" data-mpcslider=\"mpc_carousel_image-2469f5df06ca0f5\"><div class=\"mpc-nav__arrow mpcslick-prev\"><div class=\"mpc-nav__icon mpc-transition\"><i class=\" eti eti_arrow_carrot-left\"><div class=\"mpc-nav__background mpc-transition mpc-effect-type--fade mpc-effect-side--in\"><\/div><\/i><\/div><\/div><\/div><div class=\"mpc-navigation mpc-init mpc-align--left mpc-navigation--style_3 mpc-on-hover  mpc-nav-preset--preset_3\" data-mpcslider=\"mpc_carousel_image-2469f5df06ca0f5\"><div class=\"mpc-nav__arrow mpcslick-next\"><div class=\"mpc-nav__icon mpc-transition\"><i class=\" eti eti_arrow_carrot-right\"><div class=\"mpc-nav__background mpc-transition mpc-effect-type--fade mpc-effect-side--in\"><\/div><\/i><\/div><\/div><\/div><\/div>[vc_column_text css=&#8221;.vc_custom_1578667400636{margin-top: 25px !important;padding-top: 0px !important;}&#8221; el_id=&#8221;biography&#8221;]<\/p>\n<h2>biographie<\/h2>\n<p>[\/vc_column_text][vc_column_text css=&#8221;&#8221; el_class=&#8221;testo-giustificato&#8221;]Wendorf, 1930<\/p>\n<p>G\u00fcnther Uecker est un sculpteur allemand, artiste op et artiste d&#8217;installation.<\/p>\n<p>Uecker a commenc\u00e9 sa formation artistique en 1949 en suivant des \u00e9tudes \u00e0 Wismar. Il poursuivit par la suite ses \u00e9tudes au sein de deux \u00e9tablissements\u00a0qui furent l&#8217;\u00e9cole d&#8217;art de Berlin-Wei\u00dfensee et la Kunstakademie D\u00fcsseldorf. C\u2019est \u00e0 cette occasion qu\u2019il y rencontra Otto Pankok.<\/p>\n<p>Uecker rencontra en 1960 le groupe ZERO de Heinz Mack et Otto Piene, artistes souhaitant propager un nouveau courant artistique en opposition au mouvement informel Allemand. Les trois artistes rejoignirent un atelier au Stedelijk Museum d&#8217;Amsterdam en 1962 et install\u00e8rent un \u00abSalon de Lumi\u00e8re\u00bb au Palais des Beaux-Arts de Paris.<\/p>\n<p>Au cours de ces ann\u00e9es, Uecker concentra ses recherches sur l\u2019utilisation de la lumi\u00e8re et l\u2019\u00e9tude des ph\u00e9nom\u00e8nes optiques. Il r\u00e9alis\u00e9 une s\u00e9rie de structures interagissant avec le spectateur, jouant avec son processus visuel par interf\u00e9rence cin\u00e9tique ou manuelle.<\/p>\n<p>L\u2019ann\u00e9e 1966 fut marqu\u00e9e par la dissolution du groupe ZERO et une derni\u00e8re exposition conjointe mais aussi par une recherche artistique d\u2019Uecker de plus en plus ax\u00e9e sur l\u2019utilisation des clous comme moyen d&#8217;expression. Au d\u00e9but des ann\u00e9es 1960, il commen\u00e7a \u00e0 enfoncer des clous dans des meubles, des instruments de musique et des objets m\u00e9nagers. Cette recherche artistique permanente se poursuivit par des cr\u00e9ations mettant en interaction l\u2019utilisation des clous avec les th\u00e8mes de la lumi\u00e8re et de l&#8217;illusion du mouvement.<\/p>\n<p>La lumi\u00e8re et l&#8217;\u00e9lectricit\u00e9 furent l&#8217;un des principaux sujets d\u2019exp\u00e9rimentations d\u2019Uecker. L\u2019incorporation de mat\u00e9riaux naturels tels que le sable et l&#8217;eau dans ses installations fut particuli\u00e8rement r\u00e9v\u00e9latrice, cr\u00e9ant une interaction des diff\u00e9rents \u00e9l\u00e9ments qui engendra un jeu de lumi\u00e8re, d&#8217;espace, de mouvement et de temps.<\/p>\n<p>Uecker se mit \u00e0 enseigner la Kunstakademie D\u00fcsseldorf \u00e0 partir de 1974.<\/p>\n<p>Il fonda en 2008 la Fondation Internationale ZERO en compagnie Otto Piene, Heinz Mack et Mattijs Visser. La Fondation poss\u00e8de les archives Z\u00c9RO compl\u00e8tes des trois artistes de D\u00fcsseldorf, mais aussi divers documents et photos d\u2019artistes ayant partag\u00e9s leur quotidien.<\/p>\n<p>Le travail d&#8217;Uecker se trouve dans les collections des principales institutions du monde entier, parmi lesquelles: la fondation ZERO et le Museum Kunst Palast, D\u00fcsseldorf; Courtauld Institute of Art, (Londres); Mus\u00e9e Stedelijk, Amsterdam; Mus\u00e9e d&#8217;art moderne, New York; Institut d&#8217;art de Chicago, Chicago; Mus\u00e9e d&#8217;art contemporain, Los Angeles; Centre Pompidou, Paris; ain que la Collection Peggy Guggenheim.<\/p>\n<p>\u00a9 GUENTHER UECKER, by SIAE 2026[\/vc_column_text][vc_row_inner][vc_column_inner][vc_column_text css=&#8221;.vc_custom_1568023296154{padding-top: 50px !important;padding-bottom: 10px !important;}&#8221; el_id=&#8221;exhibition&#8221;]<\/p>\n<h2>expositions<\/h2>\n<p>[\/vc_column_text][vc_basic_grid post_type=&#8221;ids&#8221; element_width=&#8221;12&#8243; item=&#8221;4321&#8243; grid_id=&#8221;vc_gid:1767979282114-3304e9ae-92d7-10&#8243; include=&#8221;20465, 20470&#8243;][\/vc_column_inner][\/vc_row_inner][vc_row_inner disable_element=&#8221;yes&#8221;][vc_column_inner][vc_column_text css=&#8221;.vc_custom_1578667642547{padding-top: 50px !important;padding-bottom: 10px !important;}&#8221; el_id=&#8221;fairs&#8221;]<\/p>\n<h2>foires<\/h2>\n<p>[\/vc_column_text][vc_basic_grid post_type=&#8221;ids&#8221; element_width=&#8221;6&#8243; item=&#8221;4545&#8243; grid_id=&#8221;vc_gid:1767979282114-8c426624-db11-8&#8243;][\/vc_column_inner][\/vc_row_inner][vc_row_inner disable_element=&#8221;yes&#8221;][vc_column_inner][vc_column_text css=&#8221;.vc_custom_1575889020947{padding-top: 50px !important;padding-bottom: 10px !important;}&#8221; el_id=&#8221;video&#8221;]<\/p>\n<h2>video<\/h2>\n<p>[\/vc_column_text][vc_basic_grid post_type=&#8221;ids&#8221; element_width=&#8221;6&#8243; item=&#8221;1469&#8243; grid_id=&#8221;vc_gid:1767979282115-6973248d-4658-4&#8243;][\/vc_column_inner][\/vc_row_inner][vc_row_inner el_class=&#8221;blocco-pubblicazioni&#8221;][vc_column_inner][vc_column_text css=&#8221;.vc_custom_1568023309353{padding-top: 50px !important;padding-bottom: 10px !important;}&#8221; el_id=&#8221;publication&#8221;]<\/p>\n<h2>publications<\/h2>\n<p>[\/vc_column_text][vc_basic_grid post_type=&#8221;ids&#8221; element_width=&#8221;12&#8243; item=&#8221;4344&#8243; grid_id=&#8221;vc_gid:1767979282115-01cf105c-f54f-0&#8243; include=&#8221;4468&#8243;][\/vc_column_inner][\/vc_row_inner][\/vc_column][\/vc_row][vc_row][vc_column][vc_empty_space height=&#8221;100px&#8221;][\/vc_column][\/vc_row]<\/p>\n<\/div>","protected":false},"excerpt":{"rendered":"<p>[vc_row css=&#8221;.vc_custom_1577099752877{margin-top: 100px !important;}&#8221;][vc_column width=&#8221;1\/4&#8243; enable_sticky=&#8221;true&#8221; sticky_offset=&#8221;100&#8243; alignment=&#8221;center&#8221; css=&#8221;.vc_custom_1547225524376{margin-bottom: 50px !important;}&#8221;][vc_column_text] &lt;&lt; retourner aux artistes [\/vc_column_text][vc_single_image image=&#8221;8055&#8243; img_size=&#8221;full&#8221; alignment=&#8221;center&#8221; css=&#8221;.vc_custom_1579276312856{margin-bottom: 0px !important;padding-bottom: 0px !important;}&#8221;][vc_custom_heading source=&#8221;post_title&#8221; font_container=&#8221;tag:h1|font_size:22%20px|text_align:center|line_height:30%20px&#8221;<\/p>\n","protected":false},"author":2,"featured_media":0,"menu_order":224,"comment_status":"closed","ping_status":"closed","template":"","meta":{"_acf_changed":false},"portfolio-types":[221],"class_list":["post-18466","portfolio","type-portfolio","status-publish","hentry","portfolio-types-u-fr"],"acf":[],"yoast_head":"<!-- This site is optimized with the Yoast SEO plugin v27.4 - https:\/\/yoast.com\/product\/yoast-seo-wordpress\/ -->\n<title>Uecker G\u00fcnther - Tornabuoni Art<\/title>\n<meta name=\"robots\" content=\"index, follow, max-snippet:-1, max-image-preview:large, max-video-preview:-1\" \/>\n<link rel=\"canonical\" href=\"https:\/\/www.tornabuoniart.com\/it\/artisti\/uecker-gunther\/\" \/>\n<meta property=\"og:locale\" content=\"fr_FR\" \/>\n<meta property=\"og:type\" content=\"article\" \/>\n<meta property=\"og:title\" content=\"Uecker G\u00fcnther - Tornabuoni Art\" \/>\n<meta property=\"og:description\" content=\"[vc_row css=&#8221;.vc_custom_1577099752877{margin-top: 100px !important;}&#8221;][vc_column width=&#8221;1\/4&#8243; enable_sticky=&#8221;true&#8221; sticky_offset=&#8221;100&#8243; alignment=&#8221;center&#8221; css=&#8221;.vc_custom_1547225524376{margin-bottom: 50px !important;}&#8221;][vc_column_text] &lt;&lt; retourner aux artistes [\/vc_column_text][vc_single_image image=&#8221;8055&#8243; img_size=&#8221;full&#8221; alignment=&#8221;center&#8221; css=&#8221;.vc_custom_1579276312856{margin-bottom: 0px !important;padding-bottom: 0px !important;}&#8221;][vc_custom_heading source=&#8221;post_title&#8221; font_container=&#8221;tag:h1|font_size:22%20px|text_align:center|line_height:30%20px&#8221;\" \/>\n<meta property=\"og:url\" content=\"https:\/\/www.tornabuoniart.com\/it\/artisti\/uecker-gunther\/\" \/>\n<meta property=\"og:site_name\" content=\"Tornabuoni Art\" \/>\n<meta property=\"article:publisher\" content=\"https:\/\/www.facebook.com\/TornabuoniArt\/\" \/>\n<meta property=\"article:modified_time\" content=\"2026-01-09T17:23:06+00:00\" \/>\n<meta name=\"twitter:card\" content=\"summary_large_image\" \/>\n<meta name=\"twitter:site\" content=\"@TornabuoniArt\" \/>\n<meta name=\"twitter:label1\" content=\"Est. reading time\" \/>\n\t<meta name=\"twitter:data1\" content=\"4 minutes\" \/>\n<script type=\"application\/ld+json\" class=\"yoast-schema-graph\">{\"@context\":\"https:\\\/\\\/schema.org\",\"@graph\":[{\"@type\":\"WebPage\",\"@id\":\"https:\\\/\\\/www.tornabuoniart.com\\\/it\\\/artisti\\\/uecker-gunther\\\/\",\"url\":\"https:\\\/\\\/www.tornabuoniart.com\\\/it\\\/artisti\\\/uecker-gunther\\\/\",\"name\":\"Uecker G\u00fcnther - Tornabuoni Art\",\"isPartOf\":{\"@id\":\"https:\\\/\\\/www.tornabuoniart.com\\\/en\\\/#website\"},\"datePublished\":\"2019-09-13T14:28:32+00:00\",\"dateModified\":\"2026-01-09T17:23:06+00:00\",\"breadcrumb\":{\"@id\":\"https:\\\/\\\/www.tornabuoniart.com\\\/it\\\/artisti\\\/uecker-gunther\\\/#breadcrumb\"},\"inLanguage\":\"fr-FR\",\"potentialAction\":[{\"@type\":\"ReadAction\",\"target\":[\"https:\\\/\\\/www.tornabuoniart.com\\\/it\\\/artisti\\\/uecker-gunther\\\/\"]}]},{\"@type\":\"BreadcrumbList\",\"@id\":\"https:\\\/\\\/www.tornabuoniart.com\\\/it\\\/artisti\\\/uecker-gunther\\\/#breadcrumb\",\"itemListElement\":[{\"@type\":\"ListItem\",\"position\":1,\"name\":\"Home\",\"item\":\"https:\\\/\\\/www.tornabuoniart.com\\\/fr\\\/\"},{\"@type\":\"ListItem\",\"position\":2,\"name\":\"Uecker G\u00fcnther\"}]},{\"@type\":\"WebSite\",\"@id\":\"https:\\\/\\\/www.tornabuoniart.com\\\/en\\\/#website\",\"url\":\"https:\\\/\\\/www.tornabuoniart.com\\\/en\\\/\",\"name\":\"Tornabuoni Art\",\"description\":\"Modern &amp; Contemporary Art Gallery\",\"publisher\":{\"@id\":\"https:\\\/\\\/www.tornabuoniart.com\\\/en\\\/#organization\"},\"potentialAction\":[{\"@type\":\"SearchAction\",\"target\":{\"@type\":\"EntryPoint\",\"urlTemplate\":\"https:\\\/\\\/www.tornabuoniart.com\\\/en\\\/?s={search_term_string}\"},\"query-input\":{\"@type\":\"PropertyValueSpecification\",\"valueRequired\":true,\"valueName\":\"search_term_string\"}}],\"inLanguage\":\"fr-FR\"},{\"@type\":\"Organization\",\"@id\":\"https:\\\/\\\/www.tornabuoniart.com\\\/en\\\/#organization\",\"name\":\"Tornabuoni Art\",\"url\":\"https:\\\/\\\/www.tornabuoniart.com\\\/en\\\/\",\"logo\":{\"@type\":\"ImageObject\",\"inLanguage\":\"fr-FR\",\"@id\":\"https:\\\/\\\/www.tornabuoniart.com\\\/en\\\/#\\\/schema\\\/logo\\\/image\\\/\",\"url\":\"http:\\\/\\\/www.tornabuoniart.com\\\/wp-content\\\/uploads\\\/2019\\\/04\\\/logo_tornabuoni-art2-2-grey.png\",\"contentUrl\":\"http:\\\/\\\/www.tornabuoniart.com\\\/wp-content\\\/uploads\\\/2019\\\/04\\\/logo_tornabuoni-art2-2-grey.png\",\"width\":961,\"height\":136,\"caption\":\"Tornabuoni Art\"},\"image\":{\"@id\":\"https:\\\/\\\/www.tornabuoniart.com\\\/en\\\/#\\\/schema\\\/logo\\\/image\\\/\"},\"sameAs\":[\"https:\\\/\\\/www.facebook.com\\\/TornabuoniArt\\\/\",\"https:\\\/\\\/x.com\\\/TornabuoniArt\",\"https:\\\/\\\/www.instagram.com\\\/tornabuoniart\\\/\"]}]}<\/script>\n<!-- \/ Yoast SEO plugin. -->","yoast_head_json":{"title":"Uecker G\u00fcnther - Tornabuoni Art","robots":{"index":"index","follow":"follow","max-snippet":"max-snippet:-1","max-image-preview":"max-image-preview:large","max-video-preview":"max-video-preview:-1"},"canonical":"https:\/\/www.tornabuoniart.com\/it\/artisti\/uecker-gunther\/","og_locale":"fr_FR","og_type":"article","og_title":"Uecker G\u00fcnther - Tornabuoni Art","og_description":"[vc_row css=&#8221;.vc_custom_1577099752877{margin-top: 100px !important;}&#8221;][vc_column width=&#8221;1\/4&#8243; enable_sticky=&#8221;true&#8221; sticky_offset=&#8221;100&#8243; alignment=&#8221;center&#8221; css=&#8221;.vc_custom_1547225524376{margin-bottom: 50px !important;}&#8221;][vc_column_text] &lt;&lt; retourner aux artistes [\/vc_column_text][vc_single_image image=&#8221;8055&#8243; img_size=&#8221;full&#8221; alignment=&#8221;center&#8221; css=&#8221;.vc_custom_1579276312856{margin-bottom: 0px !important;padding-bottom: 0px !important;}&#8221;][vc_custom_heading source=&#8221;post_title&#8221; font_container=&#8221;tag:h1|font_size:22%20px|text_align:center|line_height:30%20px&#8221;","og_url":"https:\/\/www.tornabuoniart.com\/it\/artisti\/uecker-gunther\/","og_site_name":"Tornabuoni Art","article_publisher":"https:\/\/www.facebook.com\/TornabuoniArt\/","article_modified_time":"2026-01-09T17:23:06+00:00","twitter_card":"summary_large_image","twitter_site":"@TornabuoniArt","twitter_misc":{"Est. reading time":"4 minutes"},"schema":{"@context":"https:\/\/schema.org","@graph":[{"@type":"WebPage","@id":"https:\/\/www.tornabuoniart.com\/it\/artisti\/uecker-gunther\/","url":"https:\/\/www.tornabuoniart.com\/it\/artisti\/uecker-gunther\/","name":"Uecker G\u00fcnther - Tornabuoni Art","isPartOf":{"@id":"https:\/\/www.tornabuoniart.com\/en\/#website"},"datePublished":"2019-09-13T14:28:32+00:00","dateModified":"2026-01-09T17:23:06+00:00","breadcrumb":{"@id":"https:\/\/www.tornabuoniart.com\/it\/artisti\/uecker-gunther\/#breadcrumb"},"inLanguage":"fr-FR","potentialAction":[{"@type":"ReadAction","target":["https:\/\/www.tornabuoniart.com\/it\/artisti\/uecker-gunther\/"]}]},{"@type":"BreadcrumbList","@id":"https:\/\/www.tornabuoniart.com\/it\/artisti\/uecker-gunther\/#breadcrumb","itemListElement":[{"@type":"ListItem","position":1,"name":"Home","item":"https:\/\/www.tornabuoniart.com\/fr\/"},{"@type":"ListItem","position":2,"name":"Uecker G\u00fcnther"}]},{"@type":"WebSite","@id":"https:\/\/www.tornabuoniart.com\/en\/#website","url":"https:\/\/www.tornabuoniart.com\/en\/","name":"Tornabuoni Art","description":"Modern &amp; Contemporary Art Gallery","publisher":{"@id":"https:\/\/www.tornabuoniart.com\/en\/#organization"},"potentialAction":[{"@type":"SearchAction","target":{"@type":"EntryPoint","urlTemplate":"https:\/\/www.tornabuoniart.com\/en\/?s={search_term_string}"},"query-input":{"@type":"PropertyValueSpecification","valueRequired":true,"valueName":"search_term_string"}}],"inLanguage":"fr-FR"},{"@type":"Organization","@id":"https:\/\/www.tornabuoniart.com\/en\/#organization","name":"Tornabuoni Art","url":"https:\/\/www.tornabuoniart.com\/en\/","logo":{"@type":"ImageObject","inLanguage":"fr-FR","@id":"https:\/\/www.tornabuoniart.com\/en\/#\/schema\/logo\/image\/","url":"http:\/\/www.tornabuoniart.com\/wp-content\/uploads\/2019\/04\/logo_tornabuoni-art2-2-grey.png","contentUrl":"http:\/\/www.tornabuoniart.com\/wp-content\/uploads\/2019\/04\/logo_tornabuoni-art2-2-grey.png","width":961,"height":136,"caption":"Tornabuoni Art"},"image":{"@id":"https:\/\/www.tornabuoniart.com\/en\/#\/schema\/logo\/image\/"},"sameAs":["https:\/\/www.facebook.com\/TornabuoniArt\/","https:\/\/x.com\/TornabuoniArt","https:\/\/www.instagram.com\/tornabuoniart\/"]}]}},"_links":{"self":[{"href":"https:\/\/www.tornabuoniart.com\/fr\/wp-json\/wp\/v2\/portfolio\/18466","targetHints":{"allow":["GET"]}}],"collection":[{"href":"https:\/\/www.tornabuoniart.com\/fr\/wp-json\/wp\/v2\/portfolio"}],"about":[{"href":"https:\/\/www.tornabuoniart.com\/fr\/wp-json\/wp\/v2\/types\/portfolio"}],"author":[{"embeddable":true,"href":"https:\/\/www.tornabuoniart.com\/fr\/wp-json\/wp\/v2\/users\/2"}],"replies":[{"embeddable":true,"href":"https:\/\/www.tornabuoniart.com\/fr\/wp-json\/wp\/v2\/comments?post=18466"}],"wp:attachment":[{"href":"https:\/\/www.tornabuoniart.com\/fr\/wp-json\/wp\/v2\/media?parent=18466"}],"wp:term":[{"taxonomy":"portfolio-types","embeddable":true,"href":"https:\/\/www.tornabuoniart.com\/fr\/wp-json\/wp\/v2\/portfolio-types?post=18466"}],"curies":[{"name":"wp","href":"https:\/\/api.w.org\/{rel}","templated":true}]}}