{"id":18442,"date":"2020-01-17T17:25:38","date_gmt":"2020-01-17T16:25:38","guid":{"rendered":"https:\/\/tornabuoniart.com\/artisti\/kolar-jiri\/"},"modified":"2020-07-08T11:00:13","modified_gmt":"2020-07-08T10:00:13","slug":"kolar-jiri","status":"publish","type":"portfolio","link":"https:\/\/www.tornabuoniart.com\/fr\/artisti\/kolar-jiri\/","title":{"rendered":"Kolar Jiri"},"content":{"rendered":"<div class=\"wpb-content-wrapper\"><p>[vc_row css=&#8221;.vc_custom_1577099752877{margin-top: 100px !important;}&#8221;][vc_column width=&#8221;1\/4&#8243; enable_sticky=&#8221;true&#8221; sticky_offset=&#8221;100&#8243; alignment=&#8221;center&#8221; css=&#8221;.vc_custom_1547225524376{margin-bottom: 50px !important;}&#8221;][vc_column_text]<\/p>\n<p style=\"text-align: center;\"><a href=\"https:\/\/tornabuoniart.com\/fr\/artistes\/\"><span style=\"color: #808080;\"><em>&lt;&lt; retourner aux artistes<\/em><\/span><\/a><\/p>\n<p>[\/vc_column_text][vc_single_image image=&#8221;10072&#8243; img_size=&#8221;full&#8221; alignment=&#8221;center&#8221; css=&#8221;.vc_custom_1580995241338{margin-bottom: 0px !important;padding-bottom: 0px !important;}&#8221;][vc_custom_heading source=&#8221;post_title&#8221; font_container=&#8221;tag:h1|font_size:22%20px|text_align:center|line_height:30%20px&#8221; use_theme_fonts=&#8221;yes&#8221;][\/vc_column][vc_column width=&#8221;3\/4&#8243;]<div class=\"mpc-carousel__wrapper mpc-waypoint\"><div id=\"mpc_carousel_image-3269f5e531c03d4\" class=\"mpc-carousel-image mpc-init mpc-layout--fluid mpc-effect--none mpc-force-height  mpc-overlay--fade\"  data-mpcslick='{\"infinite\":false,\"autoplay\":false,\"slidesToShow\":1,\"slidesToScroll\":1,\"centerMode\":false,\"initialSlide\":0,\"rows\":1,\"variableWidth\":true,\"speed\":500}' data-slick-cols=\"1\" data-align=\"middle-center\"><div target=\"\"class=\"mpc-carousel__item-wrapper\" data-height=\"1024\"><div onclick=\"\" class=\"mpc-item mpc-transition\"><div class=\"mpc-border\"><\/div><img loading=\"lazy\" decoding=\"async\" width=\"1920\" height=\"2560\" src=\"https:\/\/www.tornabuoniart.com\/wp-content\/uploads\/2020\/01\/Kolar_Progetto-inedito-di-Leonardo-per-una-torre-elicoidale_1989_44x44x50-cm.jpg\" class=\"mpc-transition attachment-full\" alt=\"Kolar_Progetto-inedito-di-Leonardo-per-una-torre-elicoidale_1989_44x44x50-cm\" title=\"Kolar_Progetto inedito di Leonardo per una torre elicoidale_1989_44x44x50 cm\" srcset=\"https:\/\/www.tornabuoniart.com\/wp-content\/uploads\/2020\/01\/Kolar_Progetto-inedito-di-Leonardo-per-una-torre-elicoidale_1989_44x44x50-cm.jpg 1920w, https:\/\/www.tornabuoniart.com\/wp-content\/uploads\/2020\/01\/Kolar_Progetto-inedito-di-Leonardo-per-una-torre-elicoidale_1989_44x44x50-cm-225x300.jpg 225w, https:\/\/www.tornabuoniart.com\/wp-content\/uploads\/2020\/01\/Kolar_Progetto-inedito-di-Leonardo-per-una-torre-elicoidale_1989_44x44x50-cm-768x1024.jpg 768w, https:\/\/www.tornabuoniart.com\/wp-content\/uploads\/2020\/01\/Kolar_Progetto-inedito-di-Leonardo-per-una-torre-elicoidale_1989_44x44x50-cm-1152x1536.jpg 1152w, https:\/\/www.tornabuoniart.com\/wp-content\/uploads\/2020\/01\/Kolar_Progetto-inedito-di-Leonardo-per-una-torre-elicoidale_1989_44x44x50-cm-1536x2048.jpg 1536w, https:\/\/www.tornabuoniart.com\/wp-content\/uploads\/2020\/01\/Kolar_Progetto-inedito-di-Leonardo-per-una-torre-elicoidale_1989_44x44x50-cm-110x146.jpg 110w, https:\/\/www.tornabuoniart.com\/wp-content\/uploads\/2020\/01\/Kolar_Progetto-inedito-di-Leonardo-per-una-torre-elicoidale_1989_44x44x50-cm-38x50.jpg 38w, https:\/\/www.tornabuoniart.com\/wp-content\/uploads\/2020\/01\/Kolar_Progetto-inedito-di-Leonardo-per-una-torre-elicoidale_1989_44x44x50-cm-56x75.jpg 56w, https:\/\/www.tornabuoniart.com\/wp-content\/uploads\/2020\/01\/Kolar_Progetto-inedito-di-Leonardo-per-una-torre-elicoidale_1989_44x44x50-cm-540x720.jpg 540w\" sizes=\"auto, (max-width:767px) 480px, (max-width:1920px) 100vw, 1920px\" \/><div class=\"mpc-item-overlay mpc-transition\"><div class=\"mpc-overlay--vertical-wrap\"><div class=\"mpc-overlay--vertical\"><a href=\"https:\/\/www.tornabuoniart.com\/wp-content\/uploads\/2020\/01\/Kolar_Progetto-inedito-di-Leonardo-per-una-torre-elicoidale_1989_44x44x50-cm.jpg\" data-rel=\"lightbox-gallery-0\" data-rl_title=\"Kolar, Progetto inedito di Leonardo per una torre elicoidale, 1989, 44x44x50 cm\" data-rl_caption=\"Kolar, Progetto inedito di Leonardo per una torre elicoidale, 1989, 44x44x50 cm\" data-magnific_type=\"gallery\" class=\"mpc-icon-anchor mpc-magnific-popup\" title=\"Kolar, Progetto inedito di Leonardo per una torre elicoidale, 1989, 44x44x50 cm\"><i class=\"mpc-item-overlay__icon mpc-type--lightbox fa fa-arrows mpc-icon--icon\"><\/i><\/a><\/div><\/div><\/div><\/div><\/div><\/div><div class=\"mpc-navigation mpc-init mpc-align--left mpc-navigation--style_3 mpc-on-hover  mpc-nav-preset--preset_3\" data-mpcslider=\"mpc_carousel_image-3269f5e531c03d4\"><div class=\"mpc-nav__arrow mpcslick-prev\"><div class=\"mpc-nav__icon mpc-transition\"><i class=\" eti eti_arrow_carrot-left\"><div class=\"mpc-nav__background mpc-transition mpc-effect-type--fade mpc-effect-side--in\"><\/div><\/i><\/div><\/div><\/div><div class=\"mpc-navigation mpc-init mpc-align--left mpc-navigation--style_3 mpc-on-hover  mpc-nav-preset--preset_3\" data-mpcslider=\"mpc_carousel_image-3269f5e531c03d4\"><div class=\"mpc-nav__arrow mpcslick-next\"><div class=\"mpc-nav__icon mpc-transition\"><i class=\" eti eti_arrow_carrot-right\"><div class=\"mpc-nav__background mpc-transition mpc-effect-type--fade mpc-effect-side--in\"><\/div><\/i><\/div><\/div><\/div><\/div>[vc_column_text el_id=&#8221;biography&#8221; css=&#8221;.vc_custom_1583239116509{margin-top: 25px !important;padding-top: 0px !important;}&#8221;]<\/p>\n<h2>biographie<\/h2>\n<p>[\/vc_column_text][vc_column_text css=&#8221;.vc_custom_1594202188890{padding-top: 50px !important;padding-bottom: 10px !important;}&#8221; el_id=&#8221;exhibition&#8221;]Protiv\u00edn, 1914 &#8211; Praga, 2002<\/p>\n<p>Ji\u0159\u00ed Kol\u00e1\u0159 na\u00eet \u00e0 Protiv\u00edn en Boh\u00eame du Sud, en 1914, issu d\u2019une famille tr\u00e8s modeste.\u00a0Il vit en changeant plusieurs fois de professions, m\u00eame humbles, tout en nourrissant ses propres ambitions artistiques. A vingt ans, il r\u00e9alise ses premiers collages fortement influenc\u00e9s par la po\u00e9sie et l\u2019esth\u00e9tique futuriste : ils seront expos\u00e9s pour la premi\u00e8re fois en 1937, et son premier recueil de po\u00e9sies sera publi\u00e9 en 1941.<\/p>\n<p>En 1942, il fonde avec d\u2019autres artistes le Groupe 42 (Skupina 42), un groupe artistique influenc\u00e9 par les avant-gardes continentales, qui c\u00e9l\u00e9brait \u201cl\u2019enchantement de la technique\u201d.\u00a0Avec sa femme B\u011bla, \u00e9pous\u00e9e en 1949, il collectionne les \u0153uvres de leurs amis plasticiens ; cette collection a \u00e9t\u00e9 l\u00e9gu\u00e9e au Mus\u00e9e Kampa de Prague en 2002.<\/p>\n<p>Durant les ann\u00e9es 1950 et 1960, il travaille syst\u00e9matiquement \u00e0 la fusion de la po\u00e9sie et des arts plastiques, en utilisant un grand nombre de techniques, parfois de son invention (collage, pas, couciu, auto-collage, mage, proage, rollage) ; le r\u00e9sultat est un corpus tr\u00e8s frappant o\u00f9 la parole et les images forment un alphabet visuel tr\u00e8s personnel et touchant.<\/p>\n<p>Kol\u00e1\u0159 devient tr\u00e8s c\u00e9l\u00e8bre dans le monde et commence \u00e0 voyager en Allemagne, aux Etats-Unis, au Japon, au Br\u00e9sil (o\u00f9 il remporte le premier prix \u00e0 la Biennale de Sao Paulo en 1959).\u00a0En 1975, il atteint le point le plus culminant de carri\u00e8re artistique au Guggenheim de New York, puis il se d\u00e9place \u00e0 Berlin et enfin, en 1980, \u00e0 Paris. Ici, il expose \u00e0 la Galerie Maeght, fonde la Revue K d\u00e9di\u00e9e aux artistes tch\u00e8ques exil\u00e9s en France, pr\u00e9pare ses futures expositions au Guggenheim (1975), au Mus\u00e9e de D\u00fcsseldorf (1980), au Centre Pompidou et au PAC de Milan.<\/p>\n<p>Il obtient la nationalit\u00e9 fran\u00e7aise en 1984. A compter de ce moment, il commence \u00e0 exposer de plus en plus ce qui le m\u00e8nera \u00e0 N\u00fcremberg, Oxford, Duren, au Guggenheim pour la troisi\u00e8me fois, ainsi qu\u2019\u00e0 la Biennale de Venise.<\/p>\n<p>En 1989, apr\u00e8s la R\u00e9volution de velours il r\u00e9tablit des liens avec son pays d\u2019origine, il se rendra souvent \u00e0 Prague et supportera les jeunes artistes en instituant le Prix Jind\u0159ich Chalupeck\u00fd. Il s\u2019\u00e9teint dans la capitale tch\u00e8que durant l\u2019\u00e9t\u00e9 2002.[\/vc_column_text][vc_row_inner][vc_column_inner][vc_column_text css=&#8221;.vc_custom_1585298583470{padding-top: 50px !important;padding-bottom: 10px !important;}&#8221;]<\/p>\n<h2>expositions<\/h2>\n<p>&nbsp;<br \/>\n[\/vc_column_text][vc_basic_grid post_type=&#8221;ids&#8221; element_width=&#8221;12&#8243; item=&#8221;4321&#8243; grid_id=&#8221;vc_gid:1594202131222-fc24d2d3-26d4-2&#8243; include=&#8221;19957&#8243;][\/vc_column_inner][\/vc_row_inner][vc_row_inner disable_element=&#8221;yes&#8221;][vc_column_inner][vc_column_text css=&#8221;.vc_custom_1578667642547{padding-top: 50px !important;padding-bottom: 10px !important;}&#8221; el_id=&#8221;fairs&#8221;]<\/p>\n<h2>foires<\/h2>\n<p>&nbsp;<br \/>\n[\/vc_column_text][vc_basic_grid post_type=&#8221;ids&#8221; element_width=&#8221;6&#8243; item=&#8221;4545&#8243; grid_id=&#8221;vc_gid:1594202131223-af0eea04-dc8e-3&#8243;][\/vc_column_inner][\/vc_row_inner][vc_row_inner disable_element=&#8221;yes&#8221;][vc_column_inner][vc_column_text css=&#8221;.vc_custom_1575889020947{padding-top: 50px !important;padding-bottom: 10px !important;}&#8221; el_id=&#8221;video&#8221;]<\/p>\n<h2>video<\/h2>\n<p>[\/vc_column_text][vc_basic_grid post_type=&#8221;ids&#8221; element_width=&#8221;6&#8243; item=&#8221;1469&#8243; grid_id=&#8221;vc_gid:1594202131224-45d46f0a-efc0-7&#8243;][\/vc_column_inner][\/vc_row_inner][vc_row_inner disable_element=&#8221;yes&#8221; el_class=&#8221;blocco-pubblicazioni&#8221;][vc_column_inner][vc_column_text css=&#8221;.vc_custom_1568023309353{padding-top: 50px !important;padding-bottom: 10px !important;}&#8221; el_id=&#8221;publication&#8221;]<\/p>\n<h2>publications<\/h2>\n<p>[\/vc_column_text][vc_basic_grid post_type=&#8221;ids&#8221; element_width=&#8221;12&#8243; item=&#8221;4344&#8243; grid_id=&#8221;vc_gid:1594202131226-03168ebb-ac02-3&#8243;][\/vc_column_inner][\/vc_row_inner][\/vc_column][\/vc_row][vc_row][vc_column][vc_empty_space height=&#8221;100px&#8221;][\/vc_column][\/vc_row]<\/p>\n<\/div>","protected":false},"excerpt":{"rendered":"<p>[vc_row css=&#8221;.vc_custom_1577099752877{margin-top: 100px !important;}&#8221;][vc_column width=&#8221;1\/4&#8243; enable_sticky=&#8221;true&#8221; sticky_offset=&#8221;100&#8243; alignment=&#8221;center&#8221; css=&#8221;.vc_custom_1547225524376{margin-bottom: 50px !important;}&#8221;][vc_column_text] &lt;&lt; retourner aux artistes [\/vc_column_text][vc_single_image image=&#8221;10072&#8243; img_size=&#8221;full&#8221; alignment=&#8221;center&#8221; css=&#8221;.vc_custom_1580995241338{margin-bottom: 0px !important;padding-bottom: 0px !important;}&#8221;][vc_custom_heading source=&#8221;post_title&#8221; font_container=&#8221;tag:h1|font_size:22%20px|text_align:center|line_height:30%20px&#8221;<\/p>\n","protected":false},"author":2,"featured_media":0,"menu_order":120,"comment_status":"closed","ping_status":"closed","template":"","meta":{"_acf_changed":false},"portfolio-types":[206],"class_list":["post-18442","portfolio","type-portfolio","status-publish","hentry","portfolio-types-k-fr"],"acf":[],"yoast_head":"<!-- This site is optimized with the Yoast SEO plugin v27.4 - https:\/\/yoast.com\/product\/yoast-seo-wordpress\/ -->\n<title>Kolar Jiri - Tornabuoni Art<\/title>\n<meta name=\"robots\" content=\"index, follow, max-snippet:-1, max-image-preview:large, max-video-preview:-1\" \/>\n<link rel=\"canonical\" href=\"https:\/\/www.tornabuoniart.com\/fr\/artisti\/kolar-jiri\/\" \/>\n<meta property=\"og:locale\" content=\"fr_FR\" \/>\n<meta property=\"og:type\" content=\"article\" \/>\n<meta property=\"og:title\" content=\"Kolar Jiri - Tornabuoni Art\" \/>\n<meta property=\"og:description\" content=\"[vc_row css=&#8221;.vc_custom_1577099752877{margin-top: 100px !important;}&#8221;][vc_column width=&#8221;1\/4&#8243; enable_sticky=&#8221;true&#8221; sticky_offset=&#8221;100&#8243; alignment=&#8221;center&#8221; css=&#8221;.vc_custom_1547225524376{margin-bottom: 50px !important;}&#8221;][vc_column_text] &lt;&lt; retourner aux artistes [\/vc_column_text][vc_single_image image=&#8221;10072&#8243; img_size=&#8221;full&#8221; alignment=&#8221;center&#8221; css=&#8221;.vc_custom_1580995241338{margin-bottom: 0px !important;padding-bottom: 0px !important;}&#8221;][vc_custom_heading source=&#8221;post_title&#8221; font_container=&#8221;tag:h1|font_size:22%20px|text_align:center|line_height:30%20px&#8221;\" \/>\n<meta property=\"og:url\" content=\"https:\/\/www.tornabuoniart.com\/fr\/artisti\/kolar-jiri\/\" \/>\n<meta property=\"og:site_name\" content=\"Tornabuoni Art\" \/>\n<meta property=\"article:publisher\" content=\"https:\/\/www.facebook.com\/TornabuoniArt\/\" \/>\n<meta property=\"article:modified_time\" content=\"2020-07-08T10:00:13+00:00\" \/>\n<meta name=\"twitter:card\" content=\"summary_large_image\" \/>\n<meta name=\"twitter:site\" content=\"@TornabuoniArt\" \/>\n<meta name=\"twitter:label1\" content=\"Est. reading time\" \/>\n\t<meta name=\"twitter:data1\" content=\"4 minutes\" \/>\n<script type=\"application\/ld+json\" class=\"yoast-schema-graph\">{\"@context\":\"https:\\\/\\\/schema.org\",\"@graph\":[{\"@type\":\"WebPage\",\"@id\":\"https:\\\/\\\/www.tornabuoniart.com\\\/fr\\\/artisti\\\/kolar-jiri\\\/\",\"url\":\"https:\\\/\\\/www.tornabuoniart.com\\\/fr\\\/artisti\\\/kolar-jiri\\\/\",\"name\":\"Kolar Jiri - Tornabuoni Art\",\"isPartOf\":{\"@id\":\"https:\\\/\\\/www.tornabuoniart.com\\\/en\\\/#website\"},\"datePublished\":\"2020-01-17T16:25:38+00:00\",\"dateModified\":\"2020-07-08T10:00:13+00:00\",\"breadcrumb\":{\"@id\":\"https:\\\/\\\/www.tornabuoniart.com\\\/fr\\\/artisti\\\/kolar-jiri\\\/#breadcrumb\"},\"inLanguage\":\"fr-FR\",\"potentialAction\":[{\"@type\":\"ReadAction\",\"target\":[\"https:\\\/\\\/www.tornabuoniart.com\\\/fr\\\/artisti\\\/kolar-jiri\\\/\"]}]},{\"@type\":\"BreadcrumbList\",\"@id\":\"https:\\\/\\\/www.tornabuoniart.com\\\/fr\\\/artisti\\\/kolar-jiri\\\/#breadcrumb\",\"itemListElement\":[{\"@type\":\"ListItem\",\"position\":1,\"name\":\"Home\",\"item\":\"https:\\\/\\\/www.tornabuoniart.com\\\/fr\\\/\"},{\"@type\":\"ListItem\",\"position\":2,\"name\":\"Kolar Jiri\"}]},{\"@type\":\"WebSite\",\"@id\":\"https:\\\/\\\/www.tornabuoniart.com\\\/en\\\/#website\",\"url\":\"https:\\\/\\\/www.tornabuoniart.com\\\/en\\\/\",\"name\":\"Tornabuoni Art\",\"description\":\"Modern &amp; Contemporary Art Gallery\",\"publisher\":{\"@id\":\"https:\\\/\\\/www.tornabuoniart.com\\\/en\\\/#organization\"},\"potentialAction\":[{\"@type\":\"SearchAction\",\"target\":{\"@type\":\"EntryPoint\",\"urlTemplate\":\"https:\\\/\\\/www.tornabuoniart.com\\\/en\\\/?s={search_term_string}\"},\"query-input\":{\"@type\":\"PropertyValueSpecification\",\"valueRequired\":true,\"valueName\":\"search_term_string\"}}],\"inLanguage\":\"fr-FR\"},{\"@type\":\"Organization\",\"@id\":\"https:\\\/\\\/www.tornabuoniart.com\\\/en\\\/#organization\",\"name\":\"Tornabuoni Art\",\"url\":\"https:\\\/\\\/www.tornabuoniart.com\\\/en\\\/\",\"logo\":{\"@type\":\"ImageObject\",\"inLanguage\":\"fr-FR\",\"@id\":\"https:\\\/\\\/www.tornabuoniart.com\\\/en\\\/#\\\/schema\\\/logo\\\/image\\\/\",\"url\":\"http:\\\/\\\/www.tornabuoniart.com\\\/wp-content\\\/uploads\\\/2019\\\/04\\\/logo_tornabuoni-art2-2-grey.png\",\"contentUrl\":\"http:\\\/\\\/www.tornabuoniart.com\\\/wp-content\\\/uploads\\\/2019\\\/04\\\/logo_tornabuoni-art2-2-grey.png\",\"width\":961,\"height\":136,\"caption\":\"Tornabuoni Art\"},\"image\":{\"@id\":\"https:\\\/\\\/www.tornabuoniart.com\\\/en\\\/#\\\/schema\\\/logo\\\/image\\\/\"},\"sameAs\":[\"https:\\\/\\\/www.facebook.com\\\/TornabuoniArt\\\/\",\"https:\\\/\\\/x.com\\\/TornabuoniArt\",\"https:\\\/\\\/www.instagram.com\\\/tornabuoniart\\\/\"]}]}<\/script>\n<!-- \/ Yoast SEO plugin. -->","yoast_head_json":{"title":"Kolar Jiri - Tornabuoni Art","robots":{"index":"index","follow":"follow","max-snippet":"max-snippet:-1","max-image-preview":"max-image-preview:large","max-video-preview":"max-video-preview:-1"},"canonical":"https:\/\/www.tornabuoniart.com\/fr\/artisti\/kolar-jiri\/","og_locale":"fr_FR","og_type":"article","og_title":"Kolar Jiri - Tornabuoni Art","og_description":"[vc_row css=&#8221;.vc_custom_1577099752877{margin-top: 100px !important;}&#8221;][vc_column width=&#8221;1\/4&#8243; enable_sticky=&#8221;true&#8221; sticky_offset=&#8221;100&#8243; alignment=&#8221;center&#8221; css=&#8221;.vc_custom_1547225524376{margin-bottom: 50px !important;}&#8221;][vc_column_text] &lt;&lt; retourner aux artistes [\/vc_column_text][vc_single_image image=&#8221;10072&#8243; img_size=&#8221;full&#8221; alignment=&#8221;center&#8221; css=&#8221;.vc_custom_1580995241338{margin-bottom: 0px !important;padding-bottom: 0px !important;}&#8221;][vc_custom_heading source=&#8221;post_title&#8221; font_container=&#8221;tag:h1|font_size:22%20px|text_align:center|line_height:30%20px&#8221;","og_url":"https:\/\/www.tornabuoniart.com\/fr\/artisti\/kolar-jiri\/","og_site_name":"Tornabuoni Art","article_publisher":"https:\/\/www.facebook.com\/TornabuoniArt\/","article_modified_time":"2020-07-08T10:00:13+00:00","twitter_card":"summary_large_image","twitter_site":"@TornabuoniArt","twitter_misc":{"Est. reading time":"4 minutes"},"schema":{"@context":"https:\/\/schema.org","@graph":[{"@type":"WebPage","@id":"https:\/\/www.tornabuoniart.com\/fr\/artisti\/kolar-jiri\/","url":"https:\/\/www.tornabuoniart.com\/fr\/artisti\/kolar-jiri\/","name":"Kolar Jiri - Tornabuoni Art","isPartOf":{"@id":"https:\/\/www.tornabuoniart.com\/en\/#website"},"datePublished":"2020-01-17T16:25:38+00:00","dateModified":"2020-07-08T10:00:13+00:00","breadcrumb":{"@id":"https:\/\/www.tornabuoniart.com\/fr\/artisti\/kolar-jiri\/#breadcrumb"},"inLanguage":"fr-FR","potentialAction":[{"@type":"ReadAction","target":["https:\/\/www.tornabuoniart.com\/fr\/artisti\/kolar-jiri\/"]}]},{"@type":"BreadcrumbList","@id":"https:\/\/www.tornabuoniart.com\/fr\/artisti\/kolar-jiri\/#breadcrumb","itemListElement":[{"@type":"ListItem","position":1,"name":"Home","item":"https:\/\/www.tornabuoniart.com\/fr\/"},{"@type":"ListItem","position":2,"name":"Kolar Jiri"}]},{"@type":"WebSite","@id":"https:\/\/www.tornabuoniart.com\/en\/#website","url":"https:\/\/www.tornabuoniart.com\/en\/","name":"Tornabuoni Art","description":"Modern &amp; Contemporary Art Gallery","publisher":{"@id":"https:\/\/www.tornabuoniart.com\/en\/#organization"},"potentialAction":[{"@type":"SearchAction","target":{"@type":"EntryPoint","urlTemplate":"https:\/\/www.tornabuoniart.com\/en\/?s={search_term_string}"},"query-input":{"@type":"PropertyValueSpecification","valueRequired":true,"valueName":"search_term_string"}}],"inLanguage":"fr-FR"},{"@type":"Organization","@id":"https:\/\/www.tornabuoniart.com\/en\/#organization","name":"Tornabuoni Art","url":"https:\/\/www.tornabuoniart.com\/en\/","logo":{"@type":"ImageObject","inLanguage":"fr-FR","@id":"https:\/\/www.tornabuoniart.com\/en\/#\/schema\/logo\/image\/","url":"http:\/\/www.tornabuoniart.com\/wp-content\/uploads\/2019\/04\/logo_tornabuoni-art2-2-grey.png","contentUrl":"http:\/\/www.tornabuoniart.com\/wp-content\/uploads\/2019\/04\/logo_tornabuoni-art2-2-grey.png","width":961,"height":136,"caption":"Tornabuoni Art"},"image":{"@id":"https:\/\/www.tornabuoniart.com\/en\/#\/schema\/logo\/image\/"},"sameAs":["https:\/\/www.facebook.com\/TornabuoniArt\/","https:\/\/x.com\/TornabuoniArt","https:\/\/www.instagram.com\/tornabuoniart\/"]}]}},"_links":{"self":[{"href":"https:\/\/www.tornabuoniart.com\/fr\/wp-json\/wp\/v2\/portfolio\/18442","targetHints":{"allow":["GET"]}}],"collection":[{"href":"https:\/\/www.tornabuoniart.com\/fr\/wp-json\/wp\/v2\/portfolio"}],"about":[{"href":"https:\/\/www.tornabuoniart.com\/fr\/wp-json\/wp\/v2\/types\/portfolio"}],"author":[{"embeddable":true,"href":"https:\/\/www.tornabuoniart.com\/fr\/wp-json\/wp\/v2\/users\/2"}],"replies":[{"embeddable":true,"href":"https:\/\/www.tornabuoniart.com\/fr\/wp-json\/wp\/v2\/comments?post=18442"}],"wp:attachment":[{"href":"https:\/\/www.tornabuoniart.com\/fr\/wp-json\/wp\/v2\/media?parent=18442"}],"wp:term":[{"taxonomy":"portfolio-types","embeddable":true,"href":"https:\/\/www.tornabuoniart.com\/fr\/wp-json\/wp\/v2\/portfolio-types?post=18442"}],"curies":[{"name":"wp","href":"https:\/\/api.w.org\/{rel}","templated":true}]}}