{"id":64730,"date":"2026-01-07T15:39:27","date_gmt":"2026-01-07T14:39:27","guid":{"rendered":"https:\/\/www.tornabuoniart.com\/exhibitions\/vincenzo-agnetti-par-coeur\/"},"modified":"2026-03-28T20:47:46","modified_gmt":"2026-03-28T19:47:46","slug":"vincenzo-agnetti-par-coeur","status":"publish","type":"exhibitions","link":"https:\/\/www.tornabuoniart.com\/fr\/exhibitions\/vincenzo-agnetti-par-coeur\/","title":{"rendered":"Vincenzo Agnetti : par c\u0153ur"},"content":{"rendered":"<div class=\"wpb-content-wrapper\"><p>[vc_row css=&#8221;.vc_custom_1577099898580{margin-top: 100px !important;}&#8221;][vc_column width=&#8221;1\/4&#8243; enable_sticky=&#8221;true&#8221; sticky_offset=&#8221;150&#8243; alignment=&#8221;center&#8221; css=&#8221;.vc_custom_1547464395638{margin-bottom: 50px !important;}&#8221;][vc_column_text]<\/p>\n<p style=\"text-align: center;\"><a href=\"https:\/\/tornabuoniart.com\/fr\/mostre\/\"><span style=\"color: #808080;\"><em>&lt;&lt; retourner aux expositions<\/em><\/span><\/a><\/p>\n<p>[\/vc_column_text][vc_custom_heading source=&#8221;post_title&#8221; font_container=&#8221;tag:h1|font_size:30px|text_align:center|line_height:30px&#8221; use_theme_fonts=&#8221;yes&#8221;][vc_separator css=&#8221;.vc_custom_1547225178042{margin-top: 0px !important;margin-bottom: 0px !important;padding-top: 0px !important;padding-bottom: 0px !important;}&#8221;][vc_acf field_group=&#8221;1272&#8243; field_from_1272=&#8221;field_5c3de0eacb25c&#8221; align=&#8221;center&#8221;][vc_separator css=&#8221;.vc_custom_1547225178042{margin-top: 0px !important;margin-bottom: 0px !important;padding-top: 0px !important;padding-bottom: 0px !important;}&#8221;][vc_acf field_group=&#8221;1272&#8243; field_from_1272=&#8221;field_5c3de115bbf75&#8243; align=&#8221;center&#8221;][vc_separator css=&#8221;.vc_custom_1547225178042{margin-top: 0px !important;margin-bottom: 0px !important;padding-top: 0px !important;padding-bottom: 0px !important;}&#8221;][\/vc_column][vc_column width=&#8221;3\/4&#8243;]<div class=\"mpc-carousel__wrapper mpc-waypoint\"><div id=\"mpc_carousel_image-1869f730a4a345a\" class=\"mpc-carousel-image mpc-init mpc-layout--fluid mpc-effect--none mpc-force-height  mpc-overlay--fade\"  data-mpcslick='{\"infinite\":true,\"autoplay\":true,\"slidesToShow\":3,\"slidesToScroll\":1,\"centerMode\":false,\"initialSlide\":0,\"rows\":1,\"autoplaySpeed\":5000,\"variableWidth\":true,\"speed\":500}' data-slick-cols=\"3\" data-align=\"middle-center\"><div target=\"\"class=\"mpc-carousel__item-wrapper\" data-height=\"683\"><div onclick=\"\" class=\"mpc-item mpc-transition\"><div class=\"mpc-border\"><\/div><img loading=\"lazy\" decoding=\"async\" width=\"2560\" height=\"1707\" src=\"https:\/\/www.tornabuoniart.com\/wp-content\/uploads\/2026\/02\/04-scaled.jpg\" class=\"mpc-transition attachment-full\" alt=\"Vue de l&#039;exposition, Vincenzo Agnetti: par c\u0153ur, Tornabuoni Art Parigi, janvier - mars 2026\" title=\"Vue de l&#039;exposition, Vincenzo Agnetti: par c\u0153ur, Tornabuoni Art Parigi, janvier - mars 2026\" srcset=\"https:\/\/www.tornabuoniart.com\/wp-content\/uploads\/2026\/02\/04-scaled.jpg 2560w, https:\/\/www.tornabuoniart.com\/wp-content\/uploads\/2026\/02\/04-300x200.jpg 300w, https:\/\/www.tornabuoniart.com\/wp-content\/uploads\/2026\/02\/04-1024x683.jpg 1024w, https:\/\/www.tornabuoniart.com\/wp-content\/uploads\/2026\/02\/04-768x512.jpg 768w, https:\/\/www.tornabuoniart.com\/wp-content\/uploads\/2026\/02\/04-1536x1024.jpg 1536w, https:\/\/www.tornabuoniart.com\/wp-content\/uploads\/2026\/02\/04-2048x1366.jpg 2048w, https:\/\/www.tornabuoniart.com\/wp-content\/uploads\/2026\/02\/04-112x75.jpg 112w, https:\/\/www.tornabuoniart.com\/wp-content\/uploads\/2026\/02\/04-960x640.jpg 960w, https:\/\/www.tornabuoniart.com\/wp-content\/uploads\/2026\/02\/04-480x320.jpg 480w\" sizes=\"auto, (max-width:767px) 480px, (max-width:2560px) 100vw, 2560px\" \/><div class=\"mpc-item-overlay mpc-transition\"><div class=\"mpc-overlay--vertical-wrap\"><div class=\"mpc-overlay--vertical\"><a href=\"https:\/\/www.tornabuoniart.com\/wp-content\/uploads\/2026\/02\/04-scaled.jpg\" data-rel=\"lightbox-gallery-0\" data-rl_title=\"Veduta della mostra, Vincenzo Agnetti: par c\u0153ur, Tornabuoni Art Parigi, gennaio-marzo 2026\" data-rl_caption=\"Veduta della mostra, Vincenzo Agnetti: par c\u0153ur, Tornabuoni Art Parigi, gennaio-marzo 2026\" data-magnific_type=\"gallery\" class=\"mpc-icon-anchor mpc-magnific-popup\" title=\"Veduta della mostra, Vincenzo Agnetti: par c\u0153ur, Tornabuoni Art Parigi, gennaio-marzo 2026\"><i class=\"mpc-item-overlay__icon mpc-type--lightbox fa fa-arrows mpc-icon--icon\"><\/i><\/a><\/div><\/div><\/div><\/div><\/div><div target=\"\"class=\"mpc-carousel__item-wrapper\" data-height=\"683\"><div onclick=\"\" class=\"mpc-item mpc-transition\"><div class=\"mpc-border\"><\/div><img loading=\"lazy\" decoding=\"async\" width=\"2560\" height=\"1707\" src=\"https:\/\/www.tornabuoniart.com\/wp-content\/uploads\/2026\/02\/03-scaled.jpeg\" class=\"mpc-transition attachment-full\" alt=\"Vue de l&#039;exposition, Vincenzo Agnetti: par c\u0153ur, Tornabuoni Art Parigi, janvier - mars 2026\" title=\"Vue de l&#039;exposition, Vincenzo Agnetti: par c\u0153ur, Tornabuoni Art Parigi, janvier - mars 2026\" srcset=\"https:\/\/www.tornabuoniart.com\/wp-content\/uploads\/2026\/02\/03-scaled.jpeg 2560w, https:\/\/www.tornabuoniart.com\/wp-content\/uploads\/2026\/02\/03-300x200.jpeg 300w, https:\/\/www.tornabuoniart.com\/wp-content\/uploads\/2026\/02\/03-1024x683.jpeg 1024w, https:\/\/www.tornabuoniart.com\/wp-content\/uploads\/2026\/02\/03-768x512.jpeg 768w, https:\/\/www.tornabuoniart.com\/wp-content\/uploads\/2026\/02\/03-1536x1024.jpeg 1536w, https:\/\/www.tornabuoniart.com\/wp-content\/uploads\/2026\/02\/03-2048x1366.jpeg 2048w, https:\/\/www.tornabuoniart.com\/wp-content\/uploads\/2026\/02\/03-112x75.jpeg 112w, https:\/\/www.tornabuoniart.com\/wp-content\/uploads\/2026\/02\/03-960x640.jpeg 960w, https:\/\/www.tornabuoniart.com\/wp-content\/uploads\/2026\/02\/03-480x320.jpeg 480w\" sizes=\"auto, (max-width:767px) 480px, (max-width:2560px) 100vw, 2560px\" \/><div class=\"mpc-item-overlay mpc-transition\"><div class=\"mpc-overlay--vertical-wrap\"><div class=\"mpc-overlay--vertical\"><a href=\"https:\/\/www.tornabuoniart.com\/wp-content\/uploads\/2026\/02\/03-scaled.jpeg\" data-rel=\"lightbox-gallery-0\" data-rl_title=\"Veduta della mostra, Vincenzo Agnetti: par c\u0153ur, Tornabuoni Art Parigi, gennaio-marzo 2026\" data-rl_caption=\"Veduta della mostra, Vincenzo Agnetti: par c\u0153ur, Tornabuoni Art Parigi, gennaio-marzo 2026\" data-magnific_type=\"gallery\" class=\"mpc-icon-anchor mpc-magnific-popup\" title=\"Veduta della mostra, Vincenzo Agnetti: par c\u0153ur, Tornabuoni Art Parigi, gennaio-marzo 2026\"><i class=\"mpc-item-overlay__icon mpc-type--lightbox fa fa-arrows mpc-icon--icon\"><\/i><\/a><\/div><\/div><\/div><\/div><\/div><div target=\"\"class=\"mpc-carousel__item-wrapper\" data-height=\"683\"><div onclick=\"\" class=\"mpc-item mpc-transition\"><div class=\"mpc-border\"><\/div><img loading=\"lazy\" decoding=\"async\" width=\"2560\" height=\"1707\" src=\"https:\/\/www.tornabuoniart.com\/wp-content\/uploads\/2026\/02\/02-scaled.jpg\" class=\"mpc-transition attachment-full\" alt=\"Vue de l&#039;exposition, Vincenzo Agnetti: par c\u0153ur, Tornabuoni Art Parigi, janvier - mars 2026\" title=\"Vue de l&#039;exposition, Vincenzo Agnetti: par c\u0153ur, Tornabuoni Art Parigi, janvier - mars 2026\" srcset=\"https:\/\/www.tornabuoniart.com\/wp-content\/uploads\/2026\/02\/02-scaled.jpg 2560w, https:\/\/www.tornabuoniart.com\/wp-content\/uploads\/2026\/02\/02-300x200.jpg 300w, https:\/\/www.tornabuoniart.com\/wp-content\/uploads\/2026\/02\/02-1024x683.jpg 1024w, https:\/\/www.tornabuoniart.com\/wp-content\/uploads\/2026\/02\/02-768x512.jpg 768w, https:\/\/www.tornabuoniart.com\/wp-content\/uploads\/2026\/02\/02-1536x1024.jpg 1536w, https:\/\/www.tornabuoniart.com\/wp-content\/uploads\/2026\/02\/02-2048x1365.jpg 2048w, https:\/\/www.tornabuoniart.com\/wp-content\/uploads\/2026\/02\/02-113x75.jpg 113w, https:\/\/www.tornabuoniart.com\/wp-content\/uploads\/2026\/02\/02-960x640.jpg 960w, https:\/\/www.tornabuoniart.com\/wp-content\/uploads\/2026\/02\/02-480x320.jpg 480w\" sizes=\"auto, (max-width:767px) 480px, (max-width:2560px) 100vw, 2560px\" \/><div class=\"mpc-item-overlay mpc-transition\"><div class=\"mpc-overlay--vertical-wrap\"><div class=\"mpc-overlay--vertical\"><a href=\"https:\/\/www.tornabuoniart.com\/wp-content\/uploads\/2026\/02\/02-scaled.jpg\" data-rel=\"lightbox-gallery-0\" data-rl_title=\"Veduta della mostra, Vincenzo Agnetti: par c\u0153ur, Tornabuoni Art Parigi, gennaio-marzo 2026\" data-rl_caption=\"Veduta della mostra, Vincenzo Agnetti: par c\u0153ur, Tornabuoni Art Parigi, gennaio-marzo 2026\" data-magnific_type=\"gallery\" class=\"mpc-icon-anchor mpc-magnific-popup\" title=\"Veduta della mostra, Vincenzo Agnetti: par c\u0153ur, Tornabuoni Art Parigi, gennaio-marzo 2026\"><i class=\"mpc-item-overlay__icon mpc-type--lightbox fa fa-arrows mpc-icon--icon\"><\/i><\/a><\/div><\/div><\/div><\/div><\/div><div target=\"\"class=\"mpc-carousel__item-wrapper\" data-height=\"683\"><div onclick=\"\" class=\"mpc-item mpc-transition\"><div class=\"mpc-border\"><\/div><img loading=\"lazy\" decoding=\"async\" width=\"2560\" height=\"1707\" src=\"https:\/\/www.tornabuoniart.com\/wp-content\/uploads\/2026\/02\/01-scaled.jpg\" class=\"mpc-transition attachment-full\" alt=\"Vue de l&#039;exposition, Vincenzo Agnetti: par c\u0153ur, Tornabuoni Art Parigi, janvier - mars 2026\" title=\"Vue de l&#039;exposition, Vincenzo Agnetti: par c\u0153ur, Tornabuoni Art Parigi, janvier - mars 2026\" srcset=\"https:\/\/www.tornabuoniart.com\/wp-content\/uploads\/2026\/02\/01-scaled.jpg 2560w, https:\/\/www.tornabuoniart.com\/wp-content\/uploads\/2026\/02\/01-300x200.jpg 300w, https:\/\/www.tornabuoniart.com\/wp-content\/uploads\/2026\/02\/01-1024x683.jpg 1024w, https:\/\/www.tornabuoniart.com\/wp-content\/uploads\/2026\/02\/01-768x512.jpg 768w, https:\/\/www.tornabuoniart.com\/wp-content\/uploads\/2026\/02\/01-1536x1024.jpg 1536w, https:\/\/www.tornabuoniart.com\/wp-content\/uploads\/2026\/02\/01-2048x1365.jpg 2048w, https:\/\/www.tornabuoniart.com\/wp-content\/uploads\/2026\/02\/01-113x75.jpg 113w, https:\/\/www.tornabuoniart.com\/wp-content\/uploads\/2026\/02\/01-960x640.jpg 960w, https:\/\/www.tornabuoniart.com\/wp-content\/uploads\/2026\/02\/01-480x320.jpg 480w\" sizes=\"auto, (max-width:767px) 480px, (max-width:2560px) 100vw, 2560px\" \/><div class=\"mpc-item-overlay mpc-transition\"><div class=\"mpc-overlay--vertical-wrap\"><div class=\"mpc-overlay--vertical\"><a href=\"https:\/\/www.tornabuoniart.com\/wp-content\/uploads\/2026\/02\/01-scaled.jpg\" data-rel=\"lightbox-gallery-0\" data-rl_title=\"Veduta della mostra, Vincenzo Agnetti: par c\u0153ur, Tornabuoni Art Parigi, gennaio-marzo 2026\" data-rl_caption=\"Veduta della mostra, Vincenzo Agnetti: par c\u0153ur, Tornabuoni Art Parigi, gennaio-marzo 2026\" data-magnific_type=\"gallery\" class=\"mpc-icon-anchor mpc-magnific-popup\" title=\"Veduta della mostra, Vincenzo Agnetti: par c\u0153ur, Tornabuoni Art Parigi, gennaio-marzo 2026\"><i class=\"mpc-item-overlay__icon mpc-type--lightbox fa fa-arrows mpc-icon--icon\"><\/i><\/a><\/div><\/div><\/div><\/div><\/div><div target=\"\"class=\"mpc-carousel__item-wrapper\" data-height=\"683\"><div onclick=\"\" class=\"mpc-item mpc-transition\"><div class=\"mpc-border\"><\/div><img loading=\"lazy\" decoding=\"async\" width=\"2560\" height=\"1707\" src=\"https:\/\/www.tornabuoniart.com\/wp-content\/uploads\/2026\/02\/05-scaled.jpeg\" class=\"mpc-transition attachment-full\" alt=\"Vue de l&#039;exposition, Vincenzo Agnetti: par c\u0153ur, Tornabuoni Art Parigi, janvier - mars 2026\" title=\"Vue de l&#039;exposition, Vincenzo Agnetti: par c\u0153ur, Tornabuoni Art Parigi, janvier - mars 2026\" srcset=\"https:\/\/www.tornabuoniart.com\/wp-content\/uploads\/2026\/02\/05-scaled.jpeg 2560w, https:\/\/www.tornabuoniart.com\/wp-content\/uploads\/2026\/02\/05-300x200.jpeg 300w, https:\/\/www.tornabuoniart.com\/wp-content\/uploads\/2026\/02\/05-1024x683.jpeg 1024w, https:\/\/www.tornabuoniart.com\/wp-content\/uploads\/2026\/02\/05-768x512.jpeg 768w, https:\/\/www.tornabuoniart.com\/wp-content\/uploads\/2026\/02\/05-1536x1024.jpeg 1536w, https:\/\/www.tornabuoniart.com\/wp-content\/uploads\/2026\/02\/05-2048x1365.jpeg 2048w, https:\/\/www.tornabuoniart.com\/wp-content\/uploads\/2026\/02\/05-113x75.jpeg 113w, https:\/\/www.tornabuoniart.com\/wp-content\/uploads\/2026\/02\/05-960x640.jpeg 960w, https:\/\/www.tornabuoniart.com\/wp-content\/uploads\/2026\/02\/05-480x320.jpeg 480w\" sizes=\"auto, (max-width:767px) 480px, (max-width:2560px) 100vw, 2560px\" \/><div class=\"mpc-item-overlay mpc-transition\"><div class=\"mpc-overlay--vertical-wrap\"><div class=\"mpc-overlay--vertical\"><a href=\"https:\/\/www.tornabuoniart.com\/wp-content\/uploads\/2026\/02\/05-scaled.jpeg\" data-rel=\"lightbox-gallery-0\" data-rl_title=\"Veduta della mostra, Vincenzo Agnetti: par c\u0153ur, Tornabuoni Art Parigi, gennaio-marzo 2026\" data-rl_caption=\"Veduta della mostra, Vincenzo Agnetti: par c\u0153ur, Tornabuoni Art Parigi, gennaio-marzo 2026\" data-magnific_type=\"gallery\" class=\"mpc-icon-anchor mpc-magnific-popup\" title=\"Veduta della mostra, Vincenzo Agnetti: par c\u0153ur, Tornabuoni Art Parigi, gennaio-marzo 2026\"><i class=\"mpc-item-overlay__icon mpc-type--lightbox fa fa-arrows mpc-icon--icon\"><\/i><\/a><\/div><\/div><\/div><\/div><\/div><div target=\"\"class=\"mpc-carousel__item-wrapper\" data-height=\"683\"><div onclick=\"\" class=\"mpc-item mpc-transition\"><div class=\"mpc-border\"><\/div><img loading=\"lazy\" decoding=\"async\" width=\"2560\" height=\"1707\" src=\"https:\/\/www.tornabuoniart.com\/wp-content\/uploads\/2026\/02\/06-scaled.jpeg\" class=\"mpc-transition attachment-full\" alt=\"Vue de l&#039;exposition, Vincenzo Agnetti: par c\u0153ur, Tornabuoni Art Parigi, janvier - mars 2026\" title=\"Vue de l&#039;exposition, Vincenzo Agnetti: par c\u0153ur, Tornabuoni Art Parigi, janvier - mars 2026\" srcset=\"https:\/\/www.tornabuoniart.com\/wp-content\/uploads\/2026\/02\/06-scaled.jpeg 2560w, https:\/\/www.tornabuoniart.com\/wp-content\/uploads\/2026\/02\/06-300x200.jpeg 300w, https:\/\/www.tornabuoniart.com\/wp-content\/uploads\/2026\/02\/06-1024x683.jpeg 1024w, https:\/\/www.tornabuoniart.com\/wp-content\/uploads\/2026\/02\/06-768x512.jpeg 768w, https:\/\/www.tornabuoniart.com\/wp-content\/uploads\/2026\/02\/06-1536x1024.jpeg 1536w, https:\/\/www.tornabuoniart.com\/wp-content\/uploads\/2026\/02\/06-2048x1365.jpeg 2048w, https:\/\/www.tornabuoniart.com\/wp-content\/uploads\/2026\/02\/06-113x75.jpeg 113w, https:\/\/www.tornabuoniart.com\/wp-content\/uploads\/2026\/02\/06-960x640.jpeg 960w, https:\/\/www.tornabuoniart.com\/wp-content\/uploads\/2026\/02\/06-480x320.jpeg 480w\" sizes=\"auto, (max-width:767px) 480px, (max-width:2560px) 100vw, 2560px\" \/><div class=\"mpc-item-overlay mpc-transition\"><div class=\"mpc-overlay--vertical-wrap\"><div class=\"mpc-overlay--vertical\"><a href=\"https:\/\/www.tornabuoniart.com\/wp-content\/uploads\/2026\/02\/06-scaled.jpeg\" data-rel=\"lightbox-gallery-0\" data-rl_title=\"Veduta della mostra, Vincenzo Agnetti: par c\u0153ur, Tornabuoni Art Parigi, gennaio-marzo 2026\" data-rl_caption=\"Veduta della mostra, Vincenzo Agnetti: par c\u0153ur, Tornabuoni Art Parigi, gennaio-marzo 2026\" data-magnific_type=\"gallery\" class=\"mpc-icon-anchor mpc-magnific-popup\" title=\"Veduta della mostra, Vincenzo Agnetti: par c\u0153ur, Tornabuoni Art Parigi, gennaio-marzo 2026\"><i class=\"mpc-item-overlay__icon mpc-type--lightbox fa fa-arrows mpc-icon--icon\"><\/i><\/a><\/div><\/div><\/div><\/div><\/div><div target=\"\"class=\"mpc-carousel__item-wrapper\" data-height=\"683\"><div onclick=\"\" class=\"mpc-item mpc-transition\"><div class=\"mpc-border\"><\/div><img loading=\"lazy\" decoding=\"async\" width=\"2560\" height=\"1707\" src=\"https:\/\/www.tornabuoniart.com\/wp-content\/uploads\/2026\/02\/07-scaled.jpeg\" class=\"mpc-transition attachment-full\" alt=\"Vue de l&#039;exposition, Vincenzo Agnetti: par c\u0153ur, Tornabuoni Art Parigi, janvier - mars 2026\" title=\"Vue de l&#039;exposition, Vincenzo Agnetti: par c\u0153ur, Tornabuoni Art Parigi, janvier - mars 2026\" srcset=\"https:\/\/www.tornabuoniart.com\/wp-content\/uploads\/2026\/02\/07-scaled.jpeg 2560w, https:\/\/www.tornabuoniart.com\/wp-content\/uploads\/2026\/02\/07-300x200.jpeg 300w, https:\/\/www.tornabuoniart.com\/wp-content\/uploads\/2026\/02\/07-1024x683.jpeg 1024w, https:\/\/www.tornabuoniart.com\/wp-content\/uploads\/2026\/02\/07-768x512.jpeg 768w, https:\/\/www.tornabuoniart.com\/wp-content\/uploads\/2026\/02\/07-1536x1024.jpeg 1536w, https:\/\/www.tornabuoniart.com\/wp-content\/uploads\/2026\/02\/07-2048x1365.jpeg 2048w, https:\/\/www.tornabuoniart.com\/wp-content\/uploads\/2026\/02\/07-113x75.jpeg 113w, https:\/\/www.tornabuoniart.com\/wp-content\/uploads\/2026\/02\/07-960x640.jpeg 960w, https:\/\/www.tornabuoniart.com\/wp-content\/uploads\/2026\/02\/07-480x320.jpeg 480w\" sizes=\"auto, (max-width:767px) 480px, (max-width:2560px) 100vw, 2560px\" \/><div class=\"mpc-item-overlay mpc-transition\"><div class=\"mpc-overlay--vertical-wrap\"><div class=\"mpc-overlay--vertical\"><a href=\"https:\/\/www.tornabuoniart.com\/wp-content\/uploads\/2026\/02\/07-scaled.jpeg\" data-rel=\"lightbox-gallery-0\" data-rl_title=\"Veduta della mostra, Vincenzo Agnetti: par c\u0153ur, Tornabuoni Art Parigi, gennaio-marzo 2026\" data-rl_caption=\"Veduta della mostra, Vincenzo Agnetti: par c\u0153ur, Tornabuoni Art Parigi, gennaio-marzo 2026\" data-magnific_type=\"gallery\" class=\"mpc-icon-anchor mpc-magnific-popup\" title=\"Veduta della mostra, Vincenzo Agnetti: par c\u0153ur, Tornabuoni Art Parigi, gennaio-marzo 2026\"><i class=\"mpc-item-overlay__icon mpc-type--lightbox fa fa-arrows mpc-icon--icon\"><\/i><\/a><\/div><\/div><\/div><\/div><\/div><div target=\"\"class=\"mpc-carousel__item-wrapper\" data-height=\"1024\"><div onclick=\"\" class=\"mpc-item mpc-transition\"><div class=\"mpc-border\"><\/div><img loading=\"lazy\" decoding=\"async\" width=\"1707\" height=\"2560\" src=\"https:\/\/www.tornabuoniart.com\/wp-content\/uploads\/2026\/02\/08-scaled.jpeg\" class=\"mpc-transition attachment-full\" alt=\"Vue de l&#039;exposition, Vincenzo Agnetti: par c\u0153ur, Tornabuoni Art Parigi, janvier - mars 2026\" title=\"Vue de l&#039;exposition, Vincenzo Agnetti: par c\u0153ur, Tornabuoni Art Parigi, janvier - mars 2026\" srcset=\"https:\/\/www.tornabuoniart.com\/wp-content\/uploads\/2026\/02\/08-scaled.jpeg 1707w, https:\/\/www.tornabuoniart.com\/wp-content\/uploads\/2026\/02\/08-200x300.jpeg 200w, https:\/\/www.tornabuoniart.com\/wp-content\/uploads\/2026\/02\/08-683x1024.jpeg 683w, https:\/\/www.tornabuoniart.com\/wp-content\/uploads\/2026\/02\/08-768x1152.jpeg 768w, https:\/\/www.tornabuoniart.com\/wp-content\/uploads\/2026\/02\/08-1024x1536.jpeg 1024w, https:\/\/www.tornabuoniart.com\/wp-content\/uploads\/2026\/02\/08-1365x2048.jpeg 1365w, https:\/\/www.tornabuoniart.com\/wp-content\/uploads\/2026\/02\/08-50x75.jpeg 50w, https:\/\/www.tornabuoniart.com\/wp-content\/uploads\/2026\/02\/08-480x720.jpeg 480w\" sizes=\"auto, (max-width:767px) 480px, (max-width:1707px) 100vw, 1707px\" \/><div class=\"mpc-item-overlay mpc-transition\"><div class=\"mpc-overlay--vertical-wrap\"><div class=\"mpc-overlay--vertical\"><a href=\"https:\/\/www.tornabuoniart.com\/wp-content\/uploads\/2026\/02\/08-scaled.jpeg\" data-rel=\"lightbox-gallery-0\" data-rl_title=\"Veduta della mostra, Vincenzo Agnetti: par c\u0153ur, Tornabuoni Art Parigi, gennaio-marzo 2026\" data-rl_caption=\"Veduta della mostra, Vincenzo Agnetti: par c\u0153ur, Tornabuoni Art Parigi, gennaio-marzo 2026\" data-magnific_type=\"gallery\" class=\"mpc-icon-anchor mpc-magnific-popup\" title=\"Veduta della mostra, Vincenzo Agnetti: par c\u0153ur, Tornabuoni Art Parigi, gennaio-marzo 2026\"><i class=\"mpc-item-overlay__icon mpc-type--lightbox fa fa-arrows mpc-icon--icon\"><\/i><\/a><\/div><\/div><\/div><\/div><\/div><div target=\"\"class=\"mpc-carousel__item-wrapper\" data-height=\"683\"><div onclick=\"\" class=\"mpc-item mpc-transition\"><div class=\"mpc-border\"><\/div><img loading=\"lazy\" decoding=\"async\" width=\"2560\" height=\"1707\" src=\"https:\/\/www.tornabuoniart.com\/wp-content\/uploads\/2026\/02\/09-scaled.jpg\" class=\"mpc-transition attachment-full\" alt=\"Vue de l&#039;exposition, Vincenzo Agnetti: par c\u0153ur, Tornabuoni Art Parigi, janvier - mars 2026\" title=\"Vue de l&#039;exposition, Vincenzo Agnetti: par c\u0153ur, Tornabuoni Art Parigi, janvier - mars 2026\" srcset=\"https:\/\/www.tornabuoniart.com\/wp-content\/uploads\/2026\/02\/09-scaled.jpg 2560w, https:\/\/www.tornabuoniart.com\/wp-content\/uploads\/2026\/02\/09-300x200.jpg 300w, https:\/\/www.tornabuoniart.com\/wp-content\/uploads\/2026\/02\/09-1024x683.jpg 1024w, https:\/\/www.tornabuoniart.com\/wp-content\/uploads\/2026\/02\/09-768x512.jpg 768w, https:\/\/www.tornabuoniart.com\/wp-content\/uploads\/2026\/02\/09-1536x1024.jpg 1536w, https:\/\/www.tornabuoniart.com\/wp-content\/uploads\/2026\/02\/09-2048x1365.jpg 2048w, https:\/\/www.tornabuoniart.com\/wp-content\/uploads\/2026\/02\/09-113x75.jpg 113w, https:\/\/www.tornabuoniart.com\/wp-content\/uploads\/2026\/02\/09-960x640.jpg 960w, https:\/\/www.tornabuoniart.com\/wp-content\/uploads\/2026\/02\/09-480x320.jpg 480w\" sizes=\"auto, (max-width:767px) 480px, (max-width:2560px) 100vw, 2560px\" \/><div class=\"mpc-item-overlay mpc-transition\"><div class=\"mpc-overlay--vertical-wrap\"><div class=\"mpc-overlay--vertical\"><a href=\"https:\/\/www.tornabuoniart.com\/wp-content\/uploads\/2026\/02\/09-scaled.jpg\" data-rel=\"lightbox-gallery-0\" data-rl_title=\"Veduta della mostra, Vincenzo Agnetti: par c\u0153ur, Tornabuoni Art Parigi, gennaio-marzo 2026\" data-rl_caption=\"Veduta della mostra, Vincenzo Agnetti: par c\u0153ur, Tornabuoni Art Parigi, gennaio-marzo 2026\" data-magnific_type=\"gallery\" class=\"mpc-icon-anchor mpc-magnific-popup\" title=\"Veduta della mostra, Vincenzo Agnetti: par c\u0153ur, Tornabuoni Art Parigi, gennaio-marzo 2026\"><i class=\"mpc-item-overlay__icon mpc-type--lightbox fa fa-arrows mpc-icon--icon\"><\/i><\/a><\/div><\/div><\/div><\/div><\/div><div target=\"\"class=\"mpc-carousel__item-wrapper\" data-height=\"683\"><div onclick=\"\" class=\"mpc-item mpc-transition\"><div class=\"mpc-border\"><\/div><img loading=\"lazy\" decoding=\"async\" width=\"2560\" height=\"1707\" src=\"https:\/\/www.tornabuoniart.com\/wp-content\/uploads\/2026\/02\/010-scaled.jpeg\" class=\"mpc-transition attachment-full\" alt=\"Vue de l&#039;exposition, Vincenzo Agnetti: par c\u0153ur, Tornabuoni Art Parigi, janvier - mars 2026\" title=\"Vue de l&#039;exposition, Vincenzo Agnetti: par c\u0153ur, Tornabuoni Art Parigi, janvier - mars 2026\" srcset=\"https:\/\/www.tornabuoniart.com\/wp-content\/uploads\/2026\/02\/010-scaled.jpeg 2560w, https:\/\/www.tornabuoniart.com\/wp-content\/uploads\/2026\/02\/010-300x200.jpeg 300w, https:\/\/www.tornabuoniart.com\/wp-content\/uploads\/2026\/02\/010-1024x683.jpeg 1024w, https:\/\/www.tornabuoniart.com\/wp-content\/uploads\/2026\/02\/010-768x512.jpeg 768w, https:\/\/www.tornabuoniart.com\/wp-content\/uploads\/2026\/02\/010-1536x1024.jpeg 1536w, https:\/\/www.tornabuoniart.com\/wp-content\/uploads\/2026\/02\/010-2048x1365.jpeg 2048w, https:\/\/www.tornabuoniart.com\/wp-content\/uploads\/2026\/02\/010-113x75.jpeg 113w, https:\/\/www.tornabuoniart.com\/wp-content\/uploads\/2026\/02\/010-960x640.jpeg 960w, https:\/\/www.tornabuoniart.com\/wp-content\/uploads\/2026\/02\/010-480x320.jpeg 480w\" sizes=\"auto, (max-width:767px) 480px, (max-width:2560px) 100vw, 2560px\" \/><div class=\"mpc-item-overlay mpc-transition\"><div class=\"mpc-overlay--vertical-wrap\"><div class=\"mpc-overlay--vertical\"><a href=\"https:\/\/www.tornabuoniart.com\/wp-content\/uploads\/2026\/02\/010-scaled.jpeg\" data-rel=\"lightbox-gallery-0\" data-rl_title=\"Veduta della mostra, Vincenzo Agnetti: par c\u0153ur, Tornabuoni Art Parigi, gennaio-marzo 2026\" data-rl_caption=\"Veduta della mostra, Vincenzo Agnetti: par c\u0153ur, Tornabuoni Art Parigi, gennaio-marzo 2026\" data-magnific_type=\"gallery\" class=\"mpc-icon-anchor mpc-magnific-popup\" title=\"Veduta della mostra, Vincenzo Agnetti: par c\u0153ur, Tornabuoni Art Parigi, gennaio-marzo 2026\"><i class=\"mpc-item-overlay__icon mpc-type--lightbox fa fa-arrows mpc-icon--icon\"><\/i><\/a><\/div><\/div><\/div><\/div><\/div><\/div><div class=\"mpc-navigation mpc-init mpc-align--left mpc-navigation--style_3 mpc-on-hover  mpc-nav-preset--preset_3\" data-mpcslider=\"mpc_carousel_image-1869f730a4a345a\"><div class=\"mpc-nav__arrow mpcslick-prev\"><div class=\"mpc-nav__icon mpc-transition\"><i class=\" eti eti_arrow_carrot-left\"><div class=\"mpc-nav__background mpc-transition mpc-effect-type--fade mpc-effect-side--in\"><\/div><\/i><\/div><\/div><\/div><div class=\"mpc-navigation mpc-init mpc-align--left mpc-navigation--style_3 mpc-on-hover  mpc-nav-preset--preset_3\" data-mpcslider=\"mpc_carousel_image-1869f730a4a345a\"><div class=\"mpc-nav__arrow mpcslick-next\"><div class=\"mpc-nav__icon mpc-transition\"><i class=\" eti eti_arrow_carrot-right\"><div class=\"mpc-nav__background mpc-transition mpc-effect-type--fade mpc-effect-side--in\"><\/div><\/i><\/div><\/div><\/div><\/div>[vc_column_text css=&#8221;&#8221; el_class=&#8221;testo-giustificato&#8221; el_id=&#8221;info&#8221;]<span style=\"font-weight: 400;\">\u00c0 l\u2019occasion du centenaire de la naissance de Vincenzo Agnetti, l\u2019exposition <\/span><i><span style=\"font-weight: 400;\">Par C\u0153ur<\/span><\/i><span style=\"font-weight: 400;\"> invite \u00e0 la red\u00e9couverte des \u0153uvres \u00e0 la fois c\u00e9r\u00e9brales et th\u00e9\u00e2trales du grand po\u00e8te de l\u2019art italien.<\/span><\/p>\n<p><span style=\"font-weight: 400;\">Agnetti met en sc\u00e8ne le langage dans son travail, explorant son instabilit\u00e9, ses limites et sa force \u00e9vocatrice. L\u2019exposition tient son titre de la formule \u00ab <\/span><i><span style=\"font-weight: 400;\">Dimenticato a memoria<\/span><\/i><span style=\"font-weight: 400;\"> \u00bb, en fran\u00e7ais \u00ab oubli\u00e9 par c\u0153ur \u00bb, un oxymore polys\u00e9mique que l\u2019artiste d\u00e9ploie \u00e0 travers plusieurs s\u00e9ries d\u2019\u0153uvres, aussi bien picturales que sculpturales. \u00ab La culture consiste \u00e0 apprendre \u00e0 oublier, exactement comme quand on mange, \u00bb explique Agnetti. \u00ab La nourriture, plus ou moins bien manipul\u00e9e, nous donne sa saveur, que nous oublions bien vite au profit de l\u2019\u00e9nergie ing\u00e9r\u00e9e. \u00bb<\/span><\/p>\n<p><span style=\"font-weight: 400;\">Le m\u00eame paradoxe se d\u00e9cline sur une s\u00e9quence de toiles en feutre, toutes de format identique, portant des inscriptions peintes au pochoir. Elles appartiennent \u00e0 la s\u00e9rie des <\/span><i><span style=\"font-weight: 400;\">Feltri<\/span><\/i><span style=\"font-weight: 400;\">, sans doute la plus litt\u00e9raire et po\u00e9tique de l\u2019artiste. Agnetti y reprend les codes visuels du lapidaire pour mieux les d\u00e9tourner, substituant au marbre un mat\u00e9riau chaleureux comme le feutre, sur lequel il appose des aphorismes en lettres majuscules. Chacun de ces tableaux, r\u00e9alis\u00e9s \u00e0 partir de la fin des ann\u00e9es 1960, \u00e9tait consid\u00e9r\u00e9 par l\u2019artiste comme un portrait ou un paysage.<\/span><\/p>\n<p><span style=\"font-weight: 400;\">L\u2019espace urbain et les lieux d\u2019habiter constituent un th\u00e8me majeur du travail d\u2019Agnetti, comme en t\u00e9moigne l\u2019\u0153uvre <\/span><i><span style=\"font-weight: 400;\">Tre villaggi differenti &#8211; Non c\u2019\u00e8 pi\u00f9 nessuno <\/span><\/i><span style=\"font-weight: 400;\">(Trois villages diff\u00e9rents &#8211; Il n\u2019y a plus personne, 1977), pr\u00e9sent\u00e9e au sous-sol de la galerie. Ce polyptyque figurant des phon\u00e8mes trac\u00e9s en blanc sur un fond noir, fait r\u00e9f\u00e9rence \u00e0 l\u2019exode rural et \u00e0 l\u2019abandon de la vie communautaire au profit de l\u2019anonymat et du conformisme des grands centres urbains.<\/span><\/p>\n<p><span style=\"font-weight: 400;\">C\u2019est dans cette m\u00eame recherche que s\u2019inscrit l\u2019\u0153uvre de \u00ab th\u00e9\u00e2tre statique \u00bb <\/span><i><span style=\"font-weight: 400;\">Apocalisse nel deserto <\/span><\/i><span style=\"font-weight: 400;\">(Apocalypse dans le d\u00e9sert, 1970). Des tablettes transparentes, grav\u00e9es d\u2019un texte volontairement illisible issu du Livre de l\u2019Apocalypse sont plac\u00e9es au milieu d\u2019un environnement de sable. Le texte reste ainsi ouvert \u00e0 l\u2019interpr\u00e9tation, incarnant la relativit\u00e9 de la lecture qui demeure au c\u0153ur de la d\u00e9marche d\u2019Agnetti: \u00ab chaque moment exige une interpr\u00e9tation diff\u00e9rente de la v\u00e9rit\u00e9, tout comme chaque peuple exige son propre moyen de dire \u201c\u00e7a suffit\u201d. \u00bb<\/span>[\/vc_column_text][vc_row_inner disable_element=&#8221;yes&#8221; preset=&#8221;preset_3&#8243; content_preset=&#8221;_preset_3&#8243; el_class=&#8221;video-mostre&#8221;][vc_column_inner][vc_column_text css=&#8221;.vc_custom_1575889020947{padding-top: 50px !important;padding-bottom: 10px !important;}&#8221; el_id=&#8221;video&#8221;]<\/p>\n<h2>vid\u00e9o<\/h2>\n<p>[\/vc_column_text][vc_basic_grid post_type=&#8221;ids&#8221; element_width=&#8221;6&#8243; item=&#8221;1469&#8243; grid_id=&#8221;vc_gid:1771068773455-bed9febd-df60-0&#8243;][\/vc_column_inner][\/vc_row_inner][vc_row_inner disable_element=&#8221;yes&#8221; preset=&#8221;preset_4&#8243; content_preset=&#8221;_preset_4&#8243; el_class=&#8221;blocco-pubblicazioni-mostre&#8221;][vc_column_inner][vc_column_text css=&#8221;.vc_custom_1568023309353{padding-top: 50px !important;padding-bottom: 10px !important;}&#8221; el_id=&#8221;publication&#8221;]<\/p>\n<h2>publications<\/h2>\n<p>[\/vc_column_text][vc_basic_grid post_type=&#8221;ids&#8221; element_width=&#8221;12&#8243; item=&#8221;4344&#8243; grid_id=&#8221;vc_gid:1771068773455-5ee2d558-33c4-4&#8243;][\/vc_column_inner][\/vc_row_inner][\/vc_column][\/vc_row][vc_row][vc_column]<\/p>\n<p>[vc_empty_space height=&#8221;100px&#8221;]<\/p>\n<p>[\/vc_column][\/vc_row]<\/p>\n<\/div>","protected":false},"excerpt":{"rendered":"<p>[vc_row css=&#8221;.vc_custom_1577099898580{margin-top: 100px !important;}&#8221;][vc_column width=&#8221;1\/4&#8243; enable_sticky=&#8221;true&#8221; sticky_offset=&#8221;150&#8243; alignment=&#8221;center&#8221; css=&#8221;.vc_custom_1547464395638{margin-bottom: 50px !important;}&#8221;][vc_column_text] &lt;&lt; retourner aux expositions [\/vc_column_text][vc_custom_heading source=&#8221;post_title&#8221; font_container=&#8221;tag:h1|font_size:30px|text_align:center|line_height:30px&#8221; use_theme_fonts=&#8221;yes&#8221;][vc_separator css=&#8221;.vc_custom_1547225178042{margin-top: 0px !important;margin-bottom: 0px !important;padding-top: 0px !important;padding-bottom:<\/p>\n","protected":false},"featured_media":65282,"parent":0,"menu_order":0,"template":"","typology":[185],"class_list":["post-64730","exhibitions","type-exhibitions","status-publish","has-post-thumbnail","hentry","typology-current"],"acf":[],"yoast_head":"<!-- This site is optimized with the Yoast SEO plugin v27.4 - https:\/\/yoast.com\/product\/yoast-seo-wordpress\/ -->\n<title>Vincenzo Agnetti : par c\u0153ur - Tornabuoni Art<\/title>\n<meta name=\"robots\" content=\"index, follow, max-snippet:-1, max-image-preview:large, max-video-preview:-1\" \/>\n<link rel=\"canonical\" href=\"https:\/\/www.tornabuoniart.com\/fr\/exhibitions\/vincenzo-agnetti-par-coeur\/\" \/>\n<meta property=\"og:locale\" content=\"fr_FR\" \/>\n<meta property=\"og:type\" content=\"article\" \/>\n<meta property=\"og:title\" content=\"Vincenzo Agnetti : par c\u0153ur - Tornabuoni Art\" \/>\n<meta property=\"og:description\" content=\"[vc_row css=&#8221;.vc_custom_1577099898580{margin-top: 100px !important;}&#8221;][vc_column width=&#8221;1\/4&#8243; enable_sticky=&#8221;true&#8221; sticky_offset=&#8221;150&#8243; alignment=&#8221;center&#8221; css=&#8221;.vc_custom_1547464395638{margin-bottom: 50px !important;}&#8221;][vc_column_text] &lt;&lt; retourner aux expositions [\/vc_column_text][vc_custom_heading source=&#8221;post_title&#8221; font_container=&#8221;tag:h1|font_size:30px|text_align:center|line_height:30px&#8221; use_theme_fonts=&#8221;yes&#8221;][vc_separator css=&#8221;.vc_custom_1547225178042{margin-top: 0px !important;margin-bottom: 0px !important;padding-top: 0px !important;padding-bottom:\" \/>\n<meta property=\"og:url\" content=\"https:\/\/www.tornabuoniart.com\/fr\/exhibitions\/vincenzo-agnetti-par-coeur\/\" \/>\n<meta property=\"og:site_name\" content=\"Tornabuoni Art\" \/>\n<meta property=\"article:publisher\" content=\"https:\/\/www.facebook.com\/TornabuoniArt\/\" \/>\n<meta property=\"article:modified_time\" content=\"2026-03-28T19:47:46+00:00\" \/>\n<meta property=\"og:image\" content=\"https:\/\/www.tornabuoniart.com\/wp-content\/uploads\/2026\/02\/04-scaled.jpg\" \/>\n\t<meta property=\"og:image:width\" content=\"2560\" \/>\n\t<meta property=\"og:image:height\" content=\"1707\" \/>\n\t<meta property=\"og:image:type\" content=\"image\/jpeg\" \/>\n<meta name=\"twitter:card\" content=\"summary_large_image\" \/>\n<meta name=\"twitter:site\" content=\"@TornabuoniArt\" \/>\n<meta name=\"twitter:label1\" content=\"Est. reading time\" \/>\n\t<meta name=\"twitter:data1\" content=\"2 minutes\" \/>\n<script type=\"application\/ld+json\" class=\"yoast-schema-graph\">{\"@context\":\"https:\\\/\\\/schema.org\",\"@graph\":[{\"@type\":\"WebPage\",\"@id\":\"https:\\\/\\\/www.tornabuoniart.com\\\/fr\\\/exhibitions\\\/vincenzo-agnetti-par-coeur\\\/\",\"url\":\"https:\\\/\\\/www.tornabuoniart.com\\\/fr\\\/exhibitions\\\/vincenzo-agnetti-par-coeur\\\/\",\"name\":\"Vincenzo Agnetti : par c\u0153ur - Tornabuoni Art\",\"isPartOf\":{\"@id\":\"https:\\\/\\\/www.tornabuoniart.com\\\/en\\\/#website\"},\"primaryImageOfPage\":{\"@id\":\"https:\\\/\\\/www.tornabuoniart.com\\\/fr\\\/exhibitions\\\/vincenzo-agnetti-par-coeur\\\/#primaryimage\"},\"image\":{\"@id\":\"https:\\\/\\\/www.tornabuoniart.com\\\/fr\\\/exhibitions\\\/vincenzo-agnetti-par-coeur\\\/#primaryimage\"},\"thumbnailUrl\":\"https:\\\/\\\/www.tornabuoniart.com\\\/wp-content\\\/uploads\\\/2026\\\/02\\\/04-scaled.jpg\",\"datePublished\":\"2026-01-07T14:39:27+00:00\",\"dateModified\":\"2026-03-28T19:47:46+00:00\",\"breadcrumb\":{\"@id\":\"https:\\\/\\\/www.tornabuoniart.com\\\/fr\\\/exhibitions\\\/vincenzo-agnetti-par-coeur\\\/#breadcrumb\"},\"inLanguage\":\"fr-FR\",\"potentialAction\":[{\"@type\":\"ReadAction\",\"target\":[\"https:\\\/\\\/www.tornabuoniart.com\\\/fr\\\/exhibitions\\\/vincenzo-agnetti-par-coeur\\\/\"]}]},{\"@type\":\"ImageObject\",\"inLanguage\":\"fr-FR\",\"@id\":\"https:\\\/\\\/www.tornabuoniart.com\\\/fr\\\/exhibitions\\\/vincenzo-agnetti-par-coeur\\\/#primaryimage\",\"url\":\"https:\\\/\\\/www.tornabuoniart.com\\\/wp-content\\\/uploads\\\/2026\\\/02\\\/04-scaled.jpg\",\"contentUrl\":\"https:\\\/\\\/www.tornabuoniart.com\\\/wp-content\\\/uploads\\\/2026\\\/02\\\/04-scaled.jpg\",\"width\":2560,\"height\":1707,\"caption\":\"Vue de l'exposition, Vincenzo Agnetti: par c\u0153ur, Tornabuoni Art Parigi, janvier - mars 2026\"},{\"@type\":\"BreadcrumbList\",\"@id\":\"https:\\\/\\\/www.tornabuoniart.com\\\/fr\\\/exhibitions\\\/vincenzo-agnetti-par-coeur\\\/#breadcrumb\",\"itemListElement\":[{\"@type\":\"ListItem\",\"position\":1,\"name\":\"Home\",\"item\":\"https:\\\/\\\/www.tornabuoniart.com\\\/fr\\\/\"},{\"@type\":\"ListItem\",\"position\":2,\"name\":\"Vincenzo Agnetti : par c\u0153ur\"}]},{\"@type\":\"WebSite\",\"@id\":\"https:\\\/\\\/www.tornabuoniart.com\\\/en\\\/#website\",\"url\":\"https:\\\/\\\/www.tornabuoniart.com\\\/en\\\/\",\"name\":\"Tornabuoni Art\",\"description\":\"Modern &amp; Contemporary Art Gallery\",\"publisher\":{\"@id\":\"https:\\\/\\\/www.tornabuoniart.com\\\/en\\\/#organization\"},\"potentialAction\":[{\"@type\":\"SearchAction\",\"target\":{\"@type\":\"EntryPoint\",\"urlTemplate\":\"https:\\\/\\\/www.tornabuoniart.com\\\/en\\\/?s={search_term_string}\"},\"query-input\":{\"@type\":\"PropertyValueSpecification\",\"valueRequired\":true,\"valueName\":\"search_term_string\"}}],\"inLanguage\":\"fr-FR\"},{\"@type\":\"Organization\",\"@id\":\"https:\\\/\\\/www.tornabuoniart.com\\\/en\\\/#organization\",\"name\":\"Tornabuoni Art\",\"url\":\"https:\\\/\\\/www.tornabuoniart.com\\\/en\\\/\",\"logo\":{\"@type\":\"ImageObject\",\"inLanguage\":\"fr-FR\",\"@id\":\"https:\\\/\\\/www.tornabuoniart.com\\\/en\\\/#\\\/schema\\\/logo\\\/image\\\/\",\"url\":\"http:\\\/\\\/www.tornabuoniart.com\\\/wp-content\\\/uploads\\\/2019\\\/04\\\/logo_tornabuoni-art2-2-grey.png\",\"contentUrl\":\"http:\\\/\\\/www.tornabuoniart.com\\\/wp-content\\\/uploads\\\/2019\\\/04\\\/logo_tornabuoni-art2-2-grey.png\",\"width\":961,\"height\":136,\"caption\":\"Tornabuoni Art\"},\"image\":{\"@id\":\"https:\\\/\\\/www.tornabuoniart.com\\\/en\\\/#\\\/schema\\\/logo\\\/image\\\/\"},\"sameAs\":[\"https:\\\/\\\/www.facebook.com\\\/TornabuoniArt\\\/\",\"https:\\\/\\\/x.com\\\/TornabuoniArt\",\"https:\\\/\\\/www.instagram.com\\\/tornabuoniart\\\/\"]}]}<\/script>\n<!-- \/ Yoast SEO plugin. -->","yoast_head_json":{"title":"Vincenzo Agnetti : par c\u0153ur - Tornabuoni Art","robots":{"index":"index","follow":"follow","max-snippet":"max-snippet:-1","max-image-preview":"max-image-preview:large","max-video-preview":"max-video-preview:-1"},"canonical":"https:\/\/www.tornabuoniart.com\/fr\/exhibitions\/vincenzo-agnetti-par-coeur\/","og_locale":"fr_FR","og_type":"article","og_title":"Vincenzo Agnetti : par c\u0153ur - Tornabuoni Art","og_description":"[vc_row css=&#8221;.vc_custom_1577099898580{margin-top: 100px !important;}&#8221;][vc_column width=&#8221;1\/4&#8243; enable_sticky=&#8221;true&#8221; sticky_offset=&#8221;150&#8243; alignment=&#8221;center&#8221; css=&#8221;.vc_custom_1547464395638{margin-bottom: 50px !important;}&#8221;][vc_column_text] &lt;&lt; retourner aux expositions [\/vc_column_text][vc_custom_heading source=&#8221;post_title&#8221; font_container=&#8221;tag:h1|font_size:30px|text_align:center|line_height:30px&#8221; use_theme_fonts=&#8221;yes&#8221;][vc_separator css=&#8221;.vc_custom_1547225178042{margin-top: 0px !important;margin-bottom: 0px !important;padding-top: 0px !important;padding-bottom:","og_url":"https:\/\/www.tornabuoniart.com\/fr\/exhibitions\/vincenzo-agnetti-par-coeur\/","og_site_name":"Tornabuoni Art","article_publisher":"https:\/\/www.facebook.com\/TornabuoniArt\/","article_modified_time":"2026-03-28T19:47:46+00:00","og_image":[{"width":2560,"height":1707,"url":"https:\/\/www.tornabuoniart.com\/wp-content\/uploads\/2026\/02\/04-scaled.jpg","type":"image\/jpeg"}],"twitter_card":"summary_large_image","twitter_site":"@TornabuoniArt","twitter_misc":{"Est. reading time":"2 minutes"},"schema":{"@context":"https:\/\/schema.org","@graph":[{"@type":"WebPage","@id":"https:\/\/www.tornabuoniart.com\/fr\/exhibitions\/vincenzo-agnetti-par-coeur\/","url":"https:\/\/www.tornabuoniart.com\/fr\/exhibitions\/vincenzo-agnetti-par-coeur\/","name":"Vincenzo Agnetti : par c\u0153ur - Tornabuoni Art","isPartOf":{"@id":"https:\/\/www.tornabuoniart.com\/en\/#website"},"primaryImageOfPage":{"@id":"https:\/\/www.tornabuoniart.com\/fr\/exhibitions\/vincenzo-agnetti-par-coeur\/#primaryimage"},"image":{"@id":"https:\/\/www.tornabuoniart.com\/fr\/exhibitions\/vincenzo-agnetti-par-coeur\/#primaryimage"},"thumbnailUrl":"https:\/\/www.tornabuoniart.com\/wp-content\/uploads\/2026\/02\/04-scaled.jpg","datePublished":"2026-01-07T14:39:27+00:00","dateModified":"2026-03-28T19:47:46+00:00","breadcrumb":{"@id":"https:\/\/www.tornabuoniart.com\/fr\/exhibitions\/vincenzo-agnetti-par-coeur\/#breadcrumb"},"inLanguage":"fr-FR","potentialAction":[{"@type":"ReadAction","target":["https:\/\/www.tornabuoniart.com\/fr\/exhibitions\/vincenzo-agnetti-par-coeur\/"]}]},{"@type":"ImageObject","inLanguage":"fr-FR","@id":"https:\/\/www.tornabuoniart.com\/fr\/exhibitions\/vincenzo-agnetti-par-coeur\/#primaryimage","url":"https:\/\/www.tornabuoniart.com\/wp-content\/uploads\/2026\/02\/04-scaled.jpg","contentUrl":"https:\/\/www.tornabuoniart.com\/wp-content\/uploads\/2026\/02\/04-scaled.jpg","width":2560,"height":1707,"caption":"Vue de l'exposition, Vincenzo Agnetti: par c\u0153ur, Tornabuoni Art Parigi, janvier - mars 2026"},{"@type":"BreadcrumbList","@id":"https:\/\/www.tornabuoniart.com\/fr\/exhibitions\/vincenzo-agnetti-par-coeur\/#breadcrumb","itemListElement":[{"@type":"ListItem","position":1,"name":"Home","item":"https:\/\/www.tornabuoniart.com\/fr\/"},{"@type":"ListItem","position":2,"name":"Vincenzo Agnetti : par c\u0153ur"}]},{"@type":"WebSite","@id":"https:\/\/www.tornabuoniart.com\/en\/#website","url":"https:\/\/www.tornabuoniart.com\/en\/","name":"Tornabuoni Art","description":"Modern &amp; Contemporary Art Gallery","publisher":{"@id":"https:\/\/www.tornabuoniart.com\/en\/#organization"},"potentialAction":[{"@type":"SearchAction","target":{"@type":"EntryPoint","urlTemplate":"https:\/\/www.tornabuoniart.com\/en\/?s={search_term_string}"},"query-input":{"@type":"PropertyValueSpecification","valueRequired":true,"valueName":"search_term_string"}}],"inLanguage":"fr-FR"},{"@type":"Organization","@id":"https:\/\/www.tornabuoniart.com\/en\/#organization","name":"Tornabuoni Art","url":"https:\/\/www.tornabuoniart.com\/en\/","logo":{"@type":"ImageObject","inLanguage":"fr-FR","@id":"https:\/\/www.tornabuoniart.com\/en\/#\/schema\/logo\/image\/","url":"http:\/\/www.tornabuoniart.com\/wp-content\/uploads\/2019\/04\/logo_tornabuoni-art2-2-grey.png","contentUrl":"http:\/\/www.tornabuoniart.com\/wp-content\/uploads\/2019\/04\/logo_tornabuoni-art2-2-grey.png","width":961,"height":136,"caption":"Tornabuoni Art"},"image":{"@id":"https:\/\/www.tornabuoniart.com\/en\/#\/schema\/logo\/image\/"},"sameAs":["https:\/\/www.facebook.com\/TornabuoniArt\/","https:\/\/x.com\/TornabuoniArt","https:\/\/www.instagram.com\/tornabuoniart\/"]}]}},"ptb_metabox":[],"ptb_taxonomy":{"typology":[{"term_id":185,"name":"Current","slug":"current","term_group":0,"term_taxonomy_id":185,"taxonomy":"typology","description":"","parent":0,"count":17,"filter":"raw","term_order":"0"}]},"ptb_featured_image":{"url":"https:\/\/www.tornabuoniart.com\/wp-content\/uploads\/2026\/02\/04.jpg","title":"Vue de l'exposition, Vincenzo Agnetti: par c\u0153ur, Tornabuoni Art Parigi, janvier - mars 2026","caption":"Vue de l'exposition, Vincenzo Agnetti: par c\u0153ur, Tornabuoni Art Parigi, janvier - mars 2026"},"_links":{"self":[{"href":"https:\/\/www.tornabuoniart.com\/fr\/wp-json\/wp\/v2\/exhibitions\/64730","targetHints":{"allow":["GET"]}}],"collection":[{"href":"https:\/\/www.tornabuoniart.com\/fr\/wp-json\/wp\/v2\/exhibitions"}],"about":[{"href":"https:\/\/www.tornabuoniart.com\/fr\/wp-json\/wp\/v2\/types\/exhibitions"}],"version-history":[{"count":5,"href":"https:\/\/www.tornabuoniart.com\/fr\/wp-json\/wp\/v2\/exhibitions\/64730\/revisions"}],"predecessor-version":[{"id":65559,"href":"https:\/\/www.tornabuoniart.com\/fr\/wp-json\/wp\/v2\/exhibitions\/64730\/revisions\/65559"}],"wp:featuredmedia":[{"embeddable":true,"href":"https:\/\/www.tornabuoniart.com\/fr\/wp-json\/wp\/v2\/media\/65282"}],"wp:attachment":[{"href":"https:\/\/www.tornabuoniart.com\/fr\/wp-json\/wp\/v2\/media?parent=64730"}],"wp:term":[{"taxonomy":"typology","embeddable":true,"href":"https:\/\/www.tornabuoniart.com\/fr\/wp-json\/wp\/v2\/typology?post=64730"}],"curies":[{"name":"wp","href":"https:\/\/api.w.org\/{rel}","templated":true}]}}